{"id":13716,"date":"2023-12-29T13:54:50","date_gmt":"2023-12-29T12:54:50","guid":{"rendered":"https:\/\/locations-06.fr\/bezoek-en-ontdekking-van-provencaalse-dorpen-en-hooggelegen-dorpen-in-de-maritieme-alpen\/"},"modified":"2026-02-18T19:43:11","modified_gmt":"2026-02-18T18:43:11","slug":"bezoek-en-ontdekking-van-provencaalse-dorpen-en-hooggelegen-dorpen-in-de-maritieme-alpen","status":"publish","type":"page","link":"https:\/\/locations-06.fr\/nl\/bezoek-en-ontdekking-van-provencaalse-dorpen-en-hooggelegen-dorpen-in-de-maritieme-alpen\/","title":{"rendered":"Bezoek en ontdekking van Proven\u00e7aalse dorpen en hooggelegen dorpen in de Maritieme Alpen"},"content":{"rendered":"\t\t<div data-elementor-type=\"wp-page\" data-elementor-id=\"13716\" class=\"elementor elementor-13716 elementor-83\">\n\t\t\t\t<div class=\"elementor-element elementor-element-93527a4 e-flex e-con-boxed e-con e-parent\" data-id=\"93527a4\" data-element_type=\"container\" data-e-type=\"container\">\n\t\t\t\t\t<div class=\"e-con-inner\">\n\t\t\t\t<div class=\"elementor-element elementor-element-0f8e7e3 elementor-widget elementor-widget-text-editor\" data-id=\"0f8e7e3\" data-element_type=\"widget\" data-e-type=\"widget\" data-widget_type=\"text-editor.default\">\n\t\t\t\t<div class=\"elementor-widget-container\">\n\t\t\t\t\t\t\t\t\t<p>Bezoek dorpen Franse Rivi\u00e8ra<\/p>\t\t\t\t\t\t\t\t<\/div>\n\t\t\t\t<\/div>\n\t\t\t\t<div class=\"elementor-element elementor-element-d9dc463 elementor-widget elementor-widget-heading\" data-id=\"d9dc463\" data-element_type=\"widget\" data-e-type=\"widget\" data-widget_type=\"heading.default\">\n\t\t\t\t<div class=\"elementor-widget-container\">\n\t\t\t\t\t<h1 class=\"elementor-heading-title elementor-size-default\">Bezoek en ontdekking van Proven\u00e7aalse dorpen en hooggelegen dorpen in de Maritieme Alpen<\/h1>\t\t\t\t<\/div>\n\t\t\t\t<\/div>\n\t\t\t\t\t<\/div>\n\t\t\t\t<\/div>\n\t\t<div class=\"elementor-element elementor-element-717caed e-flex e-con-boxed e-con e-parent\" data-id=\"717caed\" data-element_type=\"container\" data-e-type=\"container\">\n\t\t\t\t\t<div class=\"e-con-inner\">\n\t\t\t\t<div class=\"elementor-element elementor-element-8a82f22 elementor-widget elementor-widget-text-editor\" data-id=\"8a82f22\" data-element_type=\"widget\" data-e-type=\"widget\" data-widget_type=\"text-editor.default\">\n\t\t\t\t<div class=\"elementor-widget-container\">\n\t\t\t\t\t\t\t\t\t<p>Bezoek en ontdekking van dorpen<\/p>\t\t\t\t\t\t\t\t<\/div>\n\t\t\t\t<\/div>\n\t\t\t\t\t<\/div>\n\t\t\t\t<\/div>\n\t\t<div class=\"elementor-element elementor-element-b27a612 e-flex e-con-boxed e-con e-parent\" data-id=\"b27a612\" data-element_type=\"container\" data-e-type=\"container\">\n\t\t\t\t\t<div class=\"e-con-inner\">\n\t\t\t\t<div class=\"elementor-element elementor-element-ce94da8 elementor-widget elementor-widget-heading\" data-id=\"ce94da8\" data-element_type=\"widget\" data-e-type=\"widget\" data-widget_type=\"heading.default\">\n\t\t\t\t<div class=\"elementor-widget-container\">\n\t\t\t\t\t<h2 class=\"elementor-heading-title elementor-size-default\">Ontdek de 5 dorpen van de Alpes-Maritimes die profiteren van het label \u201cMooiste dorpen van Frankrijk\u201d<\/h2>\t\t\t\t<\/div>\n\t\t\t\t<\/div>\n\t\t\t\t\t<\/div>\n\t\t\t\t<\/div>\n\t\t<div class=\"elementor-element elementor-element-c44bc75 e-flex e-con-boxed e-con e-parent\" data-id=\"c44bc75\" data-element_type=\"container\" data-e-type=\"container\">\n\t\t\t\t\t<div class=\"e-con-inner\">\n\t\t<div class=\"elementor-element elementor-element-632435b e-con-full e-flex e-con e-child\" data-id=\"632435b\" data-element_type=\"container\" data-e-type=\"container\">\n\t\t\t\t<div class=\"elementor-element elementor-element-2fed559 elementor-position-top elementor-widget elementor-widget-image-box\" data-id=\"2fed559\" data-element_type=\"widget\" data-e-type=\"widget\" data-widget_type=\"image-box.default\">\n\t\t\t\t<div class=\"elementor-widget-container\">\n\t\t\t\t\t<div class=\"elementor-image-box-wrapper\"><figure class=\"elementor-image-box-img\"><a href=\"https:\/\/locations-06.fr\/visiter-gourdon-classe-plus-beaux-villages-de-france-et-village-perche-de-la-cote-dazur\/\" tabindex=\"-1\"><img decoding=\"async\" src=\"https:\/\/locations-06.fr\/wp-content\/uploads\/elementor\/thumbs\/DSC02235-gourdon-loup-visite-balade-decouverte-journee-cote-d-azur-qwwbih0dduwnecdt0hr8nk0y355nlxp1rugu42lnd4.jpg\" title=\"DSC02235-gourdon-loup-visite-balade-decouverte-journee-cote-d-azur\" alt=\"Visiter Gourdon\" class=\"elementor-animation-rotate\" loading=\"lazy\" \/><\/a><\/figure><div class=\"elementor-image-box-content\"><h3 class=\"elementor-image-box-title\"><a href=\"https:\/\/locations-06.fr\/visiter-gourdon-classe-plus-beaux-villages-de-france-et-village-perche-de-la-cote-dazur\/\">Gourdon<\/a><\/h3><p class=\"elementor-image-box-description\">E\u00e9n van de mooiste uitzichten op de C\u00f4te d'Azur.<\/br>20 minuten van onze g\u00eetes in Bar sur Loup  30 minuten van onze g\u00eete in Mougins<\/p><\/div><\/div>\t\t\t\t<\/div>\n\t\t\t\t<\/div>\n\t\t\t\t<div class=\"elementor-element elementor-element-9470991 elementor-align-center elementor-widget elementor-widget-button\" data-id=\"9470991\" data-element_type=\"widget\" data-e-type=\"widget\" data-widget_type=\"button.default\">\n\t\t\t\t<div class=\"elementor-widget-container\">\n\t\t\t\t\t\t\t\t\t<div class=\"elementor-button-wrapper\">\n\t\t\t\t\t<a class=\"elementor-button elementor-button-link elementor-size-sm\" href=\"https:\/\/locations-06.fr\/visiter-gourdon-classe-plus-beaux-villages-de-france-et-village-perche-de-la-cote-dazur\/\">\n\t\t\t\t\t\t<span class=\"elementor-button-content-wrapper\">\n\t\t\t\t\t\t\t\t\t<span class=\"elementor-button-text\">Leer meer<\/span>\n\t\t\t\t\t<\/span>\n\t\t\t\t\t<\/a>\n\t\t\t\t<\/div>\n\t\t\t\t\t\t\t\t<\/div>\n\t\t\t\t<\/div>\n\t\t\t\t<\/div>\n\t\t<div class=\"elementor-element elementor-element-1592227 e-con-full e-flex e-con e-child\" data-id=\"1592227\" data-element_type=\"container\" data-e-type=\"container\">\n\t\t\t\t<div class=\"elementor-element elementor-element-ebf8b70 elementor-position-top elementor-widget elementor-widget-image-box\" data-id=\"ebf8b70\" data-element_type=\"widget\" data-e-type=\"widget\" data-widget_type=\"image-box.default\">\n\t\t\t\t<div class=\"elementor-widget-container\">\n\t\t\t\t\t<div class=\"elementor-image-box-wrapper\"><figure class=\"elementor-image-box-img\"><a href=\"https:\/\/locations-06.fr\/nl\/bezoek-en-ontdek-coaraze-het-zonnewijzerdorp-aan-de-cote-dazur\/\" tabindex=\"-1\"><img decoding=\"async\" src=\"https:\/\/locations-06.fr\/wp-content\/uploads\/elementor\/thumbs\/20220130_133619-coaraze-plus-beau-village-france-cote-d-azur-visiter-idee-cadrans-solaires-20250924-123448-rc88bt3q4rnn0g57r21qht8ehm7n0f4z9yhi71rk3s.jpg\" title=\"20220130_133619-coaraze-plus-beau-village-france-cote-d-azur-visiter-idee-cadrans-solaires\" alt=\"coaraze  plus  beau  village  france  cote  d  azur  visiter  idee  cadrans  solaires\" class=\"elementor-animation-rotate\" loading=\"lazy\" \/><\/a><\/figure><div class=\"elementor-image-box-content\"><h3 class=\"elementor-image-box-title\"><a href=\"https:\/\/locations-06.fr\/nl\/bezoek-en-ontdek-coaraze-het-zonnewijzerdorp-aan-de-cote-dazur\/\">Coaraze<\/a><\/h3><p class=\"elementor-image-box-description\">In het achterland van Nice ligt het <strong>dorp van de zonnewijzers<\/strong> op 1 uur en 15 minuten van onze g\u00eetes Bar sur Loup en op 1 uur van onze g\u00eete Mougins.<\/p><\/div><\/div>\t\t\t\t<\/div>\n\t\t\t\t<\/div>\n\t\t\t\t<div class=\"elementor-element elementor-element-358d774 elementor-align-center elementor-widget elementor-widget-button\" data-id=\"358d774\" data-element_type=\"widget\" data-e-type=\"widget\" data-widget_type=\"button.default\">\n\t\t\t\t<div class=\"elementor-widget-container\">\n\t\t\t\t\t\t\t\t\t<div class=\"elementor-button-wrapper\">\n\t\t\t\t\t<a class=\"elementor-button elementor-button-link elementor-size-sm\" href=\"https:\/\/locations-06.fr\/nl\/bezoek-en-ontdek-coaraze-het-zonnewijzerdorp-aan-de-cote-dazur\/\">\n\t\t\t\t\t\t<span class=\"elementor-button-content-wrapper\">\n\t\t\t\t\t\t\t\t\t<span class=\"elementor-button-text\">Leer meer<\/span>\n\t\t\t\t\t<\/span>\n\t\t\t\t\t<\/a>\n\t\t\t\t<\/div>\n\t\t\t\t\t\t\t\t<\/div>\n\t\t\t\t<\/div>\n\t\t\t\t<\/div>\n\t\t<div class=\"elementor-element elementor-element-93c13d0 e-con-full e-flex e-con e-child\" data-id=\"93c13d0\" data-element_type=\"container\" data-e-type=\"container\">\n\t\t\t\t<div class=\"elementor-element elementor-element-27e683c elementor-position-top elementor-widget elementor-widget-image-box\" data-id=\"27e683c\" data-element_type=\"widget\" data-e-type=\"widget\" data-widget_type=\"image-box.default\">\n\t\t\t\t<div class=\"elementor-widget-container\">\n\t\t\t\t\t<div class=\"elementor-image-box-wrapper\"><figure class=\"elementor-image-box-img\"><a href=\"https:\/\/locations-06.fr\/nl\/bezoek-sainte-agnes-het-mooiste-dorp-van-frankrijk-in-de-regio-alpes-maritimes\/\" tabindex=\"-1\"><img decoding=\"async\" src=\"https:\/\/locations-06.fr\/wp-content\/uploads\/elementor\/thumbs\/ste-agnes-06-village-perche-visiter-vacances-sejourner-qwwbiqera79img05hltichnk0zvbqwqd54zowu7pmw.jpg\" title=\"Sainte Agn\u00e8s A 1h20 de nos g\u00eetes\" alt=\"Sainte Agn\u00e8s A 1h20 de nos g\u00eetes\" class=\"elementor-animation-rotate\" loading=\"lazy\" \/><\/a><\/figure><div class=\"elementor-image-box-content\"><h3 class=\"elementor-image-box-title\"><a href=\"https:\/\/locations-06.fr\/nl\/bezoek-sainte-agnes-het-mooiste-dorp-van-frankrijk-in-de-regio-alpes-maritimes\/\">Saint Agn\u00e8s<\/a><\/h3><p class=\"elementor-image-box-description\">Een <strong>dorp <\/strong>op een steenworp afstand van de kust.<\/br> 1 uur en 20 minuten van Bar sur Loup en 1 uur van Mougins<\/p><\/div><\/div>\t\t\t\t<\/div>\n\t\t\t\t<\/div>\n\t\t\t\t<div class=\"elementor-element elementor-element-fa114a3 elementor-align-center elementor-widget elementor-widget-button\" data-id=\"fa114a3\" data-element_type=\"widget\" data-e-type=\"widget\" data-widget_type=\"button.default\">\n\t\t\t\t<div class=\"elementor-widget-container\">\n\t\t\t\t\t\t\t\t\t<div class=\"elementor-button-wrapper\">\n\t\t\t\t\t<a class=\"elementor-button elementor-button-link elementor-size-sm\" href=\"https:\/\/locations-06.fr\/nl\/bezoek-sainte-agnes-het-mooiste-dorp-van-frankrijk-in-de-regio-alpes-maritimes\/\">\n\t\t\t\t\t\t<span class=\"elementor-button-content-wrapper\">\n\t\t\t\t\t\t\t\t\t<span class=\"elementor-button-text\">Leer meer<\/span>\n\t\t\t\t\t<\/span>\n\t\t\t\t\t<\/a>\n\t\t\t\t<\/div>\n\t\t\t\t\t\t\t\t<\/div>\n\t\t\t\t<\/div>\n\t\t\t\t<\/div>\n\t\t<div class=\"elementor-element elementor-element-13a927f e-con-full e-flex e-con e-child\" data-id=\"13a927f\" data-element_type=\"container\" data-e-type=\"container\">\n\t\t\t\t<div class=\"elementor-element elementor-element-de29e3e elementor-position-top elementor-widget elementor-widget-image-box\" data-id=\"de29e3e\" data-element_type=\"widget\" data-e-type=\"widget\" data-widget_type=\"image-box.default\">\n\t\t\t\t<div class=\"elementor-widget-container\">\n\t\t\t\t\t<div class=\"elementor-image-box-wrapper\"><figure class=\"elementor-image-box-img\"><img decoding=\"async\" src=\"https:\/\/upload.wikimedia.org\/wikipedia\/commons\/e\/ea\/Saorge_vue_generale.jpg\" title=\"\" alt=\"Vue panoramique du village m\u00e9di\u00e9val de Saorge accroch\u00e9 \u00e0 flanc de montagne, avec ses maisons en pierre et la vall\u00e9e de la Roya en contrebas.\" class=\"elementor-animation-rotate\" loading=\"lazy\" \/><\/figure><div class=\"elementor-image-box-content\"><h3 class=\"elementor-image-box-title\">Saorge<\/h3><p class=\"elementor-image-box-description\">In het hart van de <strong>Royavallei<\/strong>, op de grens met Itali\u00eb, prijkt het <strong>heuveldorp<\/strong> Saorge met zijn hoge gevels tegen de berghelling. Ook hier werken de wilde schoonheid van deze niet aan zee grenzende regio en het erfgoed van deze oude vesting, die onneembaar zou zijn, als magie. <\/p><\/div><\/div>\t\t\t\t<\/div>\n\t\t\t\t<\/div>\n\t\t\t\t<\/div>\n\t\t<div class=\"elementor-element elementor-element-64ebb68 e-con-full e-flex e-con e-child\" data-id=\"64ebb68\" data-element_type=\"container\" data-e-type=\"container\">\n\t\t\t\t<div class=\"elementor-element elementor-element-a1fb4b8 elementor-position-top elementor-widget elementor-widget-image-box\" data-id=\"a1fb4b8\" data-element_type=\"widget\" data-e-type=\"widget\" data-widget_type=\"image-box.default\">\n\t\t\t\t<div class=\"elementor-widget-container\">\n\t\t\t\t\t<div class=\"elementor-image-box-wrapper\"><figure class=\"elementor-image-box-img\"><img decoding=\"async\" src=\"https:\/\/locations-06.fr\/wp-content\/uploads\/entrevaux-vue-densemble.jpg\" title=\"entrevaux-vue-densemble\" alt=\"Entrevaux\" class=\"elementor-animation-rotate\" loading=\"lazy\" \/><\/figure><div class=\"elementor-image-box-content\"><h3 class=\"elementor-image-box-title\">Entrevaux<\/h3><p class=\"elementor-image-box-description\">Tussen Digne en Nice, op de grens van de Alpes-de-Haute-Provence en de Alpes-Maritimes, lijkt Entrevaux optimaal gebruik te hebben gemaakt van zijn omgeving en zijn geschiedenis. Gelegen aan de voet van een rotsachtige heuvelrug die afdaalt naar het heldere water van een meander in de Var, viert deze <strong>stad, versterkt door Vauban<\/strong>, een perfecte mix van landschappen en architectuur die typisch zijn voor de zuidelijke Alpen. <\/p><\/div><\/div>\t\t\t\t<\/div>\n\t\t\t\t<\/div>\n\t\t\t\t<\/div>\n\t\t\t\t\t<\/div>\n\t\t\t\t<\/div>\n\t\t<div class=\"elementor-element elementor-element-eecd8f5 e-flex e-con-boxed e-con e-parent\" data-id=\"eecd8f5\" data-element_type=\"container\" data-e-type=\"container\">\n\t\t\t\t\t<div class=\"e-con-inner\">\n\t\t\t\t<div class=\"elementor-element elementor-element-0ac699a elementor-widget elementor-widget-heading\" data-id=\"0ac699a\" data-element_type=\"widget\" data-e-type=\"widget\" data-widget_type=\"heading.default\">\n\t\t\t\t<div class=\"elementor-widget-container\">\n\t\t\t\t\t<h2 class=\"elementor-heading-title elementor-size-default\">Dorpen geclassificeerd als \u201cde mooiste omwegen van Frankrijk\u201d om te bezoeken aan de C\u00f4te d\u2019Azur<\/h2>\t\t\t\t<\/div>\n\t\t\t\t<\/div>\n\t\t\t\t\t<\/div>\n\t\t\t\t<\/div>\n\t\t<div class=\"elementor-element elementor-element-a5aa111 e-flex e-con-boxed e-con e-parent\" data-id=\"a5aa111\" data-element_type=\"container\" data-e-type=\"container\">\n\t\t\t\t\t<div class=\"e-con-inner\">\n\t\t<div class=\"elementor-element elementor-element-f0b1d33 e-con-full e-flex e-con e-child\" data-id=\"f0b1d33\" data-element_type=\"container\" data-e-type=\"container\">\n\t\t\t\t<div class=\"elementor-element elementor-element-de00f84 elementor-position-top elementor-widget elementor-widget-image-box\" data-id=\"de00f84\" data-element_type=\"widget\" data-e-type=\"widget\" data-widget_type=\"image-box.default\">\n\t\t\t\t<div class=\"elementor-widget-container\">\n\t\t\t\t\t<div class=\"elementor-image-box-wrapper\"><figure class=\"elementor-image-box-img\"><a href=\"https:\/\/locations-06.fr\/visite-et-decouverte-de-biot-village-des-artisans-verriers-sur-la-cote-dazur\/\" tabindex=\"-1\"><img decoding=\"async\" src=\"https:\/\/locations-06.fr\/wp-content\/uploads\/elementor\/thumbs\/20210118_091946-biot-village-cote-d-azur-visiter-tourisme-vacances-blog-q661b9az9gqi7dyqmxccjcorg9h29tu92btuef7uy8-qwwbicb6foq7sakmrxq3t37n47stjg6e377eposm88.jpg\" title=\"20210118_091946-biot-village-cote-d-azur-visiter-tourisme-vacances-blog-q661b9az9gqi7dyqmxccjcorg9h29tu92btuef7uy8\" alt=\"Les cinq plus beaux villages des Alpes-Maritimes m\u00e9connus des touristes\" class=\"elementor-animation-rotate\" loading=\"lazy\" \/><\/a><\/figure><div class=\"elementor-image-box-content\"><h3 class=\"elementor-image-box-title\"><a href=\"https:\/\/locations-06.fr\/visite-et-decouverte-de-biot-village-des-artisans-verriers-sur-la-cote-dazur\/\">Biot<\/a><\/h3><p class=\"elementor-image-box-description\">Het <strong>dorp van de glasblazers<\/strong>, op 30 minuten van onze g\u00eetes. Het dorp is ook beroemd om zijn <strong>Tempeliersfestival<\/strong>, dat elk jaar in maart of april plaatsvindt. <\/p><\/div><\/div>\t\t\t\t<\/div>\n\t\t\t\t<\/div>\n\t\t\t\t<div class=\"elementor-element elementor-element-9326f30 elementor-align-center elementor-widget elementor-widget-button\" data-id=\"9326f30\" data-element_type=\"widget\" data-e-type=\"widget\" data-widget_type=\"button.default\">\n\t\t\t\t<div class=\"elementor-widget-container\">\n\t\t\t\t\t\t\t\t\t<div class=\"elementor-button-wrapper\">\n\t\t\t\t\t<a class=\"elementor-button elementor-button-link elementor-size-sm\" href=\"https:\/\/locations-06.fr\/visite-et-decouverte-de-biot-village-des-artisans-verriers-sur-la-cote-dazur\/\">\n\t\t\t\t\t\t<span class=\"elementor-button-content-wrapper\">\n\t\t\t\t\t\t\t\t\t<span class=\"elementor-button-text\">Leer meer<\/span>\n\t\t\t\t\t<\/span>\n\t\t\t\t\t<\/a>\n\t\t\t\t<\/div>\n\t\t\t\t\t\t\t\t<\/div>\n\t\t\t\t<\/div>\n\t\t\t\t<\/div>\n\t\t<div class=\"elementor-element elementor-element-6a6133e e-con-full e-flex e-con e-child\" data-id=\"6a6133e\" data-element_type=\"container\" data-e-type=\"container\">\n\t\t\t\t<div class=\"elementor-element elementor-element-8185fba elementor-position-top elementor-widget elementor-widget-image-box\" data-id=\"8185fba\" data-element_type=\"widget\" data-e-type=\"widget\" data-widget_type=\"image-box.default\">\n\t\t\t\t<div class=\"elementor-widget-container\">\n\t\t\t\t\t<div class=\"elementor-image-box-wrapper\"><figure class=\"elementor-image-box-img\"><a href=\"https:\/\/locations-06.fr\/visite-de-tende-classe-plus-beaux-detours-de-france-aux-ports-de-la-vallee-des-merveilles\/\" tabindex=\"-1\"><img decoding=\"async\" src=\"https:\/\/upload.wikimedia.org\/wikipedia\/commons\/d\/d1\/Tende_072024.jpg\" title=\"\" alt=\"Vue panoramique du village m\u00e9di\u00e9val de Tende, domin\u00e9 par les montagnes du Mercantour, avec ses maisons en pierre et son clocher baroque surplombant la vall\u00e9e de la Roya.\" class=\"elementor-animation-rotate\" loading=\"lazy\" \/><\/a><\/figure><div class=\"elementor-image-box-content\"><h3 class=\"elementor-image-box-title\"><a href=\"https:\/\/locations-06.fr\/visite-de-tende-classe-plus-beaux-detours-de-france-aux-ports-de-la-vallee-des-merveilles\/\">Tende<\/a><\/h3><p class=\"elementor-image-box-description\">Het dorp Tende, de toegangspoort tot de <strong>Vall\u00e9e des Merveilles<\/strong>, nodigt u uit om door de straten te slenteren.<br><br><\/p><\/div><\/div>\t\t\t\t<\/div>\n\t\t\t\t<\/div>\n\t\t\t\t<div class=\"elementor-element elementor-element-6f77722 elementor-align-center elementor-widget elementor-widget-button\" data-id=\"6f77722\" data-element_type=\"widget\" data-e-type=\"widget\" data-widget_type=\"button.default\">\n\t\t\t\t<div class=\"elementor-widget-container\">\n\t\t\t\t\t\t\t\t\t<div class=\"elementor-button-wrapper\">\n\t\t\t\t\t<a class=\"elementor-button elementor-button-link elementor-size-sm\" href=\"https:\/\/locations-06.fr\/visite-de-tende-classe-plus-beaux-detours-de-france-aux-ports-de-la-vallee-des-merveilles\/\">\n\t\t\t\t\t\t<span class=\"elementor-button-content-wrapper\">\n\t\t\t\t\t\t\t\t\t<span class=\"elementor-button-text\">Leer meer<\/span>\n\t\t\t\t\t<\/span>\n\t\t\t\t\t<\/a>\n\t\t\t\t<\/div>\n\t\t\t\t\t\t\t\t<\/div>\n\t\t\t\t<\/div>\n\t\t\t\t<\/div>\n\t\t\t\t\t<\/div>\n\t\t\t\t<\/div>\n\t\t<div class=\"elementor-element elementor-element-6067414 e-flex e-con-boxed e-con e-parent\" data-id=\"6067414\" data-element_type=\"container\" data-e-type=\"container\">\n\t\t\t\t\t<div class=\"e-con-inner\">\n\t\t\t\t<div class=\"elementor-element elementor-element-35784d2 elementor-widget-divider--view-line elementor-widget elementor-widget-divider\" data-id=\"35784d2\" data-element_type=\"widget\" data-e-type=\"widget\" data-widget_type=\"divider.default\">\n\t\t\t\t<div class=\"elementor-widget-container\">\n\t\t\t\t\t\t\t<div class=\"elementor-divider\">\n\t\t\t<span class=\"elementor-divider-separator\">\n\t\t\t\t\t\t<\/span>\n\t\t<\/div>\n\t\t\t\t\t\t<\/div>\n\t\t\t\t<\/div>\n\t\t\t\t\t<\/div>\n\t\t\t\t<\/div>\n\t\t<div class=\"elementor-element elementor-element-40d07f7 e-flex e-con-boxed e-con e-parent\" data-id=\"40d07f7\" data-element_type=\"container\" data-e-type=\"container\">\n\t\t\t\t\t<div class=\"e-con-inner\">\n\t\t\t\t<div class=\"elementor-element elementor-element-a830389 elementor-widget elementor-widget-heading\" data-id=\"a830389\" data-element_type=\"widget\" data-e-type=\"widget\" data-widget_type=\"heading.default\">\n\t\t\t\t<div class=\"elementor-widget-container\">\n\t\t\t\t\t<h2 class=\"elementor-heading-title elementor-size-default\">Hooggelegen dorpjes, Proven\u00e7aalse dorpjes om te bezoeken aan de C\u00f4te d'Azur<\/h2>\t\t\t\t<\/div>\n\t\t\t\t<\/div>\n\t\t\t\t\t<\/div>\n\t\t\t\t<\/div>\n\t\t<div class=\"elementor-element elementor-element-8d9c5ad e-flex e-con-boxed e-con e-parent\" data-id=\"8d9c5ad\" data-element_type=\"container\" data-e-type=\"container\">\n\t\t\t\t\t<div class=\"e-con-inner\">\n\t\t<div class=\"elementor-element elementor-element-ae600bd e-con-full e-flex e-con e-child\" data-id=\"ae600bd\" data-element_type=\"container\" data-e-type=\"container\">\n\t\t\t\t<div class=\"elementor-element elementor-element-9197104 elementor-position-top elementor-widget elementor-widget-image-box\" data-id=\"9197104\" data-element_type=\"widget\" data-e-type=\"widget\" data-widget_type=\"image-box.default\">\n\t\t\t\t<div class=\"elementor-widget-container\">\n\t\t\t\t\t<div class=\"elementor-image-box-wrapper\"><figure class=\"elementor-image-box-img\"><a href=\"https:\/\/locations-06.fr\/nl\/bezoek-en-ontdek-le-bar-sur-loup-de-stad-van-de-sinaasappelboom-aan-de-cote-dazur\/\" tabindex=\"-1\"><img decoding=\"async\" src=\"https:\/\/locations-06.fr\/wp-content\/uploads\/elementor\/thumbs\/20211223_100551-le-bar-sur-loup-village-perche-visiter-vacances-cote-d-azur-rcipsxlmqu56wl6kt1420n68cn582r0sxvqheh18qw.jpg\" title=\"20211223_100551-le-bar-sur-loup-village-perche-visiter-vacances-cote-d-azur\" alt=\"le bar sur loup village perche visiter vacances cote d azur\" class=\"elementor-animation-rotate\" loading=\"lazy\" \/><\/a><\/figure><div class=\"elementor-image-box-content\"><h3 class=\"elementor-image-box-title\"><a href=\"https:\/\/locations-06.fr\/nl\/bezoek-en-ontdek-le-bar-sur-loup-de-stad-van-de-sinaasappelboom-aan-de-cote-dazur\/\">Le Bar sur Loup<\/a><\/h3><p class=\"elementor-image-box-description\">Ons dorp, de stad van de sinaasappelboom. Le Bar-sur-Loup, een charmant Proven\u00e7aals dorpje, verleidt met zijn middeleeuwse straatjes, zijn kasteel en zijn sinaasappelbomen die de vallei parfumeren.\n<\/p><\/div><\/div>\t\t\t\t<\/div>\n\t\t\t\t<\/div>\n\t\t\t\t<div class=\"elementor-element elementor-element-d30c6ae elementor-align-center elementor-widget elementor-widget-button\" data-id=\"d30c6ae\" data-element_type=\"widget\" data-e-type=\"widget\" data-widget_type=\"button.default\">\n\t\t\t\t<div class=\"elementor-widget-container\">\n\t\t\t\t\t\t\t\t\t<div class=\"elementor-button-wrapper\">\n\t\t\t\t\t<a class=\"elementor-button elementor-button-link elementor-size-sm\" href=\"https:\/\/locations-06.fr\/nl\/bezoek-en-ontdek-le-bar-sur-loup-de-stad-van-de-sinaasappelboom-aan-de-cote-dazur\/\">\n\t\t\t\t\t\t<span class=\"elementor-button-content-wrapper\">\n\t\t\t\t\t\t\t\t\t<span class=\"elementor-button-text\">Leer meer<\/span>\n\t\t\t\t\t<\/span>\n\t\t\t\t\t<\/a>\n\t\t\t\t<\/div>\n\t\t\t\t\t\t\t\t<\/div>\n\t\t\t\t<\/div>\n\t\t\t\t<\/div>\n\t\t<div class=\"elementor-element elementor-element-70dfb8e e-con-full e-flex e-con e-child\" data-id=\"70dfb8e\" data-element_type=\"container\" data-e-type=\"container\">\n\t\t\t\t<div class=\"elementor-element elementor-element-cb81bb1 elementor-position-top elementor-widget elementor-widget-image-box\" data-id=\"cb81bb1\" data-element_type=\"widget\" data-e-type=\"widget\" data-widget_type=\"image-box.default\">\n\t\t\t\t<div class=\"elementor-widget-container\">\n\t\t\t\t\t<div class=\"elementor-image-box-wrapper\"><figure class=\"elementor-image-box-img\"><a href=\"https:\/\/locations-06.fr\/nl\/bezoek-hauts-de-cagnes-een-middeleeuws-juweel-in-het-hart-van-de-cote-dazur\/\" tabindex=\"-1\"><img decoding=\"async\" src=\"https:\/\/locations-06.fr\/wp-content\/uploads\/elementor\/thumbs\/20220306_160732-hauts-cagnes-sur-mer-village-visiter-vacances-cote-d-azur-pvrpwompj5gepby80zdd1tpudngnztlv047x7pflgw-qwwbid90miri3wj9mg4qdkz3plo6r5a4fbuw6yr820.jpg\" title=\"20220306_160732-hauts-cagnes-sur-mer-village-visiter-vacances-cote-d-azur-pvrpwompj5gepby80zdd1tpudngnztlv047x7pflgw\" alt=\"Les cinq plus beaux villages des Alpes-Maritimes m\u00e9connus des touristes\" class=\"elementor-animation-rotate\" loading=\"lazy\" \/><\/a><\/figure><div class=\"elementor-image-box-content\"><h3 class=\"elementor-image-box-title\"><a href=\"https:\/\/locations-06.fr\/nl\/bezoek-hauts-de-cagnes-een-middeleeuws-juweel-in-het-hart-van-de-cote-dazur\/\">Les Hauts de Cagnes<\/a><\/h3><p class=\"elementor-image-box-description\">Ontdek de Hauts de Cagnes: middeleeuws dorp, Grimaldi-kasteel, pittoreske restaurants, Proven\u00e7aalse sfeer, uitzonderlijk panorama op de Middellandse Zee en het binnenland.<\/p><\/div><\/div>\t\t\t\t<\/div>\n\t\t\t\t<\/div>\n\t\t\t\t<div class=\"elementor-element elementor-element-b9cc5a9 elementor-align-center elementor-widget elementor-widget-button\" data-id=\"b9cc5a9\" data-element_type=\"widget\" data-e-type=\"widget\" data-widget_type=\"button.default\">\n\t\t\t\t<div class=\"elementor-widget-container\">\n\t\t\t\t\t\t\t\t\t<div class=\"elementor-button-wrapper\">\n\t\t\t\t\t<a class=\"elementor-button elementor-button-link elementor-size-sm\" href=\"https:\/\/locations-06.fr\/nl\/bezoek-hauts-de-cagnes-een-middeleeuws-juweel-in-het-hart-van-de-cote-dazur\/\">\n\t\t\t\t\t\t<span class=\"elementor-button-content-wrapper\">\n\t\t\t\t\t\t\t\t\t<span class=\"elementor-button-text\">Leer meer<\/span>\n\t\t\t\t\t<\/span>\n\t\t\t\t\t<\/a>\n\t\t\t\t<\/div>\n\t\t\t\t\t\t\t\t<\/div>\n\t\t\t\t<\/div>\n\t\t\t\t<\/div>\n\t\t<div class=\"elementor-element elementor-element-d17ab79 e-con-full e-flex e-con e-child\" data-id=\"d17ab79\" data-element_type=\"container\" data-e-type=\"container\">\n\t\t\t\t<div class=\"elementor-element elementor-element-7adc937 elementor-position-top elementor-widget elementor-widget-image-box\" data-id=\"7adc937\" data-element_type=\"widget\" data-e-type=\"widget\" data-widget_type=\"image-box.default\">\n\t\t\t\t<div class=\"elementor-widget-container\">\n\t\t\t\t\t<div class=\"elementor-image-box-wrapper\"><figure class=\"elementor-image-box-img\"><a href=\"https:\/\/locations-06.fr\/nl\/bezoek-eze-het-heuveldorp-en-de-exotische-tuin\/\" tabindex=\"-1\"><img decoding=\"async\" src=\"https:\/\/locations-06.fr\/wp-content\/uploads\/elementor\/thumbs\/20230119_122136-eze-cote-dazur-vacances-panorama-village-perche-jardin-exotique-rdommmt33azb8loxl5lq6rel2644luiyxjav2zn05k.jpg\" title=\"20230119_122136-eze-cote-dazur-vacances-panorama-village-perche-jardin-exotique\" alt=\"Touristes en visite \u00e0 \u00c8ze, charmant village perch\u00e9 de la C\u00f4te d\u2019Azur\" class=\"elementor-animation-rotate\" loading=\"lazy\" \/><\/a><\/figure><div class=\"elementor-image-box-content\"><h3 class=\"elementor-image-box-title\"><a href=\"https:\/\/locations-06.fr\/nl\/bezoek-eze-het-heuveldorp-en-de-exotische-tuin\/\">Eze<\/a><\/h3><p class=\"elementor-image-box-description\">Op 1 uur van onze g\u00eetes in Bar sur Loup, op 40 minuten van onze g\u00eete in Mougins, biedt het dorp Eze een van de mooiste panorama's van de C\u00f4te d'Azur<\/p><\/div><\/div>\t\t\t\t<\/div>\n\t\t\t\t<\/div>\n\t\t\t\t<div class=\"elementor-element elementor-element-e4fd5fb elementor-align-center elementor-widget elementor-widget-button\" data-id=\"e4fd5fb\" data-element_type=\"widget\" data-e-type=\"widget\" data-widget_type=\"button.default\">\n\t\t\t\t<div class=\"elementor-widget-container\">\n\t\t\t\t\t\t\t\t\t<div class=\"elementor-button-wrapper\">\n\t\t\t\t\t<a class=\"elementor-button elementor-button-link elementor-size-sm\" href=\"https:\/\/locations-06.fr\/nl\/bezoek-eze-het-heuveldorp-en-de-exotische-tuin\/\">\n\t\t\t\t\t\t<span class=\"elementor-button-content-wrapper\">\n\t\t\t\t\t\t\t\t\t<span class=\"elementor-button-text\">Leer meer<\/span>\n\t\t\t\t\t<\/span>\n\t\t\t\t\t<\/a>\n\t\t\t\t<\/div>\n\t\t\t\t\t\t\t\t<\/div>\n\t\t\t\t<\/div>\n\t\t\t\t<\/div>\n\t\t<div class=\"elementor-element elementor-element-f170d2e e-con-full e-flex e-con e-child\" data-id=\"f170d2e\" data-element_type=\"container\" data-e-type=\"container\">\n\t\t\t\t<div class=\"elementor-element elementor-element-1ffdd9f elementor-position-top elementor-widget elementor-widget-image-box\" data-id=\"1ffdd9f\" data-element_type=\"widget\" data-e-type=\"widget\" data-widget_type=\"image-box.default\">\n\t\t\t\t<div class=\"elementor-widget-container\">\n\t\t\t\t\t<div class=\"elementor-image-box-wrapper\"><figure class=\"elementor-image-box-img\"><a href=\"https:\/\/locations-06.fr\/tourisme-visite-et-decouverte-de-cabris-village-perche-de-la-cote-dazur\/\" tabindex=\"-1\"><img decoding=\"async\" src=\"https:\/\/locations-06.fr\/wp-content\/uploads\/elementor\/thumbs\/cabris1-village-perche-vacances-code-d-azur-rejx67c0xghys8gpjiv2wpcvtkvdc5busyyzonho5k.jpg\" title=\"cabris1-village-perche-vacances-code-d-azur\" alt=\"cabris1-village-perche-vacances-code-d-azur\" class=\"elementor-animation-rotate\" loading=\"lazy\" \/><\/a><\/figure><div class=\"elementor-image-box-content\"><h3 class=\"elementor-image-box-title\"><a href=\"https:\/\/locations-06.fr\/tourisme-visite-et-decouverte-de-cabris-village-perche-de-la-cote-dazur\/\">Cabris<\/a><\/h3><p class=\"elementor-image-box-description\">Op 25 minuten van onze g\u00eetes in Bar sur Loup ligt het \"Dorp van de Kleine Prins\", een typisch hooggelegen dorp, met een balkon met uitzicht op de regio Grasse.<\/p><\/div><\/div>\t\t\t\t<\/div>\n\t\t\t\t<\/div>\n\t\t\t\t<div class=\"elementor-element elementor-element-44599e7 elementor-align-center elementor-widget elementor-widget-button\" data-id=\"44599e7\" data-element_type=\"widget\" data-e-type=\"widget\" data-widget_type=\"button.default\">\n\t\t\t\t<div class=\"elementor-widget-container\">\n\t\t\t\t\t\t\t\t\t<div class=\"elementor-button-wrapper\">\n\t\t\t\t\t<a class=\"elementor-button elementor-button-link elementor-size-sm\" href=\"https:\/\/locations-06.fr\/tourisme-visite-et-decouverte-de-cabris-village-perche-de-la-cote-dazur\/\">\n\t\t\t\t\t\t<span class=\"elementor-button-content-wrapper\">\n\t\t\t\t\t\t\t\t\t<span class=\"elementor-button-text\">Leer meer<\/span>\n\t\t\t\t\t<\/span>\n\t\t\t\t\t<\/a>\n\t\t\t\t<\/div>\n\t\t\t\t\t\t\t\t<\/div>\n\t\t\t\t<\/div>\n\t\t\t\t<\/div>\n\t\t<div class=\"elementor-element elementor-element-bdcedcb e-con-full e-flex e-con e-child\" data-id=\"bdcedcb\" data-element_type=\"container\" data-e-type=\"container\">\n\t\t\t\t<div class=\"elementor-element elementor-element-a27f6ac elementor-position-top elementor-widget elementor-widget-image-box\" data-id=\"a27f6ac\" data-element_type=\"widget\" data-e-type=\"widget\" data-widget_type=\"image-box.default\">\n\t\t\t\t<div class=\"elementor-widget-container\">\n\t\t\t\t\t<div class=\"elementor-image-box-wrapper\"><figure class=\"elementor-image-box-img\"><a href=\"https:\/\/locations-06.fr\/visiter-decouvrir-tourisme-a-mouans-sartoux-village-de-la-cote-dazur\/\" tabindex=\"-1\"><img decoding=\"async\" src=\"https:\/\/locations-06.fr\/wp-content\/uploads\/elementor\/thumbs\/mouans-sartoux-village-provencal-cote-d-azur-vacances-visite-cannes-grasse-041-qwwbiqera79img05hltichnk0zvbqwqd54zowu7pmw.jpg\" title=\"Mouans-Sartoux A 20 mn de nos g\u00eetes du Bar sur Loup\" alt=\"Mouans-Sartoux A 20 mn de nos g\u00eetes du Bar sur Loup\" class=\"elementor-animation-rotate\" loading=\"lazy\" \/><\/a><\/figure><div class=\"elementor-image-box-content\"><h3 class=\"elementor-image-box-title\"><a href=\"https:\/\/locations-06.fr\/visiter-decouvrir-tourisme-a-mouans-sartoux-village-de-la-cote-dazur\/\">Mouans-Sartoux<\/a><\/h3><p class=\"elementor-image-box-description\">Op 20 minuten van onze g\u00eetes in Le Bar sur Loup, op 5 minuten van onze g\u00eete in Mougins.\nHet dorp Mouans-Sartoux en zijn rustige straten nodigen je uit om te ontspannen.<\/p><\/div><\/div>\t\t\t\t<\/div>\n\t\t\t\t<\/div>\n\t\t\t\t<div class=\"elementor-element elementor-element-4dac671 elementor-align-center elementor-widget elementor-widget-button\" data-id=\"4dac671\" data-element_type=\"widget\" data-e-type=\"widget\" data-widget_type=\"button.default\">\n\t\t\t\t<div class=\"elementor-widget-container\">\n\t\t\t\t\t\t\t\t\t<div class=\"elementor-button-wrapper\">\n\t\t\t\t\t<a class=\"elementor-button elementor-button-link elementor-size-sm\" href=\"https:\/\/locations-06.fr\/visiter-decouvrir-tourisme-a-mouans-sartoux-village-de-la-cote-dazur\/\">\n\t\t\t\t\t\t<span class=\"elementor-button-content-wrapper\">\n\t\t\t\t\t\t\t\t\t<span class=\"elementor-button-text\">Leer meer<\/span>\n\t\t\t\t\t<\/span>\n\t\t\t\t\t<\/a>\n\t\t\t\t<\/div>\n\t\t\t\t\t\t\t\t<\/div>\n\t\t\t\t<\/div>\n\t\t\t\t<\/div>\n\t\t\t\t\t<\/div>\n\t\t\t\t<\/div>\n\t\t<div class=\"elementor-element elementor-element-4f8a66b e-flex e-con-boxed e-con e-parent\" data-id=\"4f8a66b\" data-element_type=\"container\" data-e-type=\"container\">\n\t\t\t\t\t<div class=\"e-con-inner\">\n\t\t<div class=\"elementor-element elementor-element-bdc57b0 e-con-full e-flex e-con e-child\" data-id=\"bdc57b0\" data-element_type=\"container\" data-e-type=\"container\">\n\t\t\t\t<div class=\"elementor-element elementor-element-987c6af elementor-position-top elementor-widget elementor-widget-image-box\" data-id=\"987c6af\" data-element_type=\"widget\" data-e-type=\"widget\" data-widget_type=\"image-box.default\">\n\t\t\t\t<div class=\"elementor-widget-container\">\n\t\t\t\t\t<div class=\"elementor-image-box-wrapper\"><figure class=\"elementor-image-box-img\"><a href=\"https:\/\/locations-06.fr\/visiter-et-decouvrir-tourisme-et-vacances-a-mougins-cote-dazur\/\" tabindex=\"-1\"><img decoding=\"async\" src=\"https:\/\/locations-06.fr\/wp-content\/uploads\/elementor\/thumbs\/20220405_131754-mougins-village-perch-cote-d-azur-vacances-sejourner-20251111-142307-rejwx1eoalybl3ry22913im3bc1jady2jlzk8j2utk.jpg\" title=\"20220405_131754-mougins-village-perch-cote-d-azur-vacances-sejourner\" alt=\"20220405_131754-mougins-village-perch-cote-d-azur-vacances-sejourner\" class=\"elementor-animation-rotate\" loading=\"lazy\" \/><\/a><\/figure><div class=\"elementor-image-box-content\"><h3 class=\"elementor-image-box-title\"><a href=\"https:\/\/locations-06.fr\/visiter-et-decouvrir-tourisme-et-vacances-a-mougins-cote-dazur\/\">Mougins<\/a><\/h3><p class=\"elementor-image-box-description\">Op 30 minuten van onze g\u00eetes in Bar sur Loup ligt Mougins, het balkon met uitzicht op de baai van Cannes<\/p><\/div><\/div>\t\t\t\t<\/div>\n\t\t\t\t<\/div>\n\t\t\t\t<div class=\"elementor-element elementor-element-232bed0 elementor-align-center elementor-widget elementor-widget-button\" data-id=\"232bed0\" data-element_type=\"widget\" data-e-type=\"widget\" data-widget_type=\"button.default\">\n\t\t\t\t<div class=\"elementor-widget-container\">\n\t\t\t\t\t\t\t\t\t<div class=\"elementor-button-wrapper\">\n\t\t\t\t\t<a class=\"elementor-button elementor-button-link elementor-size-sm\" href=\"https:\/\/locations-06.fr\/visiter-et-decouvrir-tourisme-et-vacances-a-mougins-cote-dazur\/\">\n\t\t\t\t\t\t<span class=\"elementor-button-content-wrapper\">\n\t\t\t\t\t\t\t\t\t<span class=\"elementor-button-text\">Leer meer<\/span>\n\t\t\t\t\t<\/span>\n\t\t\t\t\t<\/a>\n\t\t\t\t<\/div>\n\t\t\t\t\t\t\t\t<\/div>\n\t\t\t\t<\/div>\n\t\t\t\t<\/div>\n\t\t<div class=\"elementor-element elementor-element-64a6bb3 e-con-full e-flex e-con e-child\" data-id=\"64a6bb3\" data-element_type=\"container\" data-e-type=\"container\">\n\t\t\t\t<div class=\"elementor-element elementor-element-4ce6023 elementor-position-top elementor-widget elementor-widget-image-box\" data-id=\"4ce6023\" data-element_type=\"widget\" data-e-type=\"widget\" data-widget_type=\"image-box.default\">\n\t\t\t\t<div class=\"elementor-widget-container\">\n\t\t\t\t\t<div class=\"elementor-image-box-wrapper\"><figure class=\"elementor-image-box-img\"><a href=\"https:\/\/locations-06.fr\/visiter-et-decouvrir-tourisme-et-vacances-a-saint-etienne-de-tinee-parc-du-mercantour\/\" tabindex=\"-1\"><img decoding=\"async\" src=\"https:\/\/upload.wikimedia.org\/wikipedia\/commons\/f\/f8\/Mairie%2C_Saint-%C3%89tienne-de-Tin%C3%A9e%2C_France.jpg\" title=\"\" alt=\"Vue panoramique du village de Saint-\u00c9tienne-de-Tin\u00e9e entour\u00e9 de montagnes, avec ses maisons traditionnelles, son \u00e9glise et la vall\u00e9e de la Tin\u00e9e en arri\u00e8re-plan.\" class=\"elementor-animation-rotate\" loading=\"lazy\" \/><\/a><\/figure><div class=\"elementor-image-box-content\"><h3 class=\"elementor-image-box-title\"><a href=\"https:\/\/locations-06.fr\/visiter-et-decouvrir-tourisme-et-vacances-a-saint-etienne-de-tinee-parc-du-mercantour\/\">Saint Etienne de Tin\u00e9e<\/a><\/h3><p class=\"elementor-image-box-description\">Het dorp St Etienne de Tin\u00e9e ligt in het hart van het Parc du Mercantour en is het vertrekpunt van vele wandelroutes. Het is ook een bekend skigebied: Auron <\/p><\/div><\/div>\t\t\t\t<\/div>\n\t\t\t\t<\/div>\n\t\t\t\t<div class=\"elementor-element elementor-element-c4207dd elementor-align-center elementor-widget elementor-widget-button\" data-id=\"c4207dd\" data-element_type=\"widget\" data-e-type=\"widget\" data-widget_type=\"button.default\">\n\t\t\t\t<div class=\"elementor-widget-container\">\n\t\t\t\t\t\t\t\t\t<div class=\"elementor-button-wrapper\">\n\t\t\t\t\t<a class=\"elementor-button elementor-button-link elementor-size-sm\" href=\"https:\/\/locations-06.fr\/visiter-et-decouvrir-tourisme-et-vacances-a-saint-etienne-de-tinee-parc-du-mercantour\/\">\n\t\t\t\t\t\t<span class=\"elementor-button-content-wrapper\">\n\t\t\t\t\t\t\t\t\t<span class=\"elementor-button-text\">Leer meer<\/span>\n\t\t\t\t\t<\/span>\n\t\t\t\t\t<\/a>\n\t\t\t\t<\/div>\n\t\t\t\t\t\t\t\t<\/div>\n\t\t\t\t<\/div>\n\t\t\t\t<\/div>\n\t\t<div class=\"elementor-element elementor-element-423e4f0 e-con-full e-flex e-con e-child\" data-id=\"423e4f0\" data-element_type=\"container\" data-e-type=\"container\">\n\t\t\t\t<div class=\"elementor-element elementor-element-e46dcce elementor-position-top elementor-widget elementor-widget-image-box\" data-id=\"e46dcce\" data-element_type=\"widget\" data-e-type=\"widget\" data-widget_type=\"image-box.default\">\n\t\t\t\t<div class=\"elementor-widget-container\">\n\t\t\t\t\t<div class=\"elementor-image-box-wrapper\"><figure class=\"elementor-image-box-img\"><img decoding=\"async\" src=\"https:\/\/locations-06.fr\/wp-content\/uploads\/elementor\/thumbs\/st-jeannet-village-visiter-vacances-cote-d-azur-20251111-141547-rejwljtori85oogp53h6mez9xso17kc6aqxx2s42vc.jpg\" title=\"st-jeannet-village-visiter-vacances-cote-d-azur\" alt=\"st-jeannet-village-visiter-vacances-cote-d-azur\" class=\"elementor-animation-rotate\" loading=\"lazy\" \/><\/figure><div class=\"elementor-image-box-content\"><h3 class=\"elementor-image-box-title\">Saint Jeannet<\/h3><p class=\"elementor-image-box-description\">Op 35 minuten van onze g\u00eetes ligt het dorp St Jeannet aan de voet van de klif gevormd door de Baou de St Jeannet<\/p><\/div><\/div>\t\t\t\t<\/div>\n\t\t\t\t<\/div>\n\t\t\t\t<\/div>\n\t\t<div class=\"elementor-element elementor-element-2533557 e-con-full e-flex e-con e-child\" data-id=\"2533557\" data-element_type=\"container\" data-e-type=\"container\">\n\t\t\t\t<div class=\"elementor-element elementor-element-90f423a elementor-position-top elementor-widget elementor-widget-image-box\" data-id=\"90f423a\" data-element_type=\"widget\" data-e-type=\"widget\" data-widget_type=\"image-box.default\">\n\t\t\t\t<div class=\"elementor-widget-container\">\n\t\t\t\t\t<div class=\"elementor-image-box-wrapper\"><figure class=\"elementor-image-box-img\"><img decoding=\"async\" src=\"https:\/\/locations-06.fr\/wp-content\/uploads\/28232330397_fcb565a3c3_b.jpg\" title=\"28232330397_fcb565a3c3_b\" alt=\"Saint Vallier de Thiey\" class=\"elementor-animation-rotate\" loading=\"lazy\" \/><\/figure><div class=\"elementor-image-box-content\"><h3 class=\"elementor-image-box-title\">Saint Vallier de Thiey<\/h3><p class=\"elementor-image-box-description\">30 minuten van onze g\u00eetes in Bar sur Loup en Mougins<\/p><\/div><\/div>\t\t\t\t<\/div>\n\t\t\t\t<\/div>\n\t\t\t\t<\/div>\n\t\t<div class=\"elementor-element elementor-element-36795ee e-con-full e-flex e-con e-child\" data-id=\"36795ee\" data-element_type=\"container\" data-e-type=\"container\">\n\t\t\t\t<div class=\"elementor-element elementor-element-354630c elementor-position-top elementor-widget elementor-widget-image-box\" data-id=\"354630c\" data-element_type=\"widget\" data-e-type=\"widget\" data-widget_type=\"image-box.default\">\n\t\t\t\t<div class=\"elementor-widget-container\">\n\t\t\t\t\t<div class=\"elementor-image-box-wrapper\"><figure class=\"elementor-image-box-img\"><img decoding=\"async\" src=\"https:\/\/locations-06.fr\/wp-content\/uploads\/elementor\/thumbs\/20210710_171413-st-paul-de-vence-village-artistes-visiter-cote-d-azur-vacances-rejxclmhfv97sp676seodl8tczcapzq3cmsy9g07t4.jpg\" title=\"20210710_171413-st-paul-de-vence-village-artistes-visiter-cote-d-azur-vacances\" alt=\"20210710_171413-st-paul-de-vence-village-artistes-visiter-cote-d-azur-vacances\" class=\"elementor-animation-rotate\" loading=\"lazy\" \/><\/figure><div class=\"elementor-image-box-content\"><h3 class=\"elementor-image-box-title\">Saint Paul de Vence<\/h3><p class=\"elementor-image-box-description\">Op 30 minuten van onze verblijven ligt Saint Paul de Vence, gelegen op een heuvelrug en omringd door wallen, het kunstenaarsdorp<\/p><\/div><\/div>\t\t\t\t<\/div>\n\t\t\t\t<\/div>\n\t\t\t\t<\/div>\n\t\t\t\t\t<\/div>\n\t\t\t\t<\/div>\n\t\t<div class=\"elementor-element elementor-element-8361174 e-flex e-con-boxed e-con e-parent\" data-id=\"8361174\" data-element_type=\"container\" data-e-type=\"container\">\n\t\t\t\t\t<div class=\"e-con-inner\">\n\t\t<div class=\"elementor-element elementor-element-c4f8192 e-con-full e-flex e-con e-child\" data-id=\"c4f8192\" data-element_type=\"container\" data-e-type=\"container\">\n\t\t\t\t<div class=\"elementor-element elementor-element-8adb6d8 elementor-position-top elementor-widget elementor-widget-image-box\" data-id=\"8adb6d8\" data-element_type=\"widget\" data-e-type=\"widget\" data-widget_type=\"image-box.default\">\n\t\t\t\t<div class=\"elementor-widget-container\">\n\t\t\t\t\t<div class=\"elementor-image-box-wrapper\"><figure class=\"elementor-image-box-img\"><img decoding=\"async\" src=\"https:\/\/locations-06.fr\/wp-content\/uploads\/elementor\/thumbs\/greolieres-village-arriere-pays-cote-d-azur-visiter-pnr-parc-naturel-regional-prealpes-d-azur-rejxmxukm9eria5it9axszbclkdne4rsrt58b0obd4.jpg\" title=\"greolieres-village-arriere-pays-cote-d-azur-visiter-pnr-parc-naturel-regional-prealpes-d-azur\" alt=\"greolieres-village-arriere-pays-cote-d-azur-visiter-pnr-parc-naturel-regional-prealpes-d-azur\" class=\"elementor-animation-rotate\" loading=\"lazy\" \/><\/figure><div class=\"elementor-image-box-content\"><h3 class=\"elementor-image-box-title\">Gr\u00e9oli\u00e8res<\/h3><p class=\"elementor-image-box-description\">20 minuten van onze g\u00eetes in Bar sur Loup, 40 minuten van onze g\u00eete in Mougins<\/p><\/div><\/div>\t\t\t\t<\/div>\n\t\t\t\t<\/div>\n\t\t\t\t<\/div>\n\t\t<div class=\"elementor-element elementor-element-59438f4 e-con-full e-flex e-con e-child\" data-id=\"59438f4\" data-element_type=\"container\" data-e-type=\"container\">\n\t\t\t\t<div class=\"elementor-element elementor-element-8c7542a elementor-position-top elementor-widget elementor-widget-image-box\" data-id=\"8c7542a\" data-element_type=\"widget\" data-e-type=\"widget\" data-widget_type=\"image-box.default\">\n\t\t\t\t<div class=\"elementor-widget-container\">\n\t\t\t\t\t<div class=\"elementor-image-box-wrapper\"><figure class=\"elementor-image-box-img\"><img decoding=\"async\" src=\"https:\/\/locations-06.fr\/wp-content\/uploads\/elementor\/thumbs\/33819769-qwwbig2j70vd2qf65zcm329hhraae8lbfptcmsn1jc.jpg\" title=\"33819769\" alt=\"33819769\" class=\"elementor-animation-rotate\" loading=\"lazy\" \/><\/figure><div class=\"elementor-image-box-content\"><h3 class=\"elementor-image-box-title\">Coursegoules<\/h3><p class=\"elementor-image-box-description\">30 minuten van onze g\u00eetes in Bar sur Loup, 50 minuten van onze g\u00eete in Mougins, startpunt voor wandelingen in Cheiron<\/p><\/div><\/div>\t\t\t\t<\/div>\n\t\t\t\t<\/div>\n\t\t\t\t<\/div>\n\t\t<div class=\"elementor-element elementor-element-9383498 e-con-full e-flex e-con e-child\" data-id=\"9383498\" data-element_type=\"container\" data-e-type=\"container\">\n\t\t\t\t<div class=\"elementor-element elementor-element-5cc7205 elementor-position-top elementor-widget elementor-widget-image-box\" data-id=\"5cc7205\" data-element_type=\"widget\" data-e-type=\"widget\" data-widget_type=\"image-box.default\">\n\t\t\t\t<div class=\"elementor-widget-container\">\n\t\t\t\t\t<div class=\"elementor-image-box-wrapper\"><figure class=\"elementor-image-box-img\"><img decoding=\"async\" src=\"https:\/\/locations-06.fr\/wp-content\/uploads\/elementor\/thumbs\/20210519_175453-tourrettes-sur-loup-violettes-village-perche-medieval-vacances-cote-d-azur-rejx9jnd892o2bly0yvbruzvuwecpelhxih542ja14.jpg\" title=\"20210519_175453-tourrettes-sur-loup-violettes-village-perche-medieval-vacances-cote-d-azur\" alt=\"20210519_175453-tourrettes-sur-loup-violettes-village-perche-medieval-vacances-cote-d-azur\" class=\"elementor-animation-rotate\" loading=\"lazy\" \/><\/figure><div class=\"elementor-image-box-content\"><h3 class=\"elementor-image-box-title\">Tourrettes sur Loup<\/h3><p class=\"elementor-image-box-description\">Op slechts 15 minuten van Bar sur Loup en 40 minuten van Mougins, biedt het oude dorp Tourettes sur Loup een van de mooiste uitzichten aan de C\u00f4te d'Azur.\nHet is ook het laatste viooltjes producerende dorp in Frankrijk.<\/p><\/div><\/div>\t\t\t\t<\/div>\n\t\t\t\t<\/div>\n\t\t\t\t<\/div>\n\t\t<div class=\"elementor-element elementor-element-0c3c305 e-con-full e-flex e-con e-child\" data-id=\"0c3c305\" data-element_type=\"container\" data-e-type=\"container\">\n\t\t\t\t<div class=\"elementor-element elementor-element-5f7eb5d elementor-position-top elementor-widget elementor-widget-image-box\" data-id=\"5f7eb5d\" data-element_type=\"widget\" data-e-type=\"widget\" data-widget_type=\"image-box.default\">\n\t\t\t\t<div class=\"elementor-widget-container\">\n\t\t\t\t\t<div class=\"elementor-image-box-wrapper\"><figure class=\"elementor-image-box-img\"><img decoding=\"async\" src=\"https:\/\/locations-06.fr\/wp-content\/uploads\/20220405_141249-valbonne-vacances-tourisme-decouvrir-village-bastide.jpg\" title=\"20220405_141249-valbonne-vacances-tourisme-decouvrir-village-bastide\" alt=\"Valbonne\" class=\"elementor-animation-rotate\" loading=\"lazy\" \/><\/figure><div class=\"elementor-image-box-content\"><h3 class=\"elementor-image-box-title\">Valbonne<\/h3><p class=\"elementor-image-box-description\">Op 20 minuten van onze g\u00eetes in Bar sur Loup en op 10 minuten van onze g\u00eete in Mougins wacht het oude dorp Valbonne op u.<\/p><\/div><\/div>\t\t\t\t<\/div>\n\t\t\t\t<\/div>\n\t\t\t\t<\/div>\n\t\t<div class=\"elementor-element elementor-element-a7fcfe2 e-con-full e-flex e-con e-child\" data-id=\"a7fcfe2\" data-element_type=\"container\" data-e-type=\"container\">\n\t\t\t\t<div class=\"elementor-element elementor-element-60e7fb9 elementor-position-top elementor-widget elementor-widget-image-box\" data-id=\"60e7fb9\" data-element_type=\"widget\" data-e-type=\"widget\" data-settings=\"{&quot;_animation&quot;:&quot;none&quot;}\" data-widget_type=\"image-box.default\">\n\t\t\t\t<div class=\"elementor-widget-container\">\n\t\t\t\t\t<div class=\"elementor-image-box-wrapper\"><figure class=\"elementor-image-box-img\"><img decoding=\"async\" src=\"https:\/\/locations-06.fr\/wp-content\/uploads\/elementor\/thumbs\/20240316_091916-le-cannet-cote-dazur-cannes-visiter-vacances-blog-qwwbif4p06u2r4gjbgxziki0wdex6jhl3l5v5iofpk.jpg\" title=\"20240316_091916-le-cannet-cote-dazur-cannes-visiter-vacances-blog\" alt=\"le cannet cote dazur cannes visiter vacances blog\" class=\"elementor-animation-rotate\" loading=\"lazy\" \/><\/figure><div class=\"elementor-image-box-content\"><h3 class=\"elementor-image-box-title\">Le Cannet<\/h3><p class=\"elementor-image-box-description\">Op 30 minuten van onze g\u00eetes in Bar sur Loup nodigt het oude dorp Cannet, op een steenworp afstand van de Croisette, u uit om de oude straatjes te ontdekken<\/p><\/div><\/div>\t\t\t\t<\/div>\n\t\t\t\t<\/div>\n\t\t\t\t<\/div>\n\t\t\t\t\t<\/div>\n\t\t\t\t<\/div>\n\t\t<div class=\"elementor-element elementor-element-3010abe e-flex e-con-boxed e-con e-parent\" data-id=\"3010abe\" data-element_type=\"container\" data-e-type=\"container\">\n\t\t\t\t\t<div class=\"e-con-inner\">\n\t\t<div class=\"elementor-element elementor-element-ae85769 e-con-full e-flex e-con e-child\" data-id=\"ae85769\" data-element_type=\"container\" data-e-type=\"container\">\n\t\t\t\t<div class=\"elementor-element elementor-element-c5130cf elementor-position-top elementor-widget elementor-widget-image-box\" data-id=\"c5130cf\" data-element_type=\"widget\" data-e-type=\"widget\" data-widget_type=\"image-box.default\">\n\t\t\t\t<div class=\"elementor-widget-container\">\n\t\t\t\t\t<div class=\"elementor-image-box-wrapper\"><figure class=\"elementor-image-box-img\"><a href=\"https:\/\/locations-06.fr\/visite-et-decouverte-de-luceram-le-village-des-creches-tourisme-cote-dazur\/\" tabindex=\"-1\"><img decoding=\"async\" src=\"https:\/\/locations-06.fr\/wp-content\/uploads\/elementor\/thumbs\/1000029416-village-luceram-circuit-creches-noel-arriere-pays-turini-peira-cava-rhd455kvxqsdvq77gijp287jmq8p0xmv641ugylk7c.jpg\" title=\"1000029416-village-luceram-circuit-creches-noel-arriere-pays-turini-peira-cava\" alt=\"Luc\u00e9ram, village de Luc\u00e9ram, Alpes-Maritimes, arri\u00e8re-pays ni\u00e7ois, village m\u00e9di\u00e9val Provence, photos Luc\u00e9ram, patrimoine proven\u00e7al, ruelles pittoresques, village perch\u00e9, circuit des cr\u00e8ches Luc\u00e9ram\" class=\"elementor-animation-rotate\" loading=\"lazy\" \/><\/a><\/figure><div class=\"elementor-image-box-content\"><h3 class=\"elementor-image-box-title\"><a href=\"https:\/\/locations-06.fr\/visite-et-decouverte-de-luceram-le-village-des-creches-tourisme-cote-dazur\/\">Luc\u00e9ram<\/a><\/h3><p class=\"elementor-image-box-description\">A 1h10 du Bar sur Loup, le village de Luc\u00e9ram, connu pour ses cr\u00e8ches, est aussi un magnifique village m\u00e9di\u00e9val<\/p><\/div><\/div>\t\t\t\t<\/div>\n\t\t\t\t<\/div>\n\t\t\t\t<div class=\"elementor-element elementor-element-345f63d elementor-align-center elementor-widget elementor-widget-button\" data-id=\"345f63d\" data-element_type=\"widget\" data-e-type=\"widget\" data-widget_type=\"button.default\">\n\t\t\t\t<div class=\"elementor-widget-container\">\n\t\t\t\t\t\t\t\t\t<div class=\"elementor-button-wrapper\">\n\t\t\t\t\t<a class=\"elementor-button elementor-button-link elementor-size-sm\" href=\"https:\/\/locations-06.fr\/visite-et-decouverte-de-luceram-le-village-des-creches-tourisme-cote-dazur\/\">\n\t\t\t\t\t\t<span class=\"elementor-button-content-wrapper\">\n\t\t\t\t\t\t\t\t\t<span class=\"elementor-button-text\">Leer meer<\/span>\n\t\t\t\t\t<\/span>\n\t\t\t\t\t<\/a>\n\t\t\t\t<\/div>\n\t\t\t\t\t\t\t\t<\/div>\n\t\t\t\t<\/div>\n\t\t\t\t<\/div>\n\t\t\t\t\t<\/div>\n\t\t\t\t<\/div>\n\t\t<div class=\"elementor-element elementor-element-5343eecd e-flex e-con-boxed e-con e-parent\" data-id=\"5343eecd\" data-element_type=\"container\" data-e-type=\"container\">\n\t\t\t\t\t<div class=\"e-con-inner\">\n\t\t<div class=\"elementor-element elementor-element-50589314 e-con-full e-flex e-con e-child\" data-id=\"50589314\" data-element_type=\"container\" data-e-type=\"container\">\n\t\t\t\t<div class=\"elementor-element elementor-element-2230dc20 elementor-widget elementor-widget-text-editor\" data-id=\"2230dc20\" data-element_type=\"widget\" data-e-type=\"widget\" data-widget_type=\"text-editor.default\">\n\t\t\t\t<div class=\"elementor-widget-container\">\n\t\t\t\t\t\t\t\t\t<p>Deel dit artikel op sociale netwerken<\/p>\t\t\t\t\t\t\t\t<\/div>\n\t\t\t\t<\/div>\n\t\t\t\t<\/div>\n\t\t<div class=\"elementor-element elementor-element-6e055460 e-con-full e-flex e-con e-child\" data-id=\"6e055460\" data-element_type=\"container\" data-e-type=\"container\">\n\t\t\t\t<div class=\"elementor-element elementor-element-72f790e elementor-widget elementor-widget-html\" data-id=\"72f790e\" data-element_type=\"widget\" data-e-type=\"widget\" data-widget_type=\"html.default\">\n\t\t\t\t<div class=\"elementor-widget-container\">\n\t\t\t\t\t<button class=\"facebook-share-button\" onclick=\"partagerSurFacebook()\">\n    <img decoding=\"async\" src=\"https:\/\/upload.wikimedia.org\/wikipedia\/commons\/5\/51\/Facebook_f_logo_%282019%29.svg\" alt=\"Facebook Logo\" style=\"width:16px; height:16px; vertical-align:middle; margin-right: 8px;\">\n Facebook\n<\/button>\n\n<style>\n    .facebook-share-button {\n        background-color: #1877f2;\n        color: #fff;\n        border: none;\n        padding: 10px 20px;\n        font-size: 16px;\n        font-family: Arial, sans-serif;\n        border-radius: 5px;\n        cursor: pointer;\n        display: inline-flex;\n        align-items: center;\n    }\n    .facebook-share-button:hover {\n        background-color: #155bc3;\n    }\n    .facebook-share-button img {\n        width: 16px;\n        height: 16px;\n    }\n<\/style>\n\n<script>\n    function partagerSurFacebook() {\n        const url = encodeURIComponent(window.location.href);\n        const partageURL = `https:\/\/www.facebook.com\/sharer\/sharer.php?u=${url}`;\n        window.open(partageURL, 'Partager sur Facebook', 'width=600,height=400');\n    }\n<\/script>\n\t\t\t\t<\/div>\n\t\t\t\t<\/div>\n\t\t\t\t<\/div>\n\t\t<div class=\"elementor-element elementor-element-13026c0e e-con-full e-flex e-con e-child\" data-id=\"13026c0e\" data-element_type=\"container\" data-e-type=\"container\">\n\t\t\t\t<div class=\"elementor-element elementor-element-7c4eba33 elementor-widget elementor-widget-html\" data-id=\"7c4eba33\" data-element_type=\"widget\" data-e-type=\"widget\" data-widget_type=\"html.default\">\n\t\t\t\t<div class=\"elementor-widget-container\">\n\t\t\t\t\t<button class=\"instagram-share-button\" onclick=\"ouvrirInstagram()\">\n    <img decoding=\"async\" src=\"https:\/\/upload.wikimedia.org\/wikipedia\/commons\/a\/a5\/Instagram_icon.png\" alt=\"Instagram Logo\" style=\"width:16px; height:16px; vertical-align:middle; margin-right: 8px;\">\n Instagram\n<\/button>\n\n<style>\n    .instagram-share-button {\n        background: radial-gradient(circle at 30% 107%, #fdf497 0%, #fdf497 5%, #fd5949 45%, #d6249f 60%, #285AEB 90%);\n        color: #fff;\n        border: none;\n        padding: 10px 20px;\n        font-size: 16px;\n        font-family: Arial, sans-serif;\n        border-radius: 5px;\n        cursor: pointer;\n        display: inline-flex;\n        align-items: center;\n    }\n    .instagram-share-button:hover {\n        opacity: 0.9;\n    }\n    .instagram-share-button img {\n        width: 16px;\n        height: 16px;\n    }\n<\/style>\n\n<script>\n    function ouvrirInstagram() {\n        const url = encodeURIComponent(window.location.href); \/\/ URL de la page actuelle\n        const instagramProfileURL = `https:\/\/www.instagram.com\/?url=${url}`; \/\/ Redirige vers Instagram\n        window.open(instagramProfileURL, 'Partager sur Instagram', 'width=600,height=400');\n    }\n<\/script>\n\t\t\t\t<\/div>\n\t\t\t\t<\/div>\n\t\t\t\t<\/div>\n\t\t<div class=\"elementor-element elementor-element-31256c98 e-con-full e-flex e-con e-child\" data-id=\"31256c98\" data-element_type=\"container\" data-e-type=\"container\">\n\t\t\t\t<div class=\"elementor-element elementor-element-2f161453 elementor-widget elementor-widget-html\" data-id=\"2f161453\" data-element_type=\"widget\" data-e-type=\"widget\" data-widget_type=\"html.default\">\n\t\t\t\t<div class=\"elementor-widget-container\">\n\t\t\t\t\t<button class=\"twitter-share-button\" onclick=\"partagerSurTwitter()\">\n    <span style=\"display: inline-flex; align-items: center;\">\n        <svg xmlns=\"http:\/\/www.w3.org\/2000\/svg\" width=\"16\" height=\"16\" viewbox=\"0 0 24 24\" fill=\"#fff\" style=\"margin-right: 8px;\">\n            <path d=\"M24 4.557a9.83 9.83 0 0 1-2.828.775 4.932 4.932 0 0 0 2.165-2.724 9.864 9.864 0 0 1-3.127 1.195 4.92 4.92 0 0 0-8.384 4.482A13.978 13.978 0 0 1 1.671 3.149 4.92 4.92 0 0 0 3.195 9.72a4.904 4.904 0 0 1-2.229-.616v.061a4.92 4.92 0 0 0 3.946 4.827 4.936 4.936 0 0 1-2.224.084 4.92 4.92 0 0 0 4.6 3.419A9.868 9.868 0 0 1 0 19.539a13.94 13.94 0 0 0 7.548 2.213c9.057 0 14.007-7.496 14.007-13.986 0-.213-.005-.425-.014-.636A10.012 10.012 0 0 0 24 4.557z\"\/>\n        <\/svg>\n Twitter\n    <\/span>\n<\/button>\n\n<style>\n    .twitter-share-button {\n        background-color: #1DA1F2;\n        color: #fff;\n        border: none;\n        padding: 10px 20px;\n        font-size: 16px;\n        font-family: Arial, sans-serif;\n        border-radius: 5px;\n        cursor: pointer;\n        display: inline-flex;\n        align-items: center;\n    }\n    .twitter-share-button:hover {\n        background-color: #0d8dd8;\n    }\n<\/style>\n\n<script>\n    function partagerSurTwitter() {\n        const url = encodeURIComponent(window.location.href); \/\/ URL de la page actuelle\n        const texte = encodeURIComponent(\"D\u00e9couvrez cette page incroyable !\"); \/\/ Texte personnalis\u00e9\n        const partageURL = `https:\/\/twitter.com\/intent\/tweet?url=${url}&text=${texte}`;\n        \n        window.open(partageURL, 'Partager sur Twitter', 'width=600,height=400');\n    }\n<\/script>\n\t\t\t\t<\/div>\n\t\t\t\t<\/div>\n\t\t\t\t<\/div>\n\t\t\t\t\t<\/div>\n\t\t\t\t<\/div>\n\t\t<div class=\"elementor-element elementor-element-43d5b43b e-flex e-con-boxed e-con e-parent\" data-id=\"43d5b43b\" data-element_type=\"container\" data-e-type=\"container\">\n\t\t\t\t\t<div class=\"e-con-inner\">\n\t\t<div class=\"elementor-element elementor-element-72f2efb4 e-con-full e-flex e-con e-child\" data-id=\"72f2efb4\" data-element_type=\"container\" data-e-type=\"container\">\n\t\t\t\t<div class=\"elementor-element elementor-element-5d9142c2 elementor-widget-divider--view-line elementor-widget elementor-widget-divider\" data-id=\"5d9142c2\" data-element_type=\"widget\" data-e-type=\"widget\" data-widget_type=\"divider.default\">\n\t\t\t\t<div class=\"elementor-widget-container\">\n\t\t\t\t\t\t\t<div class=\"elementor-divider\">\n\t\t\t<span class=\"elementor-divider-separator\">\n\t\t\t\t\t\t<\/span>\n\t\t<\/div>\n\t\t\t\t\t\t<\/div>\n\t\t\t\t<\/div>\n\t\t\t\t<div class=\"elementor-element elementor-element-5fb3ac5a elementor-widget elementor-widget-text-editor\" data-id=\"5fb3ac5a\" data-element_type=\"widget\" data-e-type=\"widget\" data-widget_type=\"text-editor.default\">\n\t\t\t\t<div class=\"elementor-widget-container\">\n\t\t\t\t\t\t\t\t\t<h2>Ontdek onze lodges en villa\u2019s voor uw vakantie aan de C\u00f4te d\u2019Azur<\/h2>\t\t\t\t\t\t\t\t<\/div>\n\t\t\t\t<\/div>\n\t\t\t\t<\/div>\n\t\t\t\t\t<\/div>\n\t\t\t\t<\/div>\n\t\t<div class=\"elementor-element elementor-element-6093d6d5 e-flex e-con-boxed e-con e-parent\" data-id=\"6093d6d5\" data-element_type=\"container\" data-e-type=\"container\">\n\t\t\t\t\t<div class=\"e-con-inner\">\n\t\t<div class=\"elementor-element elementor-element-5028bd23 e-con-full e-flex e-con e-child\" data-id=\"5028bd23\" data-element_type=\"container\" data-e-type=\"container\">\n\t\t\t\t<div class=\"elementor-element elementor-element-399b6fd2 elementor-position-top elementor-widget elementor-widget-image-box\" data-id=\"399b6fd2\" data-element_type=\"widget\" data-e-type=\"widget\" data-widget_type=\"image-box.default\">\n\t\t\t\t<div class=\"elementor-widget-container\">\n\t\t\t\t\t<div class=\"elementor-image-box-wrapper\"><figure class=\"elementor-image-box-img\"><a href=\"https:\/\/locations-06.fr\/nl\/les-oliviers\/\" tabindex=\"-1\"><img decoding=\"async\" src=\"https:\/\/locations-06.fr\/wp-content\/uploads\/elementor\/thumbs\/DSC06337-gite-de-france-cote-d-azur-appartement-cannes-nice-piscine-accueil1-qwwbih06k9q3kns1kdh2zzo5a1jgfeu3kv28xww4pc.jpg\" title=\"gite de france cote d azur appartement cannes nice piscine accueil\" alt=\"gite de france cote d azur appartement cannes nice piscine accueil\" loading=\"lazy\" \/><\/a><\/figure><div class=\"elementor-image-box-content\"><h3 class=\"elementor-image-box-title\"><a href=\"https:\/\/locations-06.fr\/nl\/les-oliviers\/\">Les Oliviers<\/a><\/h3><\/div><\/div>\t\t\t\t<\/div>\n\t\t\t\t<\/div>\n\t\t\t\t<\/div>\n\t\t<div class=\"elementor-element elementor-element-7e7c654f e-con-full e-flex e-con e-child\" data-id=\"7e7c654f\" data-element_type=\"container\" data-e-type=\"container\">\n\t\t\t\t<div class=\"elementor-element elementor-element-4c044811 elementor-position-top elementor-widget elementor-widget-image-box\" data-id=\"4c044811\" data-element_type=\"widget\" data-e-type=\"widget\" data-widget_type=\"image-box.default\">\n\t\t\t\t<div class=\"elementor-widget-container\">\n\t\t\t\t\t<div class=\"elementor-image-box-wrapper\"><figure class=\"elementor-image-box-img\"><a href=\"https:\/\/locations-06.fr\/nl\/la-pascaline\/\" tabindex=\"-1\"><img decoding=\"async\" src=\"https:\/\/locations-06.fr\/wp-content\/uploads\/elementor\/thumbs\/Drone-Appartement-A-1-location-gite-de-france-appartement-cote-azur-cannes-accueil-1-qwwbih06k9q3kns1kdh2zzo5a1jgfeu3kv28xww4pc.jpg\" title=\"location gite de france appartement cote azur cannes accueil\" alt=\"location gite de france appartement cote azur cannes accueil\" loading=\"lazy\" \/><\/a><\/figure><div class=\"elementor-image-box-content\"><h3 class=\"elementor-image-box-title\"><a href=\"https:\/\/locations-06.fr\/nl\/la-pascaline\/\">La Pascaline<\/a><\/h3><\/div><\/div>\t\t\t\t<\/div>\n\t\t\t\t<\/div>\n\t\t\t\t<\/div>\n\t\t<div class=\"elementor-element elementor-element-57ba3a27 e-con-full e-flex e-con e-child\" data-id=\"57ba3a27\" data-element_type=\"container\" data-e-type=\"container\">\n\t\t\t\t<div class=\"elementor-element elementor-element-34d63c8b elementor-position-top elementor-widget elementor-widget-image-box\" data-id=\"34d63c8b\" data-element_type=\"widget\" data-e-type=\"widget\" data-widget_type=\"image-box.default\">\n\t\t\t\t<div class=\"elementor-widget-container\">\n\t\t\t\t\t<div class=\"elementor-image-box-wrapper\"><figure class=\"elementor-image-box-img\"><a href=\"https:\/\/locations-06.fr\/nl\/la-maison-de-noelie-tuinniveau\/\" tabindex=\"-1\"><img decoding=\"async\" src=\"https:\/\/locations-06.fr\/wp-content\/uploads\/elementor\/thumbs\/081a0657-appartement-gite-de-france-cote-d-azur-cannes-nice-antibes-06-accueil-qwwbibd5f9idn008hb1bl13dpqb9587pk35c294hqo.jpg\" title=\"La Maison de No\u00e9lie\" alt=\"La Maison de No\u00e9lie\" loading=\"lazy\" \/><\/a><\/figure><div class=\"elementor-image-box-content\"><h3 class=\"elementor-image-box-title\"><a href=\"https:\/\/locations-06.fr\/nl\/la-maison-de-noelie-tuinniveau\/\">La Maison de No\u00e9lie <\/br>Begane grond<\/a><\/h3><\/div><\/div>\t\t\t\t<\/div>\n\t\t\t\t<\/div>\n\t\t\t\t<\/div>\n\t\t<div class=\"elementor-element elementor-element-1c05471d e-con-full e-flex e-con e-child\" data-id=\"1c05471d\" data-element_type=\"container\" data-e-type=\"container\">\n\t\t\t\t<div class=\"elementor-element elementor-element-5be8eb1f elementor-position-top elementor-widget elementor-widget-image-box\" data-id=\"5be8eb1f\" data-element_type=\"widget\" data-e-type=\"widget\" data-widget_type=\"image-box.default\">\n\t\t\t\t<div class=\"elementor-widget-container\">\n\t\t\t\t\t<div class=\"elementor-image-box-wrapper\"><figure class=\"elementor-image-box-img\"><a href=\"https:\/\/locations-06.fr\/nl\/la-maison-de-noelie-1e-verdieping\/\" tabindex=\"-1\"><img decoding=\"async\" src=\"https:\/\/locations-06.fr\/wp-content\/uploads\/elementor\/thumbs\/081a0657-appartement-gite-de-france-cote-d-azur-cannes-nice-antibes-06-accueil-qwwbibd5f9idn008hb1bl13dpqb9587pk35c294hqo.jpg\" title=\"La Maison de No\u00e9lie\" alt=\"La Maison de No\u00e9lie\" loading=\"lazy\" \/><\/a><\/figure><div class=\"elementor-image-box-content\"><h3 class=\"elementor-image-box-title\"><a href=\"https:\/\/locations-06.fr\/nl\/la-maison-de-noelie-1e-verdieping\/\">La Maison de No\u00e9lie <\/br>1<sup>e<\/sup> verdieping<\/a><\/h3><\/div><\/div>\t\t\t\t<\/div>\n\t\t\t\t<\/div>\n\t\t\t\t<\/div>\n\t\t<div class=\"elementor-element elementor-element-73a51cb2 e-con-full e-flex e-con e-child\" data-id=\"73a51cb2\" data-element_type=\"container\" data-e-type=\"container\">\n\t\t\t\t<div class=\"elementor-element elementor-element-780fb899 elementor-position-top elementor-widget elementor-widget-image-box\" data-id=\"780fb899\" data-element_type=\"widget\" data-e-type=\"widget\" data-widget_type=\"image-box.default\">\n\t\t\t\t<div class=\"elementor-widget-container\">\n\t\t\t\t\t<div class=\"elementor-image-box-wrapper\"><figure class=\"elementor-image-box-img\"><a href=\"https:\/\/locations-06.fr\/nl\/leugenie\/\" tabindex=\"-1\"><img decoding=\"async\" src=\"https:\/\/locations-06.fr\/wp-content\/uploads\/elementor\/thumbs\/20-drone-4-louer-gite-vacances-cote-d-azur-jardin-cannes-nice-cote-d-azur-06-appartement-meuble-sophia-antipolis-opio-direct-particulier-accueil-qwwbibd5f9idn008hb1bl13dpqb9587pk35c294hqo.jpg\" title=\"L&#8217;Eug\u00e9nie\" alt=\"L&#039;Eug\u00e9nie\" loading=\"lazy\" \/><\/a><\/figure><div class=\"elementor-image-box-content\"><h3 class=\"elementor-image-box-title\"><a href=\"https:\/\/locations-06.fr\/nl\/leugenie\/\">L'Eug\u00e9nie<\/a><\/h3><\/div><\/div>\t\t\t\t<\/div>\n\t\t\t\t<\/div>\n\t\t\t\t<\/div>\n\t\t<div class=\"elementor-element elementor-element-6348b1e8 e-con-full e-flex e-con e-child\" data-id=\"6348b1e8\" data-element_type=\"container\" data-e-type=\"container\">\n\t\t\t\t<div class=\"elementor-element elementor-element-6971de32 elementor-position-top elementor-widget elementor-widget-image-box\" data-id=\"6971de32\" data-element_type=\"widget\" data-e-type=\"widget\" data-widget_type=\"image-box.default\">\n\t\t\t\t<div class=\"elementor-widget-container\">\n\t\t\t\t\t<div class=\"elementor-image-box-wrapper\"><figure class=\"elementor-image-box-img\"><a href=\"https:\/\/locations-06.fr\/nl\/la-maison-du-paysan\/\" tabindex=\"-1\"><img decoding=\"async\" src=\"https:\/\/locations-06.fr\/wp-content\/uploads\/20221231_134709-gites-maisons-villas-locations-louer-vacances-cote-d-azur-cannes-antibes-grasse-accueil.jpg\" title=\"\" alt=\"La maison du paysan\" loading=\"lazy\" \/><\/a><\/figure><div class=\"elementor-image-box-content\"><h3 class=\"elementor-image-box-title\"><a href=\"https:\/\/locations-06.fr\/nl\/la-maison-du-paysan\/\">La Maison du Paysan<\/a><\/h3><\/div><\/div>\t\t\t\t<\/div>\n\t\t\t\t<\/div>\n\t\t\t\t<\/div>\n\t\t\t\t\t<\/div>\n\t\t\t\t<\/div>\n\t\t\t\t<\/div>\n\t\t","protected":false},"excerpt":{"rendered":"<p>Bezoek dorpen Franse Rivi\u00e8ra Bezoek en ontdekking van Proven\u00e7aalse dorpen en hooggelegen dorpen in de Maritieme Alpen Bezoek en ontdekking van dorpen Ontdek de 5 dorpen van de Alpes-Maritimes die profiteren van het label \u201cMooiste dorpen van Frankrijk\u201d Gourdon E\u00e9n van de mooiste uitzichten op de C\u00f4te d&#8217;Azur.20 minuten van onze g\u00eetes in Bar sur [&hellip;]<\/p>\n","protected":false},"author":2,"featured_media":13528,"parent":0,"menu_order":0,"comment_status":"closed","ping_status":"closed","template":"","meta":{"site-sidebar-layout":"no-sidebar","site-content-layout":"","ast-site-content-layout":"full-width-container","site-content-style":"default","site-sidebar-style":"default","ast-global-header-display":"","ast-banner-title-visibility":"","ast-main-header-display":"","ast-hfb-above-header-display":"","ast-hfb-below-header-display":"","ast-hfb-mobile-header-display":"","site-post-title":"","ast-breadcrumbs-content":"","ast-featured-img":"disabled","footer-sml-layout":"","ast-disable-related-posts":"","theme-transparent-header-meta":"","adv-header-id-meta":"","stick-header-meta":"","header-above-stick-meta":"","header-main-stick-meta":"","header-below-stick-meta":"","astra-migrate-meta-layouts":"default","ast-page-background-enabled":"default","ast-page-background-meta":{"desktop":{"background-color":"var(--ast-global-color-4)","background-image":"","background-repeat":"repeat","background-position":"center center","background-size":"auto","background-attachment":"scroll","background-type":"","background-media":"","overlay-type":"","overlay-color":"","overlay-opacity":"","overlay-gradient":""},"tablet":{"background-color":"","background-image":"","background-repeat":"repeat","background-position":"center center","background-size":"auto","background-attachment":"scroll","background-type":"","background-media":"","overlay-type":"","overlay-color":"","overlay-opacity":"","overlay-gradient":""},"mobile":{"background-color":"","background-image":"","background-repeat":"repeat","background-position":"center center","background-size":"auto","background-attachment":"scroll","background-type":"","background-media":"","overlay-type":"","overlay-color":"","overlay-opacity":"","overlay-gradient":""}},"ast-content-background-meta":{"desktop":{"background-color":"var(--ast-global-color-5)","background-image":"","background-repeat":"repeat","background-position":"center center","background-size":"auto","background-attachment":"scroll","background-type":"","background-media":"","overlay-type":"","overlay-color":"","overlay-opacity":"","overlay-gradient":""},"tablet":{"background-color":"var(--ast-global-color-5)","background-image":"","background-repeat":"repeat","background-position":"center center","background-size":"auto","background-attachment":"scroll","background-type":"","background-media":"","overlay-type":"","overlay-color":"","overlay-opacity":"","overlay-gradient":""},"mobile":{"background-color":"var(--ast-global-color-5)","background-image":"","background-repeat":"repeat","background-position":"center center","background-size":"auto","background-attachment":"scroll","background-type":"","background-media":"","overlay-type":"","overlay-color":"","overlay-opacity":"","overlay-gradient":""}},"footnotes":""},"class_list":["post-13716","page","type-page","status-publish","has-post-thumbnail","hentry"],"yoast_head":"<!-- This site is optimized with the Yoast SEO plugin v27.4 - https:\/\/yoast.com\/product\/yoast-seo-wordpress\/ -->\n<title>Bezoek het dorp aan de Franse Rivi\u00e8ra, hooggelegen en Proven\u00e7aalse dorpen<\/title>\n<meta name=\"description\" content=\"Bezoek dorpen aan de Franse Rivi\u00e8ra Proven\u00e7aalse dorpen en Perches-dorpen van de Maritieme Alpen 06. Locations-06.fr vakantiewoning g\u00eete, villa\" \/>\n<meta name=\"robots\" content=\"index, follow, max-snippet:-1, max-image-preview:large, max-video-preview:-1\" \/>\n<link rel=\"canonical\" href=\"https:\/\/locations-06.fr\/nl\/bezoek-en-ontdekking-van-provencaalse-dorpen-en-hooggelegen-dorpen-in-de-maritieme-alpen\/\" \/>\n<meta property=\"og:locale\" content=\"nl_NL\" \/>\n<meta property=\"og:type\" content=\"article\" \/>\n<meta property=\"og:title\" content=\"Bezoek het dorp aan de Franse Rivi\u00e8ra, hooggelegen en Proven\u00e7aalse dorpen\" \/>\n<meta property=\"og:description\" content=\"Bezoek dorpen aan de Franse Rivi\u00e8ra Proven\u00e7aalse dorpen en Perches-dorpen van de Maritieme Alpen 06. Locations-06.fr vakantiewoning g\u00eete, villa\" \/>\n<meta property=\"og:url\" content=\"https:\/\/locations-06.fr\/nl\/bezoek-en-ontdekking-van-provencaalse-dorpen-en-hooggelegen-dorpen-in-de-maritieme-alpen\/\" \/>\n<meta property=\"og:site_name\" content=\"Locations-06.fr\" \/>\n<meta property=\"article:publisher\" content=\"https:\/\/www.facebook.com\/pascalecodera0632755107\" \/>\n<meta property=\"article:modified_time\" content=\"2026-02-18T18:43:11+00:00\" \/>\n<meta property=\"og:image\" content=\"https:\/\/locations-06.fr\/wp-content\/uploads\/locations-06-vacances-cote-d-azur-gites-appartements-cannes-grasse-antibes1.png\" \/>\n\t<meta property=\"og:image:width\" content=\"375\" \/>\n\t<meta property=\"og:image:height\" content=\"220\" \/>\n\t<meta property=\"og:image:type\" content=\"image\/png\" \/>\n<meta name=\"twitter:card\" content=\"summary_large_image\" \/>\n<meta name=\"twitter:site\" content=\"@locations06\" \/>\n<meta name=\"twitter:label1\" content=\"Geschatte leestijd\" \/>\n\t<meta name=\"twitter:data1\" content=\"4 minuten\" \/>\n<script type=\"application\/ld+json\" class=\"yoast-schema-graph\">{\"@context\":\"https:\\\/\\\/schema.org\",\"@graph\":[{\"@type\":\"WebPage\",\"@id\":\"https:\\\/\\\/locations-06.fr\\\/nl\\\/bezoek-en-ontdekking-van-provencaalse-dorpen-en-hooggelegen-dorpen-in-de-maritieme-alpen\\\/\",\"url\":\"https:\\\/\\\/locations-06.fr\\\/nl\\\/bezoek-en-ontdekking-van-provencaalse-dorpen-en-hooggelegen-dorpen-in-de-maritieme-alpen\\\/\",\"name\":\"Bezoek het dorp aan de Franse Rivi\u00e8ra, hooggelegen en Proven\u00e7aalse dorpen\",\"isPartOf\":{\"@id\":\"https:\\\/\\\/locations-06.fr\\\/nl\\\/#website\"},\"primaryImageOfPage\":{\"@id\":\"https:\\\/\\\/locations-06.fr\\\/nl\\\/bezoek-en-ontdekking-van-provencaalse-dorpen-en-hooggelegen-dorpen-in-de-maritieme-alpen\\\/#primaryimage\"},\"image\":{\"@id\":\"https:\\\/\\\/locations-06.fr\\\/nl\\\/bezoek-en-ontdekking-van-provencaalse-dorpen-en-hooggelegen-dorpen-in-de-maritieme-alpen\\\/#primaryimage\"},\"thumbnailUrl\":\"https:\\\/\\\/locations-06.fr\\\/wp-content\\\/uploads\\\/locations-06-vacances-cote-d-azur-gites-appartements-cannes-grasse-antibes1.png\",\"datePublished\":\"2023-12-29T12:54:50+00:00\",\"dateModified\":\"2026-02-18T18:43:11+00:00\",\"description\":\"Bezoek dorpen aan de Franse Rivi\u00e8ra Proven\u00e7aalse dorpen en Perches-dorpen van de Maritieme Alpen 06. Locations-06.fr vakantiewoning g\u00eete, villa\",\"breadcrumb\":{\"@id\":\"https:\\\/\\\/locations-06.fr\\\/nl\\\/bezoek-en-ontdekking-van-provencaalse-dorpen-en-hooggelegen-dorpen-in-de-maritieme-alpen\\\/#breadcrumb\"},\"inLanguage\":\"nl-NL\",\"potentialAction\":[{\"@type\":\"ReadAction\",\"target\":[\"https:\\\/\\\/locations-06.fr\\\/nl\\\/bezoek-en-ontdekking-van-provencaalse-dorpen-en-hooggelegen-dorpen-in-de-maritieme-alpen\\\/\"]}]},{\"@type\":\"ImageObject\",\"inLanguage\":\"nl-NL\",\"@id\":\"https:\\\/\\\/locations-06.fr\\\/nl\\\/bezoek-en-ontdekking-van-provencaalse-dorpen-en-hooggelegen-dorpen-in-de-maritieme-alpen\\\/#primaryimage\",\"url\":\"https:\\\/\\\/locations-06.fr\\\/wp-content\\\/uploads\\\/locations-06-vacances-cote-d-azur-gites-appartements-cannes-grasse-antibes1.png\",\"contentUrl\":\"https:\\\/\\\/locations-06.fr\\\/wp-content\\\/uploads\\\/locations-06-vacances-cote-d-azur-gites-appartements-cannes-grasse-antibes1.png\",\"width\":375,\"height\":220},{\"@type\":\"BreadcrumbList\",\"@id\":\"https:\\\/\\\/locations-06.fr\\\/nl\\\/bezoek-en-ontdekking-van-provencaalse-dorpen-en-hooggelegen-dorpen-in-de-maritieme-alpen\\\/#breadcrumb\",\"itemListElement\":[{\"@type\":\"ListItem\",\"position\":1,\"name\":\"Accueil\",\"item\":\"https:\\\/\\\/locations-06.fr\\\/nl\\\/\"},{\"@type\":\"ListItem\",\"position\":2,\"name\":\"Bezoek en ontdekking van Proven\u00e7aalse dorpen en hooggelegen dorpen in de Maritieme Alpen\"}]},{\"@type\":\"WebSite\",\"@id\":\"https:\\\/\\\/locations-06.fr\\\/nl\\\/#website\",\"url\":\"https:\\\/\\\/locations-06.fr\\\/nl\\\/\",\"name\":\"Locations-06.fr\",\"description\":\"Locations Gites en France sur la C\u00f4te d&#039;Azur - Appartements et Villas - gite, location de vacances et pas cher\",\"alternateName\":\"Locations-06.fr\",\"potentialAction\":[{\"@type\":\"SearchAction\",\"target\":{\"@type\":\"EntryPoint\",\"urlTemplate\":\"https:\\\/\\\/locations-06.fr\\\/nl\\\/?s={search_term_string}\"},\"query-input\":{\"@type\":\"PropertyValueSpecification\",\"valueRequired\":true,\"valueName\":\"search_term_string\"}}],\"inLanguage\":\"nl-NL\"}]}<\/script>\n<!-- \/ Yoast SEO plugin. -->","yoast_head_json":{"title":"Bezoek het dorp aan de Franse Rivi\u00e8ra, hooggelegen en Proven\u00e7aalse dorpen","description":"Bezoek dorpen aan de Franse Rivi\u00e8ra Proven\u00e7aalse dorpen en Perches-dorpen van de Maritieme Alpen 06. Locations-06.fr vakantiewoning g\u00eete, villa","robots":{"index":"index","follow":"follow","max-snippet":"max-snippet:-1","max-image-preview":"max-image-preview:large","max-video-preview":"max-video-preview:-1"},"canonical":"https:\/\/locations-06.fr\/nl\/bezoek-en-ontdekking-van-provencaalse-dorpen-en-hooggelegen-dorpen-in-de-maritieme-alpen\/","og_locale":"nl_NL","og_type":"article","og_title":"Bezoek het dorp aan de Franse Rivi\u00e8ra, hooggelegen en Proven\u00e7aalse dorpen","og_description":"Bezoek dorpen aan de Franse Rivi\u00e8ra Proven\u00e7aalse dorpen en Perches-dorpen van de Maritieme Alpen 06. Locations-06.fr vakantiewoning g\u00eete, villa","og_url":"https:\/\/locations-06.fr\/nl\/bezoek-en-ontdekking-van-provencaalse-dorpen-en-hooggelegen-dorpen-in-de-maritieme-alpen\/","og_site_name":"Locations-06.fr","article_publisher":"https:\/\/www.facebook.com\/pascalecodera0632755107","article_modified_time":"2026-02-18T18:43:11+00:00","og_image":[{"width":375,"height":220,"url":"https:\/\/locations-06.fr\/wp-content\/uploads\/locations-06-vacances-cote-d-azur-gites-appartements-cannes-grasse-antibes1.png","type":"image\/png"}],"twitter_card":"summary_large_image","twitter_site":"@locations06","twitter_misc":{"Geschatte leestijd":"4 minuten"},"schema":{"@context":"https:\/\/schema.org","@graph":[{"@type":"WebPage","@id":"https:\/\/locations-06.fr\/nl\/bezoek-en-ontdekking-van-provencaalse-dorpen-en-hooggelegen-dorpen-in-de-maritieme-alpen\/","url":"https:\/\/locations-06.fr\/nl\/bezoek-en-ontdekking-van-provencaalse-dorpen-en-hooggelegen-dorpen-in-de-maritieme-alpen\/","name":"Bezoek het dorp aan de Franse Rivi\u00e8ra, hooggelegen en Proven\u00e7aalse dorpen","isPartOf":{"@id":"https:\/\/locations-06.fr\/nl\/#website"},"primaryImageOfPage":{"@id":"https:\/\/locations-06.fr\/nl\/bezoek-en-ontdekking-van-provencaalse-dorpen-en-hooggelegen-dorpen-in-de-maritieme-alpen\/#primaryimage"},"image":{"@id":"https:\/\/locations-06.fr\/nl\/bezoek-en-ontdekking-van-provencaalse-dorpen-en-hooggelegen-dorpen-in-de-maritieme-alpen\/#primaryimage"},"thumbnailUrl":"https:\/\/locations-06.fr\/wp-content\/uploads\/locations-06-vacances-cote-d-azur-gites-appartements-cannes-grasse-antibes1.png","datePublished":"2023-12-29T12:54:50+00:00","dateModified":"2026-02-18T18:43:11+00:00","description":"Bezoek dorpen aan de Franse Rivi\u00e8ra Proven\u00e7aalse dorpen en Perches-dorpen van de Maritieme Alpen 06. Locations-06.fr vakantiewoning g\u00eete, villa","breadcrumb":{"@id":"https:\/\/locations-06.fr\/nl\/bezoek-en-ontdekking-van-provencaalse-dorpen-en-hooggelegen-dorpen-in-de-maritieme-alpen\/#breadcrumb"},"inLanguage":"nl-NL","potentialAction":[{"@type":"ReadAction","target":["https:\/\/locations-06.fr\/nl\/bezoek-en-ontdekking-van-provencaalse-dorpen-en-hooggelegen-dorpen-in-de-maritieme-alpen\/"]}]},{"@type":"ImageObject","inLanguage":"nl-NL","@id":"https:\/\/locations-06.fr\/nl\/bezoek-en-ontdekking-van-provencaalse-dorpen-en-hooggelegen-dorpen-in-de-maritieme-alpen\/#primaryimage","url":"https:\/\/locations-06.fr\/wp-content\/uploads\/locations-06-vacances-cote-d-azur-gites-appartements-cannes-grasse-antibes1.png","contentUrl":"https:\/\/locations-06.fr\/wp-content\/uploads\/locations-06-vacances-cote-d-azur-gites-appartements-cannes-grasse-antibes1.png","width":375,"height":220},{"@type":"BreadcrumbList","@id":"https:\/\/locations-06.fr\/nl\/bezoek-en-ontdekking-van-provencaalse-dorpen-en-hooggelegen-dorpen-in-de-maritieme-alpen\/#breadcrumb","itemListElement":[{"@type":"ListItem","position":1,"name":"Accueil","item":"https:\/\/locations-06.fr\/nl\/"},{"@type":"ListItem","position":2,"name":"Bezoek en ontdekking van Proven\u00e7aalse dorpen en hooggelegen dorpen in de Maritieme Alpen"}]},{"@type":"WebSite","@id":"https:\/\/locations-06.fr\/nl\/#website","url":"https:\/\/locations-06.fr\/nl\/","name":"Locations-06.fr","description":"Locations Gites en France sur la C\u00f4te d&#039;Azur - Appartements et Villas - gite, location de vacances et pas cher","alternateName":"Locations-06.fr","potentialAction":[{"@type":"SearchAction","target":{"@type":"EntryPoint","urlTemplate":"https:\/\/locations-06.fr\/nl\/?s={search_term_string}"},"query-input":{"@type":"PropertyValueSpecification","valueRequired":true,"valueName":"search_term_string"}}],"inLanguage":"nl-NL"}]}},"_links":{"self":[{"href":"https:\/\/locations-06.fr\/nl\/wp-json\/wp\/v2\/pages\/13716","targetHints":{"allow":["GET"]}}],"collection":[{"href":"https:\/\/locations-06.fr\/nl\/wp-json\/wp\/v2\/pages"}],"about":[{"href":"https:\/\/locations-06.fr\/nl\/wp-json\/wp\/v2\/types\/page"}],"author":[{"embeddable":true,"href":"https:\/\/locations-06.fr\/nl\/wp-json\/wp\/v2\/users\/2"}],"replies":[{"embeddable":true,"href":"https:\/\/locations-06.fr\/nl\/wp-json\/wp\/v2\/comments?post=13716"}],"version-history":[{"count":15,"href":"https:\/\/locations-06.fr\/nl\/wp-json\/wp\/v2\/pages\/13716\/revisions"}],"predecessor-version":[{"id":30299,"href":"https:\/\/locations-06.fr\/nl\/wp-json\/wp\/v2\/pages\/13716\/revisions\/30299"}],"wp:featuredmedia":[{"embeddable":true,"href":"https:\/\/locations-06.fr\/nl\/wp-json\/wp\/v2\/media\/13528"}],"wp:attachment":[{"href":"https:\/\/locations-06.fr\/nl\/wp-json\/wp\/v2\/media?parent=13716"}],"curies":[{"name":"wp","href":"https:\/\/api.w.org\/{rel}","templated":true}]}}