{"id":30292,"date":"2026-02-18T18:29:25","date_gmt":"2026-02-18T17:29:25","guid":{"rendered":"https:\/\/locations-06.fr\/besuchen-und-entdecken-sie-tourismus-und-urlaub-in-saint-etienne-de-tinee-nationalpark-mercantour\/"},"modified":"2026-02-18T19:25:31","modified_gmt":"2026-02-18T18:25:31","slug":"besuchen-und-entdecken-sie-tourismus-und-urlaub-in-saint-etienne-de-tinee-nationalpark-mercantour","status":"publish","type":"page","link":"https:\/\/locations-06.fr\/de\/besuchen-und-entdecken-sie-tourismus-und-urlaub-in-saint-etienne-de-tinee-nationalpark-mercantour\/","title":{"rendered":"Besuchen und entdecken Sie, Tourismus und Urlaub in Saint Etienne de Tin\u00e9e, Nationalpark Mercantour"},"content":{"rendered":"\t\t<div data-elementor-type=\"wp-page\" data-elementor-id=\"30292\" class=\"elementor elementor-30292 elementor-30117\">\n\t\t\t\t<div class=\"elementor-element elementor-element-82e1859 e-flex e-con-boxed e-con e-parent\" data-id=\"82e1859\" data-element_type=\"container\" data-e-type=\"container\">\n\t\t\t\t\t<div class=\"e-con-inner\">\n\t\t\t\t<div class=\"elementor-element elementor-element-57fe5bd elementor-widget elementor-widget-text-editor\" data-id=\"57fe5bd\" data-element_type=\"widget\" data-e-type=\"widget\" data-widget_type=\"text-editor.default\">\n\t\t\t\t<div class=\"elementor-widget-container\">\n\t\t\t\t\t\t\t\t\t<h2>Saint-\u00c9tienne-de-Tin\u00e9e: Ein authentisches Dorf in den Alpes-Maritimes<\/h2><p>Mitten im Herzen der <strong>Alpes-Maritimes<\/strong> gelegen, bezaubert <strong>Saint-\u00c9tienne-de-Tin\u00e9e<\/strong> als Bergdorf mit authentischem Charme und reichem Erbe. Nur 90 km von Nizza entfernt, bietet dieses malerische Dorf <strong>steinerne Gassen<\/strong>, <strong>alte H\u00e4user<\/strong> und typisch provenzalisches Flair \u2013 ideal f\u00fcr einen Natururlaub. Umgeben von majest\u00e4tischen Gipfeln und durchflossen vom Fluss Tin\u00e9e, ist es ein perfekter Ausgangspunkt zum <strong>Wandern<\/strong>, <strong>Mountainbiken <\/strong>und zur Beobachtung der alpinen Flora und Fauna.  <\/p><h2>Bergaktivit\u00e4ten und Sport in Saint Etienne de Tin\u00e9e<\/h2><p>Im Winter ist Saint-\u00c9tienne-de-Tin\u00e9e dank seiner N\u00e4he zum Skigebiet <strong>Auron<\/strong>, das f\u00fcr seine Pisten aller <strong>K\u00f6nnerstufen<\/strong> sowie seine M\u00f6glichkeiten zum Snowboarden und Skitourengehen bekannt ist, ein idealer Ausgangspunkt f\u00fcr Skifahrer. Abenteuerlustige k\u00f6nnen zudem Tiefschneeabfahrten erkunden oder unber\u00fchrten Pulverschnee in einer traumhaften Naturlandschaft genie\u00dfen. Im Sommer ist das Dorf perfekt zum<strong> Wandern im Nationalpark Mercantour<\/strong>, Angeln, Mountainbiken und f\u00fcr Spazierg\u00e4nge entlang des Flusses Tin\u00e9e mit seinen atemberaubenden Ausblicken.  <\/p><h2>Erbe, Kultur und Gastronomie<\/h2><p>Saint-\u00c9tienne-de-Tin\u00e9e besticht durch sein <strong>reiches historisches Erbe<\/strong> mit barocker Kirche, Kapellen und typischen H\u00e4usern. Traditionelle M\u00e4rkte und lokale Kunsthandwerker bieten die M\u00f6glichkeit, <strong>regionale Produkte<\/strong> wie Honig, Bergk\u00e4se und Spezialit\u00e4ten aus Nizza zu entdecken. Feste und kulturelle Veranstaltungen pr\u00e4gen das Jahr und halten die lokale Kultur lebendig.  <\/p><h2>Warum Saint-\u00c9tienne-de-Tin\u00e9e besuchen?<\/h2><p>Mit seiner <strong>unber\u00fchrten Natur<\/strong>,<strong> vielf\u00e4ltigen Sportm\u00f6glichkeiten<\/strong> und der <strong>regionalen K\u00fcche<\/strong> ist Saint-\u00c9tienne-de-Tin\u00e9e ein ideales Reiseziel f\u00fcr Familien, Paare und Bergfreunde. Planen Sie Ihre Reise und entdecken Sie eines der <strong>verborgenen Juwelen der Alpes-Maritimes<\/strong>, wo sich lokale Traditionen und alpine Landschaften zu einem unvergesslichen Aufenthalt vereinen.<strong><\/strong> <\/p>\t\t\t\t\t\t\t\t<\/div>\n\t\t\t\t<\/div>\n\t\t\t\t<div class=\"elementor-element elementor-element-e0aa66b elementor-arrows-position-inside elementor-pagination-position-outside elementor-widget elementor-widget-image-carousel\" data-id=\"e0aa66b\" data-element_type=\"widget\" data-e-type=\"widget\" data-settings=\"{&quot;slides_to_show&quot;:&quot;4&quot;,&quot;slides_to_scroll&quot;:&quot;1&quot;,&quot;image_spacing_custom&quot;:{&quot;unit&quot;:&quot;px&quot;,&quot;size&quot;:10,&quot;sizes&quot;:[]},&quot;navigation&quot;:&quot;both&quot;,&quot;autoplay&quot;:&quot;yes&quot;,&quot;pause_on_hover&quot;:&quot;yes&quot;,&quot;pause_on_interaction&quot;:&quot;yes&quot;,&quot;autoplay_speed&quot;:5000,&quot;infinite&quot;:&quot;yes&quot;,&quot;speed&quot;:500,&quot;image_spacing_custom_tablet&quot;:{&quot;unit&quot;:&quot;px&quot;,&quot;size&quot;:&quot;&quot;,&quot;sizes&quot;:[]},&quot;image_spacing_custom_mobile&quot;:{&quot;unit&quot;:&quot;px&quot;,&quot;size&quot;:&quot;&quot;,&quot;sizes&quot;:[]}}\" data-widget_type=\"image-carousel.default\">\n\t\t\t\t<div class=\"elementor-widget-container\">\n\t\t\t\t\t\t\t<div class=\"elementor-image-carousel-wrapper swiper\" role=\"region\" aria-roledescription=\"carousel\" aria-label=\"Carrousel d\u2019images\" dir=\"ltr\">\n\t\t\t<div class=\"elementor-image-carousel swiper-wrapper\" aria-live=\"off\">\n\t\t\t\t\t\t\t\t<div class=\"swiper-slide\" role=\"group\" aria-roledescription=\"slide\" aria-label=\"1 von 12\"><a data-elementor-open-lightbox=\"yes\" data-elementor-lightbox-slideshow=\"e0aa66b\" data-elementor-lightbox-title=\"visite-tourisme-vacances-st-etienne-de-tinee-village-parc-mercantour-decouvrir\" data-e-action-hash=\"#elementor-action%3Aaction%3Dlightbox%26settings%3DeyJpZCI6MzAyNzIsInVybCI6Imh0dHBzOlwvXC9sb2NhdGlvbnMtMDYuZnJcL3dwLWNvbnRlbnRcL3VwbG9hZHNcL3Zpc2l0ZS10b3VyaXNtZS12YWNhbmNlcy1zdC1ldGllbm5lLWRlLXRpbmVlLXZpbGxhZ2UtcGFyYy1tZXJjYW50b3VyLWRlY291dnJpci5qcGciLCJzbGlkZXNob3ciOiJlMGFhNjZiIn0%3D\" href=\"https:\/\/locations-06.fr\/wp-content\/uploads\/visite-tourisme-vacances-st-etienne-de-tinee-village-parc-mercantour-decouvrir.jpg\"><figure class=\"swiper-slide-inner\"><img decoding=\"async\" class=\"swiper-slide-image\" src=\"https:\/\/locations-06.fr\/wp-content\/uploads\/visite-tourisme-vacances-st-etienne-de-tinee-village-parc-mercantour-decouvrir-600x600.jpg\" alt=\"vacances tourisme et decouverte de st etienne de tin\u00e9e, parc du mercantour, randonn\u00e9es, nature\" \/><\/figure><\/a><\/div><div class=\"swiper-slide\" role=\"group\" aria-roledescription=\"slide\" aria-label=\"2 von 12\"><a data-elementor-open-lightbox=\"yes\" data-elementor-lightbox-slideshow=\"e0aa66b\" data-elementor-lightbox-title=\"DSCF4229-210919-visite-tourisme-vacances-st-etienne-de-tinee-village-parc-mercantour-decouvrir\" data-e-action-hash=\"#elementor-action%3Aaction%3Dlightbox%26settings%3DeyJpZCI6MzAyNjIsInVybCI6Imh0dHBzOlwvXC9sb2NhdGlvbnMtMDYuZnJcL3dwLWNvbnRlbnRcL3VwbG9hZHNcL0RTQ0Y0MjI5LTIxMDkxOS12aXNpdGUtdG91cmlzbWUtdmFjYW5jZXMtc3QtZXRpZW5uZS1kZS10aW5lZS12aWxsYWdlLXBhcmMtbWVyY2FudG91ci1kZWNvdXZyaXIuanBnIiwic2xpZGVzaG93IjoiZTBhYTY2YiJ9\" href=\"https:\/\/locations-06.fr\/wp-content\/uploads\/DSCF4229-210919-visite-tourisme-vacances-st-etienne-de-tinee-village-parc-mercantour-decouvrir.jpg\"><figure class=\"swiper-slide-inner\"><img decoding=\"async\" class=\"swiper-slide-image\" src=\"https:\/\/locations-06.fr\/wp-content\/uploads\/DSCF4229-210919-visite-tourisme-vacances-st-etienne-de-tinee-village-parc-mercantour-decouvrir-600x600.jpg\" alt=\"vacances tourisme et decouverte de st etienne de tin\u00e9e, parc du mercantour, randonn\u00e9es, nature\" \/><\/figure><\/a><\/div><div class=\"swiper-slide\" role=\"group\" aria-roledescription=\"slide\" aria-label=\"3 von 12\"><a data-elementor-open-lightbox=\"yes\" data-elementor-lightbox-slideshow=\"e0aa66b\" data-elementor-lightbox-title=\"DSC04999-visite-tourisme-vacances-st-etienne-de-tinee-village-parc-mercantour-decouvrir\" data-e-action-hash=\"#elementor-action%3Aaction%3Dlightbox%26settings%3DeyJpZCI6MzAyNTIsInVybCI6Imh0dHBzOlwvXC9sb2NhdGlvbnMtMDYuZnJcL3dwLWNvbnRlbnRcL3VwbG9hZHNcL0RTQzA0OTk5LXZpc2l0ZS10b3VyaXNtZS12YWNhbmNlcy1zdC1ldGllbm5lLWRlLXRpbmVlLXZpbGxhZ2UtcGFyYy1tZXJjYW50b3VyLWRlY291dnJpci5qcGciLCJzbGlkZXNob3ciOiJlMGFhNjZiIn0%3D\" href=\"https:\/\/locations-06.fr\/wp-content\/uploads\/DSC04999-visite-tourisme-vacances-st-etienne-de-tinee-village-parc-mercantour-decouvrir.jpg\"><figure class=\"swiper-slide-inner\"><img decoding=\"async\" class=\"swiper-slide-image\" src=\"https:\/\/locations-06.fr\/wp-content\/uploads\/DSC04999-visite-tourisme-vacances-st-etienne-de-tinee-village-parc-mercantour-decouvrir-600x600.jpg\" alt=\"vacances tourisme et decouverte de st etienne de tin\u00e9e, parc du mercantour, randonn\u00e9es, nature\" \/><\/figure><\/a><\/div><div class=\"swiper-slide\" role=\"group\" aria-roledescription=\"slide\" aria-label=\"4 von 12\"><a data-elementor-open-lightbox=\"yes\" data-elementor-lightbox-slideshow=\"e0aa66b\" data-elementor-lightbox-title=\"DSC04969-visite-tourisme-vacances-st-etienne-de-tinee-village-parc-mercantour-decouvrir\" data-e-action-hash=\"#elementor-action%3Aaction%3Dlightbox%26settings%3DeyJpZCI6MzAyNDIsInVybCI6Imh0dHBzOlwvXC9sb2NhdGlvbnMtMDYuZnJcL3dwLWNvbnRlbnRcL3VwbG9hZHNcL0RTQzA0OTY5LXZpc2l0ZS10b3VyaXNtZS12YWNhbmNlcy1zdC1ldGllbm5lLWRlLXRpbmVlLXZpbGxhZ2UtcGFyYy1tZXJjYW50b3VyLWRlY291dnJpci5qcGciLCJzbGlkZXNob3ciOiJlMGFhNjZiIn0%3D\" href=\"https:\/\/locations-06.fr\/wp-content\/uploads\/DSC04969-visite-tourisme-vacances-st-etienne-de-tinee-village-parc-mercantour-decouvrir.jpg\"><figure class=\"swiper-slide-inner\"><img decoding=\"async\" class=\"swiper-slide-image\" src=\"https:\/\/locations-06.fr\/wp-content\/uploads\/DSC04969-visite-tourisme-vacances-st-etienne-de-tinee-village-parc-mercantour-decouvrir-600x600.jpg\" alt=\"vacances tourisme et decouverte de st etienne de tin\u00e9e, parc du mercantour, randonn\u00e9es, nature\" \/><\/figure><\/a><\/div><div class=\"swiper-slide\" role=\"group\" aria-roledescription=\"slide\" aria-label=\"5 von 12\"><a data-elementor-open-lightbox=\"yes\" data-elementor-lightbox-slideshow=\"e0aa66b\" data-elementor-lightbox-title=\"Dsc01864-visite-tourisme-vacances-st-etienne-de-tinee-village-parc-mercantour-decouvrir\" data-e-action-hash=\"#elementor-action%3Aaction%3Dlightbox%26settings%3DeyJpZCI6MzAyMzIsInVybCI6Imh0dHBzOlwvXC9sb2NhdGlvbnMtMDYuZnJcL3dwLWNvbnRlbnRcL3VwbG9hZHNcL0RzYzAxODY0LXZpc2l0ZS10b3VyaXNtZS12YWNhbmNlcy1zdC1ldGllbm5lLWRlLXRpbmVlLXZpbGxhZ2UtcGFyYy1tZXJjYW50b3VyLWRlY291dnJpci5qcGciLCJzbGlkZXNob3ciOiJlMGFhNjZiIn0%3D\" href=\"https:\/\/locations-06.fr\/wp-content\/uploads\/Dsc01864-visite-tourisme-vacances-st-etienne-de-tinee-village-parc-mercantour-decouvrir.jpg\"><figure class=\"swiper-slide-inner\"><img decoding=\"async\" class=\"swiper-slide-image\" src=\"https:\/\/locations-06.fr\/wp-content\/uploads\/Dsc01864-visite-tourisme-vacances-st-etienne-de-tinee-village-parc-mercantour-decouvrir-600x600.jpg\" alt=\"vacances tourisme et decouverte de st etienne de tin\u00e9e, parc du mercantour, randonn\u00e9es, nature\" \/><\/figure><\/a><\/div><div class=\"swiper-slide\" role=\"group\" aria-roledescription=\"slide\" aria-label=\"6 von 12\"><a data-elementor-open-lightbox=\"yes\" data-elementor-lightbox-slideshow=\"e0aa66b\" data-elementor-lightbox-title=\"DSC01848-visite-tourisme-vacances-st-etienne-de-tinee-village-parc-mercantour-decouvrir\" data-e-action-hash=\"#elementor-action%3Aaction%3Dlightbox%26settings%3DeyJpZCI6MzAyMjIsInVybCI6Imh0dHBzOlwvXC9sb2NhdGlvbnMtMDYuZnJcL3dwLWNvbnRlbnRcL3VwbG9hZHNcL0RTQzAxODQ4LXZpc2l0ZS10b3VyaXNtZS12YWNhbmNlcy1zdC1ldGllbm5lLWRlLXRpbmVlLXZpbGxhZ2UtcGFyYy1tZXJjYW50b3VyLWRlY291dnJpci5qcGciLCJzbGlkZXNob3ciOiJlMGFhNjZiIn0%3D\" href=\"https:\/\/locations-06.fr\/wp-content\/uploads\/DSC01848-visite-tourisme-vacances-st-etienne-de-tinee-village-parc-mercantour-decouvrir.jpg\"><figure class=\"swiper-slide-inner\"><img decoding=\"async\" class=\"swiper-slide-image\" src=\"https:\/\/locations-06.fr\/wp-content\/uploads\/DSC01848-visite-tourisme-vacances-st-etienne-de-tinee-village-parc-mercantour-decouvrir-600x600.jpg\" alt=\"vacances tourisme et decouverte de st etienne de tin\u00e9e, parc du mercantour, randonn\u00e9es, nature\" \/><\/figure><\/a><\/div><div class=\"swiper-slide\" role=\"group\" aria-roledescription=\"slide\" aria-label=\"7 von 12\"><a data-elementor-open-lightbox=\"yes\" data-elementor-lightbox-slideshow=\"e0aa66b\" data-elementor-lightbox-title=\"DSC01845-visite-tourisme-vacances-st-etienne-de-tinee-village-parc-mercantour-decouvrir\" data-e-action-hash=\"#elementor-action%3Aaction%3Dlightbox%26settings%3DeyJpZCI6MzAyMTIsInVybCI6Imh0dHBzOlwvXC9sb2NhdGlvbnMtMDYuZnJcL3dwLWNvbnRlbnRcL3VwbG9hZHNcL0RTQzAxODQ1LXZpc2l0ZS10b3VyaXNtZS12YWNhbmNlcy1zdC1ldGllbm5lLWRlLXRpbmVlLXZpbGxhZ2UtcGFyYy1tZXJjYW50b3VyLWRlY291dnJpci1zY2FsZWQuanBnIiwic2xpZGVzaG93IjoiZTBhYTY2YiJ9\" href=\"https:\/\/locations-06.fr\/wp-content\/uploads\/DSC01845-visite-tourisme-vacances-st-etienne-de-tinee-village-parc-mercantour-decouvrir-scaled.jpg\"><figure class=\"swiper-slide-inner\"><img decoding=\"async\" class=\"swiper-slide-image\" src=\"https:\/\/locations-06.fr\/wp-content\/uploads\/DSC01845-visite-tourisme-vacances-st-etienne-de-tinee-village-parc-mercantour-decouvrir-600x600.jpg\" alt=\"vacances tourisme et decouverte de st etienne de tin\u00e9e, parc du mercantour, randonn\u00e9es, nature\" \/><\/figure><\/a><\/div><div class=\"swiper-slide\" role=\"group\" aria-roledescription=\"slide\" aria-label=\"8 von 12\"><a data-elementor-open-lightbox=\"yes\" data-elementor-lightbox-slideshow=\"e0aa66b\" data-elementor-lightbox-title=\"DSC01844-visite-tourisme-vacances-st-etienne-de-tinee-village-parc-mercantour-decouvrir\" data-e-action-hash=\"#elementor-action%3Aaction%3Dlightbox%26settings%3DeyJpZCI6MzAyMDIsInVybCI6Imh0dHBzOlwvXC9sb2NhdGlvbnMtMDYuZnJcL3dwLWNvbnRlbnRcL3VwbG9hZHNcL0RTQzAxODQ0LXZpc2l0ZS10b3VyaXNtZS12YWNhbmNlcy1zdC1ldGllbm5lLWRlLXRpbmVlLXZpbGxhZ2UtcGFyYy1tZXJjYW50b3VyLWRlY291dnJpci5qcGciLCJzbGlkZXNob3ciOiJlMGFhNjZiIn0%3D\" href=\"https:\/\/locations-06.fr\/wp-content\/uploads\/DSC01844-visite-tourisme-vacances-st-etienne-de-tinee-village-parc-mercantour-decouvrir.jpg\"><figure class=\"swiper-slide-inner\"><img decoding=\"async\" class=\"swiper-slide-image\" src=\"https:\/\/locations-06.fr\/wp-content\/uploads\/DSC01844-visite-tourisme-vacances-st-etienne-de-tinee-village-parc-mercantour-decouvrir-600x600.jpg\" alt=\"vacances tourisme et decouverte de st etienne de tin\u00e9e, parc du mercantour, randonn\u00e9es, nature\" \/><\/figure><\/a><\/div><div class=\"swiper-slide\" role=\"group\" aria-roledescription=\"slide\" aria-label=\"9 von 12\"><a data-elementor-open-lightbox=\"yes\" data-elementor-lightbox-slideshow=\"e0aa66b\" data-elementor-lightbox-title=\"DSC01842-visite-tourisme-vacances-st-etienne-de-tinee-village-parc-mercantour-decouvrir\" data-e-action-hash=\"#elementor-action%3Aaction%3Dlightbox%26settings%3DeyJpZCI6MzAxOTIsInVybCI6Imh0dHBzOlwvXC9sb2NhdGlvbnMtMDYuZnJcL3dwLWNvbnRlbnRcL3VwbG9hZHNcL0RTQzAxODQyLXZpc2l0ZS10b3VyaXNtZS12YWNhbmNlcy1zdC1ldGllbm5lLWRlLXRpbmVlLXZpbGxhZ2UtcGFyYy1tZXJjYW50b3VyLWRlY291dnJpci5qcGciLCJzbGlkZXNob3ciOiJlMGFhNjZiIn0%3D\" href=\"https:\/\/locations-06.fr\/wp-content\/uploads\/DSC01842-visite-tourisme-vacances-st-etienne-de-tinee-village-parc-mercantour-decouvrir.jpg\"><figure class=\"swiper-slide-inner\"><img decoding=\"async\" class=\"swiper-slide-image\" src=\"https:\/\/locations-06.fr\/wp-content\/uploads\/DSC01842-visite-tourisme-vacances-st-etienne-de-tinee-village-parc-mercantour-decouvrir-600x600.jpg\" alt=\"vacances tourisme et decouverte de st etienne de tin\u00e9e, parc du mercantour, randonn\u00e9es, nature\" \/><\/figure><\/a><\/div><div class=\"swiper-slide\" role=\"group\" aria-roledescription=\"slide\" aria-label=\"10 von 12\"><a data-elementor-open-lightbox=\"yes\" data-elementor-lightbox-slideshow=\"e0aa66b\" data-elementor-lightbox-title=\"20190811_184107-visite-tourisme-vacances-st-etienne-de-tinee-village-parc-mercantour-decouvrir\" data-e-action-hash=\"#elementor-action%3Aaction%3Dlightbox%26settings%3DeyJpZCI6MzAxODIsInVybCI6Imh0dHBzOlwvXC9sb2NhdGlvbnMtMDYuZnJcL3dwLWNvbnRlbnRcL3VwbG9hZHNcLzIwMTkwODExXzE4NDEwNy12aXNpdGUtdG91cmlzbWUtdmFjYW5jZXMtc3QtZXRpZW5uZS1kZS10aW5lZS12aWxsYWdlLXBhcmMtbWVyY2FudG91ci1kZWNvdXZyaXIuanBnIiwic2xpZGVzaG93IjoiZTBhYTY2YiJ9\" href=\"https:\/\/locations-06.fr\/wp-content\/uploads\/20190811_184107-visite-tourisme-vacances-st-etienne-de-tinee-village-parc-mercantour-decouvrir.jpg\"><figure class=\"swiper-slide-inner\"><img decoding=\"async\" class=\"swiper-slide-image\" src=\"https:\/\/locations-06.fr\/wp-content\/uploads\/20190811_184107-visite-tourisme-vacances-st-etienne-de-tinee-village-parc-mercantour-decouvrir-600x600.jpg\" alt=\"vacances tourisme et decouverte de st etienne de tin\u00e9e, parc du mercantour, randonn\u00e9es, nature\" \/><\/figure><\/a><\/div><div class=\"swiper-slide\" role=\"group\" aria-roledescription=\"slide\" aria-label=\"11 von 12\"><a data-elementor-open-lightbox=\"yes\" data-elementor-lightbox-slideshow=\"e0aa66b\" data-elementor-lightbox-title=\"20160721_122337-visite-tourisme-vacances-st-etienne-de-tinee-village-parc-mercantour-decouvrir\" data-e-action-hash=\"#elementor-action%3Aaction%3Dlightbox%26settings%3DeyJpZCI6MzAxNzIsInVybCI6Imh0dHBzOlwvXC9sb2NhdGlvbnMtMDYuZnJcL3dwLWNvbnRlbnRcL3VwbG9hZHNcLzIwMTYwNzIxXzEyMjMzNy12aXNpdGUtdG91cmlzbWUtdmFjYW5jZXMtc3QtZXRpZW5uZS1kZS10aW5lZS12aWxsYWdlLXBhcmMtbWVyY2FudG91ci1kZWNvdXZyaXIuanBnIiwic2xpZGVzaG93IjoiZTBhYTY2YiJ9\" href=\"https:\/\/locations-06.fr\/wp-content\/uploads\/20160721_122337-visite-tourisme-vacances-st-etienne-de-tinee-village-parc-mercantour-decouvrir.jpg\"><figure class=\"swiper-slide-inner\"><img decoding=\"async\" class=\"swiper-slide-image\" src=\"https:\/\/locations-06.fr\/wp-content\/uploads\/20160721_122337-visite-tourisme-vacances-st-etienne-de-tinee-village-parc-mercantour-decouvrir-600x600.jpg\" alt=\"vacances tourisme et decouverte de st etienne de tin\u00e9e, parc du mercantour, randonn\u00e9es, nature\" \/><\/figure><\/a><\/div><div class=\"swiper-slide\" role=\"group\" aria-roledescription=\"slide\" aria-label=\"12 von 12\"><a data-elementor-open-lightbox=\"yes\" data-elementor-lightbox-slideshow=\"e0aa66b\" data-elementor-lightbox-title=\"20160720_113237-visite-tourisme-vacances-st-etienne-de-tinee-village-parc-mercantour-decouvrir\" data-e-action-hash=\"#elementor-action%3Aaction%3Dlightbox%26settings%3DeyJpZCI6MzAxNjIsInVybCI6Imh0dHBzOlwvXC9sb2NhdGlvbnMtMDYuZnJcL3dwLWNvbnRlbnRcL3VwbG9hZHNcLzIwMTYwNzIwXzExMzIzNy12aXNpdGUtdG91cmlzbWUtdmFjYW5jZXMtc3QtZXRpZW5uZS1kZS10aW5lZS12aWxsYWdlLXBhcmMtbWVyY2FudG91ci1kZWNvdXZyaXIuanBnIiwic2xpZGVzaG93IjoiZTBhYTY2YiJ9\" href=\"https:\/\/locations-06.fr\/wp-content\/uploads\/20160720_113237-visite-tourisme-vacances-st-etienne-de-tinee-village-parc-mercantour-decouvrir.jpg\"><figure class=\"swiper-slide-inner\"><img decoding=\"async\" class=\"swiper-slide-image\" src=\"https:\/\/locations-06.fr\/wp-content\/uploads\/20160720_113237-visite-tourisme-vacances-st-etienne-de-tinee-village-parc-mercantour-decouvrir-600x600.jpg\" alt=\"vacances tourisme et decouverte de st etienne de tin\u00e9e, parc du mercantour, randonn\u00e9es, nature\" \/><\/figure><\/a><\/div>\t\t\t<\/div>\n\t\t\t\t\t\t\t\t\t\t\t\t<div class=\"elementor-swiper-button elementor-swiper-button-prev\" role=\"button\" tabindex=\"0\">\n\t\t\t\t\t\t<svg aria-hidden=\"true\" class=\"e-font-icon-svg e-eicon-chevron-left\" viewBox=\"0 0 1000 1000\" xmlns=\"http:\/\/www.w3.org\/2000\/svg\"><path d=\"M646 125C629 125 613 133 604 142L308 442C296 454 292 471 292 487 292 504 296 521 308 533L604 854C617 867 629 875 646 875 663 875 679 871 692 858 704 846 713 829 713 812 713 796 708 779 692 767L438 487 692 225C700 217 708 204 708 187 708 171 704 154 692 142 675 129 663 125 646 125Z\"><\/path><\/svg>\t\t\t\t\t<\/div>\n\t\t\t\t\t<div class=\"elementor-swiper-button elementor-swiper-button-next\" role=\"button\" tabindex=\"0\">\n\t\t\t\t\t\t<svg aria-hidden=\"true\" class=\"e-font-icon-svg e-eicon-chevron-right\" viewBox=\"0 0 1000 1000\" xmlns=\"http:\/\/www.w3.org\/2000\/svg\"><path d=\"M696 533C708 521 713 504 713 487 713 471 708 454 696 446L400 146C388 133 375 125 354 125 338 125 325 129 313 142 300 154 292 171 292 187 292 204 296 221 308 233L563 492 304 771C292 783 288 800 288 817 288 833 296 850 308 863 321 871 338 875 354 875 371 875 388 867 400 854L696 533Z\"><\/path><\/svg>\t\t\t\t\t<\/div>\n\t\t\t\t\n\t\t\t\t\t\t\t\t\t<div class=\"swiper-pagination\"><\/div>\n\t\t\t\t\t\t\t\t\t<\/div>\n\t\t\t\t\t\t<\/div>\n\t\t\t\t<\/div>\n\t\t\t\t<div class=\"elementor-element elementor-element-70f2734 elementor-widget elementor-widget-text-editor\" data-id=\"70f2734\" data-element_type=\"widget\" data-e-type=\"widget\" data-widget_type=\"text-editor.default\">\n\t\t\t\t<div class=\"elementor-widget-container\">\n\t\t\t\t\t\t\t\t\t<h2>Zur Vorbereitung Ihres Besuchs in Saint Etienne de Tin\u00e9e<\/h2><p><strong>Fremdenverkehrsamt der Metropolregion Nizza C\u00f4te d&#8217;Azur &#8211; Informationsb\u00fcro St. Etienne de Tin\u00e9e<\/strong>: Place de l&#8217;Eglise, 06660 Saint-\u00c9tienne-de-Tin\u00e9e &#8211; Telefon: <a href=\"tel:0033493024196\">+33 4 93 02 41 96<\/a><\/p>\t\t\t\t\t\t\t\t<\/div>\n\t\t\t\t<\/div>\n\t\t\t\t\t<\/div>\n\t\t\t\t<\/div>\n\t\t<div class=\"elementor-element elementor-element-57e15e73 e-flex e-con-boxed e-con e-parent\" data-id=\"57e15e73\" data-element_type=\"container\" data-e-type=\"container\">\n\t\t\t\t\t<div class=\"e-con-inner\">\n\t\t<div class=\"elementor-element elementor-element-306003f2 e-con-full e-flex e-con e-child\" data-id=\"306003f2\" data-element_type=\"container\" data-e-type=\"container\">\n\t\t\t\t<div class=\"elementor-element elementor-element-33735cab elementor-widget elementor-widget-text-editor\" data-id=\"33735cab\" data-element_type=\"widget\" data-e-type=\"widget\" data-widget_type=\"text-editor.default\">\n\t\t\t\t<div class=\"elementor-widget-container\">\n\t\t\t\t\t\t\t\t\t<p>Teilen Sie diesen Artikel in sozialen Netzwerken<\/p>\t\t\t\t\t\t\t\t<\/div>\n\t\t\t\t<\/div>\n\t\t\t\t<\/div>\n\t\t<div class=\"elementor-element elementor-element-40821b1e e-con-full e-flex e-con e-child\" data-id=\"40821b1e\" data-element_type=\"container\" data-e-type=\"container\">\n\t\t\t\t<div class=\"elementor-element elementor-element-1785747d elementor-widget elementor-widget-html\" data-id=\"1785747d\" data-element_type=\"widget\" data-e-type=\"widget\" data-widget_type=\"html.default\">\n\t\t\t\t<div class=\"elementor-widget-container\">\n\t\t\t\t\t<button class=\"facebook-share-button\" onclick=\"partagerSurFacebook()\">\n    <img decoding=\"async\" src=\"https:\/\/upload.wikimedia.org\/wikipedia\/commons\/5\/51\/Facebook_f_logo_%282019%29.svg\" alt=\"Facebook Logo\" style=\"width:16px; height:16px; vertical-align:middle; margin-right: 8px;\">\n Facebook\n<\/button>\n\n<style>\n    .facebook-share-button {\n        background-color: #1877f2;\n        color: #fff;\n        border: none;\n        padding: 10px 20px;\n        font-size: 16px;\n        font-family: Arial, sans-serif;\n        border-radius: 5px;\n        cursor: pointer;\n        display: inline-flex;\n        align-items: center;\n    }\n    .facebook-share-button:hover {\n        background-color: #155bc3;\n    }\n    .facebook-share-button img {\n        width: 16px;\n        height: 16px;\n    }\n<\/style>\n\n<script>\n    function partagerSurFacebook() {\n        const url = encodeURIComponent(window.location.href);\n        const partageURL = `https:\/\/www.facebook.com\/sharer\/sharer.php?u=${url}`;\n        window.open(partageURL, 'Partager sur Facebook', 'width=600,height=400');\n    }\n<\/script>\n\t\t\t\t<\/div>\n\t\t\t\t<\/div>\n\t\t\t\t<\/div>\n\t\t<div class=\"elementor-element elementor-element-100353be e-con-full e-flex e-con e-child\" data-id=\"100353be\" data-element_type=\"container\" data-e-type=\"container\">\n\t\t\t\t<div class=\"elementor-element elementor-element-516f5574 elementor-widget elementor-widget-html\" data-id=\"516f5574\" data-element_type=\"widget\" data-e-type=\"widget\" data-widget_type=\"html.default\">\n\t\t\t\t<div class=\"elementor-widget-container\">\n\t\t\t\t\t<button class=\"instagram-share-button\" onclick=\"ouvrirInstagram()\">\n    <img decoding=\"async\" src=\"https:\/\/upload.wikimedia.org\/wikipedia\/commons\/a\/a5\/Instagram_icon.png\" alt=\"Instagram Logo\" style=\"width:16px; height:16px; vertical-align:middle; margin-right: 8px;\">\n Instagram\n<\/button>\n\n<style>\n    .instagram-share-button {\n        background: radial-gradient(circle at 30% 107%, #fdf497 0%, #fdf497 5%, #fd5949 45%, #d6249f 60%, #285AEB 90%);\n        color: #fff;\n        border: none;\n        padding: 10px 20px;\n        font-size: 16px;\n        font-family: Arial, sans-serif;\n        border-radius: 5px;\n        cursor: pointer;\n        display: inline-flex;\n        align-items: center;\n    }\n    .instagram-share-button:hover {\n        opacity: 0.9;\n    }\n    .instagram-share-button img {\n        width: 16px;\n        height: 16px;\n    }\n<\/style>\n\n<script>\n    function ouvrirInstagram() {\n        const url = encodeURIComponent(window.location.href); \/\/ URL de la page actuelle\n        const instagramProfileURL = `https:\/\/www.instagram.com\/?url=${url}`; \/\/ Redirige vers Instagram\n        window.open(instagramProfileURL, 'Partager sur Instagram', 'width=600,height=400');\n    }\n<\/script>\n\t\t\t\t<\/div>\n\t\t\t\t<\/div>\n\t\t\t\t<\/div>\n\t\t<div class=\"elementor-element elementor-element-4c979125 e-con-full e-flex e-con e-child\" data-id=\"4c979125\" data-element_type=\"container\" data-e-type=\"container\">\n\t\t\t\t<div class=\"elementor-element elementor-element-35031c89 elementor-widget elementor-widget-html\" data-id=\"35031c89\" data-element_type=\"widget\" data-e-type=\"widget\" data-widget_type=\"html.default\">\n\t\t\t\t<div class=\"elementor-widget-container\">\n\t\t\t\t\t<button class=\"twitter-share-button\" onclick=\"partagerSurTwitter()\">\n    <span style=\"display: inline-flex; align-items: center;\">\n        <svg xmlns=\"http:\/\/www.w3.org\/2000\/svg\" width=\"16\" height=\"16\" viewbox=\"0 0 24 24\" fill=\"#fff\" style=\"margin-right: 8px;\">\n            <path d=\"M24 4.557a9.83 9.83 0 0 1-2.828.775 4.932 4.932 0 0 0 2.165-2.724 9.864 9.864 0 0 1-3.127 1.195 4.92 4.92 0 0 0-8.384 4.482A13.978 13.978 0 0 1 1.671 3.149 4.92 4.92 0 0 0 3.195 9.72a4.904 4.904 0 0 1-2.229-.616v.061a4.92 4.92 0 0 0 3.946 4.827 4.936 4.936 0 0 1-2.224.084 4.92 4.92 0 0 0 4.6 3.419A9.868 9.868 0 0 1 0 19.539a13.94 13.94 0 0 0 7.548 2.213c9.057 0 14.007-7.496 14.007-13.986 0-.213-.005-.425-.014-.636A10.012 10.012 0 0 0 24 4.557z\"\/>\n        <\/svg>\n Twitter\n    <\/span>\n<\/button>\n\n<style>\n    .twitter-share-button {\n        background-color: #1DA1F2;\n        color: #fff;\n        border: none;\n        padding: 10px 20px;\n        font-size: 16px;\n        font-family: Arial, sans-serif;\n        border-radius: 5px;\n        cursor: pointer;\n        display: inline-flex;\n        align-items: center;\n    }\n    .twitter-share-button:hover {\n        background-color: #0d8dd8;\n    }\n<\/style>\n\n<script>\n    function partagerSurTwitter() {\n        const url = encodeURIComponent(window.location.href); \/\/ URL de la page actuelle\n        const texte = encodeURIComponent(\"D\u00e9couvrez cette page incroyable !\"); \/\/ Texte personnalis\u00e9\n        const partageURL = `https:\/\/twitter.com\/intent\/tweet?url=${url}&text=${texte}`;\n        \n        window.open(partageURL, 'Partager sur Twitter', 'width=600,height=400');\n    }\n<\/script>\n\t\t\t\t<\/div>\n\t\t\t\t<\/div>\n\t\t\t\t<\/div>\n\t\t\t\t\t<\/div>\n\t\t\t\t<\/div>\n\t\t<div class=\"elementor-element elementor-element-2c61c6ff e-flex e-con-boxed e-con e-parent\" data-id=\"2c61c6ff\" data-element_type=\"container\" data-e-type=\"container\">\n\t\t\t\t\t<div class=\"e-con-inner\">\n\t\t<div class=\"elementor-element elementor-element-7876f23 e-con-full e-flex e-con e-child\" data-id=\"7876f23\" data-element_type=\"container\" data-e-type=\"container\">\n\t\t\t\t<div class=\"elementor-element elementor-element-55e9acdc elementor-widget-divider--view-line elementor-widget elementor-widget-divider\" data-id=\"55e9acdc\" data-element_type=\"widget\" data-e-type=\"widget\" data-widget_type=\"divider.default\">\n\t\t\t\t<div class=\"elementor-widget-container\">\n\t\t\t\t\t\t\t<div class=\"elementor-divider\">\n\t\t\t<span class=\"elementor-divider-separator\">\n\t\t\t\t\t\t<\/span>\n\t\t<\/div>\n\t\t\t\t\t\t<\/div>\n\t\t\t\t<\/div>\n\t\t\t\t<div class=\"elementor-element elementor-element-4234da06 elementor-widget elementor-widget-text-editor\" data-id=\"4234da06\" data-element_type=\"widget\" data-e-type=\"widget\" data-widget_type=\"text-editor.default\">\n\t\t\t\t<div class=\"elementor-widget-container\">\n\t\t\t\t\t\t\t\t\t<h2>Entdecken Sie unsere Lodges und Villen f\u00fcr Ihren Urlaub an der C\u00f4te d\u2019Azur<\/h2>\t\t\t\t\t\t\t\t<\/div>\n\t\t\t\t<\/div>\n\t\t\t\t<\/div>\n\t\t\t\t\t<\/div>\n\t\t\t\t<\/div>\n\t\t<div class=\"elementor-element elementor-element-2d8be45f e-flex e-con-boxed e-con e-parent\" data-id=\"2d8be45f\" data-element_type=\"container\" data-e-type=\"container\">\n\t\t\t\t\t<div class=\"e-con-inner\">\n\t\t<div class=\"elementor-element elementor-element-547909f5 e-con-full e-flex e-con e-child\" data-id=\"547909f5\" data-element_type=\"container\" data-e-type=\"container\">\n\t\t\t\t<div class=\"elementor-element elementor-element-8102764 elementor-position-top elementor-widget elementor-widget-image-box\" data-id=\"8102764\" data-element_type=\"widget\" data-e-type=\"widget\" data-widget_type=\"image-box.default\">\n\t\t\t\t<div class=\"elementor-widget-container\">\n\t\t\t\t\t<div class=\"elementor-image-box-wrapper\"><figure class=\"elementor-image-box-img\"><a href=\"https:\/\/locations-06.fr\/de\/les-oliviers\/\" tabindex=\"-1\"><img decoding=\"async\" src=\"https:\/\/locations-06.fr\/wp-content\/uploads\/elementor\/thumbs\/DSC06337-gite-de-france-cote-d-azur-appartement-cannes-nice-piscine-accueil1-qwwbih06k9q3kns1kdh2zzo5a1jgfeu3kv28xww4pc.jpg\" title=\"gite de france cote d azur appartement cannes nice piscine accueil\" alt=\"gite de france cote d azur appartement cannes nice piscine accueil\" loading=\"lazy\" \/><\/a><\/figure><div class=\"elementor-image-box-content\"><h3 class=\"elementor-image-box-title\"><a href=\"https:\/\/locations-06.fr\/de\/les-oliviers\/\">Les Oliviers<\/a><\/h3><\/div><\/div>\t\t\t\t<\/div>\n\t\t\t\t<\/div>\n\t\t\t\t<\/div>\n\t\t<div class=\"elementor-element elementor-element-4f5cf16a e-con-full e-flex e-con e-child\" data-id=\"4f5cf16a\" data-element_type=\"container\" data-e-type=\"container\">\n\t\t\t\t<div class=\"elementor-element elementor-element-7d964f4 elementor-position-top elementor-widget elementor-widget-image-box\" data-id=\"7d964f4\" data-element_type=\"widget\" data-e-type=\"widget\" data-widget_type=\"image-box.default\">\n\t\t\t\t<div class=\"elementor-widget-container\">\n\t\t\t\t\t<div class=\"elementor-image-box-wrapper\"><figure class=\"elementor-image-box-img\"><a href=\"https:\/\/locations-06.fr\/de\/la-pascaline\/\" tabindex=\"-1\"><img decoding=\"async\" src=\"https:\/\/locations-06.fr\/wp-content\/uploads\/elementor\/thumbs\/Drone-Appartement-A-1-location-gite-de-france-appartement-cote-azur-cannes-accueil-1-qwwbih06k9q3kns1kdh2zzo5a1jgfeu3kv28xww4pc.jpg\" title=\"location gite de france appartement cote azur cannes accueil\" alt=\"location gite de france appartement cote azur cannes accueil\" loading=\"lazy\" \/><\/a><\/figure><div class=\"elementor-image-box-content\"><h3 class=\"elementor-image-box-title\"><a href=\"https:\/\/locations-06.fr\/de\/la-pascaline\/\">La Pascaline<\/a><\/h3><\/div><\/div>\t\t\t\t<\/div>\n\t\t\t\t<\/div>\n\t\t\t\t<\/div>\n\t\t<div class=\"elementor-element elementor-element-7e911024 e-con-full e-flex e-con e-child\" data-id=\"7e911024\" data-element_type=\"container\" data-e-type=\"container\">\n\t\t\t\t<div class=\"elementor-element elementor-element-5d61b798 elementor-position-top elementor-widget elementor-widget-image-box\" data-id=\"5d61b798\" data-element_type=\"widget\" data-e-type=\"widget\" data-widget_type=\"image-box.default\">\n\t\t\t\t<div class=\"elementor-widget-container\">\n\t\t\t\t\t<div class=\"elementor-image-box-wrapper\"><figure class=\"elementor-image-box-img\"><a href=\"https:\/\/locations-06.fr\/de\/la-maison-de-noelie-erdgeschoss\/\" tabindex=\"-1\"><img decoding=\"async\" src=\"https:\/\/locations-06.fr\/wp-content\/uploads\/elementor\/thumbs\/081a0657-appartement-gite-de-france-cote-d-azur-cannes-nice-antibes-06-accueil-qwwbibd5f9idn008hb1bl13dpqb9587pk35c294hqo.jpg\" title=\"La Maison de No\u00e9lie\" alt=\"La Maison de No\u00e9lie\" loading=\"lazy\" \/><\/a><\/figure><div class=\"elementor-image-box-content\"><h3 class=\"elementor-image-box-title\"><a href=\"https:\/\/locations-06.fr\/de\/la-maison-de-noelie-erdgeschoss\/\">La Maison de No\u00e9lie<\/br>Erdgeschoss<\/a><\/h3><\/div><\/div>\t\t\t\t<\/div>\n\t\t\t\t<\/div>\n\t\t\t\t<\/div>\n\t\t<div class=\"elementor-element elementor-element-5e0057ad e-con-full e-flex e-con e-child\" data-id=\"5e0057ad\" data-element_type=\"container\" data-e-type=\"container\">\n\t\t\t\t<div class=\"elementor-element elementor-element-759f22d0 elementor-position-top elementor-widget elementor-widget-image-box\" data-id=\"759f22d0\" data-element_type=\"widget\" data-e-type=\"widget\" data-widget_type=\"image-box.default\">\n\t\t\t\t<div class=\"elementor-widget-container\">\n\t\t\t\t\t<div class=\"elementor-image-box-wrapper\"><figure class=\"elementor-image-box-img\"><a href=\"https:\/\/locations-06.fr\/de\/la-maison-de-noelie-1-stock\/\" tabindex=\"-1\"><img decoding=\"async\" src=\"https:\/\/locations-06.fr\/wp-content\/uploads\/elementor\/thumbs\/081a0657-appartement-gite-de-france-cote-d-azur-cannes-nice-antibes-06-accueil-qwwbibd5f9idn008hb1bl13dpqb9587pk35c294hqo.jpg\" title=\"La Maison de No\u00e9lie\" alt=\"La Maison de No\u00e9lie\" loading=\"lazy\" \/><\/a><\/figure><div class=\"elementor-image-box-content\"><h3 class=\"elementor-image-box-title\"><a href=\"https:\/\/locations-06.fr\/de\/la-maison-de-noelie-1-stock\/\">La Maison de No\u00e9lie <\/br>1<sup>.<\/sup> Stock<\/a><\/h3><\/div><\/div>\t\t\t\t<\/div>\n\t\t\t\t<\/div>\n\t\t\t\t<\/div>\n\t\t<div class=\"elementor-element elementor-element-3bbdf6c e-con-full e-flex e-con e-child\" data-id=\"3bbdf6c\" data-element_type=\"container\" data-e-type=\"container\">\n\t\t\t\t<div class=\"elementor-element elementor-element-726f12c elementor-position-top elementor-widget elementor-widget-image-box\" data-id=\"726f12c\" data-element_type=\"widget\" data-e-type=\"widget\" data-widget_type=\"image-box.default\">\n\t\t\t\t<div class=\"elementor-widget-container\">\n\t\t\t\t\t<div class=\"elementor-image-box-wrapper\"><figure class=\"elementor-image-box-img\"><a href=\"https:\/\/locations-06.fr\/de\/leugenie\/\" tabindex=\"-1\"><img decoding=\"async\" src=\"https:\/\/locations-06.fr\/wp-content\/uploads\/elementor\/thumbs\/20-drone-4-louer-gite-vacances-cote-d-azur-jardin-cannes-nice-cote-d-azur-06-appartement-meuble-sophia-antipolis-opio-direct-particulier-accueil-qwwbibd5f9idn008hb1bl13dpqb9587pk35c294hqo.jpg\" title=\"L&#8217;Eug\u00e9nie\" alt=\"L&#039;Eug\u00e9nie\" loading=\"lazy\" \/><\/a><\/figure><div class=\"elementor-image-box-content\"><h3 class=\"elementor-image-box-title\"><a href=\"https:\/\/locations-06.fr\/de\/leugenie\/\">L'Eug\u00e9nie<\/a><\/h3><\/div><\/div>\t\t\t\t<\/div>\n\t\t\t\t<\/div>\n\t\t\t\t<\/div>\n\t\t<div class=\"elementor-element elementor-element-777bdc6e e-con-full e-flex e-con e-child\" data-id=\"777bdc6e\" data-element_type=\"container\" data-e-type=\"container\">\n\t\t\t\t<div class=\"elementor-element elementor-element-c9708d6 elementor-position-top elementor-widget elementor-widget-image-box\" data-id=\"c9708d6\" data-element_type=\"widget\" data-e-type=\"widget\" data-widget_type=\"image-box.default\">\n\t\t\t\t<div class=\"elementor-widget-container\">\n\t\t\t\t\t<div class=\"elementor-image-box-wrapper\"><figure class=\"elementor-image-box-img\"><a href=\"https:\/\/locations-06.fr\/de\/la-maison-du-paysan\/\" tabindex=\"-1\"><img decoding=\"async\" src=\"https:\/\/locations-06.fr\/wp-content\/uploads\/elementor\/thumbs\/location-maison-vancances-cote-dazur-direct-proprietaire-accueil-rfzu5lks777otcz1bituowp9rvyli1vxjvl7mm0qfk.jpg\" title=\"location-maison-vancances-cote-dazur-direct-proprietaire-accueil\" alt=\"location-maison-vancances-cote-dazur-direct-proprietaire-accueil\" loading=\"lazy\" \/><\/a><\/figure><div class=\"elementor-image-box-content\"><h3 class=\"elementor-image-box-title\"><a href=\"https:\/\/locations-06.fr\/de\/la-maison-du-paysan\/\">La Maison du Paysan<\/a><\/h3><\/div><\/div>\t\t\t\t<\/div>\n\t\t\t\t<\/div>\n\t\t\t\t<\/div>\n\t\t\t\t\t<\/div>\n\t\t\t\t<\/div>\n\t\t\t\t<\/div>\n\t\t","protected":false},"excerpt":{"rendered":"<p>Saint-\u00c9tienne-de-Tin\u00e9e: Ein authentisches Dorf in den Alpes-Maritimes Mitten im Herzen der Alpes-Maritimes gelegen, bezaubert Saint-\u00c9tienne-de-Tin\u00e9e als Bergdorf mit authentischem Charme und reichem Erbe. Nur 90 km von Nizza entfernt, bietet dieses malerische Dorf steinerne Gassen, alte H\u00e4user und typisch provenzalisches Flair \u2013 ideal f\u00fcr einen Natururlaub. Umgeben von majest\u00e4tischen Gipfeln und durchflossen vom Fluss Tin\u00e9e, [&hellip;]<\/p>\n","protected":false},"author":2,"featured_media":30272,"parent":0,"menu_order":0,"comment_status":"closed","ping_status":"closed","template":"","meta":{"site-sidebar-layout":"no-sidebar","site-content-layout":"","ast-site-content-layout":"full-width-container","site-content-style":"default","site-sidebar-style":"default","ast-global-header-display":"","ast-banner-title-visibility":"","ast-main-header-display":"","ast-hfb-above-header-display":"","ast-hfb-below-header-display":"","ast-hfb-mobile-header-display":"","site-post-title":"","ast-breadcrumbs-content":"","ast-featured-img":"disabled","footer-sml-layout":"","ast-disable-related-posts":"","theme-transparent-header-meta":"","adv-header-id-meta":"","stick-header-meta":"","header-above-stick-meta":"","header-main-stick-meta":"","header-below-stick-meta":"","astra-migrate-meta-layouts":"default","ast-page-background-enabled":"default","ast-page-background-meta":{"desktop":{"background-color":"var(--ast-global-color-4)","background-image":"","background-repeat":"repeat","background-position":"center center","background-size":"auto","background-attachment":"scroll","background-type":"","background-media":"","overlay-type":"","overlay-color":"","overlay-opacity":"","overlay-gradient":""},"tablet":{"background-color":"","background-image":"","background-repeat":"repeat","background-position":"center center","background-size":"auto","background-attachment":"scroll","background-type":"","background-media":"","overlay-type":"","overlay-color":"","overlay-opacity":"","overlay-gradient":""},"mobile":{"background-color":"","background-image":"","background-repeat":"repeat","background-position":"center center","background-size":"auto","background-attachment":"scroll","background-type":"","background-media":"","overlay-type":"","overlay-color":"","overlay-opacity":"","overlay-gradient":""}},"ast-content-background-meta":{"desktop":{"background-color":"var(--ast-global-color-5)","background-image":"","background-repeat":"repeat","background-position":"center center","background-size":"auto","background-attachment":"scroll","background-type":"","background-media":"","overlay-type":"","overlay-color":"","overlay-opacity":"","overlay-gradient":""},"tablet":{"background-color":"var(--ast-global-color-5)","background-image":"","background-repeat":"repeat","background-position":"center center","background-size":"auto","background-attachment":"scroll","background-type":"","background-media":"","overlay-type":"","overlay-color":"","overlay-opacity":"","overlay-gradient":""},"mobile":{"background-color":"var(--ast-global-color-5)","background-image":"","background-repeat":"repeat","background-position":"center center","background-size":"auto","background-attachment":"scroll","background-type":"","background-media":"","overlay-type":"","overlay-color":"","overlay-opacity":"","overlay-gradient":""}},"footnotes":""},"class_list":["post-30292","page","type-page","status-publish","has-post-thumbnail","hentry"],"yoast_head":"<!-- This site is optimized with the Yoast SEO plugin v27.4 - https:\/\/yoast.com\/product\/yoast-seo-wordpress\/ -->\n<title>Saint Etienne de Tin\u00e9e, Nationalpark Mercantour, Naturbesuche und Freizeitaktivit\u00e4ten<\/title>\n<meta name=\"description\" content=\"Saint Etienne de Tin\u00e9e, village de montagne \u00e0 d\u00e9couvrir pendant vos vacances sur la C\u00f4te d&#039;Azur\" \/>\n<meta name=\"robots\" content=\"index, follow, max-snippet:-1, max-image-preview:large, max-video-preview:-1\" \/>\n<link rel=\"canonical\" href=\"https:\/\/locations-06.fr\/de\/besuchen-und-entdecken-sie-tourismus-und-urlaub-in-saint-etienne-de-tinee-nationalpark-mercantour\/\" \/>\n<meta property=\"og:locale\" content=\"de_DE\" \/>\n<meta property=\"og:type\" content=\"article\" \/>\n<meta property=\"og:title\" content=\"Saint Etienne de Tin\u00e9e, Nationalpark Mercantour, Naturbesuche und Freizeitaktivit\u00e4ten\" \/>\n<meta property=\"og:description\" content=\"Saint Etienne de Tin\u00e9e, village de montagne \u00e0 d\u00e9couvrir pendant vos vacances sur la C\u00f4te d&#039;Azur\" \/>\n<meta property=\"og:url\" content=\"https:\/\/locations-06.fr\/de\/besuchen-und-entdecken-sie-tourismus-und-urlaub-in-saint-etienne-de-tinee-nationalpark-mercantour\/\" \/>\n<meta property=\"og:site_name\" content=\"Locations-06.fr\" \/>\n<meta property=\"article:publisher\" content=\"https:\/\/www.facebook.com\/pascalecodera0632755107\" \/>\n<meta property=\"article:modified_time\" content=\"2026-02-18T18:25:31+00:00\" \/>\n<meta property=\"og:image\" content=\"https:\/\/locations-06.fr\/wp-content\/uploads\/visite-tourisme-vacances-st-etienne-de-tinee-village-parc-mercantour-decouvrir.jpg\" \/>\n\t<meta property=\"og:image:width\" content=\"2000\" \/>\n\t<meta property=\"og:image:height\" content=\"1050\" \/>\n\t<meta property=\"og:image:type\" content=\"image\/jpeg\" \/>\n<meta name=\"twitter:card\" content=\"summary_large_image\" \/>\n<meta name=\"twitter:site\" content=\"@locations06\" \/>\n<meta name=\"twitter:label1\" content=\"Gesch\u00e4tzte Lesezeit\" \/>\n\t<meta name=\"twitter:data1\" content=\"2\u00a0Minuten\" \/>\n<script type=\"application\/ld+json\" class=\"yoast-schema-graph\">{\"@context\":\"https:\\\/\\\/schema.org\",\"@graph\":[{\"@type\":\"WebPage\",\"@id\":\"https:\\\/\\\/locations-06.fr\\\/de\\\/besuchen-und-entdecken-sie-tourismus-und-urlaub-in-saint-etienne-de-tinee-nationalpark-mercantour\\\/\",\"url\":\"https:\\\/\\\/locations-06.fr\\\/de\\\/besuchen-und-entdecken-sie-tourismus-und-urlaub-in-saint-etienne-de-tinee-nationalpark-mercantour\\\/\",\"name\":\"Saint Etienne de Tin\u00e9e, Nationalpark Mercantour, Naturbesuche und Freizeitaktivit\u00e4ten\",\"isPartOf\":{\"@id\":\"https:\\\/\\\/locations-06.fr\\\/de\\\/#website\"},\"primaryImageOfPage\":{\"@id\":\"https:\\\/\\\/locations-06.fr\\\/de\\\/besuchen-und-entdecken-sie-tourismus-und-urlaub-in-saint-etienne-de-tinee-nationalpark-mercantour\\\/#primaryimage\"},\"image\":{\"@id\":\"https:\\\/\\\/locations-06.fr\\\/de\\\/besuchen-und-entdecken-sie-tourismus-und-urlaub-in-saint-etienne-de-tinee-nationalpark-mercantour\\\/#primaryimage\"},\"thumbnailUrl\":\"https:\\\/\\\/locations-06.fr\\\/wp-content\\\/uploads\\\/visite-tourisme-vacances-st-etienne-de-tinee-village-parc-mercantour-decouvrir.jpg\",\"datePublished\":\"2026-02-18T17:29:25+00:00\",\"dateModified\":\"2026-02-18T18:25:31+00:00\",\"description\":\"Saint Etienne de Tin\u00e9e, village de montagne \u00e0 d\u00e9couvrir pendant vos vacances sur la C\u00f4te d'Azur\",\"breadcrumb\":{\"@id\":\"https:\\\/\\\/locations-06.fr\\\/de\\\/besuchen-und-entdecken-sie-tourismus-und-urlaub-in-saint-etienne-de-tinee-nationalpark-mercantour\\\/#breadcrumb\"},\"inLanguage\":\"de\",\"potentialAction\":[{\"@type\":\"ReadAction\",\"target\":[\"https:\\\/\\\/locations-06.fr\\\/de\\\/besuchen-und-entdecken-sie-tourismus-und-urlaub-in-saint-etienne-de-tinee-nationalpark-mercantour\\\/\"]}]},{\"@type\":\"ImageObject\",\"inLanguage\":\"de\",\"@id\":\"https:\\\/\\\/locations-06.fr\\\/de\\\/besuchen-und-entdecken-sie-tourismus-und-urlaub-in-saint-etienne-de-tinee-nationalpark-mercantour\\\/#primaryimage\",\"url\":\"https:\\\/\\\/locations-06.fr\\\/wp-content\\\/uploads\\\/visite-tourisme-vacances-st-etienne-de-tinee-village-parc-mercantour-decouvrir.jpg\",\"contentUrl\":\"https:\\\/\\\/locations-06.fr\\\/wp-content\\\/uploads\\\/visite-tourisme-vacances-st-etienne-de-tinee-village-parc-mercantour-decouvrir.jpg\",\"width\":2000,\"height\":1050,\"caption\":\"vacances tourisme et decouverte de st etienne de tin\u00e9e, parc du mercantour, randonn\u00e9es, nature\"},{\"@type\":\"BreadcrumbList\",\"@id\":\"https:\\\/\\\/locations-06.fr\\\/de\\\/besuchen-und-entdecken-sie-tourismus-und-urlaub-in-saint-etienne-de-tinee-nationalpark-mercantour\\\/#breadcrumb\",\"itemListElement\":[{\"@type\":\"ListItem\",\"position\":1,\"name\":\"Accueil\",\"item\":\"https:\\\/\\\/locations-06.fr\\\/de\\\/\"},{\"@type\":\"ListItem\",\"position\":2,\"name\":\"Besuchen und entdecken Sie, Tourismus und Urlaub in Saint Etienne de Tin\u00e9e, Nationalpark Mercantour\"}]},{\"@type\":\"WebSite\",\"@id\":\"https:\\\/\\\/locations-06.fr\\\/de\\\/#website\",\"url\":\"https:\\\/\\\/locations-06.fr\\\/de\\\/\",\"name\":\"Locations-06.fr\",\"description\":\"Locations Gites en France sur la C\u00f4te d&#039;Azur - Appartements et Villas - gite, location de vacances et pas cher\",\"publisher\":{\"@id\":\"https:\\\/\\\/locations-06.fr\\\/de\\\/#organization\"},\"alternateName\":\"Locations-06.fr\",\"potentialAction\":[{\"@type\":\"SearchAction\",\"target\":{\"@type\":\"EntryPoint\",\"urlTemplate\":\"https:\\\/\\\/locations-06.fr\\\/de\\\/?s={search_term_string}\"},\"query-input\":{\"@type\":\"PropertyValueSpecification\",\"valueRequired\":true,\"valueName\":\"search_term_string\"}}],\"inLanguage\":\"de\"},{\"@type\":\"Organization\",\"@id\":\"https:\\\/\\\/locations-06.fr\\\/de\\\/#organization\",\"name\":\"Locations-06.fr\",\"alternateName\":\"Locations-06.fr\",\"url\":\"https:\\\/\\\/locations-06.fr\\\/de\\\/\",\"logo\":{\"@type\":\"ImageObject\",\"inLanguage\":\"de\",\"@id\":\"https:\\\/\\\/locations-06.fr\\\/de\\\/#\\\/schema\\\/logo\\\/image\\\/\",\"url\":\"https:\\\/\\\/locations-06.fr\\\/wp-content\\\/uploads\\\/location-06-logo.png\",\"contentUrl\":\"https:\\\/\\\/locations-06.fr\\\/wp-content\\\/uploads\\\/location-06-logo.png\",\"width\":180,\"height\":105,\"caption\":\"Locations-06.fr\"},\"image\":{\"@id\":\"https:\\\/\\\/locations-06.fr\\\/de\\\/#\\\/schema\\\/logo\\\/image\\\/\"},\"sameAs\":[\"https:\\\/\\\/www.facebook.com\\\/pascalecodera0632755107\",\"https:\\\/\\\/x.com\\\/locations06\",\"https:\\\/\\\/www.instagram.com\\\/locations_06\\\/?hl=fr\"]}]}<\/script>\n<!-- \/ Yoast SEO plugin. -->","yoast_head_json":{"title":"Saint Etienne de Tin\u00e9e, Nationalpark Mercantour, Naturbesuche und Freizeitaktivit\u00e4ten","description":"Saint Etienne de Tin\u00e9e, village de montagne \u00e0 d\u00e9couvrir pendant vos vacances sur la C\u00f4te d'Azur","robots":{"index":"index","follow":"follow","max-snippet":"max-snippet:-1","max-image-preview":"max-image-preview:large","max-video-preview":"max-video-preview:-1"},"canonical":"https:\/\/locations-06.fr\/de\/besuchen-und-entdecken-sie-tourismus-und-urlaub-in-saint-etienne-de-tinee-nationalpark-mercantour\/","og_locale":"de_DE","og_type":"article","og_title":"Saint Etienne de Tin\u00e9e, Nationalpark Mercantour, Naturbesuche und Freizeitaktivit\u00e4ten","og_description":"Saint Etienne de Tin\u00e9e, village de montagne \u00e0 d\u00e9couvrir pendant vos vacances sur la C\u00f4te d'Azur","og_url":"https:\/\/locations-06.fr\/de\/besuchen-und-entdecken-sie-tourismus-und-urlaub-in-saint-etienne-de-tinee-nationalpark-mercantour\/","og_site_name":"Locations-06.fr","article_publisher":"https:\/\/www.facebook.com\/pascalecodera0632755107","article_modified_time":"2026-02-18T18:25:31+00:00","og_image":[{"width":2000,"height":1050,"url":"https:\/\/locations-06.fr\/wp-content\/uploads\/visite-tourisme-vacances-st-etienne-de-tinee-village-parc-mercantour-decouvrir.jpg","type":"image\/jpeg"}],"twitter_card":"summary_large_image","twitter_site":"@locations06","twitter_misc":{"Gesch\u00e4tzte Lesezeit":"2\u00a0Minuten"},"schema":{"@context":"https:\/\/schema.org","@graph":[{"@type":"WebPage","@id":"https:\/\/locations-06.fr\/de\/besuchen-und-entdecken-sie-tourismus-und-urlaub-in-saint-etienne-de-tinee-nationalpark-mercantour\/","url":"https:\/\/locations-06.fr\/de\/besuchen-und-entdecken-sie-tourismus-und-urlaub-in-saint-etienne-de-tinee-nationalpark-mercantour\/","name":"Saint Etienne de Tin\u00e9e, Nationalpark Mercantour, Naturbesuche und Freizeitaktivit\u00e4ten","isPartOf":{"@id":"https:\/\/locations-06.fr\/de\/#website"},"primaryImageOfPage":{"@id":"https:\/\/locations-06.fr\/de\/besuchen-und-entdecken-sie-tourismus-und-urlaub-in-saint-etienne-de-tinee-nationalpark-mercantour\/#primaryimage"},"image":{"@id":"https:\/\/locations-06.fr\/de\/besuchen-und-entdecken-sie-tourismus-und-urlaub-in-saint-etienne-de-tinee-nationalpark-mercantour\/#primaryimage"},"thumbnailUrl":"https:\/\/locations-06.fr\/wp-content\/uploads\/visite-tourisme-vacances-st-etienne-de-tinee-village-parc-mercantour-decouvrir.jpg","datePublished":"2026-02-18T17:29:25+00:00","dateModified":"2026-02-18T18:25:31+00:00","description":"Saint Etienne de Tin\u00e9e, village de montagne \u00e0 d\u00e9couvrir pendant vos vacances sur la C\u00f4te d'Azur","breadcrumb":{"@id":"https:\/\/locations-06.fr\/de\/besuchen-und-entdecken-sie-tourismus-und-urlaub-in-saint-etienne-de-tinee-nationalpark-mercantour\/#breadcrumb"},"inLanguage":"de","potentialAction":[{"@type":"ReadAction","target":["https:\/\/locations-06.fr\/de\/besuchen-und-entdecken-sie-tourismus-und-urlaub-in-saint-etienne-de-tinee-nationalpark-mercantour\/"]}]},{"@type":"ImageObject","inLanguage":"de","@id":"https:\/\/locations-06.fr\/de\/besuchen-und-entdecken-sie-tourismus-und-urlaub-in-saint-etienne-de-tinee-nationalpark-mercantour\/#primaryimage","url":"https:\/\/locations-06.fr\/wp-content\/uploads\/visite-tourisme-vacances-st-etienne-de-tinee-village-parc-mercantour-decouvrir.jpg","contentUrl":"https:\/\/locations-06.fr\/wp-content\/uploads\/visite-tourisme-vacances-st-etienne-de-tinee-village-parc-mercantour-decouvrir.jpg","width":2000,"height":1050,"caption":"vacances tourisme et decouverte de st etienne de tin\u00e9e, parc du mercantour, randonn\u00e9es, nature"},{"@type":"BreadcrumbList","@id":"https:\/\/locations-06.fr\/de\/besuchen-und-entdecken-sie-tourismus-und-urlaub-in-saint-etienne-de-tinee-nationalpark-mercantour\/#breadcrumb","itemListElement":[{"@type":"ListItem","position":1,"name":"Accueil","item":"https:\/\/locations-06.fr\/de\/"},{"@type":"ListItem","position":2,"name":"Besuchen und entdecken Sie, Tourismus und Urlaub in Saint Etienne de Tin\u00e9e, Nationalpark Mercantour"}]},{"@type":"WebSite","@id":"https:\/\/locations-06.fr\/de\/#website","url":"https:\/\/locations-06.fr\/de\/","name":"Locations-06.fr","description":"Locations Gites en France sur la C\u00f4te d&#039;Azur - Appartements et Villas - gite, location de vacances et pas cher","publisher":{"@id":"https:\/\/locations-06.fr\/de\/#organization"},"alternateName":"Locations-06.fr","potentialAction":[{"@type":"SearchAction","target":{"@type":"EntryPoint","urlTemplate":"https:\/\/locations-06.fr\/de\/?s={search_term_string}"},"query-input":{"@type":"PropertyValueSpecification","valueRequired":true,"valueName":"search_term_string"}}],"inLanguage":"de"},{"@type":"Organization","@id":"https:\/\/locations-06.fr\/de\/#organization","name":"Locations-06.fr","alternateName":"Locations-06.fr","url":"https:\/\/locations-06.fr\/de\/","logo":{"@type":"ImageObject","inLanguage":"de","@id":"https:\/\/locations-06.fr\/de\/#\/schema\/logo\/image\/","url":"https:\/\/locations-06.fr\/wp-content\/uploads\/location-06-logo.png","contentUrl":"https:\/\/locations-06.fr\/wp-content\/uploads\/location-06-logo.png","width":180,"height":105,"caption":"Locations-06.fr"},"image":{"@id":"https:\/\/locations-06.fr\/de\/#\/schema\/logo\/image\/"},"sameAs":["https:\/\/www.facebook.com\/pascalecodera0632755107","https:\/\/x.com\/locations06","https:\/\/www.instagram.com\/locations_06\/?hl=fr"]}]}},"_links":{"self":[{"href":"https:\/\/locations-06.fr\/de\/wp-json\/wp\/v2\/pages\/30292","targetHints":{"allow":["GET"]}}],"collection":[{"href":"https:\/\/locations-06.fr\/de\/wp-json\/wp\/v2\/pages"}],"about":[{"href":"https:\/\/locations-06.fr\/de\/wp-json\/wp\/v2\/types\/page"}],"author":[{"embeddable":true,"href":"https:\/\/locations-06.fr\/de\/wp-json\/wp\/v2\/users\/2"}],"replies":[{"embeddable":true,"href":"https:\/\/locations-06.fr\/de\/wp-json\/wp\/v2\/comments?post=30292"}],"version-history":[{"count":1,"href":"https:\/\/locations-06.fr\/de\/wp-json\/wp\/v2\/pages\/30292\/revisions"}],"predecessor-version":[{"id":30293,"href":"https:\/\/locations-06.fr\/de\/wp-json\/wp\/v2\/pages\/30292\/revisions\/30293"}],"wp:featuredmedia":[{"embeddable":true,"href":"https:\/\/locations-06.fr\/de\/wp-json\/wp\/v2\/media\/30272"}],"wp:attachment":[{"href":"https:\/\/locations-06.fr\/de\/wp-json\/wp\/v2\/media?parent=30292"}],"curies":[{"name":"wp","href":"https:\/\/api.w.org\/{rel}","templated":true}]}}