{"id":13247,"date":"2023-12-29T13:53:14","date_gmt":"2023-12-29T12:53:14","guid":{"rendered":"https:\/\/locations-06.fr\/besuch-in-biot-einem-dorf-der-glasmacher-an-der-cote-dazur-das-zu-den-schonsten-umwegen-frankreichs-zahlt\/"},"modified":"2024-12-15T18:18:24","modified_gmt":"2024-12-15T17:18:24","slug":"besuch-in-biot-einem-dorf-der-glasmacher-an-der-cote-dazur-das-zu-den-schonsten-umwegen-frankreichs-zahlt","status":"publish","type":"page","link":"https:\/\/locations-06.fr\/de\/besuch-in-biot-einem-dorf-der-glasmacher-an-der-cote-dazur-das-zu-den-schonsten-umwegen-frankreichs-zahlt\/","title":{"rendered":"Besuch in Biot, einem Dorf der Glasmacher an der C\u00f4te d&#8217;Azur, das zu den sch\u00f6nsten Umwegen Frankreichs z\u00e4hlt"},"content":{"rendered":"\t\t<div data-elementor-type=\"wp-page\" data-elementor-id=\"13247\" class=\"elementor elementor-13247 elementor-77\">\n\t\t\t\t<div class=\"elementor-element elementor-element-ab5ad9b e-flex e-con-boxed e-con e-parent\" data-id=\"ab5ad9b\" data-element_type=\"container\" data-e-type=\"container\">\n\t\t\t\t\t<div class=\"e-con-inner\">\n\t\t\t\t<div class=\"elementor-element elementor-element-ab7bdcc elementor-widget elementor-widget-text-editor\" data-id=\"ab7bdcc\" data-element_type=\"widget\" data-e-type=\"widget\" data-widget_type=\"text-editor.default\">\n\t\t\t\t<div class=\"elementor-widget-container\">\n\t\t\t\t\t\t\t\t\t<p>Besuchen touristischen Ferien Biot<\/p>\n\t\t\t\t\t\t\t\t<\/div>\n\t\t\t\t<\/div>\n\t\t\t\t<div class=\"elementor-element elementor-element-5179d5e elementor-widget elementor-widget-heading\" data-id=\"5179d5e\" data-element_type=\"widget\" data-e-type=\"widget\" data-widget_type=\"heading.default\">\n\t\t\t\t<div class=\"elementor-widget-container\">\n\t\t\t\t\t<h1 class=\"elementor-heading-title elementor-size-default\">Besuch von Biot, einem der sch\u00f6nsten Umwege Frankreichs, dem Dorf der Glasmacher<br>an der franz\u00f6sischen Riviera<\/h1>\t\t\t\t<\/div>\n\t\t\t\t<\/div>\n\t\t\t\t\t<\/div>\n\t\t\t\t<\/div>\n\t\t<div class=\"elementor-element elementor-element-393d395 e-flex e-con-boxed e-con e-parent\" data-id=\"393d395\" data-element_type=\"container\" data-e-type=\"container\">\n\t\t\t\t\t<div class=\"e-con-inner\">\n\t\t\t\t<div class=\"elementor-element elementor-element-0734b6a elementor-widget elementor-widget-text-editor\" data-id=\"0734b6a\" data-element_type=\"widget\" data-e-type=\"widget\" data-widget_type=\"text-editor.default\">\n\t\t\t\t<div class=\"elementor-widget-container\">\n\t\t\t\t\t\t\t\t\t<p>Besuch von Biot<\/p>\n\t\t\t\t\t\t\t\t<\/div>\n\t\t\t\t<\/div>\n\t\t\t\t\t<\/div>\n\t\t\t\t<\/div>\n\t\t<div class=\"elementor-element elementor-element-72a10a3 e-flex e-con-boxed e-con e-parent\" data-id=\"72a10a3\" data-element_type=\"container\" data-e-type=\"container\">\n\t\t\t\t\t<div class=\"e-con-inner\">\n\t\t<div class=\"elementor-element elementor-element-62d3e8a e-con-full e-flex e-con e-child\" data-id=\"62d3e8a\" data-element_type=\"container\" data-e-type=\"container\">\n\t\t\t\t<div class=\"elementor-element elementor-element-ec9c72c elementor-widget elementor-widget-text-editor\" data-id=\"ec9c72c\" data-element_type=\"widget\" data-e-type=\"widget\" data-widget_type=\"text-editor.default\">\n\t\t\t\t<div class=\"elementor-widget-container\">\n\t\t\t\t\t\t\t\t\t<h2><strong>Biot: ein Dorf zwischen Tradition, Handwerkskunst und Natur<\/strong><\/h2>\n<p>Biot ist ein sehr h\u00fcbsches traditionelles Dorf an der C\u00f4te d&#8217;Azur, reich an Geschichte und Kulturerbe. Einst ber\u00fchmt f\u00fcr seine T\u00f6pferhandwerker, hat sich das Dorf neu erfunden und ist zu einem Mekka der Glasmacherkunst geworden. Heute zieht Biot dank seiner talentierten Glask\u00fcnstler, deren Kreationen f\u00fcr ihre Originalit\u00e4t und au\u00dfergew\u00f6hnliche Qualit\u00e4t bekannt sind, Besucher aus der ganzen Welt an. Zu den Must-Sees geh\u00f6rt die<strong> Verrerie du Val de Pome<\/strong> von M. Saba, die einzigartige Werke aus Blasenglas bietet, die vollst\u00e4ndig in Frankreich hergestellt wurden. Diese Kreationen sind Sch\u00e4tze, die von handwerklichem Know-how zeugen, das mit Leidenschaft weitergegeben wird.    <\/p>\n<p>Biot liegt nur 20 Minuten von unseren Ferienh\u00e4usern entfernt (<a href=\"http:\/\/www.locations-06.fr\" target=\"_new\" rel=\"noopener\">www.locations-06.fr<\/a>) und ist somit ein ideales Ziel f\u00fcr einen kulturellen und k\u00fcnstlerischen Ausflug. Dar\u00fcber hinaus ist das<strong> Fernand-L\u00e9ger-Museum<\/strong>, das dem ber\u00fchmten Maler gewidmet ist, ein unverzichtbarer Ort. Seine lebendigen und modernen Werke f\u00fcgen sich harmonisch in die k\u00fcnstlerische Atmosph\u00e4re des Dorfes ein.  <\/p>\n<p>Aber Biot beschr\u00e4nkt sich nicht nur auf Kunst und Handwerk: Seine gepflasterten Stra\u00dfen, malerischen B\u00f6gen und der Wochenmarkt machen es zu einem lebendigen und authentischen Dorf. Besucher finden eine warme und typisch provenzalische Atmosph\u00e4re, ideal zum Flanieren oder Verkosten lokaler Produkte. <\/p>\n<p>F\u00fcr Naturliebhaber bietet der <strong>Naturpark des Departements Br\u00e9gui\u00e8res<\/strong> zwischen Biot und Valbonne eine au\u00dfergew\u00f6hnliche Kulisse. Auf einer Fl\u00e4che von 480 Hektar, nur 6 km vom Mittelmeer entfernt, ist dieser Park eine echte gr\u00fcne Umgebung. Dort k\u00f6nnen Sie zahlreiche historische \u00dcberreste entdecken, wie alte M\u00fchlen, Spuren von K\u00f6hlern, die Cinerit-Steinbr\u00fcche von Pierres \u00e0 Four sowie Hinweise auf eine antike r\u00f6mische Pr\u00e4senz.  <\/p>\n<p>Ob Sie sich f\u00fcr Kunst, Geschichte oder Natur begeistern, Biot wird Sie mit seinem einzigartigen Charme und seinen vielf\u00e4ltigen Facetten verf\u00fchren.<\/p>\n\t\t\t\t\t\t\t\t<\/div>\n\t\t\t\t<\/div>\n\t\t\t\t<\/div>\n\t\t<div class=\"elementor-element elementor-element-9d4b99b e-con-full e-flex e-con e-child\" data-id=\"9d4b99b\" data-element_type=\"container\" data-e-type=\"container\">\n\t\t\t\t<div class=\"elementor-element elementor-element-68e0410 elementor-widget elementor-widget-heading\" data-id=\"68e0410\" data-element_type=\"widget\" data-e-type=\"widget\" data-widget_type=\"heading.default\">\n\t\t\t\t<div class=\"elementor-widget-container\">\n\t\t\t\t\t<h2 class=\"elementor-heading-title elementor-size-default\">Das Dorf Biot<\/h2>\t\t\t\t<\/div>\n\t\t\t\t<\/div>\n\t\t\t\t<div class=\"elementor-element elementor-element-98899dd elementor-widget elementor-widget-image\" data-id=\"98899dd\" data-element_type=\"widget\" data-e-type=\"widget\" data-widget_type=\"image.default\">\n\t\t\t\t<div class=\"elementor-widget-container\">\n\t\t\t\t\t\t\t\t\t\t\t\t\t\t\t<img fetchpriority=\"high\" decoding=\"async\" width=\"1024\" height=\"461\" src=\"https:\/\/locations-06.fr\/wp-content\/uploads\/20210118_091946-biot-village-verriers-perche-plus-beaux-detours-france-cote-d-azur-1024x461.jpg\" class=\"attachment-large size-large wp-image-8209\" alt=\"\" srcset=\"https:\/\/locations-06.fr\/wp-content\/uploads\/20210118_091946-biot-village-verriers-perche-plus-beaux-detours-france-cote-d-azur-1024x461.jpg 1024w, https:\/\/locations-06.fr\/wp-content\/uploads\/20210118_091946-biot-village-verriers-perche-plus-beaux-detours-france-cote-d-azur-300x135.jpg 300w, https:\/\/locations-06.fr\/wp-content\/uploads\/20210118_091946-biot-village-verriers-perche-plus-beaux-detours-france-cote-d-azur-768x346.jpg 768w, https:\/\/locations-06.fr\/wp-content\/uploads\/20210118_091946-biot-village-verriers-perche-plus-beaux-detours-france-cote-d-azur-1536x691.jpg 1536w, https:\/\/locations-06.fr\/wp-content\/uploads\/20210118_091946-biot-village-verriers-perche-plus-beaux-detours-france-cote-d-azur.jpg 2000w\" sizes=\"(max-width: 1024px) 100vw, 1024px\" \/>\t\t\t\t\t\t\t\t\t\t\t\t\t\t\t<\/div>\n\t\t\t\t<\/div>\n\t\t\t\t<div class=\"elementor-element elementor-element-0ff89be elementor-widget elementor-widget-image\" data-id=\"0ff89be\" data-element_type=\"widget\" data-e-type=\"widget\" data-widget_type=\"image.default\">\n\t\t\t\t<div class=\"elementor-widget-container\">\n\t\t\t\t\t\t\t\t\t\t\t\t\t\t\t<img decoding=\"async\" width=\"1024\" height=\"461\" src=\"https:\/\/locations-06.fr\/wp-content\/uploads\/20210118_092303-biot-village-verriers-perche-plus-beaux-detours-france-cote-d-azur-1024x461.jpg\" class=\"attachment-large size-large wp-image-8211\" alt=\"\" srcset=\"https:\/\/locations-06.fr\/wp-content\/uploads\/20210118_092303-biot-village-verriers-perche-plus-beaux-detours-france-cote-d-azur-1024x461.jpg 1024w, https:\/\/locations-06.fr\/wp-content\/uploads\/20210118_092303-biot-village-verriers-perche-plus-beaux-detours-france-cote-d-azur-300x135.jpg 300w, https:\/\/locations-06.fr\/wp-content\/uploads\/20210118_092303-biot-village-verriers-perche-plus-beaux-detours-france-cote-d-azur-768x346.jpg 768w, https:\/\/locations-06.fr\/wp-content\/uploads\/20210118_092303-biot-village-verriers-perche-plus-beaux-detours-france-cote-d-azur-1536x691.jpg 1536w, https:\/\/locations-06.fr\/wp-content\/uploads\/20210118_092303-biot-village-verriers-perche-plus-beaux-detours-france-cote-d-azur.jpg 2000w\" sizes=\"(max-width: 1024px) 100vw, 1024px\" \/>\t\t\t\t\t\t\t\t\t\t\t\t\t\t\t<\/div>\n\t\t\t\t<\/div>\n\t\t\t\t<div class=\"elementor-element elementor-element-f2f3ff3 elementor-widget elementor-widget-google_maps\" data-id=\"f2f3ff3\" data-element_type=\"widget\" data-e-type=\"widget\" data-widget_type=\"google_maps.default\">\n\t\t\t\t<div class=\"elementor-widget-container\">\n\t\t\t\t\t\t\t<div class=\"elementor-custom-embed\">\n\t\t\t<iframe loading=\"lazy\"\n\t\t\t\t\tsrc=\"https:\/\/maps.google.com\/maps?q=biot&#038;t=m&#038;z=10&#038;output=embed&#038;iwloc=near\"\n\t\t\t\t\ttitle=\"biot\"\n\t\t\t\t\taria-label=\"biot\"\n\t\t\t><\/iframe>\n\t\t<\/div>\n\t\t\t\t\t\t<\/div>\n\t\t\t\t<\/div>\n\t\t\t\t<\/div>\n\t\t\t\t\t<\/div>\n\t\t\t\t<\/div>\n\t\t<div class=\"elementor-element elementor-element-3eaa8811 e-flex e-con-boxed e-con e-parent\" data-id=\"3eaa8811\" data-element_type=\"container\" data-e-type=\"container\">\n\t\t\t\t\t<div class=\"e-con-inner\">\n\t\t<div class=\"elementor-element elementor-element-7d2344ec e-con-full e-flex e-con e-child\" data-id=\"7d2344ec\" data-element_type=\"container\" data-e-type=\"container\">\n\t\t\t\t<div class=\"elementor-element elementor-element-6598277a elementor-widget elementor-widget-text-editor\" data-id=\"6598277a\" data-element_type=\"widget\" data-e-type=\"widget\" data-widget_type=\"text-editor.default\">\n\t\t\t\t<div class=\"elementor-widget-container\">\n\t\t\t\t\t\t\t\t\t<p>Teilen Sie diesen Artikel in sozialen Netzwerken<\/p>\n\t\t\t\t\t\t\t\t<\/div>\n\t\t\t\t<\/div>\n\t\t\t\t<\/div>\n\t\t<div class=\"elementor-element elementor-element-542cb73a e-con-full e-flex e-con e-child\" data-id=\"542cb73a\" data-element_type=\"container\" data-e-type=\"container\">\n\t\t\t\t<div class=\"elementor-element elementor-element-4fc61b35 elementor-widget elementor-widget-html\" data-id=\"4fc61b35\" data-element_type=\"widget\" data-e-type=\"widget\" data-widget_type=\"html.default\">\n\t\t\t\t<div class=\"elementor-widget-container\">\n\t\t\t\t\t<button class=\"facebook-share-button\" onclick=\"partagerSurFacebook()\">\n    <img decoding=\"async\" src=\"https:\/\/upload.wikimedia.org\/wikipedia\/commons\/5\/51\/Facebook_f_logo_%282019%29.svg\" alt=\"Facebook Logo\" style=\"width:16px; height:16px; vertical-align:middle; margin-right: 8px;\"> Facebook <\/button>\n\n<style>\n    .facebook-share-button {\n        background-color: #1877f2;\n        color: #fff;\n        border: none;\n        padding: 10px 20px;\n        font-size: 16px;\n        font-family: Arial, sans-serif;\n        border-radius: 5px;\n        cursor: pointer;\n        display: inline-flex;\n        align-items: center;\n    }\n    .facebook-share-button:hover {\n        background-color: #155bc3;\n    }\n    .facebook-share-button img {\n        width: 16px;\n        height: 16px;\n    }\n<\/style>\n\n<script>\n    function partagerSurFacebook() {\n        const url = encodeURIComponent(window.location.href);\n        const partageURL = `https:\/\/www.facebook.com\/sharer\/sharer.php?u=${url}`;\n        window.open(partageURL, 'Partager sur Facebook', 'width=600,height=400');\n    }\n<\/script>\n\t\t\t\t<\/div>\n\t\t\t\t<\/div>\n\t\t\t\t<\/div>\n\t\t<div class=\"elementor-element elementor-element-6dad777f e-con-full e-flex e-con e-child\" data-id=\"6dad777f\" data-element_type=\"container\" data-e-type=\"container\">\n\t\t\t\t<div class=\"elementor-element elementor-element-5ba0b379 elementor-widget elementor-widget-html\" data-id=\"5ba0b379\" data-element_type=\"widget\" data-e-type=\"widget\" data-widget_type=\"html.default\">\n\t\t\t\t<div class=\"elementor-widget-container\">\n\t\t\t\t\t<button class=\"instagram-share-button\" onclick=\"ouvrirInstagram()\">\n    <img decoding=\"async\" src=\"https:\/\/upload.wikimedia.org\/wikipedia\/commons\/a\/a5\/Instagram_icon.png\" alt=\"Instagram Logo\" style=\"width:16px; height:16px; vertical-align:middle; margin-right: 8px;\"> Instagram <\/button>\n\n<style>\n    .instagram-share-button {\n        background: radial-gradient(circle at 30% 107%, #fdf497 0%, #fdf497 5%, #fd5949 45%, #d6249f 60%, #285AEB 90%);\n        color: #fff;\n        border: none;\n        padding: 10px 20px;\n        font-size: 16px;\n        font-family: Arial, sans-serif;\n        border-radius: 5px;\n        cursor: pointer;\n        display: inline-flex;\n        align-items: center;\n    }\n    .instagram-share-button:hover {\n        opacity: 0.9;\n    }\n    .instagram-share-button img {\n        width: 16px;\n        height: 16px;\n    }\n<\/style>\n\n<script>\n    function ouvrirInstagram() {\n        const url = encodeURIComponent(window.location.href); \/\/ URL de la page actuelle\n        const instagramProfileURL = `https:\/\/www.instagram.com\/?url=${url}`; \/\/ Redirige vers Instagram\n        window.open(instagramProfileURL, 'Partager sur Instagram', 'width=600,height=400');\n    }\n<\/script>\n\t\t\t\t<\/div>\n\t\t\t\t<\/div>\n\t\t\t\t<\/div>\n\t\t<div class=\"elementor-element elementor-element-63f37ecb e-con-full e-flex e-con e-child\" data-id=\"63f37ecb\" data-element_type=\"container\" data-e-type=\"container\">\n\t\t\t\t<div class=\"elementor-element elementor-element-1e19405c elementor-widget elementor-widget-html\" data-id=\"1e19405c\" data-element_type=\"widget\" data-e-type=\"widget\" data-widget_type=\"html.default\">\n\t\t\t\t<div class=\"elementor-widget-container\">\n\t\t\t\t\t<button class=\"twitter-share-button\" onclick=\"partagerSurTwitter()\">\n    <span style=\"display: inline-flex; align-items: center;\">\n        <svg xmlns=\"http:\/\/www.w3.org\/2000\/svg\" width=\"16\" height=\"16\" viewbox=\"0 0 24 24\" fill=\"#fff\" style=\"margin-right: 8px;\">\n            <path d=\"M24 4.557a9.83 9.83 0 0 1-2.828.775 4.932 4.932 0 0 0 2.165-2.724 9.864 9.864 0 0 1-3.127 1.195 4.92 4.92 0 0 0-8.384 4.482A13.978 13.978 0 0 1 1.671 3.149 4.92 4.92 0 0 0 3.195 9.72a4.904 4.904 0 0 1-2.229-.616v.061a4.92 4.92 0 0 0 3.946 4.827 4.936 4.936 0 0 1-2.224.084 4.92 4.92 0 0 0 4.6 3.419A9.868 9.868 0 0 1 0 19.539a13.94 13.94 0 0 0 7.548 2.213c9.057 0 14.007-7.496 14.007-13.986 0-.213-.005-.425-.014-.636A10.012 10.012 0 0 0 24 4.557z\"\/>\n        <\/svg> Twitter <\/span>\n<\/button>\n\n<style>\n    .twitter-share-button {\n        background-color: #1DA1F2;\n        color: #fff;\n        border: none;\n        padding: 10px 20px;\n        font-size: 16px;\n        font-family: Arial, sans-serif;\n        border-radius: 5px;\n        cursor: pointer;\n        display: inline-flex;\n        align-items: center;\n    }\n    .twitter-share-button:hover {\n        background-color: #0d8dd8;\n    }\n<\/style>\n\n<script>\n    function partagerSurTwitter() {\n        const url = encodeURIComponent(window.location.href); \/\/ URL de la page actuelle\n        const texte = encodeURIComponent(\"D\u00e9couvrez cette page incroyable !\"); \/\/ Texte personnalis\u00e9\n        const partageURL = `https:\/\/twitter.com\/intent\/tweet?url=${url}&text=${texte}`;\n        \n        window.open(partageURL, 'Partager sur Twitter', 'width=600,height=400');\n    }\n<\/script>\n\t\t\t\t<\/div>\n\t\t\t\t<\/div>\n\t\t\t\t<\/div>\n\t\t\t\t\t<\/div>\n\t\t\t\t<\/div>\n\t\t<div class=\"elementor-element elementor-element-c064a38 e-flex e-con-boxed e-con e-parent\" data-id=\"c064a38\" data-element_type=\"container\" data-e-type=\"container\">\n\t\t\t\t\t<div class=\"e-con-inner\">\n\t\t\t\t<div class=\"elementor-element elementor-element-ec6ee9d elementor-widget elementor-widget-text-editor\" data-id=\"ec6ee9d\" data-element_type=\"widget\" data-e-type=\"widget\" data-widget_type=\"text-editor.default\">\n\t\t\t\t<div class=\"elementor-widget-container\">\n\t\t\t\t\t\t\t\t\t<p>Besuchen touristischen Ferien Biot<\/p>\n\t\t\t\t\t\t\t\t<\/div>\n\t\t\t\t<\/div>\n\t\t\t\t<div class=\"elementor-element elementor-element-5822afb elementor-widget-divider--view-line elementor-widget elementor-widget-divider\" data-id=\"5822afb\" data-element_type=\"widget\" data-e-type=\"widget\" data-widget_type=\"divider.default\">\n\t\t\t\t<div class=\"elementor-widget-container\">\n\t\t\t\t\t\t\t<div class=\"elementor-divider\">\n\t\t\t<span class=\"elementor-divider-separator\">\n\t\t\t\t\t\t<\/span>\n\t\t<\/div>\n\t\t\t\t\t\t<\/div>\n\t\t\t\t<\/div>\n\t\t\t\t<div class=\"elementor-element elementor-element-a0175f6 elementor-widget elementor-widget-heading\" data-id=\"a0175f6\" data-element_type=\"widget\" data-e-type=\"widget\" data-widget_type=\"heading.default\">\n\t\t\t\t<div class=\"elementor-widget-container\">\n\t\t\t\t\t<h2 class=\"elementor-heading-title elementor-size-default\">Entdecken Sie unsere Lodges und Villen f\u00fcr Ihren Urlaub an der C\u00f4te d\u2019Azur<\/h2>\t\t\t\t<\/div>\n\t\t\t\t<\/div>\n\t\t\t\t\t<\/div>\n\t\t\t\t<\/div>\n\t\t<div class=\"elementor-element elementor-element-d027cb0 e-flex e-con-boxed e-con e-parent\" data-id=\"d027cb0\" data-element_type=\"container\" data-e-type=\"container\">\n\t\t\t\t\t<div class=\"e-con-inner\">\n\t\t<div class=\"elementor-element elementor-element-5bf7caf e-con-full e-flex e-con e-child\" data-id=\"5bf7caf\" data-element_type=\"container\" data-e-type=\"container\">\n\t\t\t\t<div class=\"elementor-element elementor-element-0b569ef elementor-position-top elementor-widget elementor-widget-image-box\" data-id=\"0b569ef\" data-element_type=\"widget\" data-e-type=\"widget\" data-widget_type=\"image-box.default\">\n\t\t\t\t<div class=\"elementor-widget-container\">\n\t\t\t\t\t<div class=\"elementor-image-box-wrapper\"><figure class=\"elementor-image-box-img\"><a href=\"https:\/\/locations-06.fr\/de\/les-oliviers\/\" tabindex=\"-1\"><img decoding=\"async\" src=\"https:\/\/locations-06.fr\/wp-content\/uploads\/elementor\/thumbs\/DSC06337-gite-de-france-cote-d-azur-appartement-cannes-nice-piscine-accueil1-qwwbih06k9q3kns1kdh2zzo5a1jgfeu3kv28xww4pc.jpg\" title=\"gite de france cote d azur appartement cannes nice piscine accueil\" alt=\"gite de france cote d azur appartement cannes nice piscine accueil\" loading=\"lazy\" \/><\/a><\/figure><div class=\"elementor-image-box-content\"><h3 class=\"elementor-image-box-title\"><a href=\"https:\/\/locations-06.fr\/de\/les-oliviers\/\">Les Oliviers<\/a><\/h3><\/div><\/div>\t\t\t\t<\/div>\n\t\t\t\t<\/div>\n\t\t\t\t<\/div>\n\t\t<div class=\"elementor-element elementor-element-2f975a9 e-con-full e-flex e-con e-child\" data-id=\"2f975a9\" data-element_type=\"container\" data-e-type=\"container\">\n\t\t\t\t<div class=\"elementor-element elementor-element-acce6e8 elementor-position-top elementor-widget elementor-widget-image-box\" data-id=\"acce6e8\" data-element_type=\"widget\" data-e-type=\"widget\" data-widget_type=\"image-box.default\">\n\t\t\t\t<div class=\"elementor-widget-container\">\n\t\t\t\t\t<div class=\"elementor-image-box-wrapper\"><figure class=\"elementor-image-box-img\"><a href=\"https:\/\/locations-06.fr\/de\/la-pascaline\/\" tabindex=\"-1\"><img decoding=\"async\" src=\"https:\/\/locations-06.fr\/wp-content\/uploads\/elementor\/thumbs\/Drone-Appartement-A-1-location-gite-de-france-appartement-cote-azur-cannes-accueil-1-qwwbih06k9q3kns1kdh2zzo5a1jgfeu3kv28xww4pc.jpg\" title=\"location gite de france appartement cote azur cannes accueil\" alt=\"location gite de france appartement cote azur cannes accueil\" loading=\"lazy\" \/><\/a><\/figure><div class=\"elementor-image-box-content\"><h3 class=\"elementor-image-box-title\"><a href=\"https:\/\/locations-06.fr\/de\/la-pascaline\/\">La Pascaline<\/a><\/h3><\/div><\/div>\t\t\t\t<\/div>\n\t\t\t\t<\/div>\n\t\t\t\t<\/div>\n\t\t<div class=\"elementor-element elementor-element-5451f4a e-con-full e-flex e-con e-child\" data-id=\"5451f4a\" data-element_type=\"container\" data-e-type=\"container\">\n\t\t\t\t<div class=\"elementor-element elementor-element-ece61fc elementor-position-top elementor-widget elementor-widget-image-box\" data-id=\"ece61fc\" data-element_type=\"widget\" data-e-type=\"widget\" data-widget_type=\"image-box.default\">\n\t\t\t\t<div class=\"elementor-widget-container\">\n\t\t\t\t\t<div class=\"elementor-image-box-wrapper\"><figure class=\"elementor-image-box-img\"><a href=\"https:\/\/locations-06.fr\/de\/la-maison-de-noelie-erdgeschoss\/\" tabindex=\"-1\"><img decoding=\"async\" src=\"https:\/\/locations-06.fr\/wp-content\/uploads\/elementor\/thumbs\/081a0657-appartement-gite-de-france-cote-d-azur-cannes-nice-antibes-06-accueil-qwwbibd5f9idn008hb1bl13dpqb9587pk35c294hqo.jpg\" title=\"La Maison de No\u00e9lie\" alt=\"La Maison de No\u00e9lie\" loading=\"lazy\" \/><\/a><\/figure><div class=\"elementor-image-box-content\"><h3 class=\"elementor-image-box-title\"><a href=\"https:\/\/locations-06.fr\/de\/la-maison-de-noelie-erdgeschoss\/\">La Maison de No\u00e9lie<\/br>Erdgeschoss<\/a><\/h3><\/div><\/div>\t\t\t\t<\/div>\n\t\t\t\t<\/div>\n\t\t\t\t<\/div>\n\t\t<div class=\"elementor-element elementor-element-682bf02 e-con-full e-flex e-con e-child\" data-id=\"682bf02\" data-element_type=\"container\" data-e-type=\"container\">\n\t\t\t\t<div class=\"elementor-element elementor-element-5959234 elementor-position-top elementor-widget elementor-widget-image-box\" data-id=\"5959234\" data-element_type=\"widget\" data-e-type=\"widget\" data-widget_type=\"image-box.default\">\n\t\t\t\t<div class=\"elementor-widget-container\">\n\t\t\t\t\t<div class=\"elementor-image-box-wrapper\"><figure class=\"elementor-image-box-img\"><a href=\"https:\/\/locations-06.fr\/de\/la-maison-de-noelie-1-stock\/\" tabindex=\"-1\"><img decoding=\"async\" src=\"https:\/\/locations-06.fr\/wp-content\/uploads\/elementor\/thumbs\/081a0657-appartement-gite-de-france-cote-d-azur-cannes-nice-antibes-06-accueil-qwwbibd5f9idn008hb1bl13dpqb9587pk35c294hqo.jpg\" title=\"La Maison de No\u00e9lie\" alt=\"La Maison de No\u00e9lie\" loading=\"lazy\" \/><\/a><\/figure><div class=\"elementor-image-box-content\"><h3 class=\"elementor-image-box-title\"><a href=\"https:\/\/locations-06.fr\/de\/la-maison-de-noelie-1-stock\/\">La Maison de No\u00e9lie <\/br>1<sup>.<\/sup> Stock<\/a><\/h3><\/div><\/div>\t\t\t\t<\/div>\n\t\t\t\t<\/div>\n\t\t\t\t<\/div>\n\t\t<div class=\"elementor-element elementor-element-9eb16f9 e-con-full e-flex e-con e-child\" data-id=\"9eb16f9\" data-element_type=\"container\" data-e-type=\"container\">\n\t\t\t\t<div class=\"elementor-element elementor-element-e984e41 elementor-position-top elementor-widget elementor-widget-image-box\" data-id=\"e984e41\" data-element_type=\"widget\" data-e-type=\"widget\" data-widget_type=\"image-box.default\">\n\t\t\t\t<div class=\"elementor-widget-container\">\n\t\t\t\t\t<div class=\"elementor-image-box-wrapper\"><figure class=\"elementor-image-box-img\"><a href=\"https:\/\/locations-06.fr\/de\/leugenie\/\" tabindex=\"-1\"><img decoding=\"async\" src=\"https:\/\/locations-06.fr\/wp-content\/uploads\/elementor\/thumbs\/20-drone-4-louer-gite-vacances-cote-d-azur-jardin-cannes-nice-cote-d-azur-06-appartement-meuble-sophia-antipolis-opio-direct-particulier-accueil-qwwbibd5f9idn008hb1bl13dpqb9587pk35c294hqo.jpg\" title=\"L&#8217;Eug\u00e9nie\" alt=\"L&#039;Eug\u00e9nie\" loading=\"lazy\" \/><\/a><\/figure><div class=\"elementor-image-box-content\"><h3 class=\"elementor-image-box-title\"><a href=\"https:\/\/locations-06.fr\/de\/leugenie\/\">L'Eug\u00e9nie<\/a><\/h3><\/div><\/div>\t\t\t\t<\/div>\n\t\t\t\t<\/div>\n\t\t\t\t<\/div>\n\t\t<div class=\"elementor-element elementor-element-6fff30e e-con-full e-flex e-con e-child\" data-id=\"6fff30e\" data-element_type=\"container\" data-e-type=\"container\">\n\t\t\t\t<div class=\"elementor-element elementor-element-9ccaf03 elementor-position-top elementor-widget elementor-widget-image-box\" data-id=\"9ccaf03\" data-element_type=\"widget\" data-e-type=\"widget\" data-widget_type=\"image-box.default\">\n\t\t\t\t<div class=\"elementor-widget-container\">\n\t\t\t\t\t<div class=\"elementor-image-box-wrapper\"><figure class=\"elementor-image-box-img\"><a href=\"https:\/\/locations-06.fr\/de\/la-maison-du-paysan\/\" tabindex=\"-1\"><img decoding=\"async\" src=\"https:\/\/locations-06.fr\/wp-content\/uploads\/20221231_134709-gites-maisons-villas-locations-louer-vacances-cote-d-azur-cannes-antibes-grasse-accueil.jpg\" title=\"\" alt=\"La maison du paysan\" loading=\"lazy\" \/><\/a><\/figure><div class=\"elementor-image-box-content\"><h3 class=\"elementor-image-box-title\"><a href=\"https:\/\/locations-06.fr\/de\/la-maison-du-paysan\/\">La Maison du Paysan<\/a><\/h3><\/div><\/div>\t\t\t\t<\/div>\n\t\t\t\t<\/div>\n\t\t\t\t<\/div>\n\t\t\t\t\t<\/div>\n\t\t\t\t<\/div>\n\t\t<div class=\"elementor-element elementor-element-6c11486 e-flex e-con-boxed e-con e-parent\" data-id=\"6c11486\" data-element_type=\"container\" data-e-type=\"container\">\n\t\t\t\t\t<div class=\"e-con-inner\">\n\t\t\t\t<div class=\"elementor-element elementor-element-c718ecd elementor-widget elementor-widget-spacer\" data-id=\"c718ecd\" data-element_type=\"widget\" data-e-type=\"widget\" data-widget_type=\"spacer.default\">\n\t\t\t\t<div class=\"elementor-widget-container\">\n\t\t\t\t\t\t\t<div class=\"elementor-spacer\">\n\t\t\t<div class=\"elementor-spacer-inner\"><\/div>\n\t\t<\/div>\n\t\t\t\t\t\t<\/div>\n\t\t\t\t<\/div>\n\t\t\t\t\t<\/div>\n\t\t\t\t<\/div>\n\t\t\t\t<\/div>\n\t\t","protected":false},"excerpt":{"rendered":"<p>Besuchen touristischen Ferien Biot Besuch von Biot, einem der sch\u00f6nsten Umwege Frankreichs, dem Dorf der Glasmacheran der franz\u00f6sischen Riviera Besuch von Biot Biot: ein Dorf zwischen Tradition, Handwerkskunst und Natur Biot ist ein sehr h\u00fcbsches traditionelles Dorf an der C\u00f4te d&#8217;Azur, reich an Geschichte und Kulturerbe. Einst ber\u00fchmt f\u00fcr seine T\u00f6pferhandwerker, hat sich das Dorf [&hellip;]<\/p>\n","protected":false},"author":2,"featured_media":8209,"parent":0,"menu_order":0,"comment_status":"closed","ping_status":"closed","template":"","meta":{"site-sidebar-layout":"no-sidebar","site-content-layout":"","ast-site-content-layout":"full-width-container","site-content-style":"default","site-sidebar-style":"default","ast-global-header-display":"","ast-banner-title-visibility":"","ast-main-header-display":"","ast-hfb-above-header-display":"","ast-hfb-below-header-display":"","ast-hfb-mobile-header-display":"","site-post-title":"disabled","ast-breadcrumbs-content":"","ast-featured-img":"disabled","footer-sml-layout":"","ast-disable-related-posts":"","theme-transparent-header-meta":"","adv-header-id-meta":"","stick-header-meta":"","header-above-stick-meta":"","header-main-stick-meta":"","header-below-stick-meta":"","astra-migrate-meta-layouts":"default","ast-page-background-enabled":"default","ast-page-background-meta":{"desktop":{"background-color":"var(--ast-global-color-4)","background-image":"","background-repeat":"repeat","background-position":"center center","background-size":"auto","background-attachment":"scroll","background-type":"","background-media":"","overlay-type":"","overlay-color":"","overlay-opacity":"","overlay-gradient":""},"tablet":{"background-color":"","background-image":"","background-repeat":"repeat","background-position":"center center","background-size":"auto","background-attachment":"scroll","background-type":"","background-media":"","overlay-type":"","overlay-color":"","overlay-opacity":"","overlay-gradient":""},"mobile":{"background-color":"","background-image":"","background-repeat":"repeat","background-position":"center center","background-size":"auto","background-attachment":"scroll","background-type":"","background-media":"","overlay-type":"","overlay-color":"","overlay-opacity":"","overlay-gradient":""}},"ast-content-background-meta":{"desktop":{"background-color":"var(--ast-global-color-5)","background-image":"","background-repeat":"repeat","background-position":"center center","background-size":"auto","background-attachment":"scroll","background-type":"","background-media":"","overlay-type":"","overlay-color":"","overlay-opacity":"","overlay-gradient":""},"tablet":{"background-color":"var(--ast-global-color-5)","background-image":"","background-repeat":"repeat","background-position":"center center","background-size":"auto","background-attachment":"scroll","background-type":"","background-media":"","overlay-type":"","overlay-color":"","overlay-opacity":"","overlay-gradient":""},"mobile":{"background-color":"var(--ast-global-color-5)","background-image":"","background-repeat":"repeat","background-position":"center center","background-size":"auto","background-attachment":"scroll","background-type":"","background-media":"","overlay-type":"","overlay-color":"","overlay-opacity":"","overlay-gradient":""}},"footnotes":""},"class_list":["post-13247","page","type-page","status-publish","has-post-thumbnail","hentry"],"yoast_head":"<!-- This site is optimized with the Yoast SEO plugin v27.5 - https:\/\/yoast.com\/product\/yoast-seo-wordpress\/ -->\n<title>Besuchen Biot Tourisme Vacances plus Beaux D\u00e9tours Frankreich<\/title>\n<meta name=\"description\" content=\"Besuchen Sie den Ferientourismus Biot, der zu den sch\u00f6nsten Umwegen Frankreichs z\u00e4hlt, einem Glasmacherdorf an der C\u00f4te d&#039;Azur. Locations-06.fr Ferienh\u00e4user\" \/>\n<meta name=\"robots\" content=\"index, follow, max-snippet:-1, max-image-preview:large, max-video-preview:-1\" \/>\n<link rel=\"canonical\" href=\"https:\/\/locations-06.fr\/de\/besuch-in-biot-einem-dorf-der-glasmacher-an-der-cote-dazur-das-zu-den-schonsten-umwegen-frankreichs-zahlt\/\" \/>\n<meta property=\"og:locale\" content=\"de_DE\" \/>\n<meta property=\"og:type\" content=\"article\" \/>\n<meta property=\"og:title\" content=\"Besuchen Biot Tourisme Vacances plus Beaux D\u00e9tours Frankreich\" \/>\n<meta property=\"og:description\" content=\"Besuchen Sie den Ferientourismus Biot, der zu den sch\u00f6nsten Umwegen Frankreichs z\u00e4hlt, einem Glasmacherdorf an der C\u00f4te d&#039;Azur. Locations-06.fr Ferienh\u00e4user\" \/>\n<meta property=\"og:url\" content=\"https:\/\/locations-06.fr\/de\/besuch-in-biot-einem-dorf-der-glasmacher-an-der-cote-dazur-das-zu-den-schonsten-umwegen-frankreichs-zahlt\/\" \/>\n<meta property=\"og:site_name\" content=\"Locations-06.fr\" \/>\n<meta property=\"article:publisher\" content=\"https:\/\/www.facebook.com\/pascalecodera0632755107\" \/>\n<meta property=\"article:modified_time\" content=\"2024-12-15T17:18:24+00:00\" \/>\n<meta property=\"og:image\" content=\"https:\/\/locations-06.fr\/wp-content\/uploads\/20210118_091946-biot-village-verriers-perche-plus-beaux-detours-france-cote-d-azur.jpg\" \/>\n\t<meta property=\"og:image:width\" content=\"2000\" \/>\n\t<meta property=\"og:image:height\" content=\"900\" \/>\n\t<meta property=\"og:image:type\" content=\"image\/jpeg\" \/>\n<meta name=\"twitter:card\" content=\"summary_large_image\" \/>\n<meta name=\"twitter:site\" content=\"@locations06\" \/>\n<meta name=\"twitter:label1\" content=\"Gesch\u00e4tzte Lesezeit\" \/>\n\t<meta name=\"twitter:data1\" content=\"3\u00a0Minuten\" \/>\n<script type=\"application\/ld+json\" class=\"yoast-schema-graph\">{\"@context\":\"https:\\\/\\\/schema.org\",\"@graph\":[{\"@type\":\"WebPage\",\"@id\":\"https:\\\/\\\/locations-06.fr\\\/de\\\/besuch-in-biot-einem-dorf-der-glasmacher-an-der-cote-dazur-das-zu-den-schonsten-umwegen-frankreichs-zahlt\\\/\",\"url\":\"https:\\\/\\\/locations-06.fr\\\/de\\\/besuch-in-biot-einem-dorf-der-glasmacher-an-der-cote-dazur-das-zu-den-schonsten-umwegen-frankreichs-zahlt\\\/\",\"name\":\"Besuchen Biot Tourisme Vacances plus Beaux D\u00e9tours Frankreich\",\"isPartOf\":{\"@id\":\"https:\\\/\\\/locations-06.fr\\\/de\\\/#website\"},\"primaryImageOfPage\":{\"@id\":\"https:\\\/\\\/locations-06.fr\\\/de\\\/besuch-in-biot-einem-dorf-der-glasmacher-an-der-cote-dazur-das-zu-den-schonsten-umwegen-frankreichs-zahlt\\\/#primaryimage\"},\"image\":{\"@id\":\"https:\\\/\\\/locations-06.fr\\\/de\\\/besuch-in-biot-einem-dorf-der-glasmacher-an-der-cote-dazur-das-zu-den-schonsten-umwegen-frankreichs-zahlt\\\/#primaryimage\"},\"thumbnailUrl\":\"https:\\\/\\\/locations-06.fr\\\/wp-content\\\/uploads\\\/20210118_091946-biot-village-verriers-perche-plus-beaux-detours-france-cote-d-azur.jpg\",\"datePublished\":\"2023-12-29T12:53:14+00:00\",\"dateModified\":\"2024-12-15T17:18:24+00:00\",\"description\":\"Besuchen Sie den Ferientourismus Biot, der zu den sch\u00f6nsten Umwegen Frankreichs z\u00e4hlt, einem Glasmacherdorf an der C\u00f4te d'Azur. Locations-06.fr Ferienh\u00e4user\",\"breadcrumb\":{\"@id\":\"https:\\\/\\\/locations-06.fr\\\/de\\\/besuch-in-biot-einem-dorf-der-glasmacher-an-der-cote-dazur-das-zu-den-schonsten-umwegen-frankreichs-zahlt\\\/#breadcrumb\"},\"inLanguage\":\"de\",\"potentialAction\":[{\"@type\":\"ReadAction\",\"target\":[\"https:\\\/\\\/locations-06.fr\\\/de\\\/besuch-in-biot-einem-dorf-der-glasmacher-an-der-cote-dazur-das-zu-den-schonsten-umwegen-frankreichs-zahlt\\\/\"]}]},{\"@type\":\"ImageObject\",\"inLanguage\":\"de\",\"@id\":\"https:\\\/\\\/locations-06.fr\\\/de\\\/besuch-in-biot-einem-dorf-der-glasmacher-an-der-cote-dazur-das-zu-den-schonsten-umwegen-frankreichs-zahlt\\\/#primaryimage\",\"url\":\"https:\\\/\\\/locations-06.fr\\\/wp-content\\\/uploads\\\/20210118_091946-biot-village-verriers-perche-plus-beaux-detours-france-cote-d-azur.jpg\",\"contentUrl\":\"https:\\\/\\\/locations-06.fr\\\/wp-content\\\/uploads\\\/20210118_091946-biot-village-verriers-perche-plus-beaux-detours-france-cote-d-azur.jpg\",\"width\":2000,\"height\":900},{\"@type\":\"BreadcrumbList\",\"@id\":\"https:\\\/\\\/locations-06.fr\\\/de\\\/besuch-in-biot-einem-dorf-der-glasmacher-an-der-cote-dazur-das-zu-den-schonsten-umwegen-frankreichs-zahlt\\\/#breadcrumb\",\"itemListElement\":[{\"@type\":\"ListItem\",\"position\":1,\"name\":\"Accueil\",\"item\":\"https:\\\/\\\/locations-06.fr\\\/de\\\/\"},{\"@type\":\"ListItem\",\"position\":2,\"name\":\"Besuch in Biot, einem Dorf der Glasmacher an der C\u00f4te d&rsquo;Azur, das zu den sch\u00f6nsten Umwegen Frankreichs z\u00e4hlt\"}]},{\"@type\":\"WebSite\",\"@id\":\"https:\\\/\\\/locations-06.fr\\\/de\\\/#website\",\"url\":\"https:\\\/\\\/locations-06.fr\\\/de\\\/\",\"name\":\"Locations-06.fr\",\"description\":\"Locations Gites en France sur la C\u00f4te d&#039;Azur - Appartements et Villas - gite, location de vacances et pas cher\",\"publisher\":{\"@id\":\"https:\\\/\\\/locations-06.fr\\\/de\\\/#organization\"},\"alternateName\":\"Locations-06.fr\",\"potentialAction\":[{\"@type\":\"SearchAction\",\"target\":{\"@type\":\"EntryPoint\",\"urlTemplate\":\"https:\\\/\\\/locations-06.fr\\\/de\\\/?s={search_term_string}\"},\"query-input\":{\"@type\":\"PropertyValueSpecification\",\"valueRequired\":true,\"valueName\":\"search_term_string\"}}],\"inLanguage\":\"de\"},{\"@type\":\"Organization\",\"@id\":\"https:\\\/\\\/locations-06.fr\\\/de\\\/#organization\",\"name\":\"Locations-06.fr\",\"alternateName\":\"Locations-06.fr\",\"url\":\"https:\\\/\\\/locations-06.fr\\\/de\\\/\",\"logo\":{\"@type\":\"ImageObject\",\"inLanguage\":\"de\",\"@id\":\"https:\\\/\\\/locations-06.fr\\\/de\\\/#\\\/schema\\\/logo\\\/image\\\/\",\"url\":\"https:\\\/\\\/locations-06.fr\\\/wp-content\\\/uploads\\\/location-06-logo.png\",\"contentUrl\":\"https:\\\/\\\/locations-06.fr\\\/wp-content\\\/uploads\\\/location-06-logo.png\",\"width\":180,\"height\":105,\"caption\":\"Locations-06.fr\"},\"image\":{\"@id\":\"https:\\\/\\\/locations-06.fr\\\/de\\\/#\\\/schema\\\/logo\\\/image\\\/\"},\"sameAs\":[\"https:\\\/\\\/www.facebook.com\\\/pascalecodera0632755107\",\"https:\\\/\\\/x.com\\\/locations06\",\"https:\\\/\\\/www.instagram.com\\\/locations_06\\\/?hl=fr\"]}]}<\/script>\n<!-- \/ Yoast SEO plugin. -->","yoast_head_json":{"title":"Besuchen Biot Tourisme Vacances plus Beaux D\u00e9tours Frankreich","description":"Besuchen Sie den Ferientourismus Biot, der zu den sch\u00f6nsten Umwegen Frankreichs z\u00e4hlt, einem Glasmacherdorf an der C\u00f4te d'Azur. Locations-06.fr Ferienh\u00e4user","robots":{"index":"index","follow":"follow","max-snippet":"max-snippet:-1","max-image-preview":"max-image-preview:large","max-video-preview":"max-video-preview:-1"},"canonical":"https:\/\/locations-06.fr\/de\/besuch-in-biot-einem-dorf-der-glasmacher-an-der-cote-dazur-das-zu-den-schonsten-umwegen-frankreichs-zahlt\/","og_locale":"de_DE","og_type":"article","og_title":"Besuchen Biot Tourisme Vacances plus Beaux D\u00e9tours Frankreich","og_description":"Besuchen Sie den Ferientourismus Biot, der zu den sch\u00f6nsten Umwegen Frankreichs z\u00e4hlt, einem Glasmacherdorf an der C\u00f4te d'Azur. Locations-06.fr Ferienh\u00e4user","og_url":"https:\/\/locations-06.fr\/de\/besuch-in-biot-einem-dorf-der-glasmacher-an-der-cote-dazur-das-zu-den-schonsten-umwegen-frankreichs-zahlt\/","og_site_name":"Locations-06.fr","article_publisher":"https:\/\/www.facebook.com\/pascalecodera0632755107","article_modified_time":"2024-12-15T17:18:24+00:00","og_image":[{"width":2000,"height":900,"url":"https:\/\/locations-06.fr\/wp-content\/uploads\/20210118_091946-biot-village-verriers-perche-plus-beaux-detours-france-cote-d-azur.jpg","type":"image\/jpeg"}],"twitter_card":"summary_large_image","twitter_site":"@locations06","twitter_misc":{"Gesch\u00e4tzte Lesezeit":"3\u00a0Minuten"},"schema":{"@context":"https:\/\/schema.org","@graph":[{"@type":"WebPage","@id":"https:\/\/locations-06.fr\/de\/besuch-in-biot-einem-dorf-der-glasmacher-an-der-cote-dazur-das-zu-den-schonsten-umwegen-frankreichs-zahlt\/","url":"https:\/\/locations-06.fr\/de\/besuch-in-biot-einem-dorf-der-glasmacher-an-der-cote-dazur-das-zu-den-schonsten-umwegen-frankreichs-zahlt\/","name":"Besuchen Biot Tourisme Vacances plus Beaux D\u00e9tours Frankreich","isPartOf":{"@id":"https:\/\/locations-06.fr\/de\/#website"},"primaryImageOfPage":{"@id":"https:\/\/locations-06.fr\/de\/besuch-in-biot-einem-dorf-der-glasmacher-an-der-cote-dazur-das-zu-den-schonsten-umwegen-frankreichs-zahlt\/#primaryimage"},"image":{"@id":"https:\/\/locations-06.fr\/de\/besuch-in-biot-einem-dorf-der-glasmacher-an-der-cote-dazur-das-zu-den-schonsten-umwegen-frankreichs-zahlt\/#primaryimage"},"thumbnailUrl":"https:\/\/locations-06.fr\/wp-content\/uploads\/20210118_091946-biot-village-verriers-perche-plus-beaux-detours-france-cote-d-azur.jpg","datePublished":"2023-12-29T12:53:14+00:00","dateModified":"2024-12-15T17:18:24+00:00","description":"Besuchen Sie den Ferientourismus Biot, der zu den sch\u00f6nsten Umwegen Frankreichs z\u00e4hlt, einem Glasmacherdorf an der C\u00f4te d'Azur. Locations-06.fr Ferienh\u00e4user","breadcrumb":{"@id":"https:\/\/locations-06.fr\/de\/besuch-in-biot-einem-dorf-der-glasmacher-an-der-cote-dazur-das-zu-den-schonsten-umwegen-frankreichs-zahlt\/#breadcrumb"},"inLanguage":"de","potentialAction":[{"@type":"ReadAction","target":["https:\/\/locations-06.fr\/de\/besuch-in-biot-einem-dorf-der-glasmacher-an-der-cote-dazur-das-zu-den-schonsten-umwegen-frankreichs-zahlt\/"]}]},{"@type":"ImageObject","inLanguage":"de","@id":"https:\/\/locations-06.fr\/de\/besuch-in-biot-einem-dorf-der-glasmacher-an-der-cote-dazur-das-zu-den-schonsten-umwegen-frankreichs-zahlt\/#primaryimage","url":"https:\/\/locations-06.fr\/wp-content\/uploads\/20210118_091946-biot-village-verriers-perche-plus-beaux-detours-france-cote-d-azur.jpg","contentUrl":"https:\/\/locations-06.fr\/wp-content\/uploads\/20210118_091946-biot-village-verriers-perche-plus-beaux-detours-france-cote-d-azur.jpg","width":2000,"height":900},{"@type":"BreadcrumbList","@id":"https:\/\/locations-06.fr\/de\/besuch-in-biot-einem-dorf-der-glasmacher-an-der-cote-dazur-das-zu-den-schonsten-umwegen-frankreichs-zahlt\/#breadcrumb","itemListElement":[{"@type":"ListItem","position":1,"name":"Accueil","item":"https:\/\/locations-06.fr\/de\/"},{"@type":"ListItem","position":2,"name":"Besuch in Biot, einem Dorf der Glasmacher an der C\u00f4te d&rsquo;Azur, das zu den sch\u00f6nsten Umwegen Frankreichs z\u00e4hlt"}]},{"@type":"WebSite","@id":"https:\/\/locations-06.fr\/de\/#website","url":"https:\/\/locations-06.fr\/de\/","name":"Locations-06.fr","description":"Locations Gites en France sur la C\u00f4te d&#039;Azur - Appartements et Villas - gite, location de vacances et pas cher","publisher":{"@id":"https:\/\/locations-06.fr\/de\/#organization"},"alternateName":"Locations-06.fr","potentialAction":[{"@type":"SearchAction","target":{"@type":"EntryPoint","urlTemplate":"https:\/\/locations-06.fr\/de\/?s={search_term_string}"},"query-input":{"@type":"PropertyValueSpecification","valueRequired":true,"valueName":"search_term_string"}}],"inLanguage":"de"},{"@type":"Organization","@id":"https:\/\/locations-06.fr\/de\/#organization","name":"Locations-06.fr","alternateName":"Locations-06.fr","url":"https:\/\/locations-06.fr\/de\/","logo":{"@type":"ImageObject","inLanguage":"de","@id":"https:\/\/locations-06.fr\/de\/#\/schema\/logo\/image\/","url":"https:\/\/locations-06.fr\/wp-content\/uploads\/location-06-logo.png","contentUrl":"https:\/\/locations-06.fr\/wp-content\/uploads\/location-06-logo.png","width":180,"height":105,"caption":"Locations-06.fr"},"image":{"@id":"https:\/\/locations-06.fr\/de\/#\/schema\/logo\/image\/"},"sameAs":["https:\/\/www.facebook.com\/pascalecodera0632755107","https:\/\/x.com\/locations06","https:\/\/www.instagram.com\/locations_06\/?hl=fr"]}]}},"_links":{"self":[{"href":"https:\/\/locations-06.fr\/de\/wp-json\/wp\/v2\/pages\/13247","targetHints":{"allow":["GET"]}}],"collection":[{"href":"https:\/\/locations-06.fr\/de\/wp-json\/wp\/v2\/pages"}],"about":[{"href":"https:\/\/locations-06.fr\/de\/wp-json\/wp\/v2\/types\/page"}],"author":[{"embeddable":true,"href":"https:\/\/locations-06.fr\/de\/wp-json\/wp\/v2\/users\/2"}],"replies":[{"embeddable":true,"href":"https:\/\/locations-06.fr\/de\/wp-json\/wp\/v2\/comments?post=13247"}],"version-history":[{"count":6,"href":"https:\/\/locations-06.fr\/de\/wp-json\/wp\/v2\/pages\/13247\/revisions"}],"predecessor-version":[{"id":16979,"href":"https:\/\/locations-06.fr\/de\/wp-json\/wp\/v2\/pages\/13247\/revisions\/16979"}],"wp:featuredmedia":[{"embeddable":true,"href":"https:\/\/locations-06.fr\/de\/wp-json\/wp\/v2\/media\/8209"}],"wp:attachment":[{"href":"https:\/\/locations-06.fr\/de\/wp-json\/wp\/v2\/media?parent=13247"}],"curies":[{"name":"wp","href":"https:\/\/api.w.org\/{rel}","templated":true}]}}