{"id":13228,"date":"2023-12-29T13:49:57","date_gmt":"2023-12-29T12:49:57","guid":{"rendered":"https:\/\/locations-06.fr\/sonderangebote-last-minute-angebote-ferienwohnungen-an-der-cote-dazur\/"},"modified":"2026-04-08T15:51:08","modified_gmt":"2026-04-08T13:51:08","slug":"sonderangebote-last-minute-angebote-ferienwohnungen-an-der-cote-dazur","status":"publish","type":"page","link":"https:\/\/locations-06.fr\/de\/sonderangebote-last-minute-angebote-ferienwohnungen-an-der-cote-dazur\/","title":{"rendered":"Sonderangebote &#8211; Last-Minute-Angebote &#8211; Ferienwohnungen an der C\u00f4te d&#8217;Azur."},"content":{"rendered":"\t\t<div data-elementor-type=\"wp-page\" data-elementor-id=\"13228\" class=\"elementor elementor-13228 elementor-65\">\n\t\t\t\t<div class=\"elementor-element elementor-element-1a041b7 e-flex e-con-boxed e-con e-parent\" data-id=\"1a041b7\" data-element_type=\"container\" data-e-type=\"container\">\n\t\t\t\t\t<div class=\"e-con-inner\">\n\t\t\t\t<div class=\"elementor-element elementor-element-f5f6bb5 elementor-widget elementor-widget-text-editor\" data-id=\"f5f6bb5\" data-element_type=\"widget\" data-e-type=\"widget\" data-widget_type=\"text-editor.default\">\n\t\t\t\t<div class=\"elementor-widget-container\">\n\t\t\t\t\t\t\t\t\t<p>Urlaubsangebote an der C\u00f4te d&#8217;Azur<\/p>\t\t\t\t\t\t\t\t<\/div>\n\t\t\t\t<\/div>\n\t\t\t\t<div class=\"elementor-element elementor-element-beb7ae3 elementor-widget elementor-widget-heading\" data-id=\"beb7ae3\" data-element_type=\"widget\" data-e-type=\"widget\" data-widget_type=\"heading.default\">\n\t\t\t\t<div class=\"elementor-widget-container\">\n\t\t\t\t\t<h1 class=\"elementor-heading-title elementor-size-default\">Sonderangebote - Last-Minute-Angebote - Ferienwohnungen an der C\u00f4te d'Azur.<\/h1>\t\t\t\t<\/div>\n\t\t\t\t<\/div>\n\t\t\t\t\t<\/div>\n\t\t\t\t<\/div>\n\t\t<div class=\"elementor-element elementor-element-75ff665 e-flex e-con-boxed e-con e-parent\" data-id=\"75ff665\" data-element_type=\"container\" data-e-type=\"container\">\n\t\t\t\t\t<div class=\"e-con-inner\">\n\t\t\t\t<div class=\"elementor-element elementor-element-80f7f12 elementor-widget elementor-widget-text-editor\" data-id=\"80f7f12\" data-element_type=\"widget\" data-e-type=\"widget\" data-widget_type=\"text-editor.default\">\n\t\t\t\t<div class=\"elementor-widget-container\">\n\t\t\t\t\t\t\t\t\t<h2>Last-Minute-Angebote, Ferienh\u00e4user und Ferienwohnungen an der C\u00f4te d&#8217;Azur in der N\u00e4he von Cannes, Nizza und Antibes.<\/h2>\t\t\t\t\t\t\t\t<\/div>\n\t\t\t\t<\/div>\n\t\t\t\t\t<\/div>\n\t\t\t\t<\/div>\n\t\t<div class=\"elementor-element elementor-element-9b06d68 e-flex e-con-boxed e-con e-parent\" data-id=\"9b06d68\" data-element_type=\"container\" data-e-type=\"container\">\n\t\t\t\t\t<div class=\"e-con-inner\">\n\t\t\t\t<div class=\"elementor-element elementor-element-8e78b68 elementor-widget elementor-widget-text-editor\" data-id=\"8e78b68\" data-element_type=\"widget\" data-e-type=\"widget\" data-widget_type=\"text-editor.default\">\n\t\t\t\t<div class=\"elementor-widget-container\">\n\t\t\t\t\t\t\t\t\t<h2>Sonderangebote und Aktionen f\u00fcr Ferienwohnungen an der franz\u00f6sischen Riviera im April f\u00fcr<\/br>die Osterferien<\/h2>\t\t\t\t\t\t\t\t<\/div>\n\t\t\t\t<\/div>\n\t\t\t\t\t<\/div>\n\t\t\t\t<\/div>\n\t\t<div class=\"elementor-element elementor-element-20c07b78 e-flex e-con-boxed e-con e-parent\" data-id=\"20c07b78\" data-element_type=\"container\" data-e-type=\"container\">\n\t\t\t\t\t<div class=\"e-con-inner\">\n\t\t<div class=\"elementor-element elementor-element-52f9f7b e-con-full e-flex e-con e-child\" data-id=\"52f9f7b\" data-element_type=\"container\" data-e-type=\"container\">\n\t\t\t\t<div class=\"elementor-element elementor-element-5891265 elementor-position-top elementor-widget elementor-widget-image-box\" data-id=\"5891265\" data-element_type=\"widget\" data-e-type=\"widget\" data-widget_type=\"image-box.default\">\n\t\t\t\t<div class=\"elementor-widget-container\">\n\t\t\t\t\t<div class=\"elementor-image-box-wrapper\"><figure class=\"elementor-image-box-img\"><a href=\"https:\/\/locations-06.fr\/de\/la-pascaline\/\" target=\"_blank\" tabindex=\"-1\"><img fetchpriority=\"high\" decoding=\"async\" width=\"800\" height=\"600\" src=\"https:\/\/locations-06.fr\/wp-content\/uploads\/Drone-Appartement-A-1-location-gite-de-france-appartement-cote-azur-cannes-accueil-1.jpg\" class=\"attachment-full size-full wp-image-7341\" alt=\"\" srcset=\"https:\/\/locations-06.fr\/wp-content\/uploads\/Drone-Appartement-A-1-location-gite-de-france-appartement-cote-azur-cannes-accueil-1.jpg 800w, https:\/\/locations-06.fr\/wp-content\/uploads\/Drone-Appartement-A-1-location-gite-de-france-appartement-cote-azur-cannes-accueil-1-300x225.jpg 300w, https:\/\/locations-06.fr\/wp-content\/uploads\/Drone-Appartement-A-1-location-gite-de-france-appartement-cote-azur-cannes-accueil-1-768x576.jpg 768w\" sizes=\"(max-width: 800px) 100vw, 800px\" \/><\/a><\/figure><div class=\"elementor-image-box-content\"><h3 class=\"elementor-image-box-title\"><a href=\"https:\/\/locations-06.fr\/de\/la-pascaline\/\" target=\"_blank\">La Pascaline<\/br>Preis pro Nacht<\/a><\/h3><p class=\"elementor-image-box-description\"><p class=\"texte-avec-croix\">90\u20ac<\/p>\n<p class=\"prix-promo\">85\u20ac<\/p><\/p><\/div><\/div>\t\t\t\t<\/div>\n\t\t\t\t<\/div>\n\t\t\t\t<\/div>\n\t\t<div class=\"elementor-element elementor-element-388aa929 e-con-full e-flex e-con e-child\" data-id=\"388aa929\" data-element_type=\"container\" data-e-type=\"container\">\n\t\t\t\t<div class=\"elementor-element elementor-element-b176bc4 elementor-position-top elementor-widget elementor-widget-image-box\" data-id=\"b176bc4\" data-element_type=\"widget\" data-e-type=\"widget\" data-widget_type=\"image-box.default\">\n\t\t\t\t<div class=\"elementor-widget-container\">\n\t\t\t\t\t<div class=\"elementor-image-box-wrapper\"><figure class=\"elementor-image-box-img\"><a href=\"https:\/\/locations-06.fr\/de\/leugenie\/\" target=\"_blank\" tabindex=\"-1\"><img decoding=\"async\" width=\"800\" height=\"600\" src=\"https:\/\/locations-06.fr\/wp-content\/uploads\/081a0657-appartement-gite-de-france-cote-d-azur-cannes-nice-antibes-06-accueil-1.jpg\" class=\"attachment-full size-full wp-image-7343\" alt=\"\" srcset=\"https:\/\/locations-06.fr\/wp-content\/uploads\/081a0657-appartement-gite-de-france-cote-d-azur-cannes-nice-antibes-06-accueil-1.jpg 800w, https:\/\/locations-06.fr\/wp-content\/uploads\/081a0657-appartement-gite-de-france-cote-d-azur-cannes-nice-antibes-06-accueil-1-300x225.jpg 300w, https:\/\/locations-06.fr\/wp-content\/uploads\/081a0657-appartement-gite-de-france-cote-d-azur-cannes-nice-antibes-06-accueil-1-768x576.jpg 768w\" sizes=\"(max-width: 800px) 100vw, 800px\" \/><\/a><\/figure><div class=\"elementor-image-box-content\"><h3 class=\"elementor-image-box-title\"><a href=\"https:\/\/locations-06.fr\/de\/leugenie\/\" target=\"_blank\">La Maison de No\u00e9lie - Erdgeschoss<\/br>pro Nacht<\/a><\/h3><p class=\"elementor-image-box-description\"><p class=\"texte-avec-croix\">90\u20ac<\/p>\n<p class=\"prix-promo\">85\u20ac<\/p><\/p><\/div><\/div>\t\t\t\t<\/div>\n\t\t\t\t<\/div>\n\t\t\t\t<\/div>\n\t\t<div class=\"elementor-element elementor-element-3c9f97ac e-con-full e-flex e-con e-child\" data-id=\"3c9f97ac\" data-element_type=\"container\" data-e-type=\"container\">\n\t\t\t\t<div class=\"elementor-element elementor-element-4180a764 elementor-position-top elementor-widget elementor-widget-image-box\" data-id=\"4180a764\" data-element_type=\"widget\" data-e-type=\"widget\" data-widget_type=\"image-box.default\">\n\t\t\t\t<div class=\"elementor-widget-container\">\n\t\t\t\t\t<div class=\"elementor-image-box-wrapper\"><figure class=\"elementor-image-box-img\"><a href=\"https:\/\/locations-06.fr\/de\/leugenie\/\" target=\"_blank\" tabindex=\"-1\"><img decoding=\"async\" width=\"800\" height=\"600\" src=\"https:\/\/locations-06.fr\/wp-content\/uploads\/081a0657-appartement-gite-de-france-cote-d-azur-cannes-nice-antibes-06-accueil-1.jpg\" class=\"attachment-full size-full wp-image-7343\" alt=\"\" srcset=\"https:\/\/locations-06.fr\/wp-content\/uploads\/081a0657-appartement-gite-de-france-cote-d-azur-cannes-nice-antibes-06-accueil-1.jpg 800w, https:\/\/locations-06.fr\/wp-content\/uploads\/081a0657-appartement-gite-de-france-cote-d-azur-cannes-nice-antibes-06-accueil-1-300x225.jpg 300w, https:\/\/locations-06.fr\/wp-content\/uploads\/081a0657-appartement-gite-de-france-cote-d-azur-cannes-nice-antibes-06-accueil-1-768x576.jpg 768w\" sizes=\"(max-width: 800px) 100vw, 800px\" \/><\/a><\/figure><div class=\"elementor-image-box-content\"><h3 class=\"elementor-image-box-title\"><a href=\"https:\/\/locations-06.fr\/de\/leugenie\/\" target=\"_blank\">La Maison de No\u00e9lie - 1. Stock<\/br>Preis pro Nacht<\/a><\/h3><p class=\"elementor-image-box-description\"><p class=\"texte-avec-croix\">85\u20ac<\/p>\n<p class=\"prix-promo\">80\u20ac<\/p><\/p><\/div><\/div>\t\t\t\t<\/div>\n\t\t\t\t<\/div>\n\t\t\t\t<\/div>\n\t\t<div class=\"elementor-element elementor-element-4dc021b6 e-con-full e-flex e-con e-child\" data-id=\"4dc021b6\" data-element_type=\"container\" data-e-type=\"container\">\n\t\t\t\t<div class=\"elementor-element elementor-element-3541b078 elementor-position-top elementor-widget elementor-widget-image-box\" data-id=\"3541b078\" data-element_type=\"widget\" data-e-type=\"widget\" data-widget_type=\"image-box.default\">\n\t\t\t\t<div class=\"elementor-widget-container\">\n\t\t\t\t\t<div class=\"elementor-image-box-wrapper\"><figure class=\"elementor-image-box-img\"><a href=\"https:\/\/locations-06.fr\/de\/leugenie\/\" target=\"_blank\" tabindex=\"-1\"><img decoding=\"async\" width=\"800\" height=\"600\" src=\"https:\/\/locations-06.fr\/wp-content\/uploads\/20-drone-4-louer-gite-vacances-cote-d-azur-jardin-cannes-nice-cote-d-azur-06-appartement-meuble-sophia-antipolis-opio-direct-particulier-accueil.jpg\" class=\"attachment-full size-full wp-image-7321\" alt=\"\" srcset=\"https:\/\/locations-06.fr\/wp-content\/uploads\/20-drone-4-louer-gite-vacances-cote-d-azur-jardin-cannes-nice-cote-d-azur-06-appartement-meuble-sophia-antipolis-opio-direct-particulier-accueil.jpg 800w, https:\/\/locations-06.fr\/wp-content\/uploads\/20-drone-4-louer-gite-vacances-cote-d-azur-jardin-cannes-nice-cote-d-azur-06-appartement-meuble-sophia-antipolis-opio-direct-particulier-accueil-300x225.jpg 300w, https:\/\/locations-06.fr\/wp-content\/uploads\/20-drone-4-louer-gite-vacances-cote-d-azur-jardin-cannes-nice-cote-d-azur-06-appartement-meuble-sophia-antipolis-opio-direct-particulier-accueil-768x576.jpg 768w\" sizes=\"(max-width: 800px) 100vw, 800px\" \/><\/a><\/figure><div class=\"elementor-image-box-content\"><h3 class=\"elementor-image-box-title\"><a href=\"https:\/\/locations-06.fr\/de\/leugenie\/\" target=\"_blank\">L'Eug\u00e9nie<\/br>Preis pro Nacht<\/a><\/h3><p class=\"elementor-image-box-description\"><p class=\"texte-avec-croix\">130\u20ac<\/p>\n<p class=\"prix-promo\">110\u20ac<\/p><\/p><\/div><\/div>\t\t\t\t<\/div>\n\t\t\t\t<\/div>\n\t\t\t\t<\/div>\n\t\t\t\t\t<\/div>\n\t\t\t\t<\/div>\n\t\t<div class=\"elementor-element elementor-element-16f4cd29 e-flex e-con-boxed e-con e-parent\" data-id=\"16f4cd29\" data-element_type=\"container\" data-e-type=\"container\">\n\t\t\t\t\t<div class=\"e-con-inner\">\n\t\t<div class=\"elementor-element elementor-element-67cc6ef0 e-con-full e-flex e-con e-child\" data-id=\"67cc6ef0\" data-element_type=\"container\" data-e-type=\"container\">\n\t\t\t\t<div class=\"elementor-element elementor-element-1eef97e elementor-position-top elementor-widget elementor-widget-image-box\" data-id=\"1eef97e\" data-element_type=\"widget\" data-e-type=\"widget\" data-widget_type=\"image-box.default\">\n\t\t\t\t<div class=\"elementor-widget-container\">\n\t\t\t\t\t<div class=\"elementor-image-box-wrapper\"><figure class=\"elementor-image-box-img\"><a href=\"https:\/\/locations-06.fr\/de\/la-maison-du-paysan\/\" target=\"_blank\" tabindex=\"-1\"><img loading=\"lazy\" decoding=\"async\" width=\"800\" height=\"600\" src=\"https:\/\/locations-06.fr\/wp-content\/uploads\/location-maison-vancances-cote-dazur-direct-proprietaire-accueil.jpg\" class=\"attachment-full size-full wp-image-27562\" alt=\"\" srcset=\"https:\/\/locations-06.fr\/wp-content\/uploads\/location-maison-vancances-cote-dazur-direct-proprietaire-accueil.jpg 800w, https:\/\/locations-06.fr\/wp-content\/uploads\/location-maison-vancances-cote-dazur-direct-proprietaire-accueil-300x225.jpg 300w, https:\/\/locations-06.fr\/wp-content\/uploads\/location-maison-vancances-cote-dazur-direct-proprietaire-accueil-768x576.jpg 768w\" sizes=\"(max-width: 800px) 100vw, 800px\" \/><\/a><\/figure><div class=\"elementor-image-box-content\"><h3 class=\"elementor-image-box-title\"><a href=\"https:\/\/locations-06.fr\/de\/la-maison-du-paysan\/\" target=\"_blank\">La Maison du Paysan<\/br>Preis pro Nacht<\/a><\/h3><p class=\"elementor-image-box-description\"><p class=\"texte-avec-croix\">145\u20ac<\/p>\n<p class=\"prix-promo\">120\u20ac<\/p><\/p><\/div><\/div>\t\t\t\t<\/div>\n\t\t\t\t<\/div>\n\t\t\t\t<\/div>\n\t\t\t\t\t<\/div>\n\t\t\t\t<\/div>\n\t\t<div class=\"elementor-element elementor-element-e7892d2 e-flex e-con-boxed e-con e-parent\" data-id=\"e7892d2\" data-element_type=\"container\" data-e-type=\"container\">\n\t\t\t\t\t<div class=\"e-con-inner\">\n\t\t\t\t<div class=\"elementor-element elementor-element-4901588 elementor-widget-divider--view-line elementor-widget elementor-widget-divider\" data-id=\"4901588\" data-element_type=\"widget\" data-e-type=\"widget\" data-widget_type=\"divider.default\">\n\t\t\t\t<div class=\"elementor-widget-container\">\n\t\t\t\t\t\t\t<div class=\"elementor-divider\">\n\t\t\t<span class=\"elementor-divider-separator\">\n\t\t\t\t\t\t<\/span>\n\t\t<\/div>\n\t\t\t\t\t\t<\/div>\n\t\t\t\t<\/div>\n\t\t\t\t<div class=\"elementor-element elementor-element-57758f4 elementor-widget elementor-widget-heading\" data-id=\"57758f4\" data-element_type=\"widget\" data-e-type=\"widget\" data-widget_type=\"heading.default\">\n\t\t\t\t<div class=\"elementor-widget-container\">\n\t\t\t\t\t<h2 class=\"elementor-heading-title elementor-size-default\">Entdecken Sie unsere Lodges und Villen f\u00fcr Ihren Urlaub an der C\u00f4te d\u2019Azur<\/h2>\t\t\t\t<\/div>\n\t\t\t\t<\/div>\n\t\t\t\t\t<\/div>\n\t\t\t\t<\/div>\n\t\t<div class=\"elementor-element elementor-element-aee4fe2 e-flex e-con-boxed e-con e-parent\" data-id=\"aee4fe2\" data-element_type=\"container\" data-e-type=\"container\">\n\t\t\t\t\t<div class=\"e-con-inner\">\n\t\t<div class=\"elementor-element elementor-element-a626f0f e-con-full e-flex e-con e-child\" data-id=\"a626f0f\" data-element_type=\"container\" data-e-type=\"container\">\n\t\t\t\t<div class=\"elementor-element elementor-element-09c51f3 elementor-position-top elementor-widget elementor-widget-image-box\" data-id=\"09c51f3\" data-element_type=\"widget\" data-e-type=\"widget\" data-widget_type=\"image-box.default\">\n\t\t\t\t<div class=\"elementor-widget-container\">\n\t\t\t\t\t<div class=\"elementor-image-box-wrapper\"><figure class=\"elementor-image-box-img\"><a href=\"https:\/\/locations-06.fr\/de\/les-oliviers\/\" tabindex=\"-1\"><img decoding=\"async\" src=\"https:\/\/locations-06.fr\/wp-content\/uploads\/elementor\/thumbs\/DSC06337-gite-de-france-cote-d-azur-appartement-cannes-nice-piscine-accueil1-qwwbih06k9q3kns1kdh2zzo5a1jgfeu3kv28xww4pc.jpg\" title=\"gite de france cote d azur appartement cannes nice piscine accueil\" alt=\"gite de france cote d azur appartement cannes nice piscine accueil\" loading=\"lazy\" \/><\/a><\/figure><div class=\"elementor-image-box-content\"><h3 class=\"elementor-image-box-title\"><a href=\"https:\/\/locations-06.fr\/de\/les-oliviers\/\">Les Oliviers<\/a><\/h3><\/div><\/div>\t\t\t\t<\/div>\n\t\t\t\t<\/div>\n\t\t\t\t<\/div>\n\t\t<div class=\"elementor-element elementor-element-d8fb2db e-con-full e-flex e-con e-child\" data-id=\"d8fb2db\" data-element_type=\"container\" data-e-type=\"container\">\n\t\t\t\t<div class=\"elementor-element elementor-element-69448f9 elementor-position-top elementor-widget elementor-widget-image-box\" data-id=\"69448f9\" data-element_type=\"widget\" data-e-type=\"widget\" data-widget_type=\"image-box.default\">\n\t\t\t\t<div class=\"elementor-widget-container\">\n\t\t\t\t\t<div class=\"elementor-image-box-wrapper\"><figure class=\"elementor-image-box-img\"><a href=\"https:\/\/locations-06.fr\/de\/la-pascaline\/\" tabindex=\"-1\"><img decoding=\"async\" src=\"https:\/\/locations-06.fr\/wp-content\/uploads\/elementor\/thumbs\/Drone-Appartement-A-1-location-gite-de-france-appartement-cote-azur-cannes-accueil-1-qwwbih06k9q3kns1kdh2zzo5a1jgfeu3kv28xww4pc.jpg\" title=\"location gite de france appartement cote azur cannes accueil\" alt=\"location gite de france appartement cote azur cannes accueil\" loading=\"lazy\" \/><\/a><\/figure><div class=\"elementor-image-box-content\"><h3 class=\"elementor-image-box-title\"><a href=\"https:\/\/locations-06.fr\/de\/la-pascaline\/\">La Pascaline<\/a><\/h3><\/div><\/div>\t\t\t\t<\/div>\n\t\t\t\t<\/div>\n\t\t\t\t<\/div>\n\t\t<div class=\"elementor-element elementor-element-b0e2ae4 e-con-full e-flex e-con e-child\" data-id=\"b0e2ae4\" data-element_type=\"container\" data-e-type=\"container\">\n\t\t\t\t<div class=\"elementor-element elementor-element-fd27d02 elementor-position-top elementor-widget elementor-widget-image-box\" data-id=\"fd27d02\" data-element_type=\"widget\" data-e-type=\"widget\" data-widget_type=\"image-box.default\">\n\t\t\t\t<div class=\"elementor-widget-container\">\n\t\t\t\t\t<div class=\"elementor-image-box-wrapper\"><figure class=\"elementor-image-box-img\"><a href=\"https:\/\/locations-06.fr\/de\/la-maison-de-noelie-erdgeschoss\/\" tabindex=\"-1\"><img decoding=\"async\" src=\"https:\/\/locations-06.fr\/wp-content\/uploads\/elementor\/thumbs\/081a0657-appartement-gite-de-france-cote-d-azur-cannes-nice-antibes-06-accueil-qwwbibd5f9idn008hb1bl13dpqb9587pk35c294hqo.jpg\" title=\"La Maison de No\u00e9lie\" alt=\"La Maison de No\u00e9lie\" loading=\"lazy\" \/><\/a><\/figure><div class=\"elementor-image-box-content\"><h3 class=\"elementor-image-box-title\"><a href=\"https:\/\/locations-06.fr\/de\/la-maison-de-noelie-erdgeschoss\/\">La Maison de No\u00e9lie<\/br>Erdgeschoss<\/a><\/h3><\/div><\/div>\t\t\t\t<\/div>\n\t\t\t\t<\/div>\n\t\t\t\t<\/div>\n\t\t<div class=\"elementor-element elementor-element-262b4c6 e-con-full e-flex e-con e-child\" data-id=\"262b4c6\" data-element_type=\"container\" data-e-type=\"container\">\n\t\t\t\t<div class=\"elementor-element elementor-element-3e4e812 elementor-position-top elementor-widget elementor-widget-image-box\" data-id=\"3e4e812\" data-element_type=\"widget\" data-e-type=\"widget\" data-widget_type=\"image-box.default\">\n\t\t\t\t<div class=\"elementor-widget-container\">\n\t\t\t\t\t<div class=\"elementor-image-box-wrapper\"><figure class=\"elementor-image-box-img\"><a href=\"https:\/\/locations-06.fr\/de\/la-maison-de-noelie-1-stock\/\" tabindex=\"-1\"><img decoding=\"async\" src=\"https:\/\/locations-06.fr\/wp-content\/uploads\/elementor\/thumbs\/081a0657-appartement-gite-de-france-cote-d-azur-cannes-nice-antibes-06-accueil-qwwbibd5f9idn008hb1bl13dpqb9587pk35c294hqo.jpg\" title=\"La Maison de No\u00e9lie\" alt=\"La Maison de No\u00e9lie\" loading=\"lazy\" \/><\/a><\/figure><div class=\"elementor-image-box-content\"><h3 class=\"elementor-image-box-title\"><a href=\"https:\/\/locations-06.fr\/de\/la-maison-de-noelie-1-stock\/\">La Maison de No\u00e9lie <\/br>1<sup>.<\/sup> Stock<\/a><\/h3><\/div><\/div>\t\t\t\t<\/div>\n\t\t\t\t<\/div>\n\t\t\t\t<\/div>\n\t\t<div class=\"elementor-element elementor-element-6a4c2eb e-con-full e-flex e-con e-child\" data-id=\"6a4c2eb\" data-element_type=\"container\" data-e-type=\"container\">\n\t\t\t\t<div class=\"elementor-element elementor-element-da8439d elementor-position-top elementor-widget elementor-widget-image-box\" data-id=\"da8439d\" data-element_type=\"widget\" data-e-type=\"widget\" data-widget_type=\"image-box.default\">\n\t\t\t\t<div class=\"elementor-widget-container\">\n\t\t\t\t\t<div class=\"elementor-image-box-wrapper\"><figure class=\"elementor-image-box-img\"><a href=\"https:\/\/locations-06.fr\/de\/leugenie\/\" tabindex=\"-1\"><img decoding=\"async\" src=\"https:\/\/locations-06.fr\/wp-content\/uploads\/elementor\/thumbs\/20-drone-4-louer-gite-vacances-cote-d-azur-jardin-cannes-nice-cote-d-azur-06-appartement-meuble-sophia-antipolis-opio-direct-particulier-accueil-qwwbibd5f9idn008hb1bl13dpqb9587pk35c294hqo.jpg\" title=\"L&#8217;Eug\u00e9nie\" alt=\"L&#039;Eug\u00e9nie\" loading=\"lazy\" \/><\/a><\/figure><div class=\"elementor-image-box-content\"><h3 class=\"elementor-image-box-title\"><a href=\"https:\/\/locations-06.fr\/de\/leugenie\/\">L'Eug\u00e9nie<\/a><\/h3><\/div><\/div>\t\t\t\t<\/div>\n\t\t\t\t<\/div>\n\t\t\t\t<\/div>\n\t\t<div class=\"elementor-element elementor-element-0663d4a e-con-full e-flex e-con e-child\" data-id=\"0663d4a\" data-element_type=\"container\" data-e-type=\"container\">\n\t\t\t\t<div class=\"elementor-element elementor-element-57e0691 elementor-position-top elementor-widget elementor-widget-image-box\" data-id=\"57e0691\" data-element_type=\"widget\" data-e-type=\"widget\" data-widget_type=\"image-box.default\">\n\t\t\t\t<div class=\"elementor-widget-container\">\n\t\t\t\t\t<div class=\"elementor-image-box-wrapper\"><figure class=\"elementor-image-box-img\"><a href=\"https:\/\/locations-06.fr\/de\/la-maison-du-paysan\/\" tabindex=\"-1\"><img decoding=\"async\" src=\"https:\/\/locations-06.fr\/wp-content\/uploads\/elementor\/thumbs\/location-maison-vancances-cote-dazur-direct-proprietaire-accueil-rfzu5lks777otcz1bituowp9rvyli1vxjvl7mm0qfk.jpg\" title=\"location-maison-vancances-cote-dazur-direct-proprietaire-accueil\" alt=\"location-maison-vancances-cote-dazur-direct-proprietaire-accueil\" loading=\"lazy\" \/><\/a><\/figure><div class=\"elementor-image-box-content\"><h3 class=\"elementor-image-box-title\"><a href=\"https:\/\/locations-06.fr\/de\/la-maison-du-paysan\/\">La Maison du Paysan<\/a><\/h3><\/div><\/div>\t\t\t\t<\/div>\n\t\t\t\t<\/div>\n\t\t\t\t<\/div>\n\t\t\t\t\t<\/div>\n\t\t\t\t<\/div>\n\t\t<div class=\"elementor-element elementor-element-d3a16ac e-flex e-con-boxed e-con e-parent\" data-id=\"d3a16ac\" data-element_type=\"container\" data-e-type=\"container\">\n\t\t\t\t\t<div class=\"e-con-inner\">\n\t\t\t\t<div class=\"elementor-element elementor-element-92f5c62 elementor-widget elementor-widget-spacer\" data-id=\"92f5c62\" data-element_type=\"widget\" data-e-type=\"widget\" data-widget_type=\"spacer.default\">\n\t\t\t\t<div class=\"elementor-widget-container\">\n\t\t\t\t\t\t\t<div class=\"elementor-spacer\">\n\t\t\t<div class=\"elementor-spacer-inner\"><\/div>\n\t\t<\/div>\n\t\t\t\t\t\t<\/div>\n\t\t\t\t<\/div>\n\t\t\t\t\t<\/div>\n\t\t\t\t<\/div>\n\t\t\t\t<\/div>\n\t\t","protected":false},"excerpt":{"rendered":"<p>Urlaubsangebote an der C\u00f4te d&#8217;Azur Sonderangebote &#8211; Last-Minute-Angebote &#8211; Ferienwohnungen an der C\u00f4te d&#8217;Azur. Last-Minute-Angebote, Ferienh\u00e4user und Ferienwohnungen an der C\u00f4te d&#8217;Azur in der N\u00e4he von Cannes, Nizza und Antibes. Sonderangebote und Aktionen f\u00fcr Ferienwohnungen an der franz\u00f6sischen Riviera im April f\u00fcrdie Osterferien La PascalinePreis pro Nacht 90\u20ac 85\u20ac La Maison de No\u00e9lie &#8211; Erdgeschosspro [&hellip;]<\/p>\n","protected":false},"author":2,"featured_media":7305,"parent":0,"menu_order":0,"comment_status":"closed","ping_status":"closed","template":"","meta":{"site-sidebar-layout":"no-sidebar","site-content-layout":"","ast-site-content-layout":"full-width-container","site-content-style":"default","site-sidebar-style":"default","ast-global-header-display":"","ast-banner-title-visibility":"","ast-main-header-display":"","ast-hfb-above-header-display":"","ast-hfb-below-header-display":"","ast-hfb-mobile-header-display":"","site-post-title":"disabled","ast-breadcrumbs-content":"","ast-featured-img":"disabled","footer-sml-layout":"","ast-disable-related-posts":"","theme-transparent-header-meta":"","adv-header-id-meta":"","stick-header-meta":"","header-above-stick-meta":"","header-main-stick-meta":"","header-below-stick-meta":"","astra-migrate-meta-layouts":"default","ast-page-background-enabled":"default","ast-page-background-meta":{"desktop":{"background-color":"var(--ast-global-color-4)","background-image":"","background-repeat":"repeat","background-position":"center center","background-size":"auto","background-attachment":"scroll","background-type":"","background-media":"","overlay-type":"","overlay-color":"","overlay-opacity":"","overlay-gradient":""},"tablet":{"background-color":"","background-image":"","background-repeat":"repeat","background-position":"center center","background-size":"auto","background-attachment":"scroll","background-type":"","background-media":"","overlay-type":"","overlay-color":"","overlay-opacity":"","overlay-gradient":""},"mobile":{"background-color":"","background-image":"","background-repeat":"repeat","background-position":"center center","background-size":"auto","background-attachment":"scroll","background-type":"","background-media":"","overlay-type":"","overlay-color":"","overlay-opacity":"","overlay-gradient":""}},"ast-content-background-meta":{"desktop":{"background-color":"var(--ast-global-color-5)","background-image":"","background-repeat":"repeat","background-position":"center center","background-size":"auto","background-attachment":"scroll","background-type":"","background-media":"","overlay-type":"","overlay-color":"","overlay-opacity":"","overlay-gradient":""},"tablet":{"background-color":"var(--ast-global-color-5)","background-image":"","background-repeat":"repeat","background-position":"center center","background-size":"auto","background-attachment":"scroll","background-type":"","background-media":"","overlay-type":"","overlay-color":"","overlay-opacity":"","overlay-gradient":""},"mobile":{"background-color":"var(--ast-global-color-5)","background-image":"","background-repeat":"repeat","background-position":"center center","background-size":"auto","background-attachment":"scroll","background-type":"","background-media":"","overlay-type":"","overlay-color":"","overlay-opacity":"","overlay-gradient":""}},"footnotes":""},"class_list":["post-13228","page","type-page","status-publish","has-post-thumbnail","hentry"],"yoast_head":"<!-- This site is optimized with the Yoast SEO plugin v27.4 - https:\/\/yoast.com\/product\/yoast-seo-wordpress\/ -->\n<title>Urlaubsangebote an der C\u00f4te d&#039;Azur - Last-Minute-Angebote<\/title>\n<meta name=\"description\" content=\"Urlaubsangebote an der C\u00f4te d&#039;Azur - Sonderangebote - Last-Minute-Angebote - Ferienunterk\u00fcnfte an der C\u00f4te d&#039;Azur. Locations-06.fr\" \/>\n<meta name=\"robots\" content=\"index, follow, max-snippet:-1, max-image-preview:large, max-video-preview:-1\" \/>\n<link rel=\"canonical\" href=\"https:\/\/locations-06.fr\/de\/sonderangebote-last-minute-angebote-ferienwohnungen-an-der-cote-dazur\/\" \/>\n<meta property=\"og:locale\" content=\"de_DE\" \/>\n<meta property=\"og:type\" content=\"article\" \/>\n<meta property=\"og:title\" content=\"Urlaubsangebote an der C\u00f4te d&#039;Azur - Last-Minute-Angebote\" \/>\n<meta property=\"og:description\" content=\"Urlaubsangebote an der C\u00f4te d&#039;Azur - Sonderangebote - Last-Minute-Angebote - Ferienunterk\u00fcnfte an der C\u00f4te d&#039;Azur. Locations-06.fr\" \/>\n<meta property=\"og:url\" content=\"https:\/\/locations-06.fr\/de\/sonderangebote-last-minute-angebote-ferienwohnungen-an-der-cote-dazur\/\" \/>\n<meta property=\"og:site_name\" content=\"Locations-06.fr\" \/>\n<meta property=\"article:publisher\" content=\"https:\/\/www.facebook.com\/pascalecodera0632755107\" \/>\n<meta property=\"article:modified_time\" content=\"2026-04-08T13:51:08+00:00\" \/>\n<meta property=\"og:image\" content=\"https:\/\/locations-06.fr\/wp-content\/uploads\/locations-06-vacances-cote-d-azur-gites-appartements-cannes-grasse-antibes1.png\" \/>\n\t<meta property=\"og:image:width\" content=\"375\" \/>\n\t<meta property=\"og:image:height\" content=\"220\" \/>\n\t<meta property=\"og:image:type\" content=\"image\/png\" \/>\n<meta name=\"twitter:card\" content=\"summary_large_image\" \/>\n<meta name=\"twitter:site\" content=\"@locations06\" \/>\n<meta name=\"twitter:label1\" content=\"Gesch\u00e4tzte Lesezeit\" \/>\n\t<meta name=\"twitter:data1\" content=\"2\u00a0Minuten\" \/>\n<script type=\"application\/ld+json\" class=\"yoast-schema-graph\">{\"@context\":\"https:\\\/\\\/schema.org\",\"@graph\":[{\"@type\":\"WebPage\",\"@id\":\"https:\\\/\\\/locations-06.fr\\\/de\\\/sonderangebote-last-minute-angebote-ferienwohnungen-an-der-cote-dazur\\\/\",\"url\":\"https:\\\/\\\/locations-06.fr\\\/de\\\/sonderangebote-last-minute-angebote-ferienwohnungen-an-der-cote-dazur\\\/\",\"name\":\"Urlaubsangebote an der C\u00f4te d'Azur - Last-Minute-Angebote\",\"isPartOf\":{\"@id\":\"https:\\\/\\\/locations-06.fr\\\/de\\\/#website\"},\"primaryImageOfPage\":{\"@id\":\"https:\\\/\\\/locations-06.fr\\\/de\\\/sonderangebote-last-minute-angebote-ferienwohnungen-an-der-cote-dazur\\\/#primaryimage\"},\"image\":{\"@id\":\"https:\\\/\\\/locations-06.fr\\\/de\\\/sonderangebote-last-minute-angebote-ferienwohnungen-an-der-cote-dazur\\\/#primaryimage\"},\"thumbnailUrl\":\"https:\\\/\\\/locations-06.fr\\\/wp-content\\\/uploads\\\/locations-06-vacances-cote-d-azur-gites-appartements-cannes-grasse-antibes1.png\",\"datePublished\":\"2023-12-29T12:49:57+00:00\",\"dateModified\":\"2026-04-08T13:51:08+00:00\",\"description\":\"Urlaubsangebote an der C\u00f4te d'Azur - Sonderangebote - Last-Minute-Angebote - Ferienunterk\u00fcnfte an der C\u00f4te d'Azur. Locations-06.fr\",\"breadcrumb\":{\"@id\":\"https:\\\/\\\/locations-06.fr\\\/de\\\/sonderangebote-last-minute-angebote-ferienwohnungen-an-der-cote-dazur\\\/#breadcrumb\"},\"inLanguage\":\"de\",\"potentialAction\":[{\"@type\":\"ReadAction\",\"target\":[\"https:\\\/\\\/locations-06.fr\\\/de\\\/sonderangebote-last-minute-angebote-ferienwohnungen-an-der-cote-dazur\\\/\"]}]},{\"@type\":\"ImageObject\",\"inLanguage\":\"de\",\"@id\":\"https:\\\/\\\/locations-06.fr\\\/de\\\/sonderangebote-last-minute-angebote-ferienwohnungen-an-der-cote-dazur\\\/#primaryimage\",\"url\":\"https:\\\/\\\/locations-06.fr\\\/wp-content\\\/uploads\\\/locations-06-vacances-cote-d-azur-gites-appartements-cannes-grasse-antibes1.png\",\"contentUrl\":\"https:\\\/\\\/locations-06.fr\\\/wp-content\\\/uploads\\\/locations-06-vacances-cote-d-azur-gites-appartements-cannes-grasse-antibes1.png\",\"width\":375,\"height\":220},{\"@type\":\"BreadcrumbList\",\"@id\":\"https:\\\/\\\/locations-06.fr\\\/de\\\/sonderangebote-last-minute-angebote-ferienwohnungen-an-der-cote-dazur\\\/#breadcrumb\",\"itemListElement\":[{\"@type\":\"ListItem\",\"position\":1,\"name\":\"Accueil\",\"item\":\"https:\\\/\\\/locations-06.fr\\\/de\\\/ferienwohnungen-ferienhauser-und-apartments-an-der-franzosischen-riviera-in-der-nahe-von-nizza-antibes-cannes-und-grasse\\\/\"},{\"@type\":\"ListItem\",\"position\":2,\"name\":\"Sonderangebote &#8211; Last-Minute-Angebote &#8211; Ferienwohnungen an der C\u00f4te d&rsquo;Azur.\"}]},{\"@type\":\"WebSite\",\"@id\":\"https:\\\/\\\/locations-06.fr\\\/de\\\/#website\",\"url\":\"https:\\\/\\\/locations-06.fr\\\/de\\\/\",\"name\":\"Locations-06.fr\",\"description\":\"Locations Gites en France sur la C\u00f4te d&#039;Azur - Appartements et Villas - gite, location de vacances et pas cher\",\"publisher\":{\"@id\":\"https:\\\/\\\/locations-06.fr\\\/de\\\/#organization\"},\"alternateName\":\"Locations-06.fr\",\"potentialAction\":[{\"@type\":\"SearchAction\",\"target\":{\"@type\":\"EntryPoint\",\"urlTemplate\":\"https:\\\/\\\/locations-06.fr\\\/de\\\/?s={search_term_string}\"},\"query-input\":{\"@type\":\"PropertyValueSpecification\",\"valueRequired\":true,\"valueName\":\"search_term_string\"}}],\"inLanguage\":\"de\"},{\"@type\":\"Organization\",\"@id\":\"https:\\\/\\\/locations-06.fr\\\/de\\\/#organization\",\"name\":\"Locations-06.fr\",\"alternateName\":\"Locations-06.fr\",\"url\":\"https:\\\/\\\/locations-06.fr\\\/de\\\/\",\"logo\":{\"@type\":\"ImageObject\",\"inLanguage\":\"de\",\"@id\":\"https:\\\/\\\/locations-06.fr\\\/de\\\/#\\\/schema\\\/logo\\\/image\\\/\",\"url\":\"https:\\\/\\\/locations-06.fr\\\/wp-content\\\/uploads\\\/location-06-logo.png\",\"contentUrl\":\"https:\\\/\\\/locations-06.fr\\\/wp-content\\\/uploads\\\/location-06-logo.png\",\"width\":180,\"height\":105,\"caption\":\"Locations-06.fr\"},\"image\":{\"@id\":\"https:\\\/\\\/locations-06.fr\\\/de\\\/#\\\/schema\\\/logo\\\/image\\\/\"},\"sameAs\":[\"https:\\\/\\\/www.facebook.com\\\/pascalecodera0632755107\",\"https:\\\/\\\/x.com\\\/locations06\",\"https:\\\/\\\/www.instagram.com\\\/locations_06\\\/?hl=fr\"]}]}<\/script>\n<!-- \/ Yoast SEO plugin. -->","yoast_head_json":{"title":"Urlaubsangebote an der C\u00f4te d'Azur - Last-Minute-Angebote","description":"Urlaubsangebote an der C\u00f4te d'Azur - Sonderangebote - Last-Minute-Angebote - Ferienunterk\u00fcnfte an der C\u00f4te d'Azur. Locations-06.fr","robots":{"index":"index","follow":"follow","max-snippet":"max-snippet:-1","max-image-preview":"max-image-preview:large","max-video-preview":"max-video-preview:-1"},"canonical":"https:\/\/locations-06.fr\/de\/sonderangebote-last-minute-angebote-ferienwohnungen-an-der-cote-dazur\/","og_locale":"de_DE","og_type":"article","og_title":"Urlaubsangebote an der C\u00f4te d'Azur - Last-Minute-Angebote","og_description":"Urlaubsangebote an der C\u00f4te d'Azur - Sonderangebote - Last-Minute-Angebote - Ferienunterk\u00fcnfte an der C\u00f4te d'Azur. Locations-06.fr","og_url":"https:\/\/locations-06.fr\/de\/sonderangebote-last-minute-angebote-ferienwohnungen-an-der-cote-dazur\/","og_site_name":"Locations-06.fr","article_publisher":"https:\/\/www.facebook.com\/pascalecodera0632755107","article_modified_time":"2026-04-08T13:51:08+00:00","og_image":[{"width":375,"height":220,"url":"https:\/\/locations-06.fr\/wp-content\/uploads\/locations-06-vacances-cote-d-azur-gites-appartements-cannes-grasse-antibes1.png","type":"image\/png"}],"twitter_card":"summary_large_image","twitter_site":"@locations06","twitter_misc":{"Gesch\u00e4tzte Lesezeit":"2\u00a0Minuten"},"schema":{"@context":"https:\/\/schema.org","@graph":[{"@type":"WebPage","@id":"https:\/\/locations-06.fr\/de\/sonderangebote-last-minute-angebote-ferienwohnungen-an-der-cote-dazur\/","url":"https:\/\/locations-06.fr\/de\/sonderangebote-last-minute-angebote-ferienwohnungen-an-der-cote-dazur\/","name":"Urlaubsangebote an der C\u00f4te d'Azur - Last-Minute-Angebote","isPartOf":{"@id":"https:\/\/locations-06.fr\/de\/#website"},"primaryImageOfPage":{"@id":"https:\/\/locations-06.fr\/de\/sonderangebote-last-minute-angebote-ferienwohnungen-an-der-cote-dazur\/#primaryimage"},"image":{"@id":"https:\/\/locations-06.fr\/de\/sonderangebote-last-minute-angebote-ferienwohnungen-an-der-cote-dazur\/#primaryimage"},"thumbnailUrl":"https:\/\/locations-06.fr\/wp-content\/uploads\/locations-06-vacances-cote-d-azur-gites-appartements-cannes-grasse-antibes1.png","datePublished":"2023-12-29T12:49:57+00:00","dateModified":"2026-04-08T13:51:08+00:00","description":"Urlaubsangebote an der C\u00f4te d'Azur - Sonderangebote - Last-Minute-Angebote - Ferienunterk\u00fcnfte an der C\u00f4te d'Azur. Locations-06.fr","breadcrumb":{"@id":"https:\/\/locations-06.fr\/de\/sonderangebote-last-minute-angebote-ferienwohnungen-an-der-cote-dazur\/#breadcrumb"},"inLanguage":"de","potentialAction":[{"@type":"ReadAction","target":["https:\/\/locations-06.fr\/de\/sonderangebote-last-minute-angebote-ferienwohnungen-an-der-cote-dazur\/"]}]},{"@type":"ImageObject","inLanguage":"de","@id":"https:\/\/locations-06.fr\/de\/sonderangebote-last-minute-angebote-ferienwohnungen-an-der-cote-dazur\/#primaryimage","url":"https:\/\/locations-06.fr\/wp-content\/uploads\/locations-06-vacances-cote-d-azur-gites-appartements-cannes-grasse-antibes1.png","contentUrl":"https:\/\/locations-06.fr\/wp-content\/uploads\/locations-06-vacances-cote-d-azur-gites-appartements-cannes-grasse-antibes1.png","width":375,"height":220},{"@type":"BreadcrumbList","@id":"https:\/\/locations-06.fr\/de\/sonderangebote-last-minute-angebote-ferienwohnungen-an-der-cote-dazur\/#breadcrumb","itemListElement":[{"@type":"ListItem","position":1,"name":"Accueil","item":"https:\/\/locations-06.fr\/de\/ferienwohnungen-ferienhauser-und-apartments-an-der-franzosischen-riviera-in-der-nahe-von-nizza-antibes-cannes-und-grasse\/"},{"@type":"ListItem","position":2,"name":"Sonderangebote &#8211; Last-Minute-Angebote &#8211; Ferienwohnungen an der C\u00f4te d&rsquo;Azur."}]},{"@type":"WebSite","@id":"https:\/\/locations-06.fr\/de\/#website","url":"https:\/\/locations-06.fr\/de\/","name":"Locations-06.fr","description":"Locations Gites en France sur la C\u00f4te d&#039;Azur - Appartements et Villas - gite, location de vacances et pas cher","publisher":{"@id":"https:\/\/locations-06.fr\/de\/#organization"},"alternateName":"Locations-06.fr","potentialAction":[{"@type":"SearchAction","target":{"@type":"EntryPoint","urlTemplate":"https:\/\/locations-06.fr\/de\/?s={search_term_string}"},"query-input":{"@type":"PropertyValueSpecification","valueRequired":true,"valueName":"search_term_string"}}],"inLanguage":"de"},{"@type":"Organization","@id":"https:\/\/locations-06.fr\/de\/#organization","name":"Locations-06.fr","alternateName":"Locations-06.fr","url":"https:\/\/locations-06.fr\/de\/","logo":{"@type":"ImageObject","inLanguage":"de","@id":"https:\/\/locations-06.fr\/de\/#\/schema\/logo\/image\/","url":"https:\/\/locations-06.fr\/wp-content\/uploads\/location-06-logo.png","contentUrl":"https:\/\/locations-06.fr\/wp-content\/uploads\/location-06-logo.png","width":180,"height":105,"caption":"Locations-06.fr"},"image":{"@id":"https:\/\/locations-06.fr\/de\/#\/schema\/logo\/image\/"},"sameAs":["https:\/\/www.facebook.com\/pascalecodera0632755107","https:\/\/x.com\/locations06","https:\/\/www.instagram.com\/locations_06\/?hl=fr"]}]}},"_links":{"self":[{"href":"https:\/\/locations-06.fr\/de\/wp-json\/wp\/v2\/pages\/13228","targetHints":{"allow":["GET"]}}],"collection":[{"href":"https:\/\/locations-06.fr\/de\/wp-json\/wp\/v2\/pages"}],"about":[{"href":"https:\/\/locations-06.fr\/de\/wp-json\/wp\/v2\/types\/page"}],"author":[{"embeddable":true,"href":"https:\/\/locations-06.fr\/de\/wp-json\/wp\/v2\/users\/2"}],"replies":[{"embeddable":true,"href":"https:\/\/locations-06.fr\/de\/wp-json\/wp\/v2\/comments?post=13228"}],"version-history":[{"count":40,"href":"https:\/\/locations-06.fr\/de\/wp-json\/wp\/v2\/pages\/13228\/revisions"}],"predecessor-version":[{"id":30943,"href":"https:\/\/locations-06.fr\/de\/wp-json\/wp\/v2\/pages\/13228\/revisions\/30943"}],"wp:featuredmedia":[{"embeddable":true,"href":"https:\/\/locations-06.fr\/de\/wp-json\/wp\/v2\/media\/7305"}],"wp:attachment":[{"href":"https:\/\/locations-06.fr\/de\/wp-json\/wp\/v2\/media?parent=13228"}],"curies":[{"name":"wp","href":"https:\/\/api.w.org\/{rel}","templated":true}]}}