{"id":13181,"date":"2023-12-29T13:42:43","date_gmt":"2023-12-29T12:42:43","guid":{"rendered":"https:\/\/locations-06.fr\/la-maison-dodon\/"},"modified":"2024-10-03T13:25:58","modified_gmt":"2024-10-03T11:25:58","slug":"la-maison-dodon","status":"publish","type":"page","link":"https:\/\/locations-06.fr\/de\/la-maison-dodon\/","title":{"rendered":"La Maison d&#8217;Odon"},"content":{"rendered":"\t\t<div data-elementor-type=\"wp-page\" data-elementor-id=\"13181\" class=\"elementor elementor-13181\">\n\t\t\t\t<div class=\"elementor-element elementor-element-fafce74 e-flex e-con-boxed e-con e-parent\" data-id=\"fafce74\" data-element_type=\"container\" data-e-type=\"container\">\n\t\t\t\t\t<div class=\"e-con-inner\">\n\t\t\t\t<div class=\"elementor-element elementor-element-b395cd5 elementor-widget elementor-widget-heading\" data-id=\"b395cd5\" data-element_type=\"widget\" data-e-type=\"widget\" data-widget_type=\"heading.default\">\n\t\t\t\t<div class=\"elementor-widget-container\">\n\t\t\t\t\t<h1 class=\"elementor-heading-title elementor-size-default\">La Maison d\u2019Odon<\/br>Freistehende 4-Zimmer-Villa g\u00fcnstig zu vermieten f\u00fcr einen Urlaub in Frankreich an der C\u00f4te d\u2019Azur<\/h1>\t\t\t\t<\/div>\n\t\t\t\t<\/div>\n\t\t\t\t\t<\/div>\n\t\t\t\t<\/div>\n\t\t<div class=\"elementor-element elementor-element-bd6a1f0 e-flex e-con-boxed e-con e-parent\" data-id=\"bd6a1f0\" data-element_type=\"container\" data-e-type=\"container\">\n\t\t\t\t\t<div class=\"e-con-inner\">\n\t\t\t\t<div class=\"elementor-element elementor-element-73b4f1a elementor-widget elementor-widget-text-editor\" data-id=\"73b4f1a\" data-element_type=\"widget\" data-e-type=\"widget\" data-widget_type=\"text-editor.default\">\n\t\t\t\t<div class=\"elementor-widget-container\">\n\t\t\t\t\t\t\t\t\t<p>La Maison d&#8217;Odon vermietet eine Villa<\/p>\t\t\t\t\t\t\t\t<\/div>\n\t\t\t\t<\/div>\n\t\t\t\t\t<\/div>\n\t\t\t\t<\/div>\n\t\t<div class=\"elementor-element elementor-element-c2a4236 e-flex e-con-boxed e-con e-parent\" data-id=\"c2a4236\" data-element_type=\"container\" data-e-type=\"container\">\n\t\t\t\t\t<div class=\"e-con-inner\">\n\t\t\t\t<div class=\"elementor-element elementor-element-b67b21f elementor-widget elementor-widget-text-editor\" data-id=\"b67b21f\" data-element_type=\"widget\" data-e-type=\"widget\" data-widget_type=\"text-editor.default\">\n\t\t\t\t<div class=\"elementor-widget-container\">\n\t\t\t\t\t\t\t\t\t<h2><strong>In der N\u00e4he von Cannes, Nizza, Antibes, Grasse, Valbonne, Alpes Maritimes<\/strong>. <strong>3-Sterne-m\u00f6blierte Touristenunterkunft, Mitglied der Marke C\u00f4te d&#8217;Azur France<\/strong>.<br \/><strong>Empfohlen von \u201ePetit Fut\u00e9\u201c und \u201eGuide du Routard\u201c<\/strong><\/h2>\n\t\t\t\t\t\t\t\t<\/div>\n\t\t\t\t<\/div>\n\t\t\t\t\t<\/div>\n\t\t\t\t<\/div>\n\t\t<div class=\"elementor-element elementor-element-c58f516 e-flex e-con-boxed e-con e-parent\" data-id=\"c58f516\" data-element_type=\"container\" data-e-type=\"container\">\n\t\t\t\t\t<div class=\"e-con-inner\">\n\t\t<div class=\"elementor-element elementor-element-ebd01d1 e-con-full e-flex e-con e-child\" data-id=\"ebd01d1\" data-element_type=\"container\" data-e-type=\"container\">\n\t\t\t\t<div class=\"elementor-element elementor-element-7cbcb7e elementor-widget elementor-widget-text-editor\" data-id=\"7cbcb7e\" data-element_type=\"widget\" data-e-type=\"widget\" data-widget_type=\"text-editor.default\">\n\t\t\t\t<div class=\"elementor-widget-container\">\n\t\t\t\t\t\t\t\t\t<p>Stellen Sie sich vor: Gartenebene \u2013 CHARMANTE MIETE -77m\u00b2, S\u00dcDOST,<\/p>\n<p>Dekoration: helle Farben<\/p>\n<p><u><strong>WILLKOMMEN ++<\/strong><\/u>: Pascale hei\u00dft Sie pers\u00f6nlich willkommen und bietet Ihnen eine sch\u00f6ne \u00dcberraschung aus unserem Permakulturgarten&#8230; Profitieren Sie von unseren vielen guten Adressen unserer lokalen Partner.<\/p>\n<p><u><strong>KOMFORT ++<\/strong><\/u>: Sofas, Pad-Kaffeemaschine, Geschirrsp\u00fcler, elektrischer Trockner, Zentralheizung, 2 Badezimmer, WIFI\u2026<\/p>\n<p><u><strong>AUSSEN++<\/strong><\/u>: umz\u00e4unter Garten 800m2, Grill, Sonnenliegen, Gartenm\u00f6bel, geschlossene Garage, bewachter Parkplatz, Besucherparkplatz, automatisches Tor \u2026<\/p>\n<p><u><strong>DIENSTLEISTUNGEN ++<\/strong><\/u>: Wir stehen Ihnen jederzeit f\u00fcr eine Reiseroute, touristische Ratschl\u00e4ge, jede Hilfe zur Verf\u00fcgung&#8230; Wellness-Massage-Service und Verleih von Elektrofahrr\u00e4dern in der Unterkunft.<\/p>\n<p><u><strong>ERLEBNISSE ++<\/strong><\/u>: Entdeckung des Anbaus des Olivenbaums und des sauren Orangenbaums, weil unsere ganze Familie die landwirtschaftlichen Traditionen des Pays de Grasse fortsetzt.<\/p>\n<p><u><strong>N\u00c4HE ++<\/strong><\/u>: G\u00eete liegt 300 m vom Fluss und 800 m vom Dorf entfernt (Gesch\u00e4fte, Gesundheitslehrer usw.).<\/p>\n<p>VERMIETUNG: \u00dcbernachtung\/Woche\/Monat -. <strong>UNSCHLAGBARES PREIS-LEISTUNGS-VERH\u00c4LTNIS!<br \/>Besser als ein G\u00e4stezimmer. Pascale und Thierry hei\u00dfen Sie pers\u00f6nlich willkommen. Sie erhalten eine komfortable, ger\u00e4umige und unabh\u00e4ngige Unterkunft mit eigenem Garten und ausgestatteter K\u00fcche.<\/strong><\/p>\n<p id=\"gite-coordonnees\">**** Kontaktieren Sie PASCALE unter <a href=\"tel:33493429358\">+33(0)4.93.42.93.58<\/a> oder <a href=\"tel:33632755107\">+33(0)6.32.75.51.07<\/a> ****<br \/>T\u00e4glich von 8 bis 21 Uhr.<br \/>Oder senden Sie uns eine E-Mail an <a href=\"mailto:locations-06@wanadoo.fr?subject=locations-06.fr%20-%20Demande%20de%20renseignements%20sur%20la%maison%20d'odon\">location-06@wanadoo.fr<\/a><\/p>\n\t\t\t\t\t\t\t\t<\/div>\n\t\t\t\t<\/div>\n\t\t\t\t<div class=\"elementor-element elementor-element-184c837 elementor-widget elementor-widget-accordion\" data-id=\"184c837\" data-element_type=\"widget\" data-e-type=\"widget\" data-widget_type=\"accordion.default\">\n\t\t\t\t<div class=\"elementor-widget-container\">\n\t\t\t\t\t\t\t<div class=\"elementor-accordion\">\n\t\t\t\t\t\t\t<div class=\"elementor-accordion-item\">\n\t\t\t\t\t<div id=\"elementor-tab-title-2541\" class=\"elementor-tab-title\" data-tab=\"1\" role=\"button\" aria-controls=\"elementor-tab-content-2541\" aria-expanded=\"false\">\n\t\t\t\t\t\t\t\t\t\t\t\t\t<span class=\"elementor-accordion-icon elementor-accordion-icon-left\" aria-hidden=\"true\">\n\t\t\t\t\t\t\t\t\t\t\t\t\t\t\t<span class=\"elementor-accordion-icon-closed\"><svg class=\"e-font-icon-svg e-fas-plus\" viewBox=\"0 0 448 512\" xmlns=\"http:\/\/www.w3.org\/2000\/svg\"><path d=\"M416 208H272V64c0-17.67-14.33-32-32-32h-32c-17.67 0-32 14.33-32 32v144H32c-17.67 0-32 14.33-32 32v32c0 17.67 14.33 32 32 32h144v144c0 17.67 14.33 32 32 32h32c17.67 0 32-14.33 32-32V304h144c17.67 0 32-14.33 32-32v-32c0-17.67-14.33-32-32-32z\"><\/path><\/svg><\/span>\n\t\t\t\t\t\t\t\t<span class=\"elementor-accordion-icon-opened\"><svg class=\"e-font-icon-svg e-fas-minus\" viewBox=\"0 0 448 512\" xmlns=\"http:\/\/www.w3.org\/2000\/svg\"><path d=\"M416 208H32c-17.67 0-32 14.33-32 32v32c0 17.67 14.33 32 32 32h384c17.67 0 32-14.33 32-32v-32c0-17.67-14.33-32-32-32z\"><\/path><\/svg><\/span>\n\t\t\t\t\t\t\t\t\t\t\t\t\t\t<\/span>\n\t\t\t\t\t\t\t\t\t\t\t\t<a class=\"elementor-accordion-title\" tabindex=\"0\"><div style=\"text-align:center;\">Ideen f\u00fcr einen Besuch w\u00e4hrend Ihres Urlaubs in unserer Villa in<br>Provence-Alpes-C\u00f4te d\u2019Azur<\/div><\/a>\n\t\t\t\t\t<\/div>\n\t\t\t\t\t<div id=\"elementor-tab-content-2541\" class=\"elementor-tab-content elementor-clearfix\" data-tab=\"1\" role=\"region\" aria-labelledby=\"elementor-tab-title-2541\"><p>25 Minuten entfernt <strong>Cannes<\/strong> (Filmfestspiele, seine Sandstr\u00e4nde mit Palmen, Luxusboutiquen, die Croisette, die Fahrgesch\u00e4fte, Le Suquet, die Altstadt von Cannes, sein Hafen mit den Yachten), 30 Minuten entfernt <strong>Nizza<\/strong> (sein Hafen, die Promenade des Anglais, seine Museen, die Gastronomie von Ni\u00e7oise (Socca, Pissaladi\u00e8re, Eintopf, Ravioli, Mangoldkuchen, Bellet-Wein), die Altstadt von Nizza und sein Blumenmarkt, Pubs und Nachtclubs), 7 Minuten <strong>Opio<\/strong> (Golf), 10 Minuten entfernt <strong>Grasse<\/strong> (Hauptstadt der D\u00fcfte, der Kathedrale, der Jasminfelder, der kleinen Eisenbahn usw.), 15 Minuten entfernt <strong>Gourdon<\/strong> (atemberaubende Aussicht, Kunsthandwerker, Paragliding, Kartfahren, Restaurants, Schloss, Glasbl\u00e4ser), 15 Minuten <strong>Valbonne<\/strong> (sehr sch\u00f6nes provenzalisches Dorf), 15 Minuten entfernt <strong>Tourrettes sur Loup<\/strong> (Hauptstadt der Veilchen, Bildhauer aus Olivenholz, provenzalisches Dorf), 20 Minuten <strong>St. Paul de Vence (K\u00fcnstler, Kunstgalerien, mittelalterliches Dorf), 20 Minuten entfernt<\/strong> <strong>Mouans-Sartoux<\/strong> (sehr h\u00fcbsches Dorf, Kinos, Mediathek, Reitzentrum), 20 Minuten <strong>Villeneuve Loubet<\/strong> (Baumklettern, Kinderspiele, Angeln, Str\u00e4nde), 20 Minuten von<strong> St Laurent du Var<\/strong> (Str\u00e4nde, Hafen, Cap 3000 Luxusgesch\u00e4fte, Nachtclubs, Wassersport), 30 Minuten von <strong>Gr\u00e9oli\u00e8res les Neiges<\/strong> (Skigebiet, Wandern) , 45 Minuten von <strong>Monaco <\/strong>(Ozeanographisches Museum, die Kathedrale, der F\u00fcrstenpalast, der exotische Garten), 1h30, <strong>Italien<\/strong>!!!<\/p>\n<\/div>\n\t\t\t\t<\/div>\n\t\t\t\t\t\t\t\t<\/div>\n\t\t\t\t\t\t<\/div>\n\t\t\t\t<\/div>\n\t\t\t\t<\/div>\n\t\t<div class=\"elementor-element elementor-element-cc3e8f5 e-con-full e-flex e-con e-child\" data-id=\"cc3e8f5\" data-element_type=\"container\" data-e-type=\"container\">\n\t\t\t\t<div class=\"elementor-element elementor-element-720aefc elementor-widget elementor-widget-google_maps\" data-id=\"720aefc\" data-element_type=\"widget\" data-e-type=\"widget\" data-widget_type=\"google_maps.default\">\n\t\t\t\t<div class=\"elementor-widget-container\">\n\t\t\t\t\t\t\t<div class=\"elementor-custom-embed\">\n\t\t\t<iframe loading=\"lazy\"\n\t\t\t\t\tsrc=\"https:\/\/maps.google.com\/maps?q=619%2C%20chemin%20du%20Pont%20Cass%C3%A9&#038;t=m&#038;z=10&#038;output=embed&#038;iwloc=near\"\n\t\t\t\t\ttitle=\"619, chemin du Pont Cass\u00e9\"\n\t\t\t\t\taria-label=\"619, chemin du Pont Cass\u00e9\"\n\t\t\t><\/iframe>\n\t\t<\/div>\n\t\t\t\t\t\t<\/div>\n\t\t\t\t<\/div>\n\t\t\t\t<div class=\"elementor-element elementor-element-f4c9973 elementor-widget-divider--view-line elementor-widget elementor-widget-divider\" data-id=\"f4c9973\" data-element_type=\"widget\" data-e-type=\"widget\" data-widget_type=\"divider.default\">\n\t\t\t\t<div class=\"elementor-widget-container\">\n\t\t\t\t\t\t\t<div class=\"elementor-divider\">\n\t\t\t<span class=\"elementor-divider-separator\">\n\t\t\t\t\t\t<\/span>\n\t\t<\/div>\n\t\t\t\t\t\t<\/div>\n\t\t\t\t<\/div>\n\t\t\t\t<div class=\"elementor-element elementor-element-87212f6 elementor-widget elementor-widget-heading\" data-id=\"87212f6\" data-element_type=\"widget\" data-e-type=\"widget\" data-widget_type=\"heading.default\">\n\t\t\t\t<div class=\"elementor-widget-container\">\n\t\t\t\t\t<h3 class=\"elementor-heading-title elementor-size-default\">Um Ihren Urlaubsaufenthalt an der C\u00f4te d'Azur zu buchen<\/h3>\t\t\t\t<\/div>\n\t\t\t\t<\/div>\n\t\t\t\t<div class=\"elementor-element elementor-element-ed7c594 elementor-widget elementor-widget-html\" data-id=\"ed7c594\" data-element_type=\"widget\" data-e-type=\"widget\" data-widget_type=\"html.default\">\n\t\t\t\t<div class=\"elementor-widget-container\">\n\t\t\t\t\t<div id=\"apartmentIframeAll\">\n<script type=\"text\/javascript\" src=\"https:\/\/login.smoobu.com\/js\/Settings\/BookingToolIframe.js\"><\/script>\n<script>BookingToolIframe.initialize({\"url\": \"https:\/\/login.smoobu.com\/fr\/booking-tool\/iframe\/76849\", \"baseUrl\": \"https:\/\/login.smoobu.com\", \"target\": \"#apartmentIframeAll\"})<\/script>\n<\/div>\t\t\t\t<\/div>\n\t\t\t\t<\/div>\n\t\t\t\t<div class=\"elementor-element elementor-element-7ec5e93 elementor-widget elementor-widget-text-editor\" data-id=\"7ec5e93\" data-element_type=\"widget\" data-e-type=\"widget\" data-widget_type=\"text-editor.default\">\n\t\t\t\t<div class=\"elementor-widget-container\">\n\t\t\t\t\t\t\t\t\t<p>Teilen Sie diesen Artikel auf:<\/p>\n\t\t\t\t\t\t\t\t<\/div>\n\t\t\t\t<\/div>\n\t\t\t\t<div class=\"elementor-element elementor-element-af9a4ab elementor-widget elementor-widget-elementskit-social-share\" data-id=\"af9a4ab\" data-element_type=\"widget\" data-e-type=\"widget\" data-widget_type=\"elementskit-social-share.default\">\n\t\t\t\t<div class=\"elementor-widget-container\">\n\t\t\t\t\t<div class=\"ekit-wid-con\" >\t\t<ul class=\"ekit_socialshare\">\n                            <li class=\"elementor-repeater-item-0f45d0e\" data-social=\"facebook\">\n                    <div class=\"facebook\">\n                        \n                        <i aria-hidden=\"true\" class=\"icon icon-facebook\"><\/i>                        \n                                                                                            <\/div>\n                <\/li>\n                                            <li class=\"elementor-repeater-item-c26bc68\" data-social=\"twitter\">\n                    <div class=\"twitter\">\n                        \n                        <i aria-hidden=\"true\" class=\"icon icon-twitter\"><\/i>                        \n                                                                                            <\/div>\n                <\/li>\n                                            <li class=\"elementor-repeater-item-39d4c71\" data-social=\"linkedin\">\n                    <div class=\"linkedin\">\n                        \n                        <i aria-hidden=\"true\" class=\"icon icon-linkedin\"><\/i>                        \n                                                                                            <\/div>\n                <\/li>\n                                    <\/ul>\n        <\/div>\t\t\t\t<\/div>\n\t\t\t\t<\/div>\n\t\t\t\t<\/div>\n\t\t\t\t\t<\/div>\n\t\t\t\t<\/div>\n\t\t<div class=\"elementor-element elementor-element-03a6050 e-flex e-con-boxed e-con e-parent\" data-id=\"03a6050\" data-element_type=\"container\" data-e-type=\"container\">\n\t\t\t\t\t<div class=\"e-con-inner\">\n\t\t\t\t<div class=\"elementor-element elementor-element-bf4b278 elementor-pagination-position-outside elementor-widget elementor-widget-image-carousel\" data-id=\"bf4b278\" data-element_type=\"widget\" data-e-type=\"widget\" data-settings=\"{&quot;slides_to_show&quot;:&quot;4&quot;,&quot;navigation&quot;:&quot;dots&quot;,&quot;image_spacing_custom&quot;:{&quot;unit&quot;:&quot;px&quot;,&quot;size&quot;:10,&quot;sizes&quot;:[]},&quot;slides_to_scroll&quot;:&quot;1&quot;,&quot;autoplay&quot;:&quot;yes&quot;,&quot;pause_on_hover&quot;:&quot;yes&quot;,&quot;pause_on_interaction&quot;:&quot;yes&quot;,&quot;autoplay_speed&quot;:5000,&quot;infinite&quot;:&quot;yes&quot;,&quot;speed&quot;:500,&quot;image_spacing_custom_tablet&quot;:{&quot;unit&quot;:&quot;px&quot;,&quot;size&quot;:&quot;&quot;,&quot;sizes&quot;:[]},&quot;image_spacing_custom_mobile&quot;:{&quot;unit&quot;:&quot;px&quot;,&quot;size&quot;:&quot;&quot;,&quot;sizes&quot;:[]}}\" data-widget_type=\"image-carousel.default\">\n\t\t\t\t<div class=\"elementor-widget-container\">\n\t\t\t\t\t\t\t<div class=\"elementor-image-carousel-wrapper swiper\" role=\"region\" aria-roledescription=\"carousel\" aria-label=\"Bild Karussell\" dir=\"ltr\">\n\t\t\t<div class=\"elementor-image-carousel swiper-wrapper\" aria-live=\"off\">\n\t\t\t\t\t\t\t\t<div class=\"swiper-slide\" role=\"group\" aria-roledescription=\"slide\" aria-label=\"1 von 48\"><a data-elementor-open-lightbox=\"yes\" data-elementor-lightbox-slideshow=\"bf4b278\" data-elementor-lightbox-title=\"31T093534-location-vacances-villa-gite-de-france-4-pieces-f4-alpes-maritimes-06-cannes-nice-antibes-cote-d-azur-grasse-odon-1024x580\" data-e-action-hash=\"#elementor-action%3Aaction%3Dlightbox%26settings%3DeyJpZCI6ODAxOSwidXJsIjoiaHR0cHM6XC9cL2xvY2F0aW9ucy0wNi5mclwvd3AtY29udGVudFwvdXBsb2Fkc1wvMzFUMDkzNTM0LWxvY2F0aW9uLXZhY2FuY2VzLXZpbGxhLWdpdGUtZGUtZnJhbmNlLTQtcGllY2VzLWY0LWFscGVzLW1hcml0aW1lcy0wNi1jYW5uZXMtbmljZS1hbnRpYmVzLWNvdGUtZC1henVyLWdyYXNzZS1vZG9uLTEwMjR4NTgwLTEuanBnIiwic2xpZGVzaG93IjoiYmY0YjI3OCJ9\" href=\"https:\/\/locations-06.fr\/wp-content\/uploads\/31T093534-location-vacances-villa-gite-de-france-4-pieces-f4-alpes-maritimes-06-cannes-nice-antibes-cote-d-azur-grasse-odon-1024x580-1.jpg\"><figure class=\"swiper-slide-inner\"><img decoding=\"async\" class=\"swiper-slide-image\" src=\"https:\/\/locations-06.fr\/wp-content\/uploads\/elementor\/thumbs\/31T093534-location-vacances-villa-gite-de-france-4-pieces-f4-alpes-maritimes-06-cannes-nice-antibes-cote-d-azur-grasse-odon-1024x580-1-qwwbig2eblqrjwgt6h8uoyk243c6azot3igc33s3i0.jpg\" alt=\"31T093534-location-vacances-villa-gite-de-france-4-pieces-f4-alpes-maritimes-06-cannes-nice-antibes-cote-d-azur-grasse-odon-1024x580\" \/><\/figure><\/a><\/div><div class=\"swiper-slide\" role=\"group\" aria-roledescription=\"slide\" aria-label=\"2 von 48\"><a data-elementor-open-lightbox=\"yes\" data-elementor-lightbox-slideshow=\"bf4b278\" data-elementor-lightbox-title=\"31T095656-location-villa-cote-d-azur-06-direct-particulier-gite-france-odon-qbku6g11j1t0zz3ly0ztnna1skk74c6wj32i6jj90w\" data-e-action-hash=\"#elementor-action%3Aaction%3Dlightbox%26settings%3DeyJpZCI6ODAyMSwidXJsIjoiaHR0cHM6XC9cL2xvY2F0aW9ucy0wNi5mclwvd3AtY29udGVudFwvdXBsb2Fkc1wvMzFUMDk1NjU2LWxvY2F0aW9uLXZpbGxhLWNvdGUtZC1henVyLTA2LWRpcmVjdC1wYXJ0aWN1bGllci1naXRlLWZyYW5jZS1vZG9uLXFia3U2ZzExajF0MHp6M2x5MHp0bm5hMXNrazc0YzZ3ajMyaTZqajkwdy5qcGciLCJzbGlkZXNob3ciOiJiZjRiMjc4In0%3D\" href=\"https:\/\/locations-06.fr\/wp-content\/uploads\/31T095656-location-villa-cote-d-azur-06-direct-particulier-gite-france-odon-qbku6g11j1t0zz3ly0ztnna1skk74c6wj32i6jj90w.jpg\"><figure class=\"swiper-slide-inner\"><img decoding=\"async\" class=\"swiper-slide-image\" src=\"https:\/\/locations-06.fr\/wp-content\/uploads\/elementor\/thumbs\/31T095656-location-villa-cote-d-azur-06-direct-particulier-gite-france-odon-qbku6g11j1t0zz3ly0ztnna1skk74c6wj32i6jj90w-qwwbig2eblqrjwgt6h8uoyk243c6azot3igc33s3i0.jpg\" alt=\"31T095656-location-villa-cote-d-azur-06-direct-particulier-gite-france-odon-qbku6g11j1t0zz3ly0ztnna1skk74c6wj32i6jj90w\" \/><\/figure><\/a><\/div><div class=\"swiper-slide\" role=\"group\" aria-roledescription=\"slide\" aria-label=\"3 von 48\"><a data-elementor-open-lightbox=\"yes\" data-elementor-lightbox-slideshow=\"bf4b278\" data-elementor-lightbox-title=\"User comments\" data-e-action-hash=\"#elementor-action%3Aaction%3Dlightbox%26settings%3DeyJpZCI6ODAyMywidXJsIjoiaHR0cHM6XC9cL2xvY2F0aW9ucy0wNi5mclwvd3AtY29udGVudFwvdXBsb2Fkc1wvMjAxNDEyMDNfMDgxMjI4LWxvY2F0aW9uLXZhY2FuY2VzLXZpbGxhLWdpdGUtZGUtZnJhbmNlLTQtcGllY2VzLWY0LWFscGVzLW1hcml0aW1lcy0wNi1jYW5uZXMtbmljZS1hbnRpYmVzLWNvdGUtZC1henVyLWdyYXNzZS1vZG9uLmpwZyIsInNsaWRlc2hvdyI6ImJmNGIyNzgifQ%3D%3D\" href=\"https:\/\/locations-06.fr\/wp-content\/uploads\/20141203_081228-location-vacances-villa-gite-de-france-4-pieces-f4-alpes-maritimes-06-cannes-nice-antibes-cote-d-azur-grasse-odon.jpg\"><figure class=\"swiper-slide-inner\"><img decoding=\"async\" class=\"swiper-slide-image\" src=\"https:\/\/locations-06.fr\/wp-content\/uploads\/elementor\/thumbs\/20141203_081228-location-vacances-villa-gite-de-france-4-pieces-f4-alpes-maritimes-06-cannes-nice-antibes-cote-d-azur-grasse-odon-qwwbibd7dfkbxunmxx7puhqr55zc8i65ev6wopz2d4.jpg\" alt=\"User comments\" \/><\/figure><\/a><\/div><div class=\"swiper-slide\" role=\"group\" aria-roledescription=\"slide\" aria-label=\"4 von 48\"><a data-elementor-open-lightbox=\"yes\" data-elementor-lightbox-slideshow=\"bf4b278\" data-elementor-lightbox-title=\"User comments\" data-e-action-hash=\"#elementor-action%3Aaction%3Dlightbox%26settings%3DeyJpZCI6ODAyNSwidXJsIjoiaHR0cHM6XC9cL2xvY2F0aW9ucy0wNi5mclwvd3AtY29udGVudFwvdXBsb2Fkc1wvMjAxNDEyMDdfMTE0OTI5LWxvY2F0aW9uLXZhY2FuY2VzLXZpbGxhLWdpdGUtZGUtZnJhbmNlLTQtcGllY2VzLWY0LWFscGVzLW1hcml0aW1lcy0wNi1jYW5uZXMtbmljZS1hbnRpYmVzLWNvdGUtZC1henVyLWdyYXNzZS1vZG9uLmpwZyIsInNsaWRlc2hvdyI6ImJmNGIyNzgifQ%3D%3D\" href=\"https:\/\/locations-06.fr\/wp-content\/uploads\/20141207_114929-location-vacances-villa-gite-de-france-4-pieces-f4-alpes-maritimes-06-cannes-nice-antibes-cote-d-azur-grasse-odon.jpg\"><figure class=\"swiper-slide-inner\"><img decoding=\"async\" class=\"swiper-slide-image\" src=\"https:\/\/locations-06.fr\/wp-content\/uploads\/elementor\/thumbs\/20141207_114929-location-vacances-villa-gite-de-france-4-pieces-f4-alpes-maritimes-06-cannes-nice-antibes-cote-d-azur-grasse-odon-qwwbibd7dfkbxunmxx7puhqr55zc8i65ev6wopz2d4.jpg\" alt=\"User comments\" \/><\/figure><\/a><\/div><div class=\"swiper-slide\" role=\"group\" aria-roledescription=\"slide\" aria-label=\"5 von 48\"><a data-elementor-open-lightbox=\"yes\" data-elementor-lightbox-slideshow=\"bf4b278\" data-elementor-lightbox-title=\"User comments\" data-e-action-hash=\"#elementor-action%3Aaction%3Dlightbox%26settings%3DeyJpZCI6ODAyNywidXJsIjoiaHR0cHM6XC9cL2xvY2F0aW9ucy0wNi5mclwvd3AtY29udGVudFwvdXBsb2Fkc1wvMjAxNDEyMDdfMTE1MDE3LWxvY2F0aW9uLXZhY2FuY2VzLXZpbGxhLWdpdGUtZGUtZnJhbmNlLTQtcGllY2VzLWY0LWFscGVzLW1hcml0aW1lcy0wNi1jYW5uZXMtbmljZS1hbnRpYmVzLWNvdGUtZC1henVyLWdyYXNzZS1vZG9uLmpwZyIsInNsaWRlc2hvdyI6ImJmNGIyNzgifQ%3D%3D\" href=\"https:\/\/locations-06.fr\/wp-content\/uploads\/20141207_115017-location-vacances-villa-gite-de-france-4-pieces-f4-alpes-maritimes-06-cannes-nice-antibes-cote-d-azur-grasse-odon.jpg\"><figure class=\"swiper-slide-inner\"><img decoding=\"async\" class=\"swiper-slide-image\" src=\"https:\/\/locations-06.fr\/wp-content\/uploads\/elementor\/thumbs\/20141207_115017-location-vacances-villa-gite-de-france-4-pieces-f4-alpes-maritimes-06-cannes-nice-antibes-cote-d-azur-grasse-odon-qwwbibd7dfkbxunmxx7puhqr55zc8i65ev6wopz2d4.jpg\" alt=\"User comments\" \/><\/figure><\/a><\/div><div class=\"swiper-slide\" role=\"group\" aria-roledescription=\"slide\" aria-label=\"6 von 48\"><a data-elementor-open-lightbox=\"yes\" data-elementor-lightbox-slideshow=\"bf4b278\" data-elementor-lightbox-title=\"User comments\" data-e-action-hash=\"#elementor-action%3Aaction%3Dlightbox%26settings%3DeyJpZCI6ODAyOSwidXJsIjoiaHR0cHM6XC9cL2xvY2F0aW9ucy0wNi5mclwvd3AtY29udGVudFwvdXBsb2Fkc1wvMjAxNDEyMDdfMTE1MDUwLWxvY2F0aW9uLXZhY2FuY2VzLXZpbGxhLWdpdGUtZGUtZnJhbmNlLTQtcGllY2VzLWY0LWFscGVzLW1hcml0aW1lcy0wNi1jYW5uZXMtbmljZS1hbnRpYmVzLWNvdGUtZC1henVyLWdyYXNzZS1vZG9uLmpwZyIsInNsaWRlc2hvdyI6ImJmNGIyNzgifQ%3D%3D\" href=\"https:\/\/locations-06.fr\/wp-content\/uploads\/20141207_115050-location-vacances-villa-gite-de-france-4-pieces-f4-alpes-maritimes-06-cannes-nice-antibes-cote-d-azur-grasse-odon.jpg\"><figure class=\"swiper-slide-inner\"><img decoding=\"async\" class=\"swiper-slide-image\" src=\"https:\/\/locations-06.fr\/wp-content\/uploads\/elementor\/thumbs\/20141207_115050-location-vacances-villa-gite-de-france-4-pieces-f4-alpes-maritimes-06-cannes-nice-antibes-cote-d-azur-grasse-odon-qwwbibd7dfkbxunmxx7puhqr55zc8i65ev6wopz2d4.jpg\" alt=\"User comments\" \/><\/figure><\/a><\/div><div class=\"swiper-slide\" role=\"group\" aria-roledescription=\"slide\" aria-label=\"7 von 48\"><a data-elementor-open-lightbox=\"yes\" data-elementor-lightbox-slideshow=\"bf4b278\" data-elementor-lightbox-title=\"User comments\" data-e-action-hash=\"#elementor-action%3Aaction%3Dlightbox%26settings%3DeyJpZCI6ODAzMSwidXJsIjoiaHR0cHM6XC9cL2xvY2F0aW9ucy0wNi5mclwvd3AtY29udGVudFwvdXBsb2Fkc1wvMjAxNDEyMDdfMTE1MTA0LWxvY2F0aW9uLXZhY2FuY2VzLXZpbGxhLWdpdGUtZGUtZnJhbmNlLTQtcGllY2VzLWY0LWFscGVzLW1hcml0aW1lcy0wNi1jYW5uZXMtbmljZS1hbnRpYmVzLWNvdGUtZC1henVyLWdyYXNzZS1vZG9uLmpwZyIsInNsaWRlc2hvdyI6ImJmNGIyNzgifQ%3D%3D\" href=\"https:\/\/locations-06.fr\/wp-content\/uploads\/20141207_115104-location-vacances-villa-gite-de-france-4-pieces-f4-alpes-maritimes-06-cannes-nice-antibes-cote-d-azur-grasse-odon.jpg\"><figure class=\"swiper-slide-inner\"><img decoding=\"async\" class=\"swiper-slide-image\" src=\"https:\/\/locations-06.fr\/wp-content\/uploads\/elementor\/thumbs\/20141207_115104-location-vacances-villa-gite-de-france-4-pieces-f4-alpes-maritimes-06-cannes-nice-antibes-cote-d-azur-grasse-odon-qwwbibd7dfkbxunmxx7puhqr55zc8i65ev6wopz2d4.jpg\" alt=\"User comments\" \/><\/figure><\/a><\/div><div class=\"swiper-slide\" role=\"group\" aria-roledescription=\"slide\" aria-label=\"8 von 48\"><a data-elementor-open-lightbox=\"yes\" data-elementor-lightbox-slideshow=\"bf4b278\" data-elementor-lightbox-title=\"User comments\" data-e-action-hash=\"#elementor-action%3Aaction%3Dlightbox%26settings%3DeyJpZCI6ODAzMywidXJsIjoiaHR0cHM6XC9cL2xvY2F0aW9ucy0wNi5mclwvd3AtY29udGVudFwvdXBsb2Fkc1wvMjAxNDEyMDdfMTE1MjAzLWxvY2F0aW9uLXZhY2FuY2VzLXZpbGxhLWdpdGUtZGUtZnJhbmNlLTQtcGllY2VzLWY0LWFscGVzLW1hcml0aW1lcy0wNi1jYW5uZXMtbmljZS1hbnRpYmVzLWNvdGUtZC1henVyLWdyYXNzZS1vZG9uLmpwZyIsInNsaWRlc2hvdyI6ImJmNGIyNzgifQ%3D%3D\" href=\"https:\/\/locations-06.fr\/wp-content\/uploads\/20141207_115203-location-vacances-villa-gite-de-france-4-pieces-f4-alpes-maritimes-06-cannes-nice-antibes-cote-d-azur-grasse-odon.jpg\"><figure class=\"swiper-slide-inner\"><img decoding=\"async\" class=\"swiper-slide-image\" src=\"https:\/\/locations-06.fr\/wp-content\/uploads\/elementor\/thumbs\/20141207_115203-location-vacances-villa-gite-de-france-4-pieces-f4-alpes-maritimes-06-cannes-nice-antibes-cote-d-azur-grasse-odon-qwwbibd7dfkbxunmxx7puhqr55zc8i65ev6wopz2d4.jpg\" alt=\"User comments\" \/><\/figure><\/a><\/div><div class=\"swiper-slide\" role=\"group\" aria-roledescription=\"slide\" aria-label=\"9 von 48\"><a data-elementor-open-lightbox=\"yes\" data-elementor-lightbox-slideshow=\"bf4b278\" data-elementor-lightbox-title=\"User comments\" data-e-action-hash=\"#elementor-action%3Aaction%3Dlightbox%26settings%3DeyJpZCI6ODAzNSwidXJsIjoiaHR0cHM6XC9cL2xvY2F0aW9ucy0wNi5mclwvd3AtY29udGVudFwvdXBsb2Fkc1wvMjAxNDEyMDdfMTIwMTA2LWxvY2F0aW9uLXZhY2FuY2VzLXZpbGxhLWdpdGUtZGUtZnJhbmNlLTQtcGllY2VzLWY0LWFscGVzLW1hcml0aW1lcy0wNi1jYW5uZXMtbmljZS1hbnRpYmVzLWNvdGUtZC1henVyLWdyYXNzZS1vZG9uLmpwZyIsInNsaWRlc2hvdyI6ImJmNGIyNzgifQ%3D%3D\" href=\"https:\/\/locations-06.fr\/wp-content\/uploads\/20141207_120106-location-vacances-villa-gite-de-france-4-pieces-f4-alpes-maritimes-06-cannes-nice-antibes-cote-d-azur-grasse-odon.jpg\"><figure class=\"swiper-slide-inner\"><img decoding=\"async\" class=\"swiper-slide-image\" src=\"https:\/\/locations-06.fr\/wp-content\/uploads\/elementor\/thumbs\/20141207_120106-location-vacances-villa-gite-de-france-4-pieces-f4-alpes-maritimes-06-cannes-nice-antibes-cote-d-azur-grasse-odon-qwwbibd7dfkbxunmxx7puhqr55zc8i65ev6wopz2d4.jpg\" alt=\"User comments\" \/><\/figure><\/a><\/div><div class=\"swiper-slide\" role=\"group\" aria-roledescription=\"slide\" aria-label=\"10 von 48\"><a data-elementor-open-lightbox=\"yes\" data-elementor-lightbox-slideshow=\"bf4b278\" data-elementor-lightbox-title=\"User comments\" data-e-action-hash=\"#elementor-action%3Aaction%3Dlightbox%26settings%3DeyJpZCI6ODAzNywidXJsIjoiaHR0cHM6XC9cL2xvY2F0aW9ucy0wNi5mclwvd3AtY29udGVudFwvdXBsb2Fkc1wvMjAxNDEyMDdfMTIwMjA0LWxvY2F0aW9uLXZhY2FuY2VzLXZpbGxhLWdpdGUtZGUtZnJhbmNlLTQtcGllY2VzLWY0LWFscGVzLW1hcml0aW1lcy0wNi1jYW5uZXMtbmljZS1hbnRpYmVzLWNvdGUtZC1henVyLWdyYXNzZS1vZG9uLmpwZyIsInNsaWRlc2hvdyI6ImJmNGIyNzgifQ%3D%3D\" href=\"https:\/\/locations-06.fr\/wp-content\/uploads\/20141207_120204-location-vacances-villa-gite-de-france-4-pieces-f4-alpes-maritimes-06-cannes-nice-antibes-cote-d-azur-grasse-odon.jpg\"><figure class=\"swiper-slide-inner\"><img decoding=\"async\" class=\"swiper-slide-image\" src=\"https:\/\/locations-06.fr\/wp-content\/uploads\/elementor\/thumbs\/20141207_120204-location-vacances-villa-gite-de-france-4-pieces-f4-alpes-maritimes-06-cannes-nice-antibes-cote-d-azur-grasse-odon-qwwbibd7dfkbxunmxx7puhqr55zc8i65ev6wopz2d4.jpg\" alt=\"User comments\" \/><\/figure><\/a><\/div><div class=\"swiper-slide\" role=\"group\" aria-roledescription=\"slide\" aria-label=\"11 von 48\"><a data-elementor-open-lightbox=\"yes\" data-elementor-lightbox-slideshow=\"bf4b278\" data-elementor-lightbox-title=\"User comments\" data-e-action-hash=\"#elementor-action%3Aaction%3Dlightbox%26settings%3DeyJpZCI6ODAzOSwidXJsIjoiaHR0cHM6XC9cL2xvY2F0aW9ucy0wNi5mclwvd3AtY29udGVudFwvdXBsb2Fkc1wvMjAxNDEyMDdfMTIwMzQwLWxvY2F0aW9uLXZhY2FuY2VzLXZpbGxhLWdpdGUtZGUtZnJhbmNlLTQtcGllY2VzLWY0LWFscGVzLW1hcml0aW1lcy0wNi1jYW5uZXMtbmljZS1hbnRpYmVzLWNvdGUtZC1henVyLWdyYXNzZS1vZG9uLmpwZyIsInNsaWRlc2hvdyI6ImJmNGIyNzgifQ%3D%3D\" href=\"https:\/\/locations-06.fr\/wp-content\/uploads\/20141207_120340-location-vacances-villa-gite-de-france-4-pieces-f4-alpes-maritimes-06-cannes-nice-antibes-cote-d-azur-grasse-odon.jpg\"><figure class=\"swiper-slide-inner\"><img decoding=\"async\" class=\"swiper-slide-image\" src=\"https:\/\/locations-06.fr\/wp-content\/uploads\/elementor\/thumbs\/20141207_120340-location-vacances-villa-gite-de-france-4-pieces-f4-alpes-maritimes-06-cannes-nice-antibes-cote-d-azur-grasse-odon-qwwbibd7dfkbxunmxx7puhqr55zc8i65ev6wopz2d4.jpg\" alt=\"User comments\" \/><\/figure><\/a><\/div><div class=\"swiper-slide\" role=\"group\" aria-roledescription=\"slide\" aria-label=\"12 von 48\"><a data-elementor-open-lightbox=\"yes\" data-elementor-lightbox-slideshow=\"bf4b278\" data-elementor-lightbox-title=\"User comments\" data-e-action-hash=\"#elementor-action%3Aaction%3Dlightbox%26settings%3DeyJpZCI6ODA0MSwidXJsIjoiaHR0cHM6XC9cL2xvY2F0aW9ucy0wNi5mclwvd3AtY29udGVudFwvdXBsb2Fkc1wvMjAxNDEyMDdfMTIxMDAyLWxvY2F0aW9uLXZhY2FuY2VzLXZpbGxhLWdpdGUtZGUtZnJhbmNlLTQtcGllY2VzLWY0LWFscGVzLW1hcml0aW1lcy0wNi1jYW5uZXMtbmljZS1hbnRpYmVzLWNvdGUtZC1henVyLWdyYXNzZS1vZG9uLmpwZyIsInNsaWRlc2hvdyI6ImJmNGIyNzgifQ%3D%3D\" href=\"https:\/\/locations-06.fr\/wp-content\/uploads\/20141207_121002-location-vacances-villa-gite-de-france-4-pieces-f4-alpes-maritimes-06-cannes-nice-antibes-cote-d-azur-grasse-odon.jpg\"><figure class=\"swiper-slide-inner\"><img decoding=\"async\" class=\"swiper-slide-image\" src=\"https:\/\/locations-06.fr\/wp-content\/uploads\/elementor\/thumbs\/20141207_121002-location-vacances-villa-gite-de-france-4-pieces-f4-alpes-maritimes-06-cannes-nice-antibes-cote-d-azur-grasse-odon-qwwbibd7dfkbxunmxx7puhqr55zc8i65ev6wopz2d4.jpg\" alt=\"User comments\" \/><\/figure><\/a><\/div><div class=\"swiper-slide\" role=\"group\" aria-roledescription=\"slide\" aria-label=\"13 von 48\"><a data-elementor-open-lightbox=\"yes\" data-elementor-lightbox-slideshow=\"bf4b278\" data-elementor-lightbox-title=\"20141207_121116-location-vacances-villa-gite-de-france-4-pieces-f4-alpes-maritimes-06-cannes-nice-antibes-cote-d-azur-grasse-odon-1024x768\" data-e-action-hash=\"#elementor-action%3Aaction%3Dlightbox%26settings%3DeyJpZCI6ODA0MywidXJsIjoiaHR0cHM6XC9cL2xvY2F0aW9ucy0wNi5mclwvd3AtY29udGVudFwvdXBsb2Fkc1wvMjAxNDEyMDdfMTIxMTE2LWxvY2F0aW9uLXZhY2FuY2VzLXZpbGxhLWdpdGUtZGUtZnJhbmNlLTQtcGllY2VzLWY0LWFscGVzLW1hcml0aW1lcy0wNi1jYW5uZXMtbmljZS1hbnRpYmVzLWNvdGUtZC1henVyLWdyYXNzZS1vZG9uLTEwMjR4NzY4LTEuanBnIiwic2xpZGVzaG93IjoiYmY0YjI3OCJ9\" href=\"https:\/\/locations-06.fr\/wp-content\/uploads\/20141207_121116-location-vacances-villa-gite-de-france-4-pieces-f4-alpes-maritimes-06-cannes-nice-antibes-cote-d-azur-grasse-odon-1024x768-1.jpg\"><figure class=\"swiper-slide-inner\"><img decoding=\"async\" class=\"swiper-slide-image\" src=\"https:\/\/locations-06.fr\/wp-content\/uploads\/elementor\/thumbs\/20141207_121116-location-vacances-villa-gite-de-france-4-pieces-f4-alpes-maritimes-06-cannes-nice-antibes-cote-d-azur-grasse-odon-1024x768-1-qwwbibd7dfkbxunmxx7puhqr55zc8i65ev6wopz2d4.jpg\" alt=\"20141207_121116-location-vacances-villa-gite-de-france-4-pieces-f4-alpes-maritimes-06-cannes-nice-antibes-cote-d-azur-grasse-odon-1024x768\" \/><\/figure><\/a><\/div><div class=\"swiper-slide\" role=\"group\" aria-roledescription=\"slide\" aria-label=\"14 von 48\"><a data-elementor-open-lightbox=\"yes\" data-elementor-lightbox-slideshow=\"bf4b278\" data-elementor-lightbox-title=\"User comments\" data-e-action-hash=\"#elementor-action%3Aaction%3Dlightbox%26settings%3DeyJpZCI6ODA0NSwidXJsIjoiaHR0cHM6XC9cL2xvY2F0aW9ucy0wNi5mclwvd3AtY29udGVudFwvdXBsb2Fkc1wvMjAxNDEyMDdfMTIxMTQxLWxvY2F0aW9uLXZhY2FuY2VzLXZpbGxhLWdpdGUtZGUtZnJhbmNlLTQtcGllY2VzLWY0LWFscGVzLW1hcml0aW1lcy0wNi1jYW5uZXMtbmljZS1hbnRpYmVzLWNvdGUtZC1henVyLWdyYXNzZS1vZG9uLmpwZyIsInNsaWRlc2hvdyI6ImJmNGIyNzgifQ%3D%3D\" href=\"https:\/\/locations-06.fr\/wp-content\/uploads\/20141207_121141-location-vacances-villa-gite-de-france-4-pieces-f4-alpes-maritimes-06-cannes-nice-antibes-cote-d-azur-grasse-odon.jpg\"><figure class=\"swiper-slide-inner\"><img decoding=\"async\" class=\"swiper-slide-image\" src=\"https:\/\/locations-06.fr\/wp-content\/uploads\/elementor\/thumbs\/20141207_121141-location-vacances-villa-gite-de-france-4-pieces-f4-alpes-maritimes-06-cannes-nice-antibes-cote-d-azur-grasse-odon-qwwbibd7dfkbxunmxx7puhqr55zc8i65ev6wopz2d4.jpg\" alt=\"User comments\" \/><\/figure><\/a><\/div><div class=\"swiper-slide\" role=\"group\" aria-roledescription=\"slide\" aria-label=\"15 von 48\"><a data-elementor-open-lightbox=\"yes\" data-elementor-lightbox-slideshow=\"bf4b278\" data-elementor-lightbox-title=\"20141207_121256-location-vacances-villa-gite-de-france-4-pieces-f4-alpes-maritimes-06-cannes-nice-antibes-cote-d-azur-grasse-odon-1024x768\" data-e-action-hash=\"#elementor-action%3Aaction%3Dlightbox%26settings%3DeyJpZCI6ODA0NywidXJsIjoiaHR0cHM6XC9cL2xvY2F0aW9ucy0wNi5mclwvd3AtY29udGVudFwvdXBsb2Fkc1wvMjAxNDEyMDdfMTIxMjU2LWxvY2F0aW9uLXZhY2FuY2VzLXZpbGxhLWdpdGUtZGUtZnJhbmNlLTQtcGllY2VzLWY0LWFscGVzLW1hcml0aW1lcy0wNi1jYW5uZXMtbmljZS1hbnRpYmVzLWNvdGUtZC1henVyLWdyYXNzZS1vZG9uLTEwMjR4NzY4LTEuanBnIiwic2xpZGVzaG93IjoiYmY0YjI3OCJ9\" href=\"https:\/\/locations-06.fr\/wp-content\/uploads\/20141207_121256-location-vacances-villa-gite-de-france-4-pieces-f4-alpes-maritimes-06-cannes-nice-antibes-cote-d-azur-grasse-odon-1024x768-1.jpg\"><figure class=\"swiper-slide-inner\"><img decoding=\"async\" class=\"swiper-slide-image\" src=\"https:\/\/locations-06.fr\/wp-content\/uploads\/elementor\/thumbs\/20141207_121256-location-vacances-villa-gite-de-france-4-pieces-f4-alpes-maritimes-06-cannes-nice-antibes-cote-d-azur-grasse-odon-1024x768-1-qwwbibd7dfkbxunmxx7puhqr55zc8i65ev6wopz2d4.jpg\" alt=\"20141207_121256-location-vacances-villa-gite-de-france-4-pieces-f4-alpes-maritimes-06-cannes-nice-antibes-cote-d-azur-grasse-odon-1024x768\" \/><\/figure><\/a><\/div><div class=\"swiper-slide\" role=\"group\" aria-roledescription=\"slide\" aria-label=\"16 von 48\"><a data-elementor-open-lightbox=\"yes\" data-elementor-lightbox-slideshow=\"bf4b278\" data-elementor-lightbox-title=\"User comments\" data-e-action-hash=\"#elementor-action%3Aaction%3Dlightbox%26settings%3DeyJpZCI6ODA0OSwidXJsIjoiaHR0cHM6XC9cL2xvY2F0aW9ucy0wNi5mclwvd3AtY29udGVudFwvdXBsb2Fkc1wvMjAxNDEyMDdfMTIxNDA4LWxvY2F0aW9uLXZhY2FuY2VzLXZpbGxhLWdpdGUtZGUtZnJhbmNlLTQtcGllY2VzLWY0LWFscGVzLW1hcml0aW1lcy0wNi1jYW5uZXMtbmljZS1hbnRpYmVzLWNvdGUtZC1henVyLWdyYXNzZS1vZG9uLmpwZyIsInNsaWRlc2hvdyI6ImJmNGIyNzgifQ%3D%3D\" href=\"https:\/\/locations-06.fr\/wp-content\/uploads\/20141207_121408-location-vacances-villa-gite-de-france-4-pieces-f4-alpes-maritimes-06-cannes-nice-antibes-cote-d-azur-grasse-odon.jpg\"><figure class=\"swiper-slide-inner\"><img decoding=\"async\" class=\"swiper-slide-image\" src=\"https:\/\/locations-06.fr\/wp-content\/uploads\/elementor\/thumbs\/20141207_121408-location-vacances-villa-gite-de-france-4-pieces-f4-alpes-maritimes-06-cannes-nice-antibes-cote-d-azur-grasse-odon-qwwbibd7dfkbxunmxx7puhqr55zc8i65ev6wopz2d4.jpg\" alt=\"User comments\" \/><\/figure><\/a><\/div><div class=\"swiper-slide\" role=\"group\" aria-roledescription=\"slide\" aria-label=\"17 von 48\"><a data-elementor-open-lightbox=\"yes\" data-elementor-lightbox-slideshow=\"bf4b278\" data-elementor-lightbox-title=\"User comments\" data-e-action-hash=\"#elementor-action%3Aaction%3Dlightbox%26settings%3DeyJpZCI6ODA1MSwidXJsIjoiaHR0cHM6XC9cL2xvY2F0aW9ucy0wNi5mclwvd3AtY29udGVudFwvdXBsb2Fkc1wvMjAxNDEyMDdfMTIxNTEwLWxvY2F0aW9uLXZhY2FuY2VzLXZpbGxhLWdpdGUtZGUtZnJhbmNlLTQtcGllY2VzLWY0LWFscGVzLW1hcml0aW1lcy0wNi1jYW5uZXMtbmljZS1hbnRpYmVzLWNvdGUtZC1henVyLWdyYXNzZS1vZG9uLmpwZyIsInNsaWRlc2hvdyI6ImJmNGIyNzgifQ%3D%3D\" href=\"https:\/\/locations-06.fr\/wp-content\/uploads\/20141207_121510-location-vacances-villa-gite-de-france-4-pieces-f4-alpes-maritimes-06-cannes-nice-antibes-cote-d-azur-grasse-odon.jpg\"><figure class=\"swiper-slide-inner\"><img decoding=\"async\" class=\"swiper-slide-image\" src=\"https:\/\/locations-06.fr\/wp-content\/uploads\/elementor\/thumbs\/20141207_121510-location-vacances-villa-gite-de-france-4-pieces-f4-alpes-maritimes-06-cannes-nice-antibes-cote-d-azur-grasse-odon-qwwbibd7dfkbxunmxx7puhqr55zc8i65ev6wopz2d4.jpg\" alt=\"User comments\" \/><\/figure><\/a><\/div><div class=\"swiper-slide\" role=\"group\" aria-roledescription=\"slide\" aria-label=\"18 von 48\"><a data-elementor-open-lightbox=\"yes\" data-elementor-lightbox-slideshow=\"bf4b278\" data-elementor-lightbox-title=\"User comments\" data-e-action-hash=\"#elementor-action%3Aaction%3Dlightbox%26settings%3DeyJpZCI6ODA1MywidXJsIjoiaHR0cHM6XC9cL2xvY2F0aW9ucy0wNi5mclwvd3AtY29udGVudFwvdXBsb2Fkc1wvMjAxNDEyMDdfMTIxNjEwLWxvY2F0aW9uLXZhY2FuY2VzLXZpbGxhLWdpdGUtZGUtZnJhbmNlLTQtcGllY2VzLWY0LWFscGVzLW1hcml0aW1lcy0wNi1jYW5uZXMtbmljZS1hbnRpYmVzLWNvdGUtZC1henVyLWdyYXNzZS1vZG9uLmpwZyIsInNsaWRlc2hvdyI6ImJmNGIyNzgifQ%3D%3D\" href=\"https:\/\/locations-06.fr\/wp-content\/uploads\/20141207_121610-location-vacances-villa-gite-de-france-4-pieces-f4-alpes-maritimes-06-cannes-nice-antibes-cote-d-azur-grasse-odon.jpg\"><figure class=\"swiper-slide-inner\"><img decoding=\"async\" class=\"swiper-slide-image\" src=\"https:\/\/locations-06.fr\/wp-content\/uploads\/elementor\/thumbs\/20141207_121610-location-vacances-villa-gite-de-france-4-pieces-f4-alpes-maritimes-06-cannes-nice-antibes-cote-d-azur-grasse-odon-qwwbibd7dfkbxunmxx7puhqr55zc8i65ev6wopz2d4.jpg\" alt=\"User comments\" \/><\/figure><\/a><\/div><div class=\"swiper-slide\" role=\"group\" aria-roledescription=\"slide\" aria-label=\"19 von 48\"><a data-elementor-open-lightbox=\"yes\" data-elementor-lightbox-slideshow=\"bf4b278\" data-elementor-lightbox-title=\"User comments\" data-e-action-hash=\"#elementor-action%3Aaction%3Dlightbox%26settings%3DeyJpZCI6ODA1NSwidXJsIjoiaHR0cHM6XC9cL2xvY2F0aW9ucy0wNi5mclwvd3AtY29udGVudFwvdXBsb2Fkc1wvMjAxNDEyMDdfMTIxNzEyLWxvY2F0aW9uLXZhY2FuY2VzLXZpbGxhLWdpdGUtZGUtZnJhbmNlLTQtcGllY2VzLWY0LWFscGVzLW1hcml0aW1lcy0wNi1jYW5uZXMtbmljZS1hbnRpYmVzLWNvdGUtZC1henVyLWdyYXNzZS1vZG9uLmpwZyIsInNsaWRlc2hvdyI6ImJmNGIyNzgifQ%3D%3D\" href=\"https:\/\/locations-06.fr\/wp-content\/uploads\/20141207_121712-location-vacances-villa-gite-de-france-4-pieces-f4-alpes-maritimes-06-cannes-nice-antibes-cote-d-azur-grasse-odon.jpg\"><figure class=\"swiper-slide-inner\"><img decoding=\"async\" class=\"swiper-slide-image\" src=\"https:\/\/locations-06.fr\/wp-content\/uploads\/elementor\/thumbs\/20141207_121712-location-vacances-villa-gite-de-france-4-pieces-f4-alpes-maritimes-06-cannes-nice-antibes-cote-d-azur-grasse-odon-qwwbibd7dfkbxunmxx7puhqr55zc8i65ev6wopz2d4.jpg\" alt=\"User comments\" \/><\/figure><\/a><\/div><div class=\"swiper-slide\" role=\"group\" aria-roledescription=\"slide\" aria-label=\"20 von 48\"><a data-elementor-open-lightbox=\"yes\" data-elementor-lightbox-slideshow=\"bf4b278\" data-elementor-lightbox-title=\"User comments\" data-e-action-hash=\"#elementor-action%3Aaction%3Dlightbox%26settings%3DeyJpZCI6ODA1NywidXJsIjoiaHR0cHM6XC9cL2xvY2F0aW9ucy0wNi5mclwvd3AtY29udGVudFwvdXBsb2Fkc1wvMjAxNDEyMDdfMTIxODI2LWxvY2F0aW9uLXZhY2FuY2VzLXZpbGxhLWdpdGUtZGUtZnJhbmNlLTQtcGllY2VzLWY0LWFscGVzLW1hcml0aW1lcy0wNi1jYW5uZXMtbmljZS1hbnRpYmVzLWNvdGUtZC1henVyLWdyYXNzZS1vZG9uLmpwZyIsInNsaWRlc2hvdyI6ImJmNGIyNzgifQ%3D%3D\" href=\"https:\/\/locations-06.fr\/wp-content\/uploads\/20141207_121826-location-vacances-villa-gite-de-france-4-pieces-f4-alpes-maritimes-06-cannes-nice-antibes-cote-d-azur-grasse-odon.jpg\"><figure class=\"swiper-slide-inner\"><img decoding=\"async\" class=\"swiper-slide-image\" src=\"https:\/\/locations-06.fr\/wp-content\/uploads\/elementor\/thumbs\/20141207_121826-location-vacances-villa-gite-de-france-4-pieces-f4-alpes-maritimes-06-cannes-nice-antibes-cote-d-azur-grasse-odon-qwwbibd7dfkbxunmxx7puhqr55zc8i65ev6wopz2d4.jpg\" alt=\"User comments\" \/><\/figure><\/a><\/div><div class=\"swiper-slide\" role=\"group\" aria-roledescription=\"slide\" aria-label=\"21 von 48\"><a data-elementor-open-lightbox=\"yes\" data-elementor-lightbox-slideshow=\"bf4b278\" data-elementor-lightbox-title=\"User comments\" data-e-action-hash=\"#elementor-action%3Aaction%3Dlightbox%26settings%3DeyJpZCI6ODA1OSwidXJsIjoiaHR0cHM6XC9cL2xvY2F0aW9ucy0wNi5mclwvd3AtY29udGVudFwvdXBsb2Fkc1wvMjAxNTAyMDVfMTAzMzA4LWxvY2F0aW9uLXZhY2FuY2VzLXZpbGxhLWdpdGUtZGUtZnJhbmNlLTQtcGllY2VzLWY0LWFscGVzLW1hcml0aW1lcy0wNi1jYW5uZXMtbmljZS1hbnRpYmVzLWNvdGUtZC1henVyLWdyYXNzZS1vZG9uLmpwZyIsInNsaWRlc2hvdyI6ImJmNGIyNzgifQ%3D%3D\" href=\"https:\/\/locations-06.fr\/wp-content\/uploads\/20150205_103308-location-vacances-villa-gite-de-france-4-pieces-f4-alpes-maritimes-06-cannes-nice-antibes-cote-d-azur-grasse-odon.jpg\"><figure class=\"swiper-slide-inner\"><img decoding=\"async\" class=\"swiper-slide-image\" src=\"https:\/\/locations-06.fr\/wp-content\/uploads\/elementor\/thumbs\/20150205_103308-location-vacances-villa-gite-de-france-4-pieces-f4-alpes-maritimes-06-cannes-nice-antibes-cote-d-azur-grasse-odon-qwwbibd7dfkbxunmxx7puhqr55zc8i65ev6wopz2d4.jpg\" alt=\"User comments\" \/><\/figure><\/a><\/div><div class=\"swiper-slide\" role=\"group\" aria-roledescription=\"slide\" aria-label=\"22 von 48\"><a data-elementor-open-lightbox=\"yes\" data-elementor-lightbox-slideshow=\"bf4b278\" data-elementor-lightbox-title=\"User comments\" data-e-action-hash=\"#elementor-action%3Aaction%3Dlightbox%26settings%3DeyJpZCI6ODA2MSwidXJsIjoiaHR0cHM6XC9cL2xvY2F0aW9ucy0wNi5mclwvd3AtY29udGVudFwvdXBsb2Fkc1wvMjAxNTAzMDVfMDg0OTIyLWxvY2F0aW9uLXZhY2FuY2VzLXZpbGxhLWdpdGUtZGUtZnJhbmNlLTQtcGllY2VzLWY0LWFscGVzLW1hcml0aW1lcy0wNi1jYW5uZXMtbmljZS1hbnRpYmVzLWNvdGUtZC1henVyLWdyYXNzZS1vZG9uLmpwZyIsInNsaWRlc2hvdyI6ImJmNGIyNzgifQ%3D%3D\" href=\"https:\/\/locations-06.fr\/wp-content\/uploads\/20150305_084922-location-vacances-villa-gite-de-france-4-pieces-f4-alpes-maritimes-06-cannes-nice-antibes-cote-d-azur-grasse-odon.jpg\"><figure class=\"swiper-slide-inner\"><img decoding=\"async\" class=\"swiper-slide-image\" src=\"https:\/\/locations-06.fr\/wp-content\/uploads\/elementor\/thumbs\/20150305_084922-location-vacances-villa-gite-de-france-4-pieces-f4-alpes-maritimes-06-cannes-nice-antibes-cote-d-azur-grasse-odon-qwwbibd7dfkbxunmxx7puhqr55zc8i65ev6wopz2d4.jpg\" alt=\"User comments\" \/><\/figure><\/a><\/div><div class=\"swiper-slide\" role=\"group\" aria-roledescription=\"slide\" aria-label=\"23 von 48\"><a data-elementor-open-lightbox=\"yes\" data-elementor-lightbox-slideshow=\"bf4b278\" data-elementor-lightbox-title=\"User comments\" data-e-action-hash=\"#elementor-action%3Aaction%3Dlightbox%26settings%3DeyJpZCI6ODA2MywidXJsIjoiaHR0cHM6XC9cL2xvY2F0aW9ucy0wNi5mclwvd3AtY29udGVudFwvdXBsb2Fkc1wvMjAxNTAzMDVfMDkxMjE4LWxvY2F0aW9uLXZhY2FuY2VzLXZpbGxhLWdpdGUtZGUtZnJhbmNlLTQtcGllY2VzLWY0LWFscGVzLW1hcml0aW1lcy0wNi1jYW5uZXMtbmljZS1hbnRpYmVzLWNvdGUtZC1henVyLWdyYXNzZS1vZG9uLmpwZyIsInNsaWRlc2hvdyI6ImJmNGIyNzgifQ%3D%3D\" href=\"https:\/\/locations-06.fr\/wp-content\/uploads\/20150305_091218-location-vacances-villa-gite-de-france-4-pieces-f4-alpes-maritimes-06-cannes-nice-antibes-cote-d-azur-grasse-odon.jpg\"><figure class=\"swiper-slide-inner\"><img decoding=\"async\" class=\"swiper-slide-image\" src=\"https:\/\/locations-06.fr\/wp-content\/uploads\/elementor\/thumbs\/20150305_091218-location-vacances-villa-gite-de-france-4-pieces-f4-alpes-maritimes-06-cannes-nice-antibes-cote-d-azur-grasse-odon-qwwbibd7dfkbxunmxx7puhqr55zc8i65ev6wopz2d4.jpg\" alt=\"User comments\" \/><\/figure><\/a><\/div><div class=\"swiper-slide\" role=\"group\" aria-roledescription=\"slide\" aria-label=\"24 von 48\"><a data-elementor-open-lightbox=\"yes\" data-elementor-lightbox-slideshow=\"bf4b278\" data-elementor-lightbox-title=\"20160716_093620-louer-villa-vacances-gites-france-jardin-riviera-cannes-nice-mandelieu-06-paca-odon-1024x614\" data-e-action-hash=\"#elementor-action%3Aaction%3Dlightbox%26settings%3DeyJpZCI6ODA2NSwidXJsIjoiaHR0cHM6XC9cL2xvY2F0aW9ucy0wNi5mclwvd3AtY29udGVudFwvdXBsb2Fkc1wvMjAxNjA3MTZfMDkzNjIwLWxvdWVyLXZpbGxhLXZhY2FuY2VzLWdpdGVzLWZyYW5jZS1qYXJkaW4tcml2aWVyYS1jYW5uZXMtbmljZS1tYW5kZWxpZXUtMDYtcGFjYS1vZG9uLTEwMjR4NjE0LTEuanBnIiwic2xpZGVzaG93IjoiYmY0YjI3OCJ9\" href=\"https:\/\/locations-06.fr\/wp-content\/uploads\/20160716_093620-louer-villa-vacances-gites-france-jardin-riviera-cannes-nice-mandelieu-06-paca-odon-1024x614-1.jpg\"><figure class=\"swiper-slide-inner\"><img decoding=\"async\" class=\"swiper-slide-image\" src=\"https:\/\/locations-06.fr\/wp-content\/uploads\/elementor\/thumbs\/20160716_093620-louer-villa-vacances-gites-france-jardin-riviera-cannes-nice-mandelieu-06-paca-odon-1024x614-1-qwwbicb1k9lm9gm9sfmcezi7qjupg79vqzue5zxo6w.jpg\" alt=\"20160716_093620-louer-villa-vacances-gites-france-jardin-riviera-cannes-nice-mandelieu-06-paca-odon-1024x614\" \/><\/figure><\/a><\/div><div class=\"swiper-slide\" role=\"group\" aria-roledescription=\"slide\" aria-label=\"25 von 48\"><a data-elementor-open-lightbox=\"yes\" data-elementor-lightbox-slideshow=\"bf4b278\" data-elementor-lightbox-title=\"20170722_103927-location-vacances-villa-gite-de-france-4-pieces-f4-alpes-maritimes-06-cannes-nice-antibes-cote-d-azur-grasse-odon-1024x576\" data-e-action-hash=\"#elementor-action%3Aaction%3Dlightbox%26settings%3DeyJpZCI6ODA2NywidXJsIjoiaHR0cHM6XC9cL2xvY2F0aW9ucy0wNi5mclwvd3AtY29udGVudFwvdXBsb2Fkc1wvMjAxNzA3MjJfMTAzOTI3LWxvY2F0aW9uLXZhY2FuY2VzLXZpbGxhLWdpdGUtZGUtZnJhbmNlLTQtcGllY2VzLWY0LWFscGVzLW1hcml0aW1lcy0wNi1jYW5uZXMtbmljZS1hbnRpYmVzLWNvdGUtZC1henVyLWdyYXNzZS1vZG9uLTEwMjR4NTc2LTEuanBnIiwic2xpZGVzaG93IjoiYmY0YjI3OCJ9\" href=\"https:\/\/locations-06.fr\/wp-content\/uploads\/20170722_103927-location-vacances-villa-gite-de-france-4-pieces-f4-alpes-maritimes-06-cannes-nice-antibes-cote-d-azur-grasse-odon-1024x576-1.jpg\"><figure class=\"swiper-slide-inner\"><img decoding=\"async\" class=\"swiper-slide-image\" src=\"https:\/\/locations-06.fr\/wp-content\/uploads\/elementor\/thumbs\/20170722_103927-location-vacances-villa-gite-de-france-4-pieces-f4-alpes-maritimes-06-cannes-nice-antibes-cote-d-azur-grasse-odon-1024x576-1-qwwbicb1k9lm9gm9sfmcezi7qjupg79vqzue5zxo6w.jpg\" alt=\"20170722_103927-location-vacances-villa-gite-de-france-4-pieces-f4-alpes-maritimes-06-cannes-nice-antibes-cote-d-azur-grasse-odon-1024x576\" \/><\/figure><\/a><\/div><div class=\"swiper-slide\" role=\"group\" aria-roledescription=\"slide\" aria-label=\"26 von 48\"><a data-elementor-open-lightbox=\"yes\" data-elementor-lightbox-slideshow=\"bf4b278\" data-elementor-lightbox-title=\"Dsc00895-louer-villa-4-pieces-f4-alpes-maritimes-06-cannes-nice-antibes-sophia-antipolis-grasse-odon-1024x768\" data-e-action-hash=\"#elementor-action%3Aaction%3Dlightbox%26settings%3DeyJpZCI6ODA2OSwidXJsIjoiaHR0cHM6XC9cL2xvY2F0aW9ucy0wNi5mclwvd3AtY29udGVudFwvdXBsb2Fkc1wvRHNjMDA4OTUtbG91ZXItdmlsbGEtNC1waWVjZXMtZjQtYWxwZXMtbWFyaXRpbWVzLTA2LWNhbm5lcy1uaWNlLWFudGliZXMtc29waGlhLWFudGlwb2xpcy1ncmFzc2Utb2Rvbi0xMDI0eDc2OC0xLmpwZyIsInNsaWRlc2hvdyI6ImJmNGIyNzgifQ%3D%3D\" href=\"https:\/\/locations-06.fr\/wp-content\/uploads\/Dsc00895-louer-villa-4-pieces-f4-alpes-maritimes-06-cannes-nice-antibes-sophia-antipolis-grasse-odon-1024x768-1.jpg\"><figure class=\"swiper-slide-inner\"><img decoding=\"async\" class=\"swiper-slide-image\" src=\"https:\/\/locations-06.fr\/wp-content\/uploads\/elementor\/thumbs\/Dsc00895-louer-villa-4-pieces-f4-alpes-maritimes-06-cannes-nice-antibes-sophia-antipolis-grasse-odon-1024x768-1-qwwbih08ifs1vifg0znh9gbiph7jiosjfn3tkdqpbs.jpg\" alt=\"Dsc00895-louer-villa-4-pieces-f4-alpes-maritimes-06-cannes-nice-antibes-sophia-antipolis-grasse-odon-1024x768\" \/><\/figure><\/a><\/div><div class=\"swiper-slide\" role=\"group\" aria-roledescription=\"slide\" aria-label=\"27 von 48\"><a data-elementor-open-lightbox=\"yes\" data-elementor-lightbox-slideshow=\"bf4b278\" data-elementor-lightbox-title=\"Dsc00899-louer-villa-4-pieces-f4-alpes-maritimes-06-cannes-nice-antibes-sophia-antipolis-grasse-odon\" data-e-action-hash=\"#elementor-action%3Aaction%3Dlightbox%26settings%3DeyJpZCI6ODA3MSwidXJsIjoiaHR0cHM6XC9cL2xvY2F0aW9ucy0wNi5mclwvd3AtY29udGVudFwvdXBsb2Fkc1wvRHNjMDA4OTktbG91ZXItdmlsbGEtNC1waWVjZXMtZjQtYWxwZXMtbWFyaXRpbWVzLTA2LWNhbm5lcy1uaWNlLWFudGliZXMtc29waGlhLWFudGlwb2xpcy1ncmFzc2Utb2Rvbi5qcGciLCJzbGlkZXNob3ciOiJiZjRiMjc4In0%3D\" href=\"https:\/\/locations-06.fr\/wp-content\/uploads\/Dsc00899-louer-villa-4-pieces-f4-alpes-maritimes-06-cannes-nice-antibes-sophia-antipolis-grasse-odon.jpg\"><figure class=\"swiper-slide-inner\"><img decoding=\"async\" class=\"swiper-slide-image\" src=\"https:\/\/locations-06.fr\/wp-content\/uploads\/elementor\/thumbs\/Dsc00899-louer-villa-4-pieces-f4-alpes-maritimes-06-cannes-nice-antibes-sophia-antipolis-grasse-odon-qwwbih08ifs1vifg0znh9gbiph7jiosjfn3tkdqpbs.jpg\" alt=\"Dsc00899-louer-villa-4-pieces-f4-alpes-maritimes-06-cannes-nice-antibes-sophia-antipolis-grasse-odon\" \/><\/figure><\/a><\/div><div class=\"swiper-slide\" role=\"group\" aria-roledescription=\"slide\" aria-label=\"28 von 48\"><a data-elementor-open-lightbox=\"yes\" data-elementor-lightbox-slideshow=\"bf4b278\" data-elementor-lightbox-title=\"Dsc00903-louer-villa-4-pieces-f4-alpes-maritimes-06-cannes-nice-antibes-sophia-antipolis-grasse-odon-1024x768\" data-e-action-hash=\"#elementor-action%3Aaction%3Dlightbox%26settings%3DeyJpZCI6ODA3MywidXJsIjoiaHR0cHM6XC9cL2xvY2F0aW9ucy0wNi5mclwvd3AtY29udGVudFwvdXBsb2Fkc1wvRHNjMDA5MDMtbG91ZXItdmlsbGEtNC1waWVjZXMtZjQtYWxwZXMtbWFyaXRpbWVzLTA2LWNhbm5lcy1uaWNlLWFudGliZXMtc29waGlhLWFudGlwb2xpcy1ncmFzc2Utb2Rvbi0xMDI0eDc2OC0xLmpwZyIsInNsaWRlc2hvdyI6ImJmNGIyNzgifQ%3D%3D\" href=\"https:\/\/locations-06.fr\/wp-content\/uploads\/Dsc00903-louer-villa-4-pieces-f4-alpes-maritimes-06-cannes-nice-antibes-sophia-antipolis-grasse-odon-1024x768-1.jpg\"><figure class=\"swiper-slide-inner\"><img decoding=\"async\" class=\"swiper-slide-image\" src=\"https:\/\/locations-06.fr\/wp-content\/uploads\/elementor\/thumbs\/Dsc00903-louer-villa-4-pieces-f4-alpes-maritimes-06-cannes-nice-antibes-sophia-antipolis-grasse-odon-1024x768-1-qwwbih08ifs1vifg0znh9gbiph7jiosjfn3tkdqpbs.jpg\" alt=\"Dsc00903-louer-villa-4-pieces-f4-alpes-maritimes-06-cannes-nice-antibes-sophia-antipolis-grasse-odon-1024x768\" \/><\/figure><\/a><\/div><div class=\"swiper-slide\" role=\"group\" aria-roledescription=\"slide\" aria-label=\"29 von 48\"><a data-elementor-open-lightbox=\"yes\" data-elementor-lightbox-slideshow=\"bf4b278\" data-elementor-lightbox-title=\"DSC02639-location-vacances-villa-cote-d-azur-cannes-gite-calme-pas-cher-06-nice-mougins-odon-puilww5djixldfvai6qk5gjkty1q7lepz7u4fsa1rk\" data-e-action-hash=\"#elementor-action%3Aaction%3Dlightbox%26settings%3DeyJpZCI6ODA3NSwidXJsIjoiaHR0cHM6XC9cL2xvY2F0aW9ucy0wNi5mclwvd3AtY29udGVudFwvdXBsb2Fkc1wvRFNDMDI2MzktbG9jYXRpb24tdmFjYW5jZXMtdmlsbGEtY290ZS1kLWF6dXItY2FubmVzLWdpdGUtY2FsbWUtcGFzLWNoZXItMDYtbmljZS1tb3VnaW5zLW9kb24tcHVpbHd3NWRqaXhsZGZ2YWk2cWs1Z2prdHkxcTdsZXB6N3U0ZnNhMXJrLmpwZyIsInNsaWRlc2hvdyI6ImJmNGIyNzgifQ%3D%3D\" href=\"https:\/\/locations-06.fr\/wp-content\/uploads\/DSC02639-location-vacances-villa-cote-d-azur-cannes-gite-calme-pas-cher-06-nice-mougins-odon-puilww5djixldfvai6qk5gjkty1q7lepz7u4fsa1rk.jpg\"><figure class=\"swiper-slide-inner\"><img decoding=\"async\" class=\"swiper-slide-image\" src=\"https:\/\/locations-06.fr\/wp-content\/uploads\/elementor\/thumbs\/DSC02639-location-vacances-villa-cote-d-azur-cannes-gite-calme-pas-cher-06-nice-mougins-odon-puilww5djixldfvai6qk5gjkty1q7lepz7u4fsa1rk-qwwbih08ifs1vifg0znh9gbiph7jiosjfn3tkdqpbs.jpg\" alt=\"DSC02639-location-vacances-villa-cote-d-azur-cannes-gite-calme-pas-cher-06-nice-mougins-odon-puilww5djixldfvai6qk5gjkty1q7lepz7u4fsa1rk\" \/><\/figure><\/a><\/div><div class=\"swiper-slide\" role=\"group\" aria-roledescription=\"slide\" aria-label=\"30 von 48\"><a data-elementor-open-lightbox=\"yes\" data-elementor-lightbox-slideshow=\"bf4b278\" data-elementor-lightbox-title=\"DSC02644-location-vacances-villa-cote-d-azur-cannes-gite-calme-pas-cher-06-nice-mougins-odon-puilwx37qcyvp1txcp56pyb1fbx3faigbchlx28nlc\" data-e-action-hash=\"#elementor-action%3Aaction%3Dlightbox%26settings%3DeyJpZCI6ODA3NywidXJsIjoiaHR0cHM6XC9cL2xvY2F0aW9ucy0wNi5mclwvd3AtY29udGVudFwvdXBsb2Fkc1wvRFNDMDI2NDQtbG9jYXRpb24tdmFjYW5jZXMtdmlsbGEtY290ZS1kLWF6dXItY2FubmVzLWdpdGUtY2FsbWUtcGFzLWNoZXItMDYtbmljZS1tb3VnaW5zLW9kb24tcHVpbHd4MzdxY3l2cDF0eGNwNTZweWIxZmJ4M2ZhaWdiY2hseDI4bmxjLmpwZyIsInNsaWRlc2hvdyI6ImJmNGIyNzgifQ%3D%3D\" href=\"https:\/\/locations-06.fr\/wp-content\/uploads\/DSC02644-location-vacances-villa-cote-d-azur-cannes-gite-calme-pas-cher-06-nice-mougins-odon-puilwx37qcyvp1txcp56pyb1fbx3faigbchlx28nlc.jpg\"><figure class=\"swiper-slide-inner\"><img decoding=\"async\" class=\"swiper-slide-image\" src=\"https:\/\/locations-06.fr\/wp-content\/uploads\/elementor\/thumbs\/DSC02644-location-vacances-villa-cote-d-azur-cannes-gite-calme-pas-cher-06-nice-mougins-odon-puilwx37qcyvp1txcp56pyb1fbx3faigbchlx28nlc-qwwbih08ifs1vifg0znh9gbiph7jiosjfn3tkdqpbs.jpg\" alt=\"DSC02644-location-vacances-villa-cote-d-azur-cannes-gite-calme-pas-cher-06-nice-mougins-odon-puilwx37qcyvp1txcp56pyb1fbx3faigbchlx28nlc\" \/><\/figure><\/a><\/div><div class=\"swiper-slide\" role=\"group\" aria-roledescription=\"slide\" aria-label=\"31 von 48\"><a data-elementor-open-lightbox=\"yes\" data-elementor-lightbox-slideshow=\"bf4b278\" data-elementor-lightbox-title=\"DSC02645-location-vacances-villa-cote-d-azur-cannes-gite-calme-pas-cher-06-nice-mougins-odon-puilwy11x7060nsk77jtag2i0psgmzm6nh53ec79f4\" data-e-action-hash=\"#elementor-action%3Aaction%3Dlightbox%26settings%3DeyJpZCI6ODA3OSwidXJsIjoiaHR0cHM6XC9cL2xvY2F0aW9ucy0wNi5mclwvd3AtY29udGVudFwvdXBsb2Fkc1wvRFNDMDI2NDUtbG9jYXRpb24tdmFjYW5jZXMtdmlsbGEtY290ZS1kLWF6dXItY2FubmVzLWdpdGUtY2FsbWUtcGFzLWNoZXItMDYtbmljZS1tb3VnaW5zLW9kb24tcHVpbHd5MTF4NzA2MG5zazc3anRhZzJpMHBzZ216bTZuaDUzZWM3OWY0LmpwZyIsInNsaWRlc2hvdyI6ImJmNGIyNzgifQ%3D%3D\" href=\"https:\/\/locations-06.fr\/wp-content\/uploads\/DSC02645-location-vacances-villa-cote-d-azur-cannes-gite-calme-pas-cher-06-nice-mougins-odon-puilwy11x7060nsk77jtag2i0psgmzm6nh53ec79f4.jpg\"><figure class=\"swiper-slide-inner\"><img decoding=\"async\" class=\"swiper-slide-image\" src=\"https:\/\/locations-06.fr\/wp-content\/uploads\/elementor\/thumbs\/DSC02645-location-vacances-villa-cote-d-azur-cannes-gite-calme-pas-cher-06-nice-mougins-odon-puilwy11x7060nsk77jtag2i0psgmzm6nh53ec79f4-qwwbih08ifs1vifg0znh9gbiph7jiosjfn3tkdqpbs.jpg\" alt=\"DSC02645-location-vacances-villa-cote-d-azur-cannes-gite-calme-pas-cher-06-nice-mougins-odon-puilwy11x7060nsk77jtag2i0psgmzm6nh53ec79f4\" \/><\/figure><\/a><\/div><div class=\"swiper-slide\" role=\"group\" aria-roledescription=\"slide\" aria-label=\"32 von 48\"><a data-elementor-open-lightbox=\"yes\" data-elementor-lightbox-slideshow=\"bf4b278\" data-elementor-lightbox-title=\"DSC02651-location-vacances-villa-cote-d-azur-cannes-gite-calme-pas-cher-06-nice-mougins-odon-puilwyyw411gc9r71pyfuxtym3ntuopwzlskvm5v8w\" data-e-action-hash=\"#elementor-action%3Aaction%3Dlightbox%26settings%3DeyJpZCI6ODA4MSwidXJsIjoiaHR0cHM6XC9cL2xvY2F0aW9ucy0wNi5mclwvd3AtY29udGVudFwvdXBsb2Fkc1wvRFNDMDI2NTEtbG9jYXRpb24tdmFjYW5jZXMtdmlsbGEtY290ZS1kLWF6dXItY2FubmVzLWdpdGUtY2FsbWUtcGFzLWNoZXItMDYtbmljZS1tb3VnaW5zLW9kb24tcHVpbHd5eXc0MTFnYzlyNzFweWZ1eHR5bTNudHVvcHd6bHNrdm01djh3LmpwZyIsInNsaWRlc2hvdyI6ImJmNGIyNzgifQ%3D%3D\" href=\"https:\/\/locations-06.fr\/wp-content\/uploads\/DSC02651-location-vacances-villa-cote-d-azur-cannes-gite-calme-pas-cher-06-nice-mougins-odon-puilwyyw411gc9r71pyfuxtym3ntuopwzlskvm5v8w.jpg\"><figure class=\"swiper-slide-inner\"><img decoding=\"async\" class=\"swiper-slide-image\" src=\"https:\/\/locations-06.fr\/wp-content\/uploads\/elementor\/thumbs\/DSC02651-location-vacances-villa-cote-d-azur-cannes-gite-calme-pas-cher-06-nice-mougins-odon-puilwyyw411gc9r71pyfuxtym3ntuopwzlskvm5v8w-qwwbih08ifs1vifg0znh9gbiph7jiosjfn3tkdqpbs.jpg\" alt=\"DSC02651-location-vacances-villa-cote-d-azur-cannes-gite-calme-pas-cher-06-nice-mougins-odon-puilwyyw411gc9r71pyfuxtym3ntuopwzlskvm5v8w\" \/><\/figure><\/a><\/div><div class=\"swiper-slide\" role=\"group\" aria-roledescription=\"slide\" aria-label=\"33 von 48\"><a data-elementor-open-lightbox=\"yes\" data-elementor-lightbox-slideshow=\"bf4b278\" data-elementor-lightbox-title=\"DSC02661-location-villa-cote-d-azur-06-direct-particulier-gite-france-odon-puilwyyw411gc9r71pyfuxtym3ntuopwzlskvm5v8w\" data-e-action-hash=\"#elementor-action%3Aaction%3Dlightbox%26settings%3DeyJpZCI6ODA4MywidXJsIjoiaHR0cHM6XC9cL2xvY2F0aW9ucy0wNi5mclwvd3AtY29udGVudFwvdXBsb2Fkc1wvRFNDMDI2NjEtbG9jYXRpb24tdmlsbGEtY290ZS1kLWF6dXItMDYtZGlyZWN0LXBhcnRpY3VsaWVyLWdpdGUtZnJhbmNlLW9kb24tcHVpbHd5eXc0MTFnYzlyNzFweWZ1eHR5bTNudHVvcHd6bHNrdm01djh3LmpwZyIsInNsaWRlc2hvdyI6ImJmNGIyNzgifQ%3D%3D\" href=\"https:\/\/locations-06.fr\/wp-content\/uploads\/DSC02661-location-villa-cote-d-azur-06-direct-particulier-gite-france-odon-puilwyyw411gc9r71pyfuxtym3ntuopwzlskvm5v8w.jpg\"><figure class=\"swiper-slide-inner\"><img decoding=\"async\" class=\"swiper-slide-image\" src=\"https:\/\/locations-06.fr\/wp-content\/uploads\/elementor\/thumbs\/DSC02661-location-villa-cote-d-azur-06-direct-particulier-gite-france-odon-puilwyyw411gc9r71pyfuxtym3ntuopwzlskvm5v8w-qwwbih08ifs1vifg0znh9gbiph7jiosjfn3tkdqpbs.jpg\" alt=\"DSC02661-location-villa-cote-d-azur-06-direct-particulier-gite-france-odon-puilwyyw411gc9r71pyfuxtym3ntuopwzlskvm5v8w\" \/><\/figure><\/a><\/div><div class=\"swiper-slide\" role=\"group\" aria-roledescription=\"slide\" aria-label=\"34 von 48\"><a data-elementor-open-lightbox=\"yes\" data-elementor-lightbox-slideshow=\"bf4b278\" data-elementor-lightbox-title=\"DSC02979-location-villa-cote-d-azur-06-direct-particulier-gite-france-odon-puilx0ukhp40zhogqqrozxcvsveka2xdnv3ju632wg\" data-e-action-hash=\"#elementor-action%3Aaction%3Dlightbox%26settings%3DeyJpZCI6ODA4NSwidXJsIjoiaHR0cHM6XC9cL2xvY2F0aW9ucy0wNi5mclwvd3AtY29udGVudFwvdXBsb2Fkc1wvRFNDMDI5NzktbG9jYXRpb24tdmlsbGEtY290ZS1kLWF6dXItMDYtZGlyZWN0LXBhcnRpY3VsaWVyLWdpdGUtZnJhbmNlLW9kb24tcHVpbHgwdWtocDQwemhvZ3Fxcm96eGN2c3Zla2EyeGRudjNqdTYzMndnLmpwZyIsInNsaWRlc2hvdyI6ImJmNGIyNzgifQ%3D%3D\" href=\"https:\/\/locations-06.fr\/wp-content\/uploads\/DSC02979-location-villa-cote-d-azur-06-direct-particulier-gite-france-odon-puilx0ukhp40zhogqqrozxcvsveka2xdnv3ju632wg.jpg\"><figure class=\"swiper-slide-inner\"><img decoding=\"async\" class=\"swiper-slide-image\" src=\"https:\/\/locations-06.fr\/wp-content\/uploads\/elementor\/thumbs\/DSC02979-location-villa-cote-d-azur-06-direct-particulier-gite-france-odon-puilx0ukhp40zhogqqrozxcvsveka2xdnv3ju632wg-qwwbih08ifs1vifg0znh9gbiph7jiosjfn3tkdqpbs.jpg\" alt=\"DSC02979-location-villa-cote-d-azur-06-direct-particulier-gite-france-odon-puilx0ukhp40zhogqqrozxcvsveka2xdnv3ju632wg\" \/><\/figure><\/a><\/div><div class=\"swiper-slide\" role=\"group\" aria-roledescription=\"slide\" aria-label=\"35 von 48\"><a data-elementor-open-lightbox=\"yes\" data-elementor-lightbox-slideshow=\"bf4b278\" data-elementor-lightbox-title=\"DSC02982-location-villa-cote-d-azur-06-direct-particulier-gite-france-odon-puilx1seoj5bb3n3l96bkf4ce99xhs13zzr1bg1oq8\" data-e-action-hash=\"#elementor-action%3Aaction%3Dlightbox%26settings%3DeyJpZCI6ODA4NywidXJsIjoiaHR0cHM6XC9cL2xvY2F0aW9ucy0wNi5mclwvd3AtY29udGVudFwvdXBsb2Fkc1wvRFNDMDI5ODItbG9jYXRpb24tdmlsbGEtY290ZS1kLWF6dXItMDYtZGlyZWN0LXBhcnRpY3VsaWVyLWdpdGUtZnJhbmNlLW9kb24tcHVpbHgxc2VvajViYjNuM2w5NmJrZjRjZTk5eGhzMTN6enIxYmcxb3E4LmpwZyIsInNsaWRlc2hvdyI6ImJmNGIyNzgifQ%3D%3D\" href=\"https:\/\/locations-06.fr\/wp-content\/uploads\/DSC02982-location-villa-cote-d-azur-06-direct-particulier-gite-france-odon-puilx1seoj5bb3n3l96bkf4ce99xhs13zzr1bg1oq8.jpg\"><figure class=\"swiper-slide-inner\"><img decoding=\"async\" class=\"swiper-slide-image\" src=\"https:\/\/locations-06.fr\/wp-content\/uploads\/elementor\/thumbs\/DSC02982-location-villa-cote-d-azur-06-direct-particulier-gite-france-odon-puilx1seoj5bb3n3l96bkf4ce99xhs13zzr1bg1oq8-qwwbih08ifs1vifg0znh9gbiph7jiosjfn3tkdqpbs.jpg\" alt=\"DSC02982-location-villa-cote-d-azur-06-direct-particulier-gite-france-odon-puilx1seoj5bb3n3l96bkf4ce99xhs13zzr1bg1oq8\" \/><\/figure><\/a><\/div><div class=\"swiper-slide\" role=\"group\" aria-roledescription=\"slide\" aria-label=\"36 von 48\"><a data-elementor-open-lightbox=\"yes\" data-elementor-lightbox-slideshow=\"bf4b278\" data-elementor-lightbox-title=\"DSC02983-location-villa-cote-d-azur-06-direct-particulier-gite-france-odon-puilx2q8vd6lmplqfrky4wvszn5aph4uc4eisq0ak0\" data-e-action-hash=\"#elementor-action%3Aaction%3Dlightbox%26settings%3DeyJpZCI6ODA4OSwidXJsIjoiaHR0cHM6XC9cL2xvY2F0aW9ucy0wNi5mclwvd3AtY29udGVudFwvdXBsb2Fkc1wvRFNDMDI5ODMtbG9jYXRpb24tdmlsbGEtY290ZS1kLWF6dXItMDYtZGlyZWN0LXBhcnRpY3VsaWVyLWdpdGUtZnJhbmNlLW9kb24tcHVpbHgycTh2ZDZsbXBscWZya3k0d3Zzem41YXBoNHVjNGVpc3EwYWswLmpwZyIsInNsaWRlc2hvdyI6ImJmNGIyNzgifQ%3D%3D\" href=\"https:\/\/locations-06.fr\/wp-content\/uploads\/DSC02983-location-villa-cote-d-azur-06-direct-particulier-gite-france-odon-puilx2q8vd6lmplqfrky4wvszn5aph4uc4eisq0ak0.jpg\"><figure class=\"swiper-slide-inner\"><img decoding=\"async\" class=\"swiper-slide-image\" src=\"https:\/\/locations-06.fr\/wp-content\/uploads\/elementor\/thumbs\/DSC02983-location-villa-cote-d-azur-06-direct-particulier-gite-france-odon-puilx2q8vd6lmplqfrky4wvszn5aph4uc4eisq0ak0-qwwbih08ifs1vifg0znh9gbiph7jiosjfn3tkdqpbs.jpg\" alt=\"DSC02983-location-villa-cote-d-azur-06-direct-particulier-gite-france-odon-puilx2q8vd6lmplqfrky4wvszn5aph4uc4eisq0ak0\" \/><\/figure><\/a><\/div><div class=\"swiper-slide\" role=\"group\" aria-roledescription=\"slide\" aria-label=\"37 von 48\"><a data-elementor-open-lightbox=\"yes\" data-elementor-lightbox-slideshow=\"bf4b278\" data-elementor-lightbox-title=\"DSC02992-location-villa-cote-d-azur-06-direct-particulier-gite-france-odon-puilx2q8vd6lmplqfrky4wvszn5aph4uc4eisq0ak0\" data-e-action-hash=\"#elementor-action%3Aaction%3Dlightbox%26settings%3DeyJpZCI6ODA5MSwidXJsIjoiaHR0cHM6XC9cL2xvY2F0aW9ucy0wNi5mclwvd3AtY29udGVudFwvdXBsb2Fkc1wvRFNDMDI5OTItbG9jYXRpb24tdmlsbGEtY290ZS1kLWF6dXItMDYtZGlyZWN0LXBhcnRpY3VsaWVyLWdpdGUtZnJhbmNlLW9kb24tcHVpbHgycTh2ZDZsbXBscWZya3k0d3Zzem41YXBoNHVjNGVpc3EwYWswLmpwZyIsInNsaWRlc2hvdyI6ImJmNGIyNzgifQ%3D%3D\" href=\"https:\/\/locations-06.fr\/wp-content\/uploads\/DSC02992-location-villa-cote-d-azur-06-direct-particulier-gite-france-odon-puilx2q8vd6lmplqfrky4wvszn5aph4uc4eisq0ak0.jpg\"><figure class=\"swiper-slide-inner\"><img decoding=\"async\" class=\"swiper-slide-image\" src=\"https:\/\/locations-06.fr\/wp-content\/uploads\/elementor\/thumbs\/DSC02992-location-villa-cote-d-azur-06-direct-particulier-gite-france-odon-puilx2q8vd6lmplqfrky4wvszn5aph4uc4eisq0ak0-qwwbih08ifs1vifg0znh9gbiph7jiosjfn3tkdqpbs.jpg\" alt=\"DSC02992-location-villa-cote-d-azur-06-direct-particulier-gite-france-odon-puilx2q8vd6lmplqfrky4wvszn5aph4uc4eisq0ak0\" \/><\/figure><\/a><\/div><div class=\"swiper-slide\" role=\"group\" aria-roledescription=\"slide\" aria-label=\"38 von 48\"><a data-elementor-open-lightbox=\"yes\" data-elementor-lightbox-slideshow=\"bf4b278\" data-elementor-lightbox-title=\"DSC03003-location-villa-cote-d-azur-06-direct-particulier-gite-france-odon\" data-e-action-hash=\"#elementor-action%3Aaction%3Dlightbox%26settings%3DeyJpZCI6ODA5MywidXJsIjoiaHR0cHM6XC9cL2xvY2F0aW9ucy0wNi5mclwvd3AtY29udGVudFwvdXBsb2Fkc1wvRFNDMDMwMDMtbG9jYXRpb24tdmlsbGEtY290ZS1kLWF6dXItMDYtZGlyZWN0LXBhcnRpY3VsaWVyLWdpdGUtZnJhbmNlLW9kb24uanBnIiwic2xpZGVzaG93IjoiYmY0YjI3OCJ9\" href=\"https:\/\/locations-06.fr\/wp-content\/uploads\/DSC03003-location-villa-cote-d-azur-06-direct-particulier-gite-france-odon.jpg\"><figure class=\"swiper-slide-inner\"><img decoding=\"async\" class=\"swiper-slide-image\" src=\"https:\/\/locations-06.fr\/wp-content\/uploads\/elementor\/thumbs\/DSC03003-location-villa-cote-d-azur-06-direct-particulier-gite-france-odon-qwwbih08ifs1vifg0znh9gbiph7jiosjfn3tkdqpbs.jpg\" alt=\"DSC03003-location-villa-cote-d-azur-06-direct-particulier-gite-france-odon\" \/><\/figure><\/a><\/div><div class=\"swiper-slide\" role=\"group\" aria-roledescription=\"slide\" aria-label=\"39 von 48\"><a data-elementor-open-lightbox=\"yes\" data-elementor-lightbox-slideshow=\"bf4b278\" data-elementor-lightbox-title=\"DSC03012-location-vacances-villa-gite-de-france-4-pieces-f4-alpes-maritimes-06-cannes-nice-antibes-cote-d-azur-grasse-odon-1024x768\" data-e-action-hash=\"#elementor-action%3Aaction%3Dlightbox%26settings%3DeyJpZCI6ODA5NSwidXJsIjoiaHR0cHM6XC9cL2xvY2F0aW9ucy0wNi5mclwvd3AtY29udGVudFwvdXBsb2Fkc1wvRFNDMDMwMTItbG9jYXRpb24tdmFjYW5jZXMtdmlsbGEtZ2l0ZS1kZS1mcmFuY2UtNC1waWVjZXMtZjQtYWxwZXMtbWFyaXRpbWVzLTA2LWNhbm5lcy1uaWNlLWFudGliZXMtY290ZS1kLWF6dXItZ3Jhc3NlLW9kb24tMTAyNHg3NjgtMS5qcGciLCJzbGlkZXNob3ciOiJiZjRiMjc4In0%3D\" href=\"https:\/\/locations-06.fr\/wp-content\/uploads\/DSC03012-location-vacances-villa-gite-de-france-4-pieces-f4-alpes-maritimes-06-cannes-nice-antibes-cote-d-azur-grasse-odon-1024x768-1.jpg\"><figure class=\"swiper-slide-inner\"><img decoding=\"async\" class=\"swiper-slide-image\" src=\"https:\/\/locations-06.fr\/wp-content\/uploads\/elementor\/thumbs\/DSC03012-location-vacances-villa-gite-de-france-4-pieces-f4-alpes-maritimes-06-cannes-nice-antibes-cote-d-azur-grasse-odon-1024x768-1-qwwbih08ifs1vifg0znh9gbiph7jiosjfn3tkdqpbs.jpg\" alt=\"DSC03012-location-vacances-villa-gite-de-france-4-pieces-f4-alpes-maritimes-06-cannes-nice-antibes-cote-d-azur-grasse-odon-1024x768\" \/><\/figure><\/a><\/div><div class=\"swiper-slide\" role=\"group\" aria-roledescription=\"slide\" aria-label=\"40 von 48\"><a data-elementor-open-lightbox=\"yes\" data-elementor-lightbox-slideshow=\"bf4b278\" data-elementor-lightbox-title=\"DSC03013-location-villa-cote-d-azur-06-direct-particulier-gite-france-odon-puilx5jrfvagljhmzastue66rsreckg1cicz8jw41c\" data-e-action-hash=\"#elementor-action%3Aaction%3Dlightbox%26settings%3DeyJpZCI6ODA5NywidXJsIjoiaHR0cHM6XC9cL2xvY2F0aW9ucy0wNi5mclwvd3AtY29udGVudFwvdXBsb2Fkc1wvRFNDMDMwMTMtbG9jYXRpb24tdmlsbGEtY290ZS1kLWF6dXItMDYtZGlyZWN0LXBhcnRpY3VsaWVyLWdpdGUtZnJhbmNlLW9kb24tcHVpbHg1anJmdmFnbGpobXphc3R1ZTY2cnNyZWNrZzFjaWN6OGp3NDFjLmpwZyIsInNsaWRlc2hvdyI6ImJmNGIyNzgifQ%3D%3D\" href=\"https:\/\/locations-06.fr\/wp-content\/uploads\/DSC03013-location-villa-cote-d-azur-06-direct-particulier-gite-france-odon-puilx5jrfvagljhmzastue66rsreckg1cicz8jw41c.jpg\"><figure class=\"swiper-slide-inner\"><img decoding=\"async\" class=\"swiper-slide-image\" src=\"https:\/\/locations-06.fr\/wp-content\/uploads\/elementor\/thumbs\/DSC03013-location-villa-cote-d-azur-06-direct-particulier-gite-france-odon-puilx5jrfvagljhmzastue66rsreckg1cicz8jw41c-qwwbih08ifs1vifg0znh9gbiph7jiosjfn3tkdqpbs.jpg\" alt=\"DSC03013-location-villa-cote-d-azur-06-direct-particulier-gite-france-odon-puilx5jrfvagljhmzastue66rsreckg1cicz8jw41c\" \/><\/figure><\/a><\/div><div class=\"swiper-slide\" role=\"group\" aria-roledescription=\"slide\" aria-label=\"41 von 48\"><a data-elementor-open-lightbox=\"yes\" data-elementor-lightbox-slideshow=\"bf4b278\" data-elementor-lightbox-title=\"DSC03016-location-villa-cote-d-azur-06-direct-particulier-gite-france-odon-puilx5jrfvagljhmzastue66rsreckg1cicz8jw41c\" data-e-action-hash=\"#elementor-action%3Aaction%3Dlightbox%26settings%3DeyJpZCI6ODA5OSwidXJsIjoiaHR0cHM6XC9cL2xvY2F0aW9ucy0wNi5mclwvd3AtY29udGVudFwvdXBsb2Fkc1wvRFNDMDMwMTYtbG9jYXRpb24tdmlsbGEtY290ZS1kLWF6dXItMDYtZGlyZWN0LXBhcnRpY3VsaWVyLWdpdGUtZnJhbmNlLW9kb24tcHVpbHg1anJmdmFnbGpobXphc3R1ZTY2cnNyZWNrZzFjaWN6OGp3NDFjLmpwZyIsInNsaWRlc2hvdyI6ImJmNGIyNzgifQ%3D%3D\" href=\"https:\/\/locations-06.fr\/wp-content\/uploads\/DSC03016-location-villa-cote-d-azur-06-direct-particulier-gite-france-odon-puilx5jrfvagljhmzastue66rsreckg1cicz8jw41c.jpg\"><figure class=\"swiper-slide-inner\"><img decoding=\"async\" class=\"swiper-slide-image\" src=\"https:\/\/locations-06.fr\/wp-content\/uploads\/elementor\/thumbs\/DSC03016-location-villa-cote-d-azur-06-direct-particulier-gite-france-odon-puilx5jrfvagljhmzastue66rsreckg1cicz8jw41c-qwwbih08ifs1vifg0znh9gbiph7jiosjfn3tkdqpbs.jpg\" alt=\"DSC03016-location-villa-cote-d-azur-06-direct-particulier-gite-france-odon-puilx5jrfvagljhmzastue66rsreckg1cicz8jw41c\" \/><\/figure><\/a><\/div><div class=\"swiper-slide\" role=\"group\" aria-roledescription=\"slide\" aria-label=\"42 von 48\"><a data-elementor-open-lightbox=\"yes\" data-elementor-lightbox-slideshow=\"bf4b278\" data-elementor-lightbox-title=\"DSC03018-location-villa-cote-d-azur-06-direct-particulier-gite-france-odon-puilx6hlmpbqx5g9tt7gevxnd6mrk9jron0gptupv4\" data-e-action-hash=\"#elementor-action%3Aaction%3Dlightbox%26settings%3DeyJpZCI6ODEwMSwidXJsIjoiaHR0cHM6XC9cL2xvY2F0aW9ucy0wNi5mclwvd3AtY29udGVudFwvdXBsb2Fkc1wvRFNDMDMwMTgtbG9jYXRpb24tdmlsbGEtY290ZS1kLWF6dXItMDYtZGlyZWN0LXBhcnRpY3VsaWVyLWdpdGUtZnJhbmNlLW9kb24tcHVpbHg2aGxtcGJxeDVnOXR0N2dldnhuZDZtcms5anJvbjBncHR1cHY0LmpwZyIsInNsaWRlc2hvdyI6ImJmNGIyNzgifQ%3D%3D\" href=\"https:\/\/locations-06.fr\/wp-content\/uploads\/DSC03018-location-villa-cote-d-azur-06-direct-particulier-gite-france-odon-puilx6hlmpbqx5g9tt7gevxnd6mrk9jron0gptupv4.jpg\"><figure class=\"swiper-slide-inner\"><img decoding=\"async\" class=\"swiper-slide-image\" src=\"https:\/\/locations-06.fr\/wp-content\/uploads\/elementor\/thumbs\/DSC03018-location-villa-cote-d-azur-06-direct-particulier-gite-france-odon-puilx6hlmpbqx5g9tt7gevxnd6mrk9jron0gptupv4-qwwbih08ifs1vifg0znh9gbiph7jiosjfn3tkdqpbs.jpg\" alt=\"DSC03018-location-villa-cote-d-azur-06-direct-particulier-gite-france-odon-puilx6hlmpbqx5g9tt7gevxnd6mrk9jron0gptupv4\" \/><\/figure><\/a><\/div><div class=\"swiper-slide\" role=\"group\" aria-roledescription=\"slide\" aria-label=\"43 von 48\"><a data-elementor-open-lightbox=\"yes\" data-elementor-lightbox-slideshow=\"bf4b278\" data-elementor-lightbox-title=\"DSC03023-location-vacances-villa-gite-de-france-4-pieces-f4-alpes-maritimes-06-cannes-nice-antibes-cote-d-azur-grasse-odon-1024x768\" data-e-action-hash=\"#elementor-action%3Aaction%3Dlightbox%26settings%3DeyJpZCI6ODEwMywidXJsIjoiaHR0cHM6XC9cL2xvY2F0aW9ucy0wNi5mclwvd3AtY29udGVudFwvdXBsb2Fkc1wvRFNDMDMwMjMtbG9jYXRpb24tdmFjYW5jZXMtdmlsbGEtZ2l0ZS1kZS1mcmFuY2UtNC1waWVjZXMtZjQtYWxwZXMtbWFyaXRpbWVzLTA2LWNhbm5lcy1uaWNlLWFudGliZXMtY290ZS1kLWF6dXItZ3Jhc3NlLW9kb24tMTAyNHg3NjgtMS5qcGciLCJzbGlkZXNob3ciOiJiZjRiMjc4In0%3D\" href=\"https:\/\/locations-06.fr\/wp-content\/uploads\/DSC03023-location-vacances-villa-gite-de-france-4-pieces-f4-alpes-maritimes-06-cannes-nice-antibes-cote-d-azur-grasse-odon-1024x768-1.jpg\"><figure class=\"swiper-slide-inner\"><img decoding=\"async\" class=\"swiper-slide-image\" src=\"https:\/\/locations-06.fr\/wp-content\/uploads\/elementor\/thumbs\/DSC03023-location-vacances-villa-gite-de-france-4-pieces-f4-alpes-maritimes-06-cannes-nice-antibes-cote-d-azur-grasse-odon-1024x768-1-qwwbih08ifs1vifg0znh9gbiph7jiosjfn3tkdqpbs.jpg\" alt=\"DSC03023-location-vacances-villa-gite-de-france-4-pieces-f4-alpes-maritimes-06-cannes-nice-antibes-cote-d-azur-grasse-odon-1024x768\" \/><\/figure><\/a><\/div><div class=\"swiper-slide\" role=\"group\" aria-roledescription=\"slide\" aria-label=\"44 von 48\"><a data-elementor-open-lightbox=\"yes\" data-elementor-lightbox-slideshow=\"bf4b278\" data-elementor-lightbox-title=\"DSC06699-louer-villa-4-pieces-f4-alpes-maritimes-06-cannes-nice-antibes-sophia-antipolis-grasse-odon-1024x768\" data-e-action-hash=\"#elementor-action%3Aaction%3Dlightbox%26settings%3DeyJpZCI6ODEwNSwidXJsIjoiaHR0cHM6XC9cL2xvY2F0aW9ucy0wNi5mclwvd3AtY29udGVudFwvdXBsb2Fkc1wvRFNDMDY2OTktbG91ZXItdmlsbGEtNC1waWVjZXMtZjQtYWxwZXMtbWFyaXRpbWVzLTA2LWNhbm5lcy1uaWNlLWFudGliZXMtc29waGlhLWFudGlwb2xpcy1ncmFzc2Utb2Rvbi0xMDI0eDc2OC0xLmpwZyIsInNsaWRlc2hvdyI6ImJmNGIyNzgifQ%3D%3D\" href=\"https:\/\/locations-06.fr\/wp-content\/uploads\/DSC06699-louer-villa-4-pieces-f4-alpes-maritimes-06-cannes-nice-antibes-sophia-antipolis-grasse-odon-1024x768-1.jpg\"><figure class=\"swiper-slide-inner\"><img decoding=\"async\" class=\"swiper-slide-image\" src=\"https:\/\/locations-06.fr\/wp-content\/uploads\/elementor\/thumbs\/DSC06699-louer-villa-4-pieces-f4-alpes-maritimes-06-cannes-nice-antibes-sophia-antipolis-grasse-odon-1024x768-1-qwwbih08ifs1vifg0znh9gbiph7jiosjfn3tkdqpbs.jpg\" alt=\"DSC06699-louer-villa-4-pieces-f4-alpes-maritimes-06-cannes-nice-antibes-sophia-antipolis-grasse-odon-1024x768\" \/><\/figure><\/a><\/div><div class=\"swiper-slide\" role=\"group\" aria-roledescription=\"slide\" aria-label=\"45 von 48\"><a data-elementor-open-lightbox=\"yes\" data-elementor-lightbox-slideshow=\"bf4b278\" data-elementor-lightbox-title=\"Dsc06720-louer-villa-4-pieces-f4-alpes-maritimes-06-cannes-nice-antibes-sophia-antipolis-grasse-odon-1024x770\" data-e-action-hash=\"#elementor-action%3Aaction%3Dlightbox%26settings%3DeyJpZCI6ODEwNywidXJsIjoiaHR0cHM6XC9cL2xvY2F0aW9ucy0wNi5mclwvd3AtY29udGVudFwvdXBsb2Fkc1wvRHNjMDY3MjAtbG91ZXItdmlsbGEtNC1waWVjZXMtZjQtYWxwZXMtbWFyaXRpbWVzLTA2LWNhbm5lcy1uaWNlLWFudGliZXMtc29waGlhLWFudGlwb2xpcy1ncmFzc2Utb2Rvbi0xMDI0eDc3MC0xLmpwZyIsInNsaWRlc2hvdyI6ImJmNGIyNzgifQ%3D%3D\" href=\"https:\/\/locations-06.fr\/wp-content\/uploads\/Dsc06720-louer-villa-4-pieces-f4-alpes-maritimes-06-cannes-nice-antibes-sophia-antipolis-grasse-odon-1024x770-1.jpg\"><figure class=\"swiper-slide-inner\"><img decoding=\"async\" class=\"swiper-slide-image\" src=\"https:\/\/locations-06.fr\/wp-content\/uploads\/elementor\/thumbs\/Dsc06720-louer-villa-4-pieces-f4-alpes-maritimes-06-cannes-nice-antibes-sophia-antipolis-grasse-odon-1024x770-1-qwwbih08ifs1vifg0znh9gbiph7jiosjfn3tkdqpbs.jpg\" alt=\"Dsc06720-louer-villa-4-pieces-f4-alpes-maritimes-06-cannes-nice-antibes-sophia-antipolis-grasse-odon-1024x770\" \/><\/figure><\/a><\/div><div class=\"swiper-slide\" role=\"group\" aria-roledescription=\"slide\" aria-label=\"46 von 48\"><a data-elementor-open-lightbox=\"yes\" data-elementor-lightbox-slideshow=\"bf4b278\" data-elementor-lightbox-title=\"DSC06773-louer-villa-4-pieces-f4-alpes-maritimes-06-cannes-nice-antibes-sophia-antipolis-grasse-odon-1024x768\" data-e-action-hash=\"#elementor-action%3Aaction%3Dlightbox%26settings%3DeyJpZCI6ODEwOSwidXJsIjoiaHR0cHM6XC9cL2xvY2F0aW9ucy0wNi5mclwvd3AtY29udGVudFwvdXBsb2Fkc1wvRFNDMDY3NzMtbG91ZXItdmlsbGEtNC1waWVjZXMtZjQtYWxwZXMtbWFyaXRpbWVzLTA2LWNhbm5lcy1uaWNlLWFudGliZXMtc29waGlhLWFudGlwb2xpcy1ncmFzc2Utb2Rvbi0xMDI0eDc2OC0xLmpwZyIsInNsaWRlc2hvdyI6ImJmNGIyNzgifQ%3D%3D\" href=\"https:\/\/locations-06.fr\/wp-content\/uploads\/DSC06773-louer-villa-4-pieces-f4-alpes-maritimes-06-cannes-nice-antibes-sophia-antipolis-grasse-odon-1024x768-1.jpg\"><figure class=\"swiper-slide-inner\"><img decoding=\"async\" class=\"swiper-slide-image\" src=\"https:\/\/locations-06.fr\/wp-content\/uploads\/elementor\/thumbs\/DSC06773-louer-villa-4-pieces-f4-alpes-maritimes-06-cannes-nice-antibes-sophia-antipolis-grasse-odon-1024x768-1-qwwbih08ifs1vifg0znh9gbiph7jiosjfn3tkdqpbs.jpg\" alt=\"DSC06773-louer-villa-4-pieces-f4-alpes-maritimes-06-cannes-nice-antibes-sophia-antipolis-grasse-odon-1024x768\" \/><\/figure><\/a><\/div><div class=\"swiper-slide\" role=\"group\" aria-roledescription=\"slide\" aria-label=\"47 von 48\"><a data-elementor-open-lightbox=\"yes\" data-elementor-lightbox-slideshow=\"bf4b278\" data-elementor-lightbox-title=\"plan-location-vacances-villa-gite-de-france-4-pieces-f4-alpes-maritimes-06-cannes-nice-antibes-cote-d-azur-grasse-odon-1024x427\" data-e-action-hash=\"#elementor-action%3Aaction%3Dlightbox%26settings%3DeyJpZCI6ODExMSwidXJsIjoiaHR0cHM6XC9cL2xvY2F0aW9ucy0wNi5mclwvd3AtY29udGVudFwvdXBsb2Fkc1wvcGxhbi1sb2NhdGlvbi12YWNhbmNlcy12aWxsYS1naXRlLWRlLWZyYW5jZS00LXBpZWNlcy1mNC1hbHBlcy1tYXJpdGltZXMtMDYtY2FubmVzLW5pY2UtYW50aWJlcy1jb3RlLWQtYXp1ci1ncmFzc2Utb2Rvbi0xMDI0eDQyNy0xLmpwZyIsInNsaWRlc2hvdyI6ImJmNGIyNzgifQ%3D%3D\" href=\"https:\/\/locations-06.fr\/wp-content\/uploads\/plan-location-vacances-villa-gite-de-france-4-pieces-f4-alpes-maritimes-06-cannes-nice-antibes-cote-d-azur-grasse-odon-1024x427-1.jpg\"><figure class=\"swiper-slide-inner\"><img decoding=\"async\" class=\"swiper-slide-image\" src=\"https:\/\/locations-06.fr\/wp-content\/uploads\/elementor\/thumbs\/plan-location-vacances-villa-gite-de-france-4-pieces-f4-alpes-maritimes-06-cannes-nice-antibes-cote-d-azur-grasse-odon-1024x427-1-qwwbiqemes4x3m1si3pqydy4nbx7nntusxmod5crlk.jpg\" alt=\"plan-location-vacances-villa-gite-de-france-4-pieces-f4-alpes-maritimes-06-cannes-nice-antibes-cote-d-azur-grasse-odon-1024x427\" \/><\/figure><\/a><\/div><div class=\"swiper-slide\" role=\"group\" aria-roledescription=\"slide\" aria-label=\"48 von 48\"><a data-elementor-open-lightbox=\"yes\" data-elementor-lightbox-slideshow=\"bf4b278\" data-elementor-lightbox-title=\"YUN00050-louer-villa-vacances-gites-france-jardin-riviera-cannes-nice-mandelieu-06-paca-odon-puilxkl6h7v1ravsjhauyadk9yp9rq3qqksqwz9t9s\" data-e-action-hash=\"#elementor-action%3Aaction%3Dlightbox%26settings%3DeyJpZCI6ODExMywidXJsIjoiaHR0cHM6XC9cL2xvY2F0aW9ucy0wNi5mclwvd3AtY29udGVudFwvdXBsb2Fkc1wvWVVOMDAwNTAtbG91ZXItdmlsbGEtdmFjYW5jZXMtZ2l0ZXMtZnJhbmNlLWphcmRpbi1yaXZpZXJhLWNhbm5lcy1uaWNlLW1hbmRlbGlldS0wNi1wYWNhLW9kb24tcHVpbHhrbDZoN3YxcmF2c2poYXV5YWRrOXlwOXJxM3Fxa3Nxd3o5dDlzLmpwZyIsInNsaWRlc2hvdyI6ImJmNGIyNzgifQ%3D%3D\" href=\"https:\/\/locations-06.fr\/wp-content\/uploads\/YUN00050-louer-villa-vacances-gites-france-jardin-riviera-cannes-nice-mandelieu-06-paca-odon-puilxkl6h7v1ravsjhauyadk9yp9rq3qqksqwz9t9s.jpg\"><figure class=\"swiper-slide-inner\"><img decoding=\"async\" class=\"swiper-slide-image\" src=\"https:\/\/locations-06.fr\/wp-content\/uploads\/elementor\/thumbs\/YUN00050-louer-villa-vacances-gites-france-jardin-riviera-cannes-nice-mandelieu-06-paca-odon-puilxkl6h7v1ravsjhauyadk9yp9rq3qqksqwz9t9s-qwwbih08ifs1vifg0znh9gbiph7jiosjfn3tkdqpbs.jpg\" alt=\"YUN00050-louer-villa-vacances-gites-france-jardin-riviera-cannes-nice-mandelieu-06-paca-odon-puilxkl6h7v1ravsjhauyadk9yp9rq3qqksqwz9t9s\" \/><\/figure><\/a><\/div>\t\t\t<\/div>\n\t\t\t\t\t\t\t\n\t\t\t\t\t\t\t\t\t<div class=\"swiper-pagination\"><\/div>\n\t\t\t\t\t\t\t\t\t<\/div>\n\t\t\t\t\t\t<\/div>\n\t\t\t\t<\/div>\n\t\t\t\t\t<\/div>\n\t\t\t\t<\/div>\n\t\t<div class=\"elementor-element elementor-element-829b0b5 e-flex e-con-boxed e-con e-parent\" data-id=\"829b0b5\" data-element_type=\"container\" data-e-type=\"container\">\n\t\t\t\t\t<div class=\"e-con-inner\">\n\t\t\t\t<div class=\"elementor-element elementor-element-bdeb42d elementor-widget-divider--view-line elementor-widget elementor-widget-divider\" data-id=\"bdeb42d\" data-element_type=\"widget\" data-e-type=\"widget\" data-widget_type=\"divider.default\">\n\t\t\t\t<div class=\"elementor-widget-container\">\n\t\t\t\t\t\t\t<div class=\"elementor-divider\">\n\t\t\t<span class=\"elementor-divider-separator\">\n\t\t\t\t\t\t<\/span>\n\t\t<\/div>\n\t\t\t\t\t\t<\/div>\n\t\t\t\t<\/div>\n\t\t\t\t\t<\/div>\n\t\t\t\t<\/div>\n\t\t<div class=\"elementor-element elementor-element-dedd75b e-flex e-con-boxed e-con e-parent\" data-id=\"dedd75b\" data-element_type=\"container\" data-e-type=\"container\">\n\t\t\t\t\t<div class=\"e-con-inner\">\n\t\t<div class=\"elementor-element elementor-element-18c6a70 e-con-full e-flex e-con e-child\" data-id=\"18c6a70\" data-element_type=\"container\" data-e-type=\"container\">\n\t\t\t\t<div class=\"elementor-element elementor-element-9a13976 elementor-widget elementor-widget-text-editor\" data-id=\"9a13976\" data-element_type=\"widget\" data-e-type=\"widget\" data-widget_type=\"text-editor.default\">\n\t\t\t\t<div class=\"elementor-widget-container\">\n\t\t\t\t\t\t\t\t\t<p><strong>Ausr\u00fcstung<\/strong><\/p>\n<ul class=\"detail-list detail-list-2-cols\">\n<li><i class=\"fa fa-angle-right\" aria-hidden=\"true\"><\/i> 1 umwandelbares Sofa 140\u00d7190<\/li>\n<li><i class=\"fa fa-angle-right\" aria-hidden=\"true\"><\/i> 2 Betten 140\u00d7190<\/li>\n<li><i class=\"fa fa-angle-right\" aria-hidden=\"true\"><\/i> 2 Betten 90\u00d7190<\/li>\n<li><i class=\"fa fa-angle-right\" aria-hidden=\"true\"><\/i> Ausgestattete K\u00fcche<\/li>\n<li><i class=\"fa fa-angle-right\" aria-hidden=\"true\"><\/i> S\u00fcdostausrichtung<\/li>\n<li><i class=\"fa fa-angle-right\" aria-hidden=\"true\"><\/i> Privater umz\u00e4unter Garten 800 m\u00b2<\/li>\n<li><i class=\"fa fa-angle-right\" aria-hidden=\"true\"><\/i> Privater Parkplatz<\/li>\n<li><i class=\"fa fa-angle-right\" aria-hidden=\"true\"><\/i> Badezimmer<\/li>\n<li><i class=\"fa fa-angle-right\" aria-hidden=\"true\"><\/i> Badezimmer<\/li>\n<li>Elektrischer Grill<\/li>\n<li><i class=\"fa fa-angle-right\" aria-hidden=\"true\"><\/i> Touristische Dokumentation<\/li>\n<li>Waschmaschine<\/li>\n<li><i class=\"fa fa-angle-right\" aria-hidden=\"true\"><\/i> Geschirrsp\u00fcler<\/li>\n<li><i class=\"fa fa-angle-right\" aria-hidden=\"true\"><\/i> Reisebett und Hochstuhl auf Anfrage und ohne Aufpreis<\/li>\n<li><i class=\"fa fa-angle-right\" aria-hidden=\"true\"><\/i> Trockner<\/li>\n<li><i class=\"fa fa-angle-right\" aria-hidden=\"true\"><\/i> Fernsehen<\/li>\n<li><i class=\"fa fa-angle-right\" aria-hidden=\"true\"><\/i> Gratis Wifi<\/li>\n<\/ul>\n\t\t\t\t\t\t\t\t<\/div>\n\t\t\t\t<\/div>\n\t\t\t\t<\/div>\n\t\t<div class=\"elementor-element elementor-element-c3dd68a e-con-full e-flex e-con e-child\" data-id=\"c3dd68a\" data-element_type=\"container\" data-e-type=\"container\">\n\t\t\t\t<div class=\"elementor-element elementor-element-d656ea0 elementor-widget elementor-widget-text-editor\" data-id=\"d656ea0\" data-element_type=\"widget\" data-e-type=\"widget\" data-widget_type=\"text-editor.default\">\n\t\t\t\t<div class=\"elementor-widget-container\">\n\t\t\t\t\t\t\t\t\t<p><strong>Bequemlichkeit<\/strong><\/p>\n<ul class=\"detail-list detail-list-2-cols\">\n<li><i class=\"fa fa-angle-right\" aria-hidden=\"true\"><\/i> Flughafen Nizza-C\u00f4te d\u2019Azur 24 km entfernt<\/li>\n<li><i class=\"fa fa-angle-right\" aria-hidden=\"true\"><\/i> Autobahn A8, Ausfahrt 42 Cannes-Mougins, 19 km<\/li>\n<li><i class=\"fa fa-angle-right\" aria-hidden=\"true\"><\/i> Autobahn A8, Ausfahrt 48 Cagnes sur Mer, 18 km<\/li>\n<li><i class=\"fa fa-angle-right\" aria-hidden=\"true\"><\/i> SNCF-Bahnhof Cannes 24 km entfernt<\/li>\n<\/ul>\n\t\t\t\t\t\t\t\t<\/div>\n\t\t\t\t<\/div>\n\t\t\t\t<div class=\"elementor-element elementor-element-8ea967e elementor-widget elementor-widget-image\" data-id=\"8ea967e\" data-element_type=\"widget\" data-e-type=\"widget\" data-widget_type=\"image.default\">\n\t\t\t\t<div class=\"elementor-widget-container\">\n\t\t\t\t\t\t\t\t\t\t\t\t\t\t\t<img decoding=\"async\" src=\"https:\/\/locations-06.fr\/wp-content\/uploads\/renseignements-vacances-locations-gites-appartements-cote-d-azur.jpg\" title=\"Les oliviers\" alt=\"Les oliviers\" loading=\"lazy\" \/>\t\t\t\t\t\t\t\t\t\t\t\t\t\t\t<\/div>\n\t\t\t\t<\/div>\n\t\t\t\t<\/div>\n\t\t\t\t\t<\/div>\n\t\t\t\t<\/div>\n\t\t<div class=\"elementor-element elementor-element-2b61673 e-flex e-con-boxed e-con e-parent\" data-id=\"2b61673\" data-element_type=\"container\" data-e-type=\"container\">\n\t\t\t\t\t<div class=\"e-con-inner\">\n\t\t\t\t<div class=\"elementor-element elementor-element-cf12861 elementor-widget elementor-widget-heading\" data-id=\"cf12861\" data-element_type=\"widget\" data-e-type=\"widget\" data-widget_type=\"heading.default\">\n\t\t\t\t<div class=\"elementor-widget-container\">\n\t\t\t\t\t<h2 class=\"elementor-heading-title elementor-size-default\">Aktuelle Aktionen<\/h2>\t\t\t\t<\/div>\n\t\t\t\t<\/div>\n\t\t\t\t<div class=\"elementor-element elementor-element-1e71269 elementor-align-center elementor-widget elementor-widget-button\" data-id=\"1e71269\" data-element_type=\"widget\" data-e-type=\"widget\" data-widget_type=\"button.default\">\n\t\t\t\t<div class=\"elementor-widget-container\">\n\t\t\t\t\t\t\t\t\t<div class=\"elementor-button-wrapper\">\n\t\t\t\t\t<a class=\"elementor-button elementor-button-link elementor-size-xl\" href=\"https:\/\/locations-06.fr\/de\/sonderangebote-last-minute-angebote-ferienwohnungen-an-der-cote-dazur\/\">\n\t\t\t\t\t\t<span class=\"elementor-button-content-wrapper\">\n\t\t\t\t\t\t\t\t\t<span class=\"elementor-button-text\">Cliquez ici<\/span>\n\t\t\t\t\t<\/span>\n\t\t\t\t\t<\/a>\n\t\t\t\t<\/div>\n\t\t\t\t\t\t\t\t<\/div>\n\t\t\t\t<\/div>\n\t\t\t\t\t<\/div>\n\t\t\t\t<\/div>\n\t\t<div class=\"elementor-element elementor-element-1e23c1a e-flex e-con-boxed e-con e-parent\" data-id=\"1e23c1a\" data-element_type=\"container\" data-e-type=\"container\">\n\t\t\t\t\t<div class=\"e-con-inner\">\n\t\t\t\t<div class=\"elementor-element elementor-element-faab51e elementor-widget elementor-widget-text-editor\" data-id=\"faab51e\" data-element_type=\"widget\" data-e-type=\"widget\" data-widget_type=\"text-editor.default\">\n\t\t\t\t<div class=\"elementor-widget-container\">\n\t\t\t\t\t\t\t\t\t<p>La Maison d&#8217;Odon vermietet eine Villa<\/p>\n\t\t\t\t\t\t\t\t<\/div>\n\t\t\t\t<\/div>\n\t\t\t\t\t<\/div>\n\t\t\t\t<\/div>\n\t\t<div class=\"elementor-element elementor-element-d272794 e-flex e-con-boxed e-con e-parent\" data-id=\"d272794\" data-element_type=\"container\" data-e-type=\"container\">\n\t\t\t\t\t<div class=\"e-con-inner\">\n\t\t\t\t<div class=\"elementor-element elementor-element-1a00204 elementor-widget-divider--view-line elementor-widget elementor-widget-divider\" data-id=\"1a00204\" data-element_type=\"widget\" data-e-type=\"widget\" data-widget_type=\"divider.default\">\n\t\t\t\t<div class=\"elementor-widget-container\">\n\t\t\t\t\t\t\t<div class=\"elementor-divider\">\n\t\t\t<span class=\"elementor-divider-separator\">\n\t\t\t\t\t\t<\/span>\n\t\t<\/div>\n\t\t\t\t\t\t<\/div>\n\t\t\t\t<\/div>\n\t\t\t\t<div class=\"elementor-element elementor-element-d952bdf elementor-widget elementor-widget-heading\" data-id=\"d952bdf\" data-element_type=\"widget\" data-e-type=\"widget\" data-widget_type=\"heading.default\">\n\t\t\t\t<div class=\"elementor-widget-container\">\n\t\t\t\t\t<h2 class=\"elementor-heading-title elementor-size-default\">Entdecken Sie unsere Lodges und Villen f\u00fcr Ihren Urlaub an der C\u00f4te d\u2019Azur<\/h2>\t\t\t\t<\/div>\n\t\t\t\t<\/div>\n\t\t\t\t\t<\/div>\n\t\t\t\t<\/div>\n\t\t<div class=\"elementor-element elementor-element-872f183 e-flex e-con-boxed e-con e-parent\" data-id=\"872f183\" data-element_type=\"container\" data-e-type=\"container\">\n\t\t\t\t\t<div class=\"e-con-inner\">\n\t\t<div class=\"elementor-element elementor-element-84d3c34 e-con-full e-flex e-con e-child\" data-id=\"84d3c34\" data-element_type=\"container\" data-e-type=\"container\">\n\t\t\t\t<div class=\"elementor-element elementor-element-d1a8b89 elementor-position-top elementor-widget elementor-widget-image-box\" data-id=\"d1a8b89\" data-element_type=\"widget\" data-e-type=\"widget\" data-widget_type=\"image-box.default\">\n\t\t\t\t<div class=\"elementor-widget-container\">\n\t\t\t\t\t<div class=\"elementor-image-box-wrapper\"><figure class=\"elementor-image-box-img\"><a href=\"https:\/\/locations-06.fr\/de\/les-oliviers\/\" tabindex=\"-1\"><img decoding=\"async\" src=\"https:\/\/locations-06.fr\/wp-content\/uploads\/elementor\/thumbs\/DSC06337-gite-de-france-cote-d-azur-appartement-cannes-nice-piscine-accueil1-qwwbih06k9q3kns1kdh2zzo5a1jgfeu3kv28xww4pc.jpg\" title=\"gite de france cote d azur appartement cannes nice piscine accueil\" alt=\"gite de france cote d azur appartement cannes nice piscine accueil\" loading=\"lazy\" \/><\/a><\/figure><div class=\"elementor-image-box-content\"><h3 class=\"elementor-image-box-title\"><a href=\"https:\/\/locations-06.fr\/de\/les-oliviers\/\">Les Oliviers<\/a><\/h3><\/div><\/div>\t\t\t\t<\/div>\n\t\t\t\t<\/div>\n\t\t\t\t<\/div>\n\t\t<div class=\"elementor-element elementor-element-947b0d9 e-con-full e-flex e-con e-child\" data-id=\"947b0d9\" data-element_type=\"container\" data-e-type=\"container\">\n\t\t\t\t<div class=\"elementor-element elementor-element-2be4a0e elementor-position-top elementor-widget elementor-widget-image-box\" data-id=\"2be4a0e\" data-element_type=\"widget\" data-e-type=\"widget\" data-widget_type=\"image-box.default\">\n\t\t\t\t<div class=\"elementor-widget-container\">\n\t\t\t\t\t<div class=\"elementor-image-box-wrapper\"><figure class=\"elementor-image-box-img\"><a href=\"https:\/\/locations-06.fr\/de\/la-pascaline\/\" tabindex=\"-1\"><img decoding=\"async\" src=\"https:\/\/locations-06.fr\/wp-content\/uploads\/elementor\/thumbs\/Drone-Appartement-A-1-location-gite-de-france-appartement-cote-azur-cannes-accueil-1-qwwbih06k9q3kns1kdh2zzo5a1jgfeu3kv28xww4pc.jpg\" title=\"location gite de france appartement cote azur cannes accueil\" alt=\"location gite de france appartement cote azur cannes accueil\" loading=\"lazy\" \/><\/a><\/figure><div class=\"elementor-image-box-content\"><h3 class=\"elementor-image-box-title\"><a href=\"https:\/\/locations-06.fr\/de\/la-pascaline\/\">La Pascaline<\/a><\/h3><\/div><\/div>\t\t\t\t<\/div>\n\t\t\t\t<\/div>\n\t\t\t\t<\/div>\n\t\t<div class=\"elementor-element elementor-element-6198850 e-con-full e-flex e-con e-child\" data-id=\"6198850\" data-element_type=\"container\" data-e-type=\"container\">\n\t\t\t\t<div class=\"elementor-element elementor-element-c7a76b0 elementor-position-top elementor-widget elementor-widget-image-box\" data-id=\"c7a76b0\" data-element_type=\"widget\" data-e-type=\"widget\" data-widget_type=\"image-box.default\">\n\t\t\t\t<div class=\"elementor-widget-container\">\n\t\t\t\t\t<div class=\"elementor-image-box-wrapper\"><figure class=\"elementor-image-box-img\"><a href=\"https:\/\/locations-06.fr\/de\/la-maison-de-noelie-erdgeschoss\/\" tabindex=\"-1\"><img decoding=\"async\" src=\"https:\/\/locations-06.fr\/wp-content\/uploads\/elementor\/thumbs\/081a0657-appartement-gite-de-france-cote-d-azur-cannes-nice-antibes-06-accueil-qwwbibd5f9idn008hb1bl13dpqb9587pk35c294hqo.jpg\" title=\"La Maison de No\u00e9lie\" alt=\"La Maison de No\u00e9lie\" loading=\"lazy\" \/><\/a><\/figure><div class=\"elementor-image-box-content\"><h3 class=\"elementor-image-box-title\"><a href=\"https:\/\/locations-06.fr\/de\/la-maison-de-noelie-erdgeschoss\/\">La Maison de No\u00e9lie<\/br>Erdgeschoss<\/a><\/h3><\/div><\/div>\t\t\t\t<\/div>\n\t\t\t\t<\/div>\n\t\t\t\t<\/div>\n\t\t<div class=\"elementor-element elementor-element-eb6bac4 e-con-full e-flex e-con e-child\" data-id=\"eb6bac4\" data-element_type=\"container\" data-e-type=\"container\">\n\t\t\t\t<div class=\"elementor-element elementor-element-a495b93 elementor-position-top elementor-widget elementor-widget-image-box\" data-id=\"a495b93\" data-element_type=\"widget\" data-e-type=\"widget\" data-widget_type=\"image-box.default\">\n\t\t\t\t<div class=\"elementor-widget-container\">\n\t\t\t\t\t<div class=\"elementor-image-box-wrapper\"><figure class=\"elementor-image-box-img\"><a href=\"https:\/\/locations-06.fr\/de\/la-maison-de-noelie-1-stock\/\" tabindex=\"-1\"><img decoding=\"async\" src=\"https:\/\/locations-06.fr\/wp-content\/uploads\/elementor\/thumbs\/081a0657-appartement-gite-de-france-cote-d-azur-cannes-nice-antibes-06-accueil-qwwbibd5f9idn008hb1bl13dpqb9587pk35c294hqo.jpg\" title=\"La Maison de No\u00e9lie\" alt=\"La Maison de No\u00e9lie\" loading=\"lazy\" \/><\/a><\/figure><div class=\"elementor-image-box-content\"><h3 class=\"elementor-image-box-title\"><a href=\"https:\/\/locations-06.fr\/de\/la-maison-de-noelie-1-stock\/\">La Maison de No\u00e9lie <\/br>1<sup>.<\/sup> Stock<\/a><\/h3><\/div><\/div>\t\t\t\t<\/div>\n\t\t\t\t<\/div>\n\t\t\t\t<\/div>\n\t\t<div class=\"elementor-element elementor-element-e4f38c7 e-con-full e-flex e-con e-child\" data-id=\"e4f38c7\" data-element_type=\"container\" data-e-type=\"container\">\n\t\t\t\t<div class=\"elementor-element elementor-element-b6783d7 elementor-position-top elementor-widget elementor-widget-image-box\" data-id=\"b6783d7\" data-element_type=\"widget\" data-e-type=\"widget\" data-widget_type=\"image-box.default\">\n\t\t\t\t<div class=\"elementor-widget-container\">\n\t\t\t\t\t<div class=\"elementor-image-box-wrapper\"><figure class=\"elementor-image-box-img\"><a href=\"https:\/\/locations-06.fr\/de\/leugenie\/\" tabindex=\"-1\"><img decoding=\"async\" src=\"https:\/\/locations-06.fr\/wp-content\/uploads\/elementor\/thumbs\/20-drone-4-louer-gite-vacances-cote-d-azur-jardin-cannes-nice-cote-d-azur-06-appartement-meuble-sophia-antipolis-opio-direct-particulier-accueil-qwwbibd5f9idn008hb1bl13dpqb9587pk35c294hqo.jpg\" title=\"L&#8217;Eug\u00e9nie\" alt=\"L&#039;Eug\u00e9nie\" loading=\"lazy\" \/><\/a><\/figure><div class=\"elementor-image-box-content\"><h3 class=\"elementor-image-box-title\"><a href=\"https:\/\/locations-06.fr\/de\/leugenie\/\">L'Eug\u00e9nie<\/a><\/h3><\/div><\/div>\t\t\t\t<\/div>\n\t\t\t\t<\/div>\n\t\t\t\t<\/div>\n\t\t<div class=\"elementor-element elementor-element-43f78ad e-con-full e-flex e-con e-child\" data-id=\"43f78ad\" data-element_type=\"container\" data-e-type=\"container\">\n\t\t\t\t<div class=\"elementor-element elementor-element-4b34fa6 elementor-position-top elementor-widget elementor-widget-image-box\" data-id=\"4b34fa6\" data-element_type=\"widget\" data-e-type=\"widget\" data-widget_type=\"image-box.default\">\n\t\t\t\t<div class=\"elementor-widget-container\">\n\t\t\t\t\t<div class=\"elementor-image-box-wrapper\"><figure class=\"elementor-image-box-img\"><a href=\"https:\/\/locations-06.fr\/de\/la-maison-du-paysan\/\" tabindex=\"-1\"><img decoding=\"async\" src=\"https:\/\/locations-06.fr\/wp-content\/uploads\/20221231_134709-gites-maisons-villas-locations-louer-vacances-cote-d-azur-cannes-antibes-grasse-accueil.jpg\" title=\"\" alt=\"La maison du paysan\" loading=\"lazy\" \/><\/a><\/figure><div class=\"elementor-image-box-content\"><h3 class=\"elementor-image-box-title\"><a href=\"https:\/\/locations-06.fr\/de\/la-maison-du-paysan\/\">La Maison du Paysan<\/a><\/h3><\/div><\/div>\t\t\t\t<\/div>\n\t\t\t\t<\/div>\n\t\t\t\t<\/div>\n\t\t<div class=\"elementor-element elementor-element-7518f77 e-con-full e-flex e-con e-child\" data-id=\"7518f77\" data-element_type=\"container\" data-e-type=\"container\">\n\t\t\t\t<div class=\"elementor-element elementor-element-030e967 elementor-position-top elementor-widget elementor-widget-image-box\" data-id=\"030e967\" data-element_type=\"widget\" data-e-type=\"widget\" data-widget_type=\"image-box.default\">\n\t\t\t\t<div class=\"elementor-widget-container\">\n\t\t\t\t\t<div class=\"elementor-image-box-wrapper\"><figure class=\"elementor-image-box-img\"><a href=\"https:\/\/locations-06.fr\/de\/la-maison-dodon\/\" tabindex=\"-1\"><img decoding=\"async\" src=\"https:\/\/locations-06.fr\/wp-content\/uploads\/elementor\/thumbs\/31T095656-appartement-gite-de-france-cote-d-azur-cannes-nice-antibes-06-accueil1-qwwbig2cdfot91tepv2gfhwoono37pqd8qergmxivk.jpg\" title=\"La Maison D&#8217;odon\" alt=\"La Maison D&#039;odon\" loading=\"lazy\" \/><\/a><\/figure><div class=\"elementor-image-box-content\"><h3 class=\"elementor-image-box-title\"><a href=\"https:\/\/locations-06.fr\/de\/la-maison-dodon\/\">La Maison d'Odon<\/a><\/h3><\/div><\/div>\t\t\t\t<\/div>\n\t\t\t\t<\/div>\n\t\t\t\t<\/div>\n\t\t\t\t\t<\/div>\n\t\t\t\t<\/div>\n\t\t<div class=\"elementor-element elementor-element-0f805bd e-flex e-con-boxed e-con e-parent\" data-id=\"0f805bd\" data-element_type=\"container\" data-e-type=\"container\">\n\t\t\t\t\t<div class=\"e-con-inner\">\n\t\t\t\t<div class=\"elementor-element elementor-element-daf1337 elementor-widget elementor-widget-spacer\" data-id=\"daf1337\" data-element_type=\"widget\" data-e-type=\"widget\" data-widget_type=\"spacer.default\">\n\t\t\t\t<div class=\"elementor-widget-container\">\n\t\t\t\t\t\t\t<div class=\"elementor-spacer\">\n\t\t\t<div class=\"elementor-spacer-inner\"><\/div>\n\t\t<\/div>\n\t\t\t\t\t\t<\/div>\n\t\t\t\t<\/div>\n\t\t\t\t\t<\/div>\n\t\t\t\t<\/div>\n\t\t\t\t<\/div>\n\t\t","protected":false},"excerpt":{"rendered":"<p>La Maison d\u2019OdonFreistehende 4-Zimmer-Villa g\u00fcnstig zu vermieten f\u00fcr einen Urlaub in Frankreich an der C\u00f4te d\u2019Azur La Maison d&#8217;Odon vermietet eine Villa In der N\u00e4he von Cannes, Nizza, Antibes, Grasse, Valbonne, Alpes Maritimes. 3-Sterne-m\u00f6blierte Touristenunterkunft, Mitglied der Marke C\u00f4te d&#8217;Azur France.Empfohlen von \u201ePetit Fut\u00e9\u201c und \u201eGuide du Routard\u201c Stellen Sie sich vor: Gartenebene \u2013 CHARMANTE [&hellip;]<\/p>\n","protected":false},"author":2,"featured_media":7323,"parent":0,"menu_order":0,"comment_status":"closed","ping_status":"closed","template":"","meta":{"site-sidebar-layout":"no-sidebar","site-content-layout":"","ast-site-content-layout":"full-width-container","site-content-style":"default","site-sidebar-style":"default","ast-global-header-display":"","ast-banner-title-visibility":"","ast-main-header-display":"","ast-hfb-above-header-display":"","ast-hfb-below-header-display":"","ast-hfb-mobile-header-display":"","site-post-title":"disabled","ast-breadcrumbs-content":"","ast-featured-img":"disabled","footer-sml-layout":"","ast-disable-related-posts":"","theme-transparent-header-meta":"","adv-header-id-meta":"","stick-header-meta":"","header-above-stick-meta":"","header-main-stick-meta":"","header-below-stick-meta":"","astra-migrate-meta-layouts":"default","ast-page-background-enabled":"default","ast-page-background-meta":{"desktop":{"background-color":"var(--ast-global-color-4)","background-image":"","background-repeat":"repeat","background-position":"center center","background-size":"auto","background-attachment":"scroll","background-type":"","background-media":"","overlay-type":"","overlay-color":"","overlay-opacity":"","overlay-gradient":""},"tablet":{"background-color":"","background-image":"","background-repeat":"repeat","background-position":"center center","background-size":"auto","background-attachment":"scroll","background-type":"","background-media":"","overlay-type":"","overlay-color":"","overlay-opacity":"","overlay-gradient":""},"mobile":{"background-color":"","background-image":"","background-repeat":"repeat","background-position":"center center","background-size":"auto","background-attachment":"scroll","background-type":"","background-media":"","overlay-type":"","overlay-color":"","overlay-opacity":"","overlay-gradient":""}},"ast-content-background-meta":{"desktop":{"background-color":"var(--ast-global-color-5)","background-image":"","background-repeat":"repeat","background-position":"center center","background-size":"auto","background-attachment":"scroll","background-type":"","background-media":"","overlay-type":"","overlay-color":"","overlay-opacity":"","overlay-gradient":""},"tablet":{"background-color":"var(--ast-global-color-5)","background-image":"","background-repeat":"repeat","background-position":"center center","background-size":"auto","background-attachment":"scroll","background-type":"","background-media":"","overlay-type":"","overlay-color":"","overlay-opacity":"","overlay-gradient":""},"mobile":{"background-color":"var(--ast-global-color-5)","background-image":"","background-repeat":"repeat","background-position":"center center","background-size":"auto","background-attachment":"scroll","background-type":"","background-media":"","overlay-type":"","overlay-color":"","overlay-opacity":"","overlay-gradient":""}},"footnotes":""},"class_list":["post-13181","page","type-page","status-publish","has-post-thumbnail","hentry"],"yoast_head":"<!-- This site is optimized with the Yoast SEO plugin v27.5 - https:\/\/yoast.com\/product\/yoast-seo-wordpress\/ -->\n<title>La Maison d&#039;Odon vermietet eine Villa Alpes Maritimes Cannes<\/title>\n<meta name=\"description\" content=\"La Maison d&#039;Odon vermietet eine Villa Alpes Maritimes Cannes Nizza. mit Locations-06.fr Ferienh\u00e4user, Ferienwohnungen\" \/>\n<meta name=\"robots\" content=\"index, follow, max-snippet:-1, max-image-preview:large, max-video-preview:-1\" \/>\n<link rel=\"canonical\" href=\"https:\/\/locations-06.fr\/de\/la-maison-dodon\/\" \/>\n<meta property=\"og:locale\" content=\"de_DE\" \/>\n<meta property=\"og:type\" content=\"article\" \/>\n<meta property=\"og:title\" content=\"La Maison d&#039;Odon vermietet eine Villa Alpes Maritimes Cannes\" \/>\n<meta property=\"og:description\" content=\"La Maison d&#039;Odon vermietet eine Villa Alpes Maritimes Cannes Nizza. mit Locations-06.fr Ferienh\u00e4user, Ferienwohnungen\" \/>\n<meta property=\"og:url\" content=\"https:\/\/locations-06.fr\/de\/la-maison-dodon\/\" \/>\n<meta property=\"og:site_name\" content=\"Locations-06.fr\" \/>\n<meta property=\"article:publisher\" content=\"https:\/\/www.facebook.com\/pascalecodera0632755107\" \/>\n<meta property=\"article:modified_time\" content=\"2024-10-03T11:25:58+00:00\" \/>\n<meta property=\"og:image\" content=\"https:\/\/locations-06.fr\/wp-content\/uploads\/31T095656-appartement-gite-de-france-cote-d-azur-cannes-nice-antibes-06-accueil1.jpg\" \/>\n\t<meta property=\"og:image:width\" content=\"800\" \/>\n\t<meta property=\"og:image:height\" content=\"600\" \/>\n\t<meta property=\"og:image:type\" content=\"image\/jpeg\" \/>\n<meta name=\"twitter:card\" content=\"summary_large_image\" \/>\n<meta name=\"twitter:site\" content=\"@locations06\" \/>\n<meta name=\"twitter:label1\" content=\"Gesch\u00e4tzte Lesezeit\" \/>\n\t<meta name=\"twitter:data1\" content=\"15\u00a0Minuten\" \/>\n<script type=\"application\/ld+json\" class=\"yoast-schema-graph\">{\"@context\":\"https:\\\/\\\/schema.org\",\"@graph\":[{\"@type\":\"WebPage\",\"@id\":\"https:\\\/\\\/locations-06.fr\\\/de\\\/la-maison-dodon\\\/\",\"url\":\"https:\\\/\\\/locations-06.fr\\\/de\\\/la-maison-dodon\\\/\",\"name\":\"La Maison d'Odon vermietet eine Villa Alpes Maritimes Cannes\",\"isPartOf\":{\"@id\":\"https:\\\/\\\/locations-06.fr\\\/de\\\/#website\"},\"primaryImageOfPage\":{\"@id\":\"https:\\\/\\\/locations-06.fr\\\/de\\\/la-maison-dodon\\\/#primaryimage\"},\"image\":{\"@id\":\"https:\\\/\\\/locations-06.fr\\\/de\\\/la-maison-dodon\\\/#primaryimage\"},\"thumbnailUrl\":\"https:\\\/\\\/locations-06.fr\\\/wp-content\\\/uploads\\\/31T095656-appartement-gite-de-france-cote-d-azur-cannes-nice-antibes-06-accueil1.jpg\",\"datePublished\":\"2023-12-29T12:42:43+00:00\",\"dateModified\":\"2024-10-03T11:25:58+00:00\",\"description\":\"La Maison d'Odon vermietet eine Villa Alpes Maritimes Cannes Nizza. mit Locations-06.fr Ferienh\u00e4user, Ferienwohnungen\",\"breadcrumb\":{\"@id\":\"https:\\\/\\\/locations-06.fr\\\/de\\\/la-maison-dodon\\\/#breadcrumb\"},\"inLanguage\":\"de\",\"potentialAction\":[{\"@type\":\"ReadAction\",\"target\":[\"https:\\\/\\\/locations-06.fr\\\/de\\\/la-maison-dodon\\\/\"]}]},{\"@type\":\"ImageObject\",\"inLanguage\":\"de\",\"@id\":\"https:\\\/\\\/locations-06.fr\\\/de\\\/la-maison-dodon\\\/#primaryimage\",\"url\":\"https:\\\/\\\/locations-06.fr\\\/wp-content\\\/uploads\\\/31T095656-appartement-gite-de-france-cote-d-azur-cannes-nice-antibes-06-accueil1.jpg\",\"contentUrl\":\"https:\\\/\\\/locations-06.fr\\\/wp-content\\\/uploads\\\/31T095656-appartement-gite-de-france-cote-d-azur-cannes-nice-antibes-06-accueil1.jpg\",\"width\":800,\"height\":600},{\"@type\":\"BreadcrumbList\",\"@id\":\"https:\\\/\\\/locations-06.fr\\\/de\\\/la-maison-dodon\\\/#breadcrumb\",\"itemListElement\":[{\"@type\":\"ListItem\",\"position\":1,\"name\":\"Accueil\",\"item\":\"https:\\\/\\\/locations-06.fr\\\/de\\\/ferienwohnungen-ferienhauser-und-apartments-an-der-franzosischen-riviera-in-der-nahe-von-nizza-antibes-cannes-und-grasse\\\/\"},{\"@type\":\"ListItem\",\"position\":2,\"name\":\"La Maison d&rsquo;Odon\"}]},{\"@type\":\"WebSite\",\"@id\":\"https:\\\/\\\/locations-06.fr\\\/de\\\/#website\",\"url\":\"https:\\\/\\\/locations-06.fr\\\/de\\\/\",\"name\":\"Locations-06.fr\",\"description\":\"Locations Gites en France sur la C\u00f4te d&#039;Azur - Appartements et Villas - gite, location de vacances et pas cher\",\"publisher\":{\"@id\":\"https:\\\/\\\/locations-06.fr\\\/de\\\/#organization\"},\"alternateName\":\"Locations-06.fr\",\"potentialAction\":[{\"@type\":\"SearchAction\",\"target\":{\"@type\":\"EntryPoint\",\"urlTemplate\":\"https:\\\/\\\/locations-06.fr\\\/de\\\/?s={search_term_string}\"},\"query-input\":{\"@type\":\"PropertyValueSpecification\",\"valueRequired\":true,\"valueName\":\"search_term_string\"}}],\"inLanguage\":\"de\"},{\"@type\":\"Organization\",\"@id\":\"https:\\\/\\\/locations-06.fr\\\/de\\\/#organization\",\"name\":\"Locations-06.fr\",\"alternateName\":\"Locations-06.fr\",\"url\":\"https:\\\/\\\/locations-06.fr\\\/de\\\/\",\"logo\":{\"@type\":\"ImageObject\",\"inLanguage\":\"de\",\"@id\":\"https:\\\/\\\/locations-06.fr\\\/de\\\/#\\\/schema\\\/logo\\\/image\\\/\",\"url\":\"https:\\\/\\\/locations-06.fr\\\/wp-content\\\/uploads\\\/location-06-logo.png\",\"contentUrl\":\"https:\\\/\\\/locations-06.fr\\\/wp-content\\\/uploads\\\/location-06-logo.png\",\"width\":180,\"height\":105,\"caption\":\"Locations-06.fr\"},\"image\":{\"@id\":\"https:\\\/\\\/locations-06.fr\\\/de\\\/#\\\/schema\\\/logo\\\/image\\\/\"},\"sameAs\":[\"https:\\\/\\\/www.facebook.com\\\/pascalecodera0632755107\",\"https:\\\/\\\/x.com\\\/locations06\",\"https:\\\/\\\/www.instagram.com\\\/locations_06\\\/?hl=fr\"]}]}<\/script>\n<!-- \/ Yoast SEO plugin. -->","yoast_head_json":{"title":"La Maison d'Odon vermietet eine Villa Alpes Maritimes Cannes","description":"La Maison d'Odon vermietet eine Villa Alpes Maritimes Cannes Nizza. mit Locations-06.fr Ferienh\u00e4user, Ferienwohnungen","robots":{"index":"index","follow":"follow","max-snippet":"max-snippet:-1","max-image-preview":"max-image-preview:large","max-video-preview":"max-video-preview:-1"},"canonical":"https:\/\/locations-06.fr\/de\/la-maison-dodon\/","og_locale":"de_DE","og_type":"article","og_title":"La Maison d'Odon vermietet eine Villa Alpes Maritimes Cannes","og_description":"La Maison d'Odon vermietet eine Villa Alpes Maritimes Cannes Nizza. mit Locations-06.fr Ferienh\u00e4user, Ferienwohnungen","og_url":"https:\/\/locations-06.fr\/de\/la-maison-dodon\/","og_site_name":"Locations-06.fr","article_publisher":"https:\/\/www.facebook.com\/pascalecodera0632755107","article_modified_time":"2024-10-03T11:25:58+00:00","og_image":[{"width":800,"height":600,"url":"https:\/\/locations-06.fr\/wp-content\/uploads\/31T095656-appartement-gite-de-france-cote-d-azur-cannes-nice-antibes-06-accueil1.jpg","type":"image\/jpeg"}],"twitter_card":"summary_large_image","twitter_site":"@locations06","twitter_misc":{"Gesch\u00e4tzte Lesezeit":"15\u00a0Minuten"},"schema":{"@context":"https:\/\/schema.org","@graph":[{"@type":"WebPage","@id":"https:\/\/locations-06.fr\/de\/la-maison-dodon\/","url":"https:\/\/locations-06.fr\/de\/la-maison-dodon\/","name":"La Maison d'Odon vermietet eine Villa Alpes Maritimes Cannes","isPartOf":{"@id":"https:\/\/locations-06.fr\/de\/#website"},"primaryImageOfPage":{"@id":"https:\/\/locations-06.fr\/de\/la-maison-dodon\/#primaryimage"},"image":{"@id":"https:\/\/locations-06.fr\/de\/la-maison-dodon\/#primaryimage"},"thumbnailUrl":"https:\/\/locations-06.fr\/wp-content\/uploads\/31T095656-appartement-gite-de-france-cote-d-azur-cannes-nice-antibes-06-accueil1.jpg","datePublished":"2023-12-29T12:42:43+00:00","dateModified":"2024-10-03T11:25:58+00:00","description":"La Maison d'Odon vermietet eine Villa Alpes Maritimes Cannes Nizza. mit Locations-06.fr Ferienh\u00e4user, Ferienwohnungen","breadcrumb":{"@id":"https:\/\/locations-06.fr\/de\/la-maison-dodon\/#breadcrumb"},"inLanguage":"de","potentialAction":[{"@type":"ReadAction","target":["https:\/\/locations-06.fr\/de\/la-maison-dodon\/"]}]},{"@type":"ImageObject","inLanguage":"de","@id":"https:\/\/locations-06.fr\/de\/la-maison-dodon\/#primaryimage","url":"https:\/\/locations-06.fr\/wp-content\/uploads\/31T095656-appartement-gite-de-france-cote-d-azur-cannes-nice-antibes-06-accueil1.jpg","contentUrl":"https:\/\/locations-06.fr\/wp-content\/uploads\/31T095656-appartement-gite-de-france-cote-d-azur-cannes-nice-antibes-06-accueil1.jpg","width":800,"height":600},{"@type":"BreadcrumbList","@id":"https:\/\/locations-06.fr\/de\/la-maison-dodon\/#breadcrumb","itemListElement":[{"@type":"ListItem","position":1,"name":"Accueil","item":"https:\/\/locations-06.fr\/de\/ferienwohnungen-ferienhauser-und-apartments-an-der-franzosischen-riviera-in-der-nahe-von-nizza-antibes-cannes-und-grasse\/"},{"@type":"ListItem","position":2,"name":"La Maison d&rsquo;Odon"}]},{"@type":"WebSite","@id":"https:\/\/locations-06.fr\/de\/#website","url":"https:\/\/locations-06.fr\/de\/","name":"Locations-06.fr","description":"Locations Gites en France sur la C\u00f4te d&#039;Azur - Appartements et Villas - gite, location de vacances et pas cher","publisher":{"@id":"https:\/\/locations-06.fr\/de\/#organization"},"alternateName":"Locations-06.fr","potentialAction":[{"@type":"SearchAction","target":{"@type":"EntryPoint","urlTemplate":"https:\/\/locations-06.fr\/de\/?s={search_term_string}"},"query-input":{"@type":"PropertyValueSpecification","valueRequired":true,"valueName":"search_term_string"}}],"inLanguage":"de"},{"@type":"Organization","@id":"https:\/\/locations-06.fr\/de\/#organization","name":"Locations-06.fr","alternateName":"Locations-06.fr","url":"https:\/\/locations-06.fr\/de\/","logo":{"@type":"ImageObject","inLanguage":"de","@id":"https:\/\/locations-06.fr\/de\/#\/schema\/logo\/image\/","url":"https:\/\/locations-06.fr\/wp-content\/uploads\/location-06-logo.png","contentUrl":"https:\/\/locations-06.fr\/wp-content\/uploads\/location-06-logo.png","width":180,"height":105,"caption":"Locations-06.fr"},"image":{"@id":"https:\/\/locations-06.fr\/de\/#\/schema\/logo\/image\/"},"sameAs":["https:\/\/www.facebook.com\/pascalecodera0632755107","https:\/\/x.com\/locations06","https:\/\/www.instagram.com\/locations_06\/?hl=fr"]}]}},"_links":{"self":[{"href":"https:\/\/locations-06.fr\/de\/wp-json\/wp\/v2\/pages\/13181","targetHints":{"allow":["GET"]}}],"collection":[{"href":"https:\/\/locations-06.fr\/de\/wp-json\/wp\/v2\/pages"}],"about":[{"href":"https:\/\/locations-06.fr\/de\/wp-json\/wp\/v2\/types\/page"}],"author":[{"embeddable":true,"href":"https:\/\/locations-06.fr\/de\/wp-json\/wp\/v2\/users\/2"}],"replies":[{"embeddable":true,"href":"https:\/\/locations-06.fr\/de\/wp-json\/wp\/v2\/comments?post=13181"}],"version-history":[{"count":6,"href":"https:\/\/locations-06.fr\/de\/wp-json\/wp\/v2\/pages\/13181\/revisions"}],"predecessor-version":[{"id":15485,"href":"https:\/\/locations-06.fr\/de\/wp-json\/wp\/v2\/pages\/13181\/revisions\/15485"}],"wp:featuredmedia":[{"embeddable":true,"href":"https:\/\/locations-06.fr\/de\/wp-json\/wp\/v2\/media\/7323"}],"wp:attachment":[{"href":"https:\/\/locations-06.fr\/de\/wp-json\/wp\/v2\/media?parent=13181"}],"curies":[{"name":"wp","href":"https:\/\/api.w.org\/{rel}","templated":true}]}}