{"id":13175,"date":"2023-12-29T13:41:06","date_gmt":"2023-12-29T12:41:06","guid":{"rendered":"https:\/\/locations-06.fr\/grasse-capitale-des-parfums\/"},"modified":"2024-12-15T10:36:52","modified_gmt":"2024-12-15T09:36:52","slug":"grasse-capitale-des-parfums","status":"publish","type":"page","link":"https:\/\/locations-06.fr\/de\/grasse-capitale-des-parfums\/","title":{"rendered":"Grasse Welthauptstadt der Parf\u00fcme"},"content":{"rendered":"\t\t<div data-elementor-type=\"wp-page\" data-elementor-id=\"13175\" class=\"elementor elementor-13175 elementor-33\">\n\t\t\t\t<div class=\"elementor-element elementor-element-2b22ebd e-flex e-con-boxed e-con e-parent\" data-id=\"2b22ebd\" data-element_type=\"container\" data-e-type=\"container\">\n\t\t\t\t\t<div class=\"e-con-inner\">\n\t\t\t\t<div class=\"elementor-element elementor-element-47efc60 elementor-widget elementor-widget-text-editor\" data-id=\"47efc60\" data-element_type=\"widget\" data-e-type=\"widget\" data-widget_type=\"text-editor.default\">\n\t\t\t\t<div class=\"elementor-widget-container\">\n\t\t\t\t\t\t\t\t\t<p>Grasse Welthauptstadt der Parf\u00fcme<\/p>\n\t\t\t\t\t\t\t\t<\/div>\n\t\t\t\t<\/div>\n\t\t\t\t<div class=\"elementor-element elementor-element-94027d7 elementor-widget elementor-widget-heading\" data-id=\"94027d7\" data-element_type=\"widget\" data-e-type=\"widget\" data-widget_type=\"heading.default\">\n\t\t\t\t<div class=\"elementor-widget-container\">\n\t\t\t\t\t<h1 class=\"elementor-heading-title elementor-size-default\">Grasse Welthauptstadt der Parf\u00fcme<\/h1>\t\t\t\t<\/div>\n\t\t\t\t<\/div>\n\t\t\t\t\t<\/div>\n\t\t\t\t<\/div>\n\t\t<div class=\"elementor-element elementor-element-695c9c9 e-flex e-con-boxed e-con e-parent\" data-id=\"695c9c9\" data-element_type=\"container\" data-e-type=\"container\">\n\t\t\t\t\t<div class=\"e-con-inner\">\n\t\t\t\t<div class=\"elementor-element elementor-element-f1647e1 elementor-widget elementor-widget-text-editor\" data-id=\"f1647e1\" data-element_type=\"widget\" data-e-type=\"widget\" data-widget_type=\"text-editor.default\">\n\t\t\t\t<div class=\"elementor-widget-container\">\n\t\t\t\t\t\t\t\t\t<p>Grasse Hauptstadt der Parf\u00fcme<\/p>\n\t\t\t\t\t\t\t\t<\/div>\n\t\t\t\t<\/div>\n\t\t\t\t\t<\/div>\n\t\t\t\t<\/div>\n\t\t<div class=\"elementor-element elementor-element-c99d4d7 e-flex e-con-boxed e-con e-parent\" data-id=\"c99d4d7\" data-element_type=\"container\" data-e-type=\"container\">\n\t\t\t\t\t<div class=\"e-con-inner\">\n\t\t\t\t<div class=\"elementor-element elementor-element-5d3be94 elementor-widget elementor-widget-heading\" data-id=\"5d3be94\" data-element_type=\"widget\" data-e-type=\"widget\" data-widget_type=\"heading.default\">\n\t\t\t\t<div class=\"elementor-widget-container\">\n\t\t\t\t\t<h2 class=\"elementor-heading-title elementor-size-default\">Das mit dem Parf\u00fcm von Grasse verbundene Know-how wurde am 28.11.2019 von der UNESCO zum immateriellen Kulturerbe der Menschheit erkl\u00e4rt.<\/h2>\t\t\t\t<\/div>\n\t\t\t\t<\/div>\n\t\t\t\t\t<\/div>\n\t\t\t\t<\/div>\n\t\t<div class=\"elementor-element elementor-element-b9629bf e-flex e-con-boxed e-con e-parent\" data-id=\"b9629bf\" data-element_type=\"container\" data-e-type=\"container\">\n\t\t\t\t\t<div class=\"e-con-inner\">\n\t\t\t\t<div class=\"elementor-element elementor-element-90db9b3 elementor-pagination-position-outside elementor-widget elementor-widget-image-carousel\" data-id=\"90db9b3\" data-element_type=\"widget\" data-e-type=\"widget\" data-settings=\"{&quot;slides_to_show&quot;:&quot;3&quot;,&quot;navigation&quot;:&quot;dots&quot;,&quot;image_spacing_custom&quot;:{&quot;unit&quot;:&quot;px&quot;,&quot;size&quot;:10,&quot;sizes&quot;:[]},&quot;autoplay&quot;:&quot;yes&quot;,&quot;pause_on_hover&quot;:&quot;yes&quot;,&quot;pause_on_interaction&quot;:&quot;yes&quot;,&quot;autoplay_speed&quot;:5000,&quot;infinite&quot;:&quot;yes&quot;,&quot;speed&quot;:500,&quot;image_spacing_custom_tablet&quot;:{&quot;unit&quot;:&quot;px&quot;,&quot;size&quot;:&quot;&quot;,&quot;sizes&quot;:[]},&quot;image_spacing_custom_mobile&quot;:{&quot;unit&quot;:&quot;px&quot;,&quot;size&quot;:&quot;&quot;,&quot;sizes&quot;:[]}}\" data-widget_type=\"image-carousel.default\">\n\t\t\t\t<div class=\"elementor-widget-container\">\n\t\t\t\t\t\t\t<div class=\"elementor-image-carousel-wrapper swiper\" role=\"region\" aria-roledescription=\"carousel\" aria-label=\"Bild Karussell\" dir=\"ltr\">\n\t\t\t<div class=\"elementor-image-carousel swiper-wrapper\" aria-live=\"off\">\n\t\t\t\t\t\t\t\t<div class=\"swiper-slide\" role=\"group\" aria-roledescription=\"slide\" aria-label=\"1 von 9\"><figure class=\"swiper-slide-inner\"><img decoding=\"async\" class=\"swiper-slide-image\" src=\"https:\/\/locations-06.fr\/wp-content\/uploads\/elementor\/thumbs\/affiche_pays_de_grasse_5772-e1639148495955-qwwbih08ifs1vifg0znh9gbiph7jiosjfn3tkdqpbs.jpg\" alt=\"Parfum en pays de Grasse\" \/><figcaption class=\"elementor-image-carousel-caption\">Parfum en pays de Grasse<\/figcaption><\/figure><\/div><div class=\"swiper-slide\" role=\"group\" aria-roledescription=\"slide\" aria-label=\"2 von 9\"><figure class=\"swiper-slide-inner\"><img decoding=\"async\" class=\"swiper-slide-image\" src=\"https:\/\/locations-06.fr\/wp-content\/uploads\/Capture-grasse-unesco-1.jpeg\" alt=\"\" \/><\/figure><\/div><div class=\"swiper-slide\" role=\"group\" aria-roledescription=\"slide\" aria-label=\"3 von 9\"><figure class=\"swiper-slide-inner\"><img decoding=\"async\" class=\"swiper-slide-image\" src=\"https:\/\/locations-06.fr\/wp-content\/uploads\/les-marches-et-brocantes-toutes-l-annee.jpg\" alt=\"\" \/><\/figure><\/div><div class=\"swiper-slide\" role=\"group\" aria-roledescription=\"slide\" aria-label=\"4 von 9\"><figure class=\"swiper-slide-inner\"><img decoding=\"async\" class=\"swiper-slide-image\" src=\"https:\/\/locations-06.fr\/wp-content\/uploads\/constant-viale.jpg\" alt=\"\" \/><\/figure><\/div><div class=\"swiper-slide\" role=\"group\" aria-roledescription=\"slide\" aria-label=\"5 von 9\"><figure class=\"swiper-slide-inner\"><img decoding=\"async\" class=\"swiper-slide-image\" src=\"https:\/\/locations-06.fr\/wp-content\/uploads\/CHEZ-NOUS-NOS-FILS-Guilhem-et-Baptiste-CODERA-en-train-de-ramasser-LA-FLEUR-D-ORANGER-de-BAR-SUR-LOUP.jpg\" alt=\"\" \/><\/figure><\/div><div class=\"swiper-slide\" role=\"group\" aria-roledescription=\"slide\" aria-label=\"6 von 9\"><figure class=\"swiper-slide-inner\"><img decoding=\"async\" class=\"swiper-slide-image\" src=\"https:\/\/locations-06.fr\/wp-content\/uploads\/LA-BASTIDE-DES-AROMES-Fabricant-de-parfums-bougies-parfums-d-ambiance-en-PAYS-DE-GRASSE.jpg\" alt=\"\" \/><\/figure><\/div><div class=\"swiper-slide\" role=\"group\" aria-roledescription=\"slide\" aria-label=\"7 von 9\"><figure class=\"swiper-slide-inner\"><img decoding=\"async\" class=\"swiper-slide-image\" src=\"https:\/\/locations-06.fr\/wp-content\/uploads\/jardin-du-MUSEE-INTERNATIONAL-DE-LA-PARFUMERIE-Mouans-Sartoux.jpg\" alt=\"\" \/><\/figure><\/div><div class=\"swiper-slide\" role=\"group\" aria-roledescription=\"slide\" aria-label=\"8 von 9\"><figure class=\"swiper-slide-inner\"><img decoding=\"async\" class=\"swiper-slide-image\" src=\"https:\/\/locations-06.fr\/wp-content\/uploads\/grasse4.jpg\" alt=\"\" \/><\/figure><\/div><div class=\"swiper-slide\" role=\"group\" aria-roledescription=\"slide\" aria-label=\"9 von 9\"><figure class=\"swiper-slide-inner\"><img decoding=\"async\" class=\"swiper-slide-image\" src=\"https:\/\/locations-06.fr\/wp-content\/uploads\/grasse3.jpg\" alt=\"\" \/><\/figure><\/div>\t\t\t<\/div>\n\t\t\t\t\t\t\t\n\t\t\t\t\t\t\t\t\t<div class=\"swiper-pagination\"><\/div>\n\t\t\t\t\t\t\t\t\t<\/div>\n\t\t\t\t\t\t<\/div>\n\t\t\t\t<\/div>\n\t\t\t\t\t<\/div>\n\t\t\t\t<\/div>\n\t\t<div class=\"elementor-element elementor-element-3fed053 e-flex e-con-boxed e-con e-parent\" data-id=\"3fed053\" data-element_type=\"container\" data-e-type=\"container\">\n\t\t\t\t\t<div class=\"e-con-inner\">\n\t\t\t\t<div class=\"elementor-element elementor-element-2b7b770 elementor-widget elementor-widget-text-editor\" data-id=\"2b7b770\" data-element_type=\"widget\" data-e-type=\"widget\" data-widget_type=\"text-editor.default\">\n\t\t\t\t<div class=\"elementor-widget-container\">\n\t\t\t\t\t\t\t\t\t<p>Dabei werden drei wesentliche Aspekte unterschieden, die das Wissen rund um Parf\u00fcmpflanzen und deren Herstellung ausmachen: <\/p>\n<ul>\n<li>Der Anbau von Parf\u00fcmpflanzen,<\/li>\n<li>Kenntnisse \u00fcber Rohstoffe und deren Umwandlung,<\/li>\n<li>Die Kunst, Parf\u00fcm zu komponieren<\/li>\n<\/ul>\n<p>Mindestens seit dem 14. Jahrhundert werden Parf\u00fcmpflanzen in einem handwerklichen Umfeld angebaut und gemischt, das von Gerbereien im Pays de Grasse dominiert wird &#8230;<\/p>\n<p>Um Pflanzen zu kultivieren, die Rohstoffe zu kennen, sie umzuwandeln und dann ein Parf\u00fcm herzustellen, muss man \u00fcber umfangreiche Kenntnisse verf\u00fcgen, die vom Gartenbau und der Landwirtschaft bis hin zum Handwerk und heute zur Industrie reichen.<\/p>\n<p>Die Menschen in Grasse und ihren Nachbarn sind zu Spezialisten geworden und verbessern die Prozesse st\u00e4ndig weiter.<\/p>\n<p>Es ist sehr interessant, die Parf\u00fcmfabriken und Parf\u00fcmerien im Pays de Grasse zu besichtigen.<\/p>\n<p>Und um Ihnen eine kleine Vorstellung davon zu geben, was Parf\u00fcme in Grasse bedeuten, lasse ich Sie J\u00e9rome Viaud, B\u00fcrgermeister von Grasse, h\u00f6ren.<\/p>\n\t\t\t\t\t\t\t\t<\/div>\n\t\t\t\t<\/div>\n\t\t\t\t\t<\/div>\n\t\t\t\t<\/div>\n\t\t<div class=\"elementor-element elementor-element-970eba2 e-flex e-con-boxed e-con e-parent\" data-id=\"970eba2\" data-element_type=\"container\" data-e-type=\"container\">\n\t\t\t\t\t<div class=\"e-con-inner\">\n\t\t\t\t<div class=\"elementor-element elementor-element-5e00219 elementor-widget elementor-widget-video\" data-id=\"5e00219\" data-element_type=\"widget\" data-e-type=\"widget\" data-settings=\"{&quot;youtube_url&quot;:&quot;https:\\\/\\\/youtu.be\\\/kMmKVtQ_-LU&quot;,&quot;video_type&quot;:&quot;youtube&quot;,&quot;controls&quot;:&quot;yes&quot;}\" data-widget_type=\"video.default\">\n\t\t\t\t<div class=\"elementor-widget-container\">\n\t\t\t\t\t\t\t<div class=\"elementor-wrapper elementor-open-inline\">\n\t\t\t<div class=\"elementor-video\"><\/div>\t\t<\/div>\n\t\t\t\t\t\t<\/div>\n\t\t\t\t<\/div>\n\t\t\t\t\t<\/div>\n\t\t\t\t<\/div>\n\t\t<div class=\"elementor-element elementor-element-50a4b72 e-flex e-con-boxed e-con e-parent\" data-id=\"50a4b72\" data-element_type=\"container\" data-e-type=\"container\">\n\t\t\t\t\t<div class=\"e-con-inner\">\n\t\t\t\t<div class=\"elementor-element elementor-element-be4cfbe elementor-widget elementor-widget-html\" data-id=\"be4cfbe\" data-element_type=\"widget\" data-e-type=\"widget\" data-widget_type=\"html.default\">\n\t\t\t\t<div class=\"elementor-widget-container\">\n\t\t\t\t\t<iframe style=\"border: none; overflow: hidden;\" src=\"https:\/\/www.facebook.com\/plugins\/video.php?height=314&amp;href=https%3A%2F%2Fwww.facebook.com%2Ffrance3cotedazur%2Fvideos%2F294450823048664%2F&amp;show_text=false&amp;width=560&amp;t=0\" width=\"560\" height=\"314\" frameborder=\"0\" scrolling=\"no\" allowfullscreen=\"allowfullscreen\"><\/iframe>\t\t\t\t<\/div>\n\t\t\t\t<\/div>\n\t\t\t\t<div class=\"elementor-element elementor-element-f773db4 elementor-widget elementor-widget-text-editor\" data-id=\"f773db4\" data-element_type=\"widget\" data-e-type=\"widget\" data-widget_type=\"text-editor.default\">\n\t\t\t\t<div class=\"elementor-widget-container\">\n\t\t\t\t\t\t\t\t\t<p>Grasse Welthauptstadt der Parf\u00fcme<\/p>\n\t\t\t\t\t\t\t\t<\/div>\n\t\t\t\t<\/div>\n\t\t\t\t\t<\/div>\n\t\t\t\t<\/div>\n\t\t<div class=\"elementor-element elementor-element-f78f0d7 e-flex e-con-boxed e-con e-parent\" data-id=\"f78f0d7\" data-element_type=\"container\" data-e-type=\"container\">\n\t\t\t\t\t<div class=\"e-con-inner\">\n\t\t<div class=\"elementor-element elementor-element-77437e86 e-con-full e-flex e-con e-child\" data-id=\"77437e86\" data-element_type=\"container\" data-e-type=\"container\">\n\t\t\t\t<div class=\"elementor-element elementor-element-1d3081ce elementor-widget elementor-widget-text-editor\" data-id=\"1d3081ce\" data-element_type=\"widget\" data-e-type=\"widget\" data-widget_type=\"text-editor.default\">\n\t\t\t\t<div class=\"elementor-widget-container\">\n\t\t\t\t\t\t\t\t\t<p>Teilen Sie diesen Artikel in sozialen Netzwerken<\/p>\n\t\t\t\t\t\t\t\t<\/div>\n\t\t\t\t<\/div>\n\t\t\t\t<\/div>\n\t\t<div class=\"elementor-element elementor-element-5ed47999 e-con-full e-flex e-con e-child\" data-id=\"5ed47999\" data-element_type=\"container\" data-e-type=\"container\">\n\t\t\t\t<div class=\"elementor-element elementor-element-fe084e8 elementor-widget elementor-widget-html\" data-id=\"fe084e8\" data-element_type=\"widget\" data-e-type=\"widget\" data-widget_type=\"html.default\">\n\t\t\t\t<div class=\"elementor-widget-container\">\n\t\t\t\t\t<button class=\"facebook-share-button\" onclick=\"partagerSurFacebook()\">\n    <img decoding=\"async\" src=\"https:\/\/upload.wikimedia.org\/wikipedia\/commons\/5\/51\/Facebook_f_logo_%282019%29.svg\" alt=\"Facebook Logo\" style=\"width:16px; height:16px; vertical-align:middle; margin-right: 8px;\">\n Facebook\n<\/button>\n\n<style>\n    .facebook-share-button {\n        background-color: #1877f2;\n        color: #fff;\n        border: none;\n        padding: 10px 20px;\n        font-size: 16px;\n        font-family: Arial, sans-serif;\n        border-radius: 5px;\n        cursor: pointer;\n        display: inline-flex;\n        align-items: center;\n    }\n    .facebook-share-button:hover {\n        background-color: #155bc3;\n    }\n    .facebook-share-button img {\n        width: 16px;\n        height: 16px;\n    }\n<\/style>\n\n<script>\n    function partagerSurFacebook() {\n        const url = encodeURIComponent(window.location.href);\n        const partageURL = `https:\/\/www.facebook.com\/sharer\/sharer.php?u=${url}`;\n        window.open(partageURL, 'Partager sur Facebook', 'width=600,height=400');\n    }\n<\/script>\n\t\t\t\t<\/div>\n\t\t\t\t<\/div>\n\t\t\t\t<\/div>\n\t\t<div class=\"elementor-element elementor-element-51aa180 e-con-full e-flex e-con e-child\" data-id=\"51aa180\" data-element_type=\"container\" data-e-type=\"container\">\n\t\t\t\t<div class=\"elementor-element elementor-element-59fb5e21 elementor-widget elementor-widget-html\" data-id=\"59fb5e21\" data-element_type=\"widget\" data-e-type=\"widget\" data-widget_type=\"html.default\">\n\t\t\t\t<div class=\"elementor-widget-container\">\n\t\t\t\t\t<button class=\"instagram-share-button\" onclick=\"ouvrirInstagram()\">\n    <img decoding=\"async\" src=\"https:\/\/upload.wikimedia.org\/wikipedia\/commons\/a\/a5\/Instagram_icon.png\" alt=\"Instagram Logo\" style=\"width:16px; height:16px; vertical-align:middle; margin-right: 8px;\">\n Instagram\n<\/button>\n\n<style>\n    .instagram-share-button {\n        background: radial-gradient(circle at 30% 107%, #fdf497 0%, #fdf497 5%, #fd5949 45%, #d6249f 60%, #285AEB 90%);\n        color: #fff;\n        border: none;\n        padding: 10px 20px;\n        font-size: 16px;\n        font-family: Arial, sans-serif;\n        border-radius: 5px;\n        cursor: pointer;\n        display: inline-flex;\n        align-items: center;\n    }\n    .instagram-share-button:hover {\n        opacity: 0.9;\n    }\n    .instagram-share-button img {\n        width: 16px;\n        height: 16px;\n    }\n<\/style>\n\n<script>\n    function ouvrirInstagram() {\n        const url = encodeURIComponent(window.location.href); \/\/ URL de la page actuelle\n        const instagramProfileURL = `https:\/\/www.instagram.com\/?url=${url}`; \/\/ Redirige vers Instagram\n        window.open(instagramProfileURL, 'Partager sur Instagram', 'width=600,height=400');\n    }\n<\/script>\n\t\t\t\t<\/div>\n\t\t\t\t<\/div>\n\t\t\t\t<\/div>\n\t\t<div class=\"elementor-element elementor-element-8efe2bf e-con-full e-flex e-con e-child\" data-id=\"8efe2bf\" data-element_type=\"container\" data-e-type=\"container\">\n\t\t\t\t<div class=\"elementor-element elementor-element-5842fde1 elementor-widget elementor-widget-html\" data-id=\"5842fde1\" data-element_type=\"widget\" data-e-type=\"widget\" data-widget_type=\"html.default\">\n\t\t\t\t<div class=\"elementor-widget-container\">\n\t\t\t\t\t<button class=\"twitter-share-button\" onclick=\"partagerSurTwitter()\">\n    <span style=\"display: inline-flex; align-items: center;\">\n        <svg xmlns=\"http:\/\/www.w3.org\/2000\/svg\" width=\"16\" height=\"16\" viewbox=\"0 0 24 24\" fill=\"#fff\" style=\"margin-right: 8px;\">\n            <path d=\"M24 4.557a9.83 9.83 0 0 1-2.828.775 4.932 4.932 0 0 0 2.165-2.724 9.864 9.864 0 0 1-3.127 1.195 4.92 4.92 0 0 0-8.384 4.482A13.978 13.978 0 0 1 1.671 3.149 4.92 4.92 0 0 0 3.195 9.72a4.904 4.904 0 0 1-2.229-.616v.061a4.92 4.92 0 0 0 3.946 4.827 4.936 4.936 0 0 1-2.224.084 4.92 4.92 0 0 0 4.6 3.419A9.868 9.868 0 0 1 0 19.539a13.94 13.94 0 0 0 7.548 2.213c9.057 0 14.007-7.496 14.007-13.986 0-.213-.005-.425-.014-.636A10.012 10.012 0 0 0 24 4.557z\"\/>\n        <\/svg>\n Twitter\n    <\/span>\n<\/button>\n\n<style>\n    .twitter-share-button {\n        background-color: #1DA1F2;\n        color: #fff;\n        border: none;\n        padding: 10px 20px;\n        font-size: 16px;\n        font-family: Arial, sans-serif;\n        border-radius: 5px;\n        cursor: pointer;\n        display: inline-flex;\n        align-items: center;\n    }\n    .twitter-share-button:hover {\n        background-color: #0d8dd8;\n    }\n<\/style>\n\n<script>\n    function partagerSurTwitter() {\n        const url = encodeURIComponent(window.location.href); \/\/ URL de la page actuelle\n        const texte = encodeURIComponent(\"D\u00e9couvrez cette page incroyable !\"); \/\/ Texte personnalis\u00e9\n        const partageURL = `https:\/\/twitter.com\/intent\/tweet?url=${url}&text=${texte}`;\n        \n        window.open(partageURL, 'Partager sur Twitter', 'width=600,height=400');\n    }\n<\/script>\n\t\t\t\t<\/div>\n\t\t\t\t<\/div>\n\t\t\t\t<\/div>\n\t\t\t\t\t<\/div>\n\t\t\t\t<\/div>\n\t\t<div class=\"elementor-element elementor-element-f29be0b e-flex e-con-boxed e-con e-parent\" data-id=\"f29be0b\" data-element_type=\"container\" data-e-type=\"container\">\n\t\t\t\t\t<div class=\"e-con-inner\">\n\t\t\t\t<div class=\"elementor-element elementor-element-24b400f elementor-widget-divider--view-line elementor-widget elementor-widget-divider\" data-id=\"24b400f\" data-element_type=\"widget\" data-e-type=\"widget\" data-widget_type=\"divider.default\">\n\t\t\t\t<div class=\"elementor-widget-container\">\n\t\t\t\t\t\t\t<div class=\"elementor-divider\">\n\t\t\t<span class=\"elementor-divider-separator\">\n\t\t\t\t\t\t<\/span>\n\t\t<\/div>\n\t\t\t\t\t\t<\/div>\n\t\t\t\t<\/div>\n\t\t\t\t<div class=\"elementor-element elementor-element-90fc1de elementor-widget elementor-widget-heading\" data-id=\"90fc1de\" data-element_type=\"widget\" data-e-type=\"widget\" data-widget_type=\"heading.default\">\n\t\t\t\t<div class=\"elementor-widget-container\">\n\t\t\t\t\t<h2 class=\"elementor-heading-title elementor-size-default\">Entdecken Sie unsere Lodges und Villen f\u00fcr Ihren Urlaub an der C\u00f4te d\u2019Azur<\/h2>\t\t\t\t<\/div>\n\t\t\t\t<\/div>\n\t\t\t\t\t<\/div>\n\t\t\t\t<\/div>\n\t\t<div class=\"elementor-element elementor-element-5e57746 e-flex e-con-boxed e-con e-parent\" data-id=\"5e57746\" data-element_type=\"container\" data-e-type=\"container\">\n\t\t\t\t\t<div class=\"e-con-inner\">\n\t\t<div class=\"elementor-element elementor-element-2506ec3 e-con-full e-flex e-con e-child\" data-id=\"2506ec3\" data-element_type=\"container\" data-e-type=\"container\">\n\t\t\t\t<div class=\"elementor-element elementor-element-7658435 elementor-position-top elementor-widget elementor-widget-image-box\" data-id=\"7658435\" data-element_type=\"widget\" data-e-type=\"widget\" data-widget_type=\"image-box.default\">\n\t\t\t\t<div class=\"elementor-widget-container\">\n\t\t\t\t\t<div class=\"elementor-image-box-wrapper\"><figure class=\"elementor-image-box-img\"><a href=\"https:\/\/locations-06.fr\/de\/les-oliviers\/\" tabindex=\"-1\"><img decoding=\"async\" src=\"https:\/\/locations-06.fr\/wp-content\/uploads\/elementor\/thumbs\/DSC06337-gite-de-france-cote-d-azur-appartement-cannes-nice-piscine-accueil1-qwwbih06k9q3kns1kdh2zzo5a1jgfeu3kv28xww4pc.jpg\" title=\"gite de france cote d azur appartement cannes nice piscine accueil\" alt=\"gite de france cote d azur appartement cannes nice piscine accueil\" loading=\"lazy\" \/><\/a><\/figure><div class=\"elementor-image-box-content\"><h3 class=\"elementor-image-box-title\"><a href=\"https:\/\/locations-06.fr\/de\/les-oliviers\/\">Les Oliviers<\/a><\/h3><\/div><\/div>\t\t\t\t<\/div>\n\t\t\t\t<\/div>\n\t\t\t\t<\/div>\n\t\t<div class=\"elementor-element elementor-element-319b664 e-con-full e-flex e-con e-child\" data-id=\"319b664\" data-element_type=\"container\" data-e-type=\"container\">\n\t\t\t\t<div class=\"elementor-element elementor-element-a852722 elementor-position-top elementor-widget elementor-widget-image-box\" data-id=\"a852722\" data-element_type=\"widget\" data-e-type=\"widget\" data-widget_type=\"image-box.default\">\n\t\t\t\t<div class=\"elementor-widget-container\">\n\t\t\t\t\t<div class=\"elementor-image-box-wrapper\"><figure class=\"elementor-image-box-img\"><a href=\"https:\/\/locations-06.fr\/de\/la-pascaline\/\" tabindex=\"-1\"><img decoding=\"async\" src=\"https:\/\/locations-06.fr\/wp-content\/uploads\/elementor\/thumbs\/Drone-Appartement-A-1-location-gite-de-france-appartement-cote-azur-cannes-accueil-1-qwwbih06k9q3kns1kdh2zzo5a1jgfeu3kv28xww4pc.jpg\" title=\"location gite de france appartement cote azur cannes accueil\" alt=\"location gite de france appartement cote azur cannes accueil\" loading=\"lazy\" \/><\/a><\/figure><div class=\"elementor-image-box-content\"><h3 class=\"elementor-image-box-title\"><a href=\"https:\/\/locations-06.fr\/de\/la-pascaline\/\">La Pascaline<\/a><\/h3><\/div><\/div>\t\t\t\t<\/div>\n\t\t\t\t<\/div>\n\t\t\t\t<\/div>\n\t\t<div class=\"elementor-element elementor-element-fd3e07a e-con-full e-flex e-con e-child\" data-id=\"fd3e07a\" data-element_type=\"container\" data-e-type=\"container\">\n\t\t\t\t<div class=\"elementor-element elementor-element-3e46458 elementor-position-top elementor-widget elementor-widget-image-box\" data-id=\"3e46458\" data-element_type=\"widget\" data-e-type=\"widget\" data-widget_type=\"image-box.default\">\n\t\t\t\t<div class=\"elementor-widget-container\">\n\t\t\t\t\t<div class=\"elementor-image-box-wrapper\"><figure class=\"elementor-image-box-img\"><a href=\"https:\/\/locations-06.fr\/de\/la-maison-de-noelie-erdgeschoss\/\" tabindex=\"-1\"><img decoding=\"async\" src=\"https:\/\/locations-06.fr\/wp-content\/uploads\/elementor\/thumbs\/081a0657-appartement-gite-de-france-cote-d-azur-cannes-nice-antibes-06-accueil-qwwbibd5f9idn008hb1bl13dpqb9587pk35c294hqo.jpg\" title=\"La Maison de No\u00e9lie\" alt=\"La Maison de No\u00e9lie\" loading=\"lazy\" \/><\/a><\/figure><div class=\"elementor-image-box-content\"><h3 class=\"elementor-image-box-title\"><a href=\"https:\/\/locations-06.fr\/de\/la-maison-de-noelie-erdgeschoss\/\">La Maison de No\u00e9lie<\/br>Erdgeschoss<\/a><\/h3><\/div><\/div>\t\t\t\t<\/div>\n\t\t\t\t<\/div>\n\t\t\t\t<\/div>\n\t\t<div class=\"elementor-element elementor-element-6a56379 e-con-full e-flex e-con e-child\" data-id=\"6a56379\" data-element_type=\"container\" data-e-type=\"container\">\n\t\t\t\t<div class=\"elementor-element elementor-element-d4718bb elementor-position-top elementor-widget elementor-widget-image-box\" data-id=\"d4718bb\" data-element_type=\"widget\" data-e-type=\"widget\" data-widget_type=\"image-box.default\">\n\t\t\t\t<div class=\"elementor-widget-container\">\n\t\t\t\t\t<div class=\"elementor-image-box-wrapper\"><figure class=\"elementor-image-box-img\"><a href=\"https:\/\/locations-06.fr\/de\/la-maison-de-noelie-1-stock\/\" tabindex=\"-1\"><img decoding=\"async\" src=\"https:\/\/locations-06.fr\/wp-content\/uploads\/elementor\/thumbs\/081a0657-appartement-gite-de-france-cote-d-azur-cannes-nice-antibes-06-accueil-qwwbibd5f9idn008hb1bl13dpqb9587pk35c294hqo.jpg\" title=\"La Maison de No\u00e9lie\" alt=\"La Maison de No\u00e9lie\" loading=\"lazy\" \/><\/a><\/figure><div class=\"elementor-image-box-content\"><h3 class=\"elementor-image-box-title\"><a href=\"https:\/\/locations-06.fr\/de\/la-maison-de-noelie-1-stock\/\">La Maison de No\u00e9lie <\/br>1<sup>.<\/sup> Stock<\/a><\/h3><\/div><\/div>\t\t\t\t<\/div>\n\t\t\t\t<\/div>\n\t\t\t\t<\/div>\n\t\t<div class=\"elementor-element elementor-element-3844f57 e-con-full e-flex e-con e-child\" data-id=\"3844f57\" data-element_type=\"container\" data-e-type=\"container\">\n\t\t\t\t<div class=\"elementor-element elementor-element-85dcc88 elementor-position-top elementor-widget elementor-widget-image-box\" data-id=\"85dcc88\" data-element_type=\"widget\" data-e-type=\"widget\" data-widget_type=\"image-box.default\">\n\t\t\t\t<div class=\"elementor-widget-container\">\n\t\t\t\t\t<div class=\"elementor-image-box-wrapper\"><figure class=\"elementor-image-box-img\"><a href=\"https:\/\/locations-06.fr\/de\/leugenie\/\" tabindex=\"-1\"><img decoding=\"async\" src=\"https:\/\/locations-06.fr\/wp-content\/uploads\/elementor\/thumbs\/20-drone-4-louer-gite-vacances-cote-d-azur-jardin-cannes-nice-cote-d-azur-06-appartement-meuble-sophia-antipolis-opio-direct-particulier-accueil-qwwbibd5f9idn008hb1bl13dpqb9587pk35c294hqo.jpg\" title=\"L&#8217;Eug\u00e9nie\" alt=\"L&#039;Eug\u00e9nie\" loading=\"lazy\" \/><\/a><\/figure><div class=\"elementor-image-box-content\"><h3 class=\"elementor-image-box-title\"><a href=\"https:\/\/locations-06.fr\/de\/leugenie\/\">L'Eug\u00e9nie<\/a><\/h3><\/div><\/div>\t\t\t\t<\/div>\n\t\t\t\t<\/div>\n\t\t\t\t<\/div>\n\t\t<div class=\"elementor-element elementor-element-9143202 e-con-full e-flex e-con e-child\" data-id=\"9143202\" data-element_type=\"container\" data-e-type=\"container\">\n\t\t\t\t<div class=\"elementor-element elementor-element-c147020 elementor-position-top elementor-widget elementor-widget-image-box\" data-id=\"c147020\" data-element_type=\"widget\" data-e-type=\"widget\" data-widget_type=\"image-box.default\">\n\t\t\t\t<div class=\"elementor-widget-container\">\n\t\t\t\t\t<div class=\"elementor-image-box-wrapper\"><figure class=\"elementor-image-box-img\"><a href=\"https:\/\/locations-06.fr\/de\/la-maison-du-paysan\/\" tabindex=\"-1\"><img decoding=\"async\" src=\"https:\/\/locations-06.fr\/wp-content\/uploads\/20221231_134709-gites-maisons-villas-locations-louer-vacances-cote-d-azur-cannes-antibes-grasse-accueil.jpg\" title=\"\" alt=\"La maison du paysan\" loading=\"lazy\" \/><\/a><\/figure><div class=\"elementor-image-box-content\"><h3 class=\"elementor-image-box-title\"><a href=\"https:\/\/locations-06.fr\/de\/la-maison-du-paysan\/\">La Maison du Paysan<\/a><\/h3><\/div><\/div>\t\t\t\t<\/div>\n\t\t\t\t<\/div>\n\t\t\t\t<\/div>\n\t\t\t\t\t<\/div>\n\t\t\t\t<\/div>\n\t\t<div class=\"elementor-element elementor-element-6294651 e-flex e-con-boxed e-con e-parent\" data-id=\"6294651\" data-element_type=\"container\" data-e-type=\"container\">\n\t\t\t\t\t<div class=\"e-con-inner\">\n\t\t\t\t<div class=\"elementor-element elementor-element-4bc9477 elementor-widget elementor-widget-spacer\" data-id=\"4bc9477\" data-element_type=\"widget\" data-e-type=\"widget\" data-widget_type=\"spacer.default\">\n\t\t\t\t<div class=\"elementor-widget-container\">\n\t\t\t\t\t\t\t<div class=\"elementor-spacer\">\n\t\t\t<div class=\"elementor-spacer-inner\"><\/div>\n\t\t<\/div>\n\t\t\t\t\t\t<\/div>\n\t\t\t\t<\/div>\n\t\t\t\t\t<\/div>\n\t\t\t\t<\/div>\n\t\t\t\t<\/div>\n\t\t","protected":false},"excerpt":{"rendered":"<p>Grasse Welthauptstadt der Parf\u00fcme Grasse Welthauptstadt der Parf\u00fcme Grasse Hauptstadt der Parf\u00fcme Das mit dem Parf\u00fcm von Grasse verbundene Know-how wurde am 28.11.2019 von der UNESCO zum immateriellen Kulturerbe der Menschheit erkl\u00e4rt. Parfum en pays de Grasse Unesco Grasse Des march\u00e9s et brocantes toute l&#8217;ann\u00e9e M CONSTANT VIALE, avec Guilhem CODERA notre fils, PRODUCTEUR DE [&hellip;]<\/p>\n","protected":false},"author":2,"featured_media":7399,"parent":0,"menu_order":0,"comment_status":"closed","ping_status":"closed","template":"","meta":{"site-sidebar-layout":"no-sidebar","site-content-layout":"","ast-site-content-layout":"full-width-container","site-content-style":"default","site-sidebar-style":"default","ast-global-header-display":"","ast-banner-title-visibility":"","ast-main-header-display":"","ast-hfb-above-header-display":"","ast-hfb-below-header-display":"","ast-hfb-mobile-header-display":"","site-post-title":"disabled","ast-breadcrumbs-content":"","ast-featured-img":"disabled","footer-sml-layout":"","ast-disable-related-posts":"","theme-transparent-header-meta":"","adv-header-id-meta":"","stick-header-meta":"","header-above-stick-meta":"","header-main-stick-meta":"","header-below-stick-meta":"","astra-migrate-meta-layouts":"default","ast-page-background-enabled":"default","ast-page-background-meta":{"desktop":{"background-color":"var(--ast-global-color-4)","background-image":"","background-repeat":"repeat","background-position":"center center","background-size":"auto","background-attachment":"scroll","background-type":"","background-media":"","overlay-type":"","overlay-color":"","overlay-opacity":"","overlay-gradient":""},"tablet":{"background-color":"","background-image":"","background-repeat":"repeat","background-position":"center center","background-size":"auto","background-attachment":"scroll","background-type":"","background-media":"","overlay-type":"","overlay-color":"","overlay-opacity":"","overlay-gradient":""},"mobile":{"background-color":"","background-image":"","background-repeat":"repeat","background-position":"center center","background-size":"auto","background-attachment":"scroll","background-type":"","background-media":"","overlay-type":"","overlay-color":"","overlay-opacity":"","overlay-gradient":""}},"ast-content-background-meta":{"desktop":{"background-color":"var(--ast-global-color-5)","background-image":"","background-repeat":"repeat","background-position":"center center","background-size":"auto","background-attachment":"scroll","background-type":"","background-media":"","overlay-type":"","overlay-color":"","overlay-opacity":"","overlay-gradient":""},"tablet":{"background-color":"var(--ast-global-color-5)","background-image":"","background-repeat":"repeat","background-position":"center center","background-size":"auto","background-attachment":"scroll","background-type":"","background-media":"","overlay-type":"","overlay-color":"","overlay-opacity":"","overlay-gradient":""},"mobile":{"background-color":"var(--ast-global-color-5)","background-image":"","background-repeat":"repeat","background-position":"center center","background-size":"auto","background-attachment":"scroll","background-type":"","background-media":"","overlay-type":"","overlay-color":"","overlay-opacity":"","overlay-gradient":""}},"footnotes":""},"class_list":["post-13175","page","type-page","status-publish","has-post-thumbnail","hentry"],"yoast_head":"<!-- This site is optimized with the Yoast SEO plugin v27.5 - https:\/\/yoast.com\/product\/yoast-seo-wordpress\/ -->\n<title>Grasse Welthauptstadt der Parf\u00fcme und des Parf\u00fcmerie-Know-hows<\/title>\n<meta name=\"description\" content=\"Grasse Welthauptstadt der Parf\u00fcme, Parf\u00fcmerie-Know-how, immaterielles UNESCO-Kulturerbe, Pflanzen, Rose, Jasmin, Orangenbaum\" \/>\n<meta name=\"robots\" content=\"index, follow, max-snippet:-1, max-image-preview:large, max-video-preview:-1\" \/>\n<link rel=\"canonical\" href=\"https:\/\/locations-06.fr\/de\/grasse-capitale-des-parfums\/\" \/>\n<meta property=\"og:locale\" content=\"de_DE\" \/>\n<meta property=\"og:type\" content=\"article\" \/>\n<meta property=\"og:title\" content=\"Grasse Welthauptstadt der Parf\u00fcme und des Parf\u00fcmerie-Know-hows\" \/>\n<meta property=\"og:description\" content=\"Grasse Welthauptstadt der Parf\u00fcme, Parf\u00fcmerie-Know-how, immaterielles UNESCO-Kulturerbe, Pflanzen, Rose, Jasmin, Orangenbaum\" \/>\n<meta property=\"og:url\" content=\"https:\/\/locations-06.fr\/de\/grasse-capitale-des-parfums\/\" \/>\n<meta property=\"og:site_name\" content=\"Locations-06.fr\" \/>\n<meta property=\"article:publisher\" content=\"https:\/\/www.facebook.com\/pascalecodera0632755107\" \/>\n<meta property=\"article:modified_time\" content=\"2024-12-15T09:36:52+00:00\" \/>\n<meta property=\"og:image\" content=\"https:\/\/locations-06.fr\/wp-content\/uploads\/affiche_pays_de_grasse_5772-e1639148495955.jpg\" \/>\n\t<meta property=\"og:image:width\" content=\"550\" \/>\n\t<meta property=\"og:image:height\" content=\"804\" \/>\n\t<meta property=\"og:image:type\" content=\"image\/jpeg\" \/>\n<meta name=\"twitter:card\" content=\"summary_large_image\" \/>\n<meta name=\"twitter:site\" content=\"@locations06\" \/>\n<meta name=\"twitter:label1\" content=\"Gesch\u00e4tzte Lesezeit\" \/>\n\t<meta name=\"twitter:data1\" content=\"7\u00a0Minuten\" \/>\n<script type=\"application\/ld+json\" class=\"yoast-schema-graph\">{\"@context\":\"https:\\\/\\\/schema.org\",\"@graph\":[{\"@type\":\"WebPage\",\"@id\":\"https:\\\/\\\/locations-06.fr\\\/de\\\/grasse-capitale-des-parfums\\\/\",\"url\":\"https:\\\/\\\/locations-06.fr\\\/de\\\/grasse-capitale-des-parfums\\\/\",\"name\":\"Grasse Welthauptstadt der Parf\u00fcme und des Parf\u00fcmerie-Know-hows\",\"isPartOf\":{\"@id\":\"https:\\\/\\\/locations-06.fr\\\/de\\\/#website\"},\"primaryImageOfPage\":{\"@id\":\"https:\\\/\\\/locations-06.fr\\\/de\\\/grasse-capitale-des-parfums\\\/#primaryimage\"},\"image\":{\"@id\":\"https:\\\/\\\/locations-06.fr\\\/de\\\/grasse-capitale-des-parfums\\\/#primaryimage\"},\"thumbnailUrl\":\"https:\\\/\\\/locations-06.fr\\\/wp-content\\\/uploads\\\/affiche_pays_de_grasse_5772-e1639148495955.jpg\",\"datePublished\":\"2023-12-29T12:41:06+00:00\",\"dateModified\":\"2024-12-15T09:36:52+00:00\",\"description\":\"Grasse Welthauptstadt der Parf\u00fcme, Parf\u00fcmerie-Know-how, immaterielles UNESCO-Kulturerbe, Pflanzen, Rose, Jasmin, Orangenbaum\",\"breadcrumb\":{\"@id\":\"https:\\\/\\\/locations-06.fr\\\/de\\\/grasse-capitale-des-parfums\\\/#breadcrumb\"},\"inLanguage\":\"de\",\"potentialAction\":[{\"@type\":\"ReadAction\",\"target\":[\"https:\\\/\\\/locations-06.fr\\\/de\\\/grasse-capitale-des-parfums\\\/\"]}]},{\"@type\":\"ImageObject\",\"inLanguage\":\"de\",\"@id\":\"https:\\\/\\\/locations-06.fr\\\/de\\\/grasse-capitale-des-parfums\\\/#primaryimage\",\"url\":\"https:\\\/\\\/locations-06.fr\\\/wp-content\\\/uploads\\\/affiche_pays_de_grasse_5772-e1639148495955.jpg\",\"contentUrl\":\"https:\\\/\\\/locations-06.fr\\\/wp-content\\\/uploads\\\/affiche_pays_de_grasse_5772-e1639148495955.jpg\",\"width\":550,\"height\":804,\"caption\":\"Parfum en pays de Grasse\"},{\"@type\":\"BreadcrumbList\",\"@id\":\"https:\\\/\\\/locations-06.fr\\\/de\\\/grasse-capitale-des-parfums\\\/#breadcrumb\",\"itemListElement\":[{\"@type\":\"ListItem\",\"position\":1,\"name\":\"Accueil\",\"item\":\"https:\\\/\\\/locations-06.fr\\\/de\\\/\"},{\"@type\":\"ListItem\",\"position\":2,\"name\":\"Grasse Welthauptstadt der Parf\u00fcme\"}]},{\"@type\":\"WebSite\",\"@id\":\"https:\\\/\\\/locations-06.fr\\\/de\\\/#website\",\"url\":\"https:\\\/\\\/locations-06.fr\\\/de\\\/\",\"name\":\"Locations-06.fr\",\"description\":\"Locations Gites en France sur la C\u00f4te d&#039;Azur - Appartements et Villas - gite, location de vacances et pas cher\",\"publisher\":{\"@id\":\"https:\\\/\\\/locations-06.fr\\\/de\\\/#organization\"},\"alternateName\":\"Locations-06.fr\",\"potentialAction\":[{\"@type\":\"SearchAction\",\"target\":{\"@type\":\"EntryPoint\",\"urlTemplate\":\"https:\\\/\\\/locations-06.fr\\\/de\\\/?s={search_term_string}\"},\"query-input\":{\"@type\":\"PropertyValueSpecification\",\"valueRequired\":true,\"valueName\":\"search_term_string\"}}],\"inLanguage\":\"de\"},{\"@type\":\"Organization\",\"@id\":\"https:\\\/\\\/locations-06.fr\\\/de\\\/#organization\",\"name\":\"Locations-06.fr\",\"alternateName\":\"Locations-06.fr\",\"url\":\"https:\\\/\\\/locations-06.fr\\\/de\\\/\",\"logo\":{\"@type\":\"ImageObject\",\"inLanguage\":\"de\",\"@id\":\"https:\\\/\\\/locations-06.fr\\\/de\\\/#\\\/schema\\\/logo\\\/image\\\/\",\"url\":\"https:\\\/\\\/locations-06.fr\\\/wp-content\\\/uploads\\\/location-06-logo.png\",\"contentUrl\":\"https:\\\/\\\/locations-06.fr\\\/wp-content\\\/uploads\\\/location-06-logo.png\",\"width\":180,\"height\":105,\"caption\":\"Locations-06.fr\"},\"image\":{\"@id\":\"https:\\\/\\\/locations-06.fr\\\/de\\\/#\\\/schema\\\/logo\\\/image\\\/\"},\"sameAs\":[\"https:\\\/\\\/www.facebook.com\\\/pascalecodera0632755107\",\"https:\\\/\\\/x.com\\\/locations06\",\"https:\\\/\\\/www.instagram.com\\\/locations_06\\\/?hl=fr\"]}]}<\/script>\n<!-- \/ Yoast SEO plugin. -->","yoast_head_json":{"title":"Grasse Welthauptstadt der Parf\u00fcme und des Parf\u00fcmerie-Know-hows","description":"Grasse Welthauptstadt der Parf\u00fcme, Parf\u00fcmerie-Know-how, immaterielles UNESCO-Kulturerbe, Pflanzen, Rose, Jasmin, Orangenbaum","robots":{"index":"index","follow":"follow","max-snippet":"max-snippet:-1","max-image-preview":"max-image-preview:large","max-video-preview":"max-video-preview:-1"},"canonical":"https:\/\/locations-06.fr\/de\/grasse-capitale-des-parfums\/","og_locale":"de_DE","og_type":"article","og_title":"Grasse Welthauptstadt der Parf\u00fcme und des Parf\u00fcmerie-Know-hows","og_description":"Grasse Welthauptstadt der Parf\u00fcme, Parf\u00fcmerie-Know-how, immaterielles UNESCO-Kulturerbe, Pflanzen, Rose, Jasmin, Orangenbaum","og_url":"https:\/\/locations-06.fr\/de\/grasse-capitale-des-parfums\/","og_site_name":"Locations-06.fr","article_publisher":"https:\/\/www.facebook.com\/pascalecodera0632755107","article_modified_time":"2024-12-15T09:36:52+00:00","og_image":[{"width":550,"height":804,"url":"https:\/\/locations-06.fr\/wp-content\/uploads\/affiche_pays_de_grasse_5772-e1639148495955.jpg","type":"image\/jpeg"}],"twitter_card":"summary_large_image","twitter_site":"@locations06","twitter_misc":{"Gesch\u00e4tzte Lesezeit":"7\u00a0Minuten"},"schema":{"@context":"https:\/\/schema.org","@graph":[{"@type":"WebPage","@id":"https:\/\/locations-06.fr\/de\/grasse-capitale-des-parfums\/","url":"https:\/\/locations-06.fr\/de\/grasse-capitale-des-parfums\/","name":"Grasse Welthauptstadt der Parf\u00fcme und des Parf\u00fcmerie-Know-hows","isPartOf":{"@id":"https:\/\/locations-06.fr\/de\/#website"},"primaryImageOfPage":{"@id":"https:\/\/locations-06.fr\/de\/grasse-capitale-des-parfums\/#primaryimage"},"image":{"@id":"https:\/\/locations-06.fr\/de\/grasse-capitale-des-parfums\/#primaryimage"},"thumbnailUrl":"https:\/\/locations-06.fr\/wp-content\/uploads\/affiche_pays_de_grasse_5772-e1639148495955.jpg","datePublished":"2023-12-29T12:41:06+00:00","dateModified":"2024-12-15T09:36:52+00:00","description":"Grasse Welthauptstadt der Parf\u00fcme, Parf\u00fcmerie-Know-how, immaterielles UNESCO-Kulturerbe, Pflanzen, Rose, Jasmin, Orangenbaum","breadcrumb":{"@id":"https:\/\/locations-06.fr\/de\/grasse-capitale-des-parfums\/#breadcrumb"},"inLanguage":"de","potentialAction":[{"@type":"ReadAction","target":["https:\/\/locations-06.fr\/de\/grasse-capitale-des-parfums\/"]}]},{"@type":"ImageObject","inLanguage":"de","@id":"https:\/\/locations-06.fr\/de\/grasse-capitale-des-parfums\/#primaryimage","url":"https:\/\/locations-06.fr\/wp-content\/uploads\/affiche_pays_de_grasse_5772-e1639148495955.jpg","contentUrl":"https:\/\/locations-06.fr\/wp-content\/uploads\/affiche_pays_de_grasse_5772-e1639148495955.jpg","width":550,"height":804,"caption":"Parfum en pays de Grasse"},{"@type":"BreadcrumbList","@id":"https:\/\/locations-06.fr\/de\/grasse-capitale-des-parfums\/#breadcrumb","itemListElement":[{"@type":"ListItem","position":1,"name":"Accueil","item":"https:\/\/locations-06.fr\/de\/"},{"@type":"ListItem","position":2,"name":"Grasse Welthauptstadt der Parf\u00fcme"}]},{"@type":"WebSite","@id":"https:\/\/locations-06.fr\/de\/#website","url":"https:\/\/locations-06.fr\/de\/","name":"Locations-06.fr","description":"Locations Gites en France sur la C\u00f4te d&#039;Azur - Appartements et Villas - gite, location de vacances et pas cher","publisher":{"@id":"https:\/\/locations-06.fr\/de\/#organization"},"alternateName":"Locations-06.fr","potentialAction":[{"@type":"SearchAction","target":{"@type":"EntryPoint","urlTemplate":"https:\/\/locations-06.fr\/de\/?s={search_term_string}"},"query-input":{"@type":"PropertyValueSpecification","valueRequired":true,"valueName":"search_term_string"}}],"inLanguage":"de"},{"@type":"Organization","@id":"https:\/\/locations-06.fr\/de\/#organization","name":"Locations-06.fr","alternateName":"Locations-06.fr","url":"https:\/\/locations-06.fr\/de\/","logo":{"@type":"ImageObject","inLanguage":"de","@id":"https:\/\/locations-06.fr\/de\/#\/schema\/logo\/image\/","url":"https:\/\/locations-06.fr\/wp-content\/uploads\/location-06-logo.png","contentUrl":"https:\/\/locations-06.fr\/wp-content\/uploads\/location-06-logo.png","width":180,"height":105,"caption":"Locations-06.fr"},"image":{"@id":"https:\/\/locations-06.fr\/de\/#\/schema\/logo\/image\/"},"sameAs":["https:\/\/www.facebook.com\/pascalecodera0632755107","https:\/\/x.com\/locations06","https:\/\/www.instagram.com\/locations_06\/?hl=fr"]}]}},"_links":{"self":[{"href":"https:\/\/locations-06.fr\/de\/wp-json\/wp\/v2\/pages\/13175","targetHints":{"allow":["GET"]}}],"collection":[{"href":"https:\/\/locations-06.fr\/de\/wp-json\/wp\/v2\/pages"}],"about":[{"href":"https:\/\/locations-06.fr\/de\/wp-json\/wp\/v2\/types\/page"}],"author":[{"embeddable":true,"href":"https:\/\/locations-06.fr\/de\/wp-json\/wp\/v2\/users\/2"}],"replies":[{"embeddable":true,"href":"https:\/\/locations-06.fr\/de\/wp-json\/wp\/v2\/comments?post=13175"}],"version-history":[{"count":9,"href":"https:\/\/locations-06.fr\/de\/wp-json\/wp\/v2\/pages\/13175\/revisions"}],"predecessor-version":[{"id":16819,"href":"https:\/\/locations-06.fr\/de\/wp-json\/wp\/v2\/pages\/13175\/revisions\/16819"}],"wp:featuredmedia":[{"embeddable":true,"href":"https:\/\/locations-06.fr\/de\/wp-json\/wp\/v2\/media\/7399"}],"wp:attachment":[{"href":"https:\/\/locations-06.fr\/de\/wp-json\/wp\/v2\/media?parent=13175"}],"curies":[{"name":"wp","href":"https:\/\/api.w.org\/{rel}","templated":true}]}}