{"id":13167,"date":"2024-01-17T13:49:29","date_gmt":"2024-01-17T12:49:29","guid":{"rendered":"https:\/\/locations-06.fr\/vorteile-die-unseren-gasten-in-unseren-ferienwohnungen-an-der-cote-dazur-vorbehalten-sind\/"},"modified":"2026-08-17T16:00:42","modified_gmt":"2026-08-17T14:00:42","slug":"vorteile-die-unseren-gasten-in-unseren-ferienwohnungen-an-der-cote-dazur-vorbehalten-sind","status":"publish","type":"page","link":"https:\/\/locations-06.fr\/de\/vorteile-die-unseren-gasten-in-unseren-ferienwohnungen-an-der-cote-dazur-vorbehalten-sind\/","title":{"rendered":"Vorteile, die unseren G\u00e4sten in unseren Ferienwohnungen an der C\u00f4te d&#8217;Azur vorbehalten sind"},"content":{"rendered":"\t\t<div data-elementor-type=\"wp-page\" data-elementor-id=\"13167\" class=\"elementor elementor-13167 elementor-6295\">\n\t\t\t\t<div class=\"elementor-element elementor-element-e12478d e-flex e-con-boxed e-con e-parent\" data-id=\"e12478d\" data-element_type=\"container\" data-e-type=\"container\">\n\t\t\t\t\t<div class=\"e-con-inner\">\n\t\t\t\t<div class=\"elementor-element elementor-element-5955166 elementor-widget elementor-widget-text-editor\" data-id=\"5955166\" data-element_type=\"widget\" data-e-type=\"widget\" data-widget_type=\"text-editor.default\">\n\t\t\t\t<div class=\"elementor-widget-container\">\n\t\t\t\t\t\t\t\t\t<p>Urlaubsvorteile in Cannes Nizza<\/p>\t\t\t\t\t\t\t\t<\/div>\n\t\t\t\t<\/div>\n\t\t\t\t<div class=\"elementor-element elementor-element-a6ed632 elementor-widget elementor-widget-heading\" data-id=\"a6ed632\" data-element_type=\"widget\" data-e-type=\"widget\" data-widget_type=\"heading.default\">\n\t\t\t\t<div class=\"elementor-widget-container\">\n\t\t\t\t\t<h1 class=\"elementor-heading-title elementor-size-default\">Vorteile, die unseren G\u00e4sten in unseren Ferienwohnungen an der C\u00f4te d'Azur vorbehalten sind<\/h1>\t\t\t\t<\/div>\n\t\t\t\t<\/div>\n\t\t\t\t\t<\/div>\n\t\t\t\t<\/div>\n\t\t<div class=\"elementor-element elementor-element-5009a29 e-flex e-con-boxed e-con e-parent\" data-id=\"5009a29\" data-element_type=\"container\" data-e-type=\"container\">\n\t\t\t\t\t<div class=\"e-con-inner\">\n\t\t\t\t<div class=\"elementor-element elementor-element-ea372a2 elementor-widget elementor-widget-text-editor\" data-id=\"ea372a2\" data-element_type=\"widget\" data-e-type=\"widget\" data-widget_type=\"text-editor.default\">\n\t\t\t\t<div class=\"elementor-widget-container\">\n\t\t\t\t\t\t\t\t\t<p>Vorteile, die unseren G\u00e4sten vorbehalten sind<\/p>\t\t\t\t\t\t\t\t<\/div>\n\t\t\t\t<\/div>\n\t\t\t\t\t<\/div>\n\t\t\t\t<\/div>\n\t\t<div class=\"elementor-element elementor-element-ba0b14b e-flex e-con-boxed e-con e-parent\" data-id=\"ba0b14b\" data-element_type=\"container\" data-e-type=\"container\">\n\t\t\t\t\t<div class=\"e-con-inner\">\n\t\t\t\t<div class=\"elementor-element elementor-element-dcec2d1 elementor-widget elementor-widget-heading\" data-id=\"dcec2d1\" data-element_type=\"widget\" data-e-type=\"widget\" data-widget_type=\"heading.default\">\n\t\t\t\t<div class=\"elementor-widget-container\">\n\t\t\t\t\t<h2 class=\"elementor-heading-title elementor-size-default\">Vorteile, die unseren G\u00e4sten unserer Apartments, Lodges und Ferienvillen an der C\u00f4te d'Azur vorbehalten sind.<\/h2>\t\t\t\t<\/div>\n\t\t\t\t<\/div>\n\t\t\t\t\t<\/div>\n\t\t\t\t<\/div>\n\t\t<div class=\"elementor-element elementor-element-74d2aec e-flex e-con-boxed e-con e-parent\" data-id=\"74d2aec\" data-element_type=\"container\" data-e-type=\"container\">\n\t\t\t\t\t<div class=\"e-con-inner\">\n\t\t\t\t<div class=\"elementor-element elementor-element-36262ef elementor-widget elementor-widget-text-editor\" data-id=\"36262ef\" data-element_type=\"widget\" data-e-type=\"widget\" data-widget_type=\"text-editor.default\">\n\t\t\t\t<div class=\"elementor-widget-container\">\n\t\t\t\t\t\t\t\t\t<p>F\u00fcr Ihren Urlaub in unseren Ferienvermietungen an der C\u00f4te d&#8217;Azur haben wir einige Besuche und Restaurants ausgew\u00e4hlt, die Ihnen einen privilegierten Empfang bereiten werden. Denn er muss kein Star sein, um gut anzukommen. <\/p>\t\t\t\t\t\t\t\t<\/div>\n\t\t\t\t<\/div>\n\t\t\t\t\t<\/div>\n\t\t\t\t<\/div>\n\t\t<div class=\"elementor-element elementor-element-f2c330f e-flex e-con-boxed e-con e-parent\" data-id=\"f2c330f\" data-element_type=\"container\" data-e-type=\"container\">\n\t\t\t\t\t<div class=\"e-con-inner\">\n\t\t<div class=\"elementor-element elementor-element-a63198d e-con-full e-flex e-con e-child\" data-id=\"a63198d\" data-element_type=\"container\" data-e-type=\"container\">\n\t\t\t\t<div class=\"elementor-element elementor-element-a9acd10 elementor-widget elementor-widget-heading\" data-id=\"a9acd10\" data-element_type=\"widget\" data-e-type=\"widget\" data-widget_type=\"heading.default\">\n\t\t\t\t<div class=\"elementor-widget-container\">\n\t\t\t\t\t<h2 class=\"elementor-heading-title elementor-size-default\">Parfumerie Fragonard Grasse<\/h2>\t\t\t\t<\/div>\n\t\t\t\t<\/div>\n\t\t\t\t<div class=\"elementor-element elementor-element-6e5722b elementor-widget elementor-widget-image\" data-id=\"6e5722b\" data-element_type=\"widget\" data-e-type=\"widget\" data-widget_type=\"image.default\">\n\t\t\t\t<div class=\"elementor-widget-container\">\n\t\t\t\t\t\t\t\t\t\t\t\t\t\t\t<img fetchpriority=\"high\" decoding=\"async\" width=\"1024\" height=\"576\" src=\"https:\/\/locations-06.fr\/wp-content\/uploads\/20170220_160720-parfumerie-fragonard-grasse-parfums-partenaire-1024x576.jpg\" class=\"attachment-large size-large wp-image-8299\" alt=\"\" srcset=\"https:\/\/locations-06.fr\/wp-content\/uploads\/20170220_160720-parfumerie-fragonard-grasse-parfums-partenaire-1024x576.jpg 1024w, https:\/\/locations-06.fr\/wp-content\/uploads\/20170220_160720-parfumerie-fragonard-grasse-parfums-partenaire-300x169.jpg 300w, https:\/\/locations-06.fr\/wp-content\/uploads\/20170220_160720-parfumerie-fragonard-grasse-parfums-partenaire-768x432.jpg 768w, https:\/\/locations-06.fr\/wp-content\/uploads\/20170220_160720-parfumerie-fragonard-grasse-parfums-partenaire.jpg 1280w\" sizes=\"(max-width: 1024px) 100vw, 1024px\" \/>\t\t\t\t\t\t\t\t\t\t\t\t\t\t\t<\/div>\n\t\t\t\t<\/div>\n\t\t\t\t<div class=\"elementor-element elementor-element-f52a5e7 elementor-widget elementor-widget-text-editor\" data-id=\"f52a5e7\" data-element_type=\"widget\" data-e-type=\"widget\" data-widget_type=\"text-editor.default\">\n\t\t\t\t<div class=\"elementor-widget-container\">\n\t\t\t\t\t\t\t\t\t<p>20 boulevard Fragonard<br \/>06130 Grasse<br \/>04.93.36.44.65<\/p><p class=\"remise\">Und mit locations-06.fr profitieren Sie von einem kostenlosen Besuch und 10 % Rabatt auf Ihre Eink\u00e4ufe.<\/p>\t\t\t\t\t\t\t\t<\/div>\n\t\t\t\t<\/div>\n\t\t\t\t<\/div>\n\t\t<div class=\"elementor-element elementor-element-7269f68 e-con-full e-flex e-con e-child\" data-id=\"7269f68\" data-element_type=\"container\" data-e-type=\"container\">\n\t\t\t\t<div class=\"elementor-element elementor-element-443daa7 elementor-widget elementor-widget-heading\" data-id=\"443daa7\" data-element_type=\"widget\" data-e-type=\"widget\" data-widget_type=\"heading.default\">\n\t\t\t\t<div class=\"elementor-widget-container\">\n\t\t\t\t\t<h2 class=\"elementor-heading-title elementor-size-default\">Parfumerie Molinard\nin Grasse<\/h2>\t\t\t\t<\/div>\n\t\t\t\t<\/div>\n\t\t\t\t<div class=\"elementor-element elementor-element-7748d25 elementor-widget elementor-widget-text-editor\" data-id=\"7748d25\" data-element_type=\"widget\" data-e-type=\"widget\" data-widget_type=\"text-editor.default\">\n\t\t\t\t<div class=\"elementor-widget-container\">\n\t\t\t\t\t\t\t\t\t<p>60 boulevard Victor Hugo<br \/>06130 Grasse<br \/>04.93.36.01.62<\/p><p class=\"remise\">Und mit locations-06.fr profitieren Sie von einem kostenlosen Besuch und 10 % Rabatt auf Ihre Eink\u00e4ufe.<\/p>\t\t\t\t\t\t\t\t<\/div>\n\t\t\t\t<\/div>\n\t\t\t\t<\/div>\n\t\t<div class=\"elementor-element elementor-element-295d892 e-con-full e-flex e-con e-child\" data-id=\"295d892\" data-element_type=\"container\" data-e-type=\"container\">\n\t\t\t\t<div class=\"elementor-element elementor-element-8006386 elementor-widget elementor-widget-heading\" data-id=\"8006386\" data-element_type=\"widget\" data-e-type=\"widget\" data-widget_type=\"heading.default\">\n\t\t\t\t<div class=\"elementor-widget-container\">\n\t\t\t\t\t<h2 class=\"elementor-heading-title elementor-size-default\">Restaurant le Capriccio Ch\u00e2teauneuf-Grasse<\/h2>\t\t\t\t<\/div>\n\t\t\t\t<\/div>\n\t\t\t\t<div class=\"elementor-element elementor-element-371c756 elementor-position-top elementor-widget elementor-widget-image-box\" data-id=\"371c756\" data-element_type=\"widget\" data-e-type=\"widget\" data-widget_type=\"image-box.default\">\n\t\t\t\t<div class=\"elementor-widget-container\">\n\t\t\t\t\t<div class=\"elementor-image-box-wrapper\"><figure class=\"elementor-image-box-img\"><img decoding=\"async\" width=\"567\" height=\"156\" src=\"https:\/\/locations-06.fr\/wp-content\/uploads\/restaurant-capriccio-chateauneuf-grasse-partenaire.jpg\" class=\"attachment-full size-full wp-image-8305\" alt=\"\" srcset=\"https:\/\/locations-06.fr\/wp-content\/uploads\/restaurant-capriccio-chateauneuf-grasse-partenaire.jpg 567w, https:\/\/locations-06.fr\/wp-content\/uploads\/restaurant-capriccio-chateauneuf-grasse-partenaire-300x83.jpg 300w\" sizes=\"(max-width: 567px) 100vw, 567px\" \/><\/figure><\/div>\t\t\t\t<\/div>\n\t\t\t\t<\/div>\n\t\t\t\t<div class=\"elementor-element elementor-element-194bc15 elementor-widget elementor-widget-text-editor\" data-id=\"194bc15\" data-element_type=\"widget\" data-e-type=\"widget\" data-widget_type=\"text-editor.default\">\n\t\t\t\t<div class=\"elementor-widget-container\">\n\t\t\t\t\t\t\t\t\t<p>20, chemin de l&#8217;Hubac<br \/>06140 Ch\u00e2teauneuf-Grasse<br \/>04.93.66.25.71<\/p>\t\t\t\t\t\t\t\t<\/div>\n\t\t\t\t<\/div>\n\t\t\t\t<div class=\"elementor-element elementor-element-6c87800 elementor-widget elementor-widget-text-editor\" data-id=\"6c87800\" data-element_type=\"widget\" data-e-type=\"widget\" data-widget_type=\"text-editor.default\">\n\t\t\t\t<div class=\"elementor-widget-container\">\n\t\t\t\t\t\t\t\t\t<p class=\"remise\">Und bei location-06.fr wird am Ende des Essens Limoncello angeboten. <\/p>\t\t\t\t\t\t\t\t<\/div>\n\t\t\t\t<\/div>\n\t\t\t\t<\/div>\n\t\t<div class=\"elementor-element elementor-element-76c086c e-con-full e-flex e-con e-child\" data-id=\"76c086c\" data-element_type=\"container\" data-e-type=\"container\">\n\t\t\t\t<div class=\"elementor-element elementor-element-56e9437 elementor-widget elementor-widget-heading\" data-id=\"56e9437\" data-element_type=\"widget\" data-e-type=\"widget\" data-widget_type=\"heading.default\">\n\t\t\t\t<div class=\"elementor-widget-container\">\n\t\t\t\t\t<h2 class=\"elementor-heading-title elementor-size-default\">Le Cellier du Vigneron in Grasse<\/h2>\t\t\t\t<\/div>\n\t\t\t\t<\/div>\n\t\t\t\t<div class=\"elementor-element elementor-element-48df1bf elementor-position-top elementor-widget elementor-widget-image-box\" data-id=\"48df1bf\" data-element_type=\"widget\" data-e-type=\"widget\" data-widget_type=\"image-box.default\">\n\t\t\t\t<div class=\"elementor-widget-container\">\n\t\t\t\t\t<div class=\"elementor-image-box-wrapper\"><figure class=\"elementor-image-box-img\"><img decoding=\"async\" width=\"226\" height=\"177\" src=\"https:\/\/locations-06.fr\/wp-content\/uploads\/cellier-vignerons-grasse-partenaire1.jpg\" class=\"attachment-full size-full wp-image-8309\" alt=\"\" \/><\/figure><\/div>\t\t\t\t<\/div>\n\t\t\t\t<\/div>\n\t\t\t\t<div class=\"elementor-element elementor-element-01142d0 elementor-widget elementor-widget-text-editor\" data-id=\"01142d0\" data-element_type=\"widget\" data-e-type=\"widget\" data-widget_type=\"text-editor.default\">\n\t\t\t\t<div class=\"elementor-widget-container\">\n\t\t\t\t\t\t\t\t\t<p>43, avenue De Lattre De Tassigny<br \/>06130 Grasse<br \/>04.93.70.82.87<br \/>Vins de pays, C\u00f4te de Provence<\/p>\t\t\t\t\t\t\t\t<\/div>\n\t\t\t\t<\/div>\n\t\t\t\t<div class=\"elementor-element elementor-element-5b4b255 elementor-widget elementor-widget-text-editor\" data-id=\"5b4b255\" data-element_type=\"widget\" data-e-type=\"widget\" data-widget_type=\"text-editor.default\">\n\t\t\t\t<div class=\"elementor-widget-container\">\n\t\t\t\t\t\t\t\t\t<p class=\"remise\">Und mit locations-06.fr profitieren Sie von einem Rabatt von 5 % auf Ihre Eink\u00e4ufe<\/p>\t\t\t\t\t\t\t\t<\/div>\n\t\t\t\t<\/div>\n\t\t\t\t<\/div>\n\t\t<div class=\"elementor-element elementor-element-b710300 e-con-full e-flex e-con e-child\" data-id=\"b710300\" data-element_type=\"container\" data-e-type=\"container\">\n\t\t\t\t<div class=\"elementor-element elementor-element-e591e48 elementor-widget elementor-widget-heading\" data-id=\"e591e48\" data-element_type=\"widget\" data-e-type=\"widget\" data-widget_type=\"heading.default\">\n\t\t\t\t<div class=\"elementor-widget-container\">\n\t\t\t\t\t<h2 class=\"elementor-heading-title elementor-size-default\">Philippe Vallini in Mandelieu La Napoule<\/h2>\t\t\t\t<\/div>\n\t\t\t\t<\/div>\n\t\t\t\t<div class=\"elementor-element elementor-element-4cd2455 elementor-position-top elementor-widget elementor-widget-image-box\" data-id=\"4cd2455\" data-element_type=\"widget\" data-e-type=\"widget\" data-widget_type=\"image-box.default\">\n\t\t\t\t<div class=\"elementor-widget-container\">\n\t\t\t\t\t<div class=\"elementor-image-box-wrapper\"><figure class=\"elementor-image-box-img\"><img loading=\"lazy\" decoding=\"async\" width=\"163\" height=\"160\" src=\"https:\/\/locations-06.fr\/wp-content\/uploads\/philippe-valini-location-vtt-loisirs-cote-d-azur-partenaire.jpg\" class=\"attachment-full size-full wp-image-8311\" alt=\"\" \/><\/figure><\/div>\t\t\t\t<\/div>\n\t\t\t\t<\/div>\n\t\t\t\t<div class=\"elementor-element elementor-element-40c37cb elementor-widget elementor-widget-text-editor\" data-id=\"40c37cb\" data-element_type=\"widget\" data-e-type=\"widget\" data-widget_type=\"text-editor.default\">\n\t\t\t\t<div class=\"elementor-widget-container\">\n\t\t\t\t\t\t\t\t\t265 Boulevard Jeanne d&#8217;Arc\n06210 Mandelieu-La-Napoule\n06.03.64.95.55\nMountainbike-Verleih\n<p class=\"remise\">Und mit \u201elocations-06.fr\u201c ist die kostenlose Lieferung von Fahrr\u00e4dern direkt an die Unterkunft m\u00f6glich.<\/p>\t\t\t\t\t\t\t\t<\/div>\n\t\t\t\t<\/div>\n\t\t\t\t<\/div>\n\t\t<div class=\"elementor-element elementor-element-1ff12ae e-con-full e-flex e-con e-child\" data-id=\"1ff12ae\" data-element_type=\"container\" data-e-type=\"container\">\n\t\t\t\t<div class=\"elementor-element elementor-element-34378e0 elementor-widget elementor-widget-heading\" data-id=\"34378e0\" data-element_type=\"widget\" data-e-type=\"widget\" data-widget_type=\"heading.default\">\n\t\t\t\t<div class=\"elementor-widget-container\">\n\t\t\t\t\t<h2 class=\"elementor-heading-title elementor-size-default\">Bleu d'Argile by Fabienne Tassi\nCeramist in the Vallauris region<\/h2>\t\t\t\t<\/div>\n\t\t\t\t<\/div>\n\t\t\t\t<div class=\"elementor-element elementor-element-0fbd7cd elementor-position-top elementor-widget elementor-widget-image-box\" data-id=\"0fbd7cd\" data-element_type=\"widget\" data-e-type=\"widget\" data-widget_type=\"image-box.default\">\n\t\t\t\t<div class=\"elementor-widget-container\">\n\t\t\t\t\t<div class=\"elementor-image-box-wrapper\"><figure class=\"elementor-image-box-img\"><img loading=\"lazy\" decoding=\"async\" width=\"600\" height=\"414\" src=\"https:\/\/locations-06.fr\/wp-content\/uploads\/bleu-dargile-poterie-vallauris-artisanat-partenaire.png\" class=\"attachment-full size-full wp-image-8381\" alt=\"\" srcset=\"https:\/\/locations-06.fr\/wp-content\/uploads\/bleu-dargile-poterie-vallauris-artisanat-partenaire.png 600w, https:\/\/locations-06.fr\/wp-content\/uploads\/bleu-dargile-poterie-vallauris-artisanat-partenaire-300x207.png 300w\" sizes=\"(max-width: 600px) 100vw, 600px\" \/><\/figure><\/div>\t\t\t\t<\/div>\n\t\t\t\t<\/div>\n\t\t\t\t<div class=\"elementor-element elementor-element-176e2f0 elementor-widget elementor-widget-text-editor\" data-id=\"176e2f0\" data-element_type=\"widget\" data-e-type=\"widget\" data-widget_type=\"text-editor.default\">\n\t\t\t\t<div class=\"elementor-widget-container\">\n\t\t\t\t\t\t\t\t\t<p>Plan\u00e8te Cr\u00e9ation<br \/>48, rue du Mar\u00e9chal Foch<br \/>06250 Mougins<\/p><p class=\"remise\">Und mit location-06.fr erhalten Sie 10 % Rabatt auf Ihre Eink\u00e4ufe<\/p>\t\t\t\t\t\t\t\t<\/div>\n\t\t\t\t<\/div>\n\t\t\t\t<\/div>\n\t\t<div class=\"elementor-element elementor-element-f3741bf e-con-full e-flex e-con e-child\" data-id=\"f3741bf\" data-element_type=\"container\" data-e-type=\"container\">\n\t\t\t\t<div class=\"elementor-element elementor-element-b7dc25f elementor-widget elementor-widget-heading\" data-id=\"b7dc25f\" data-element_type=\"widget\" data-e-type=\"widget\" data-widget_type=\"heading.default\">\n\t\t\t\t<div class=\"elementor-widget-container\">\n\t\t\t\t\t<h2 class=\"elementor-heading-title elementor-size-default\">a Source Parfum\u00e9e\nin Gourdon<\/h2>\t\t\t\t<\/div>\n\t\t\t\t<\/div>\n\t\t\t\t<div class=\"elementor-element elementor-element-28afef7 elementor-widget elementor-widget-text-editor\" data-id=\"28afef7\" data-element_type=\"widget\" data-e-type=\"widget\" data-widget_type=\"text-editor.default\">\n\t\t\t\t<div class=\"elementor-widget-container\">\n\t\t\t\t\t\t\t\t\t<p>11, rue Principale<br \/>06620 Gourdon<br \/>04.93.09.68.23<\/p><p>Parf\u00fcme, Kerzen, Seifen und Lavendelprodukte<\/p><p class=\"remise\">Und mit locations-06.fr profitieren Sie von einem kostenlosen Besuch und 10 % Rabatt auf Ihre Eink\u00e4ufe.<\/p>\t\t\t\t\t\t\t\t<\/div>\n\t\t\t\t<\/div>\n\t\t\t\t<\/div>\n\t\t<div class=\"elementor-element elementor-element-372229d e-con-full e-flex e-con e-child\" data-id=\"372229d\" data-element_type=\"container\" data-e-type=\"container\">\n\t\t\t\t<div class=\"elementor-element elementor-element-fa09117 elementor-widget elementor-widget-heading\" data-id=\"fa09117\" data-element_type=\"widget\" data-e-type=\"widget\" data-widget_type=\"heading.default\">\n\t\t\t\t<div class=\"elementor-widget-container\">\n\t\t\t\t\t<h2 class=\"elementor-heading-title elementor-size-default\">Funtrip in Pont du Loup<\/h2>\t\t\t\t<\/div>\n\t\t\t\t<\/div>\n\t\t\t\t<div class=\"elementor-element elementor-element-472bff1 elementor-position-top elementor-widget elementor-widget-image-box\" data-id=\"472bff1\" data-element_type=\"widget\" data-e-type=\"widget\" data-widget_type=\"image-box.default\">\n\t\t\t\t<div class=\"elementor-widget-container\">\n\t\t\t\t\t<div class=\"elementor-image-box-wrapper\"><figure class=\"elementor-image-box-img\"><img loading=\"lazy\" decoding=\"async\" width=\"268\" height=\"132\" src=\"https:\/\/locations-06.fr\/wp-content\/uploads\/funtrip-canyoning-via-ferrata-cote-azur-partenaire1.png\" class=\"attachment-full size-full wp-image-8199\" alt=\"\" \/><\/figure><\/div>\t\t\t\t<\/div>\n\t\t\t\t<\/div>\n\t\t\t\t<div class=\"elementor-element elementor-element-cccd174 elementor-widget elementor-widget-text-editor\" data-id=\"cccd174\" data-element_type=\"widget\" data-e-type=\"widget\" data-widget_type=\"text-editor.default\">\n\t\t\t\t<div class=\"elementor-widget-container\">\n\t\t\t\t\t\t\t\t\t<p>1-13, route de Grasse<br \/>06140 Pont du Loup<br \/>06.19.66.03.65<\/p><p>Canyoning, H\u00f6hlenforschung und Wasserwandern<\/p><p class=\"remise\">Und mitlocations-06.fr profitieren Sie von einem besonderen Empfang.<\/p>\t\t\t\t\t\t\t\t<\/div>\n\t\t\t\t<\/div>\n\t\t\t\t<\/div>\n\t\t<div class=\"elementor-element elementor-element-d9a232b e-con-full e-flex e-con e-child\" data-id=\"d9a232b\" data-element_type=\"container\" data-e-type=\"container\">\n\t\t\t\t<div class=\"elementor-element elementor-element-ad2ae1e elementor-widget elementor-widget-heading\" data-id=\"ad2ae1e\" data-element_type=\"widget\" data-e-type=\"widget\" data-widget_type=\"heading.default\">\n\t\t\t\t<div class=\"elementor-widget-container\">\n\t\t\t\t\t<h2 class=\"elementor-heading-title elementor-size-default\">Fougassettes Venturini, in Grasse<\/h2>\t\t\t\t<\/div>\n\t\t\t\t<\/div>\n\t\t\t\t<div class=\"elementor-element elementor-element-a91a636 elementor-position-top elementor-widget elementor-widget-image-box\" data-id=\"a91a636\" data-element_type=\"widget\" data-e-type=\"widget\" data-widget_type=\"image-box.default\">\n\t\t\t\t<div class=\"elementor-widget-container\">\n\t\t\t\t\t<div class=\"elementor-image-box-wrapper\"><figure class=\"elementor-image-box-img\"><img loading=\"lazy\" decoding=\"async\" width=\"550\" height=\"387\" src=\"https:\/\/locations-06.fr\/wp-content\/uploads\/fougassettes-venturini-grasse-specialites-partenaire1.jpg\" class=\"attachment-full size-full wp-image-8315\" alt=\"\" srcset=\"https:\/\/locations-06.fr\/wp-content\/uploads\/fougassettes-venturini-grasse-specialites-partenaire1.jpg 550w, https:\/\/locations-06.fr\/wp-content\/uploads\/fougassettes-venturini-grasse-specialites-partenaire1-300x211.jpg 300w\" sizes=\"(max-width: 550px) 100vw, 550px\" \/><\/figure><\/div>\t\t\t\t<\/div>\n\t\t\t\t<\/div>\n\t\t\t\t<div class=\"elementor-element elementor-element-1106872 elementor-widget elementor-widget-text-editor\" data-id=\"1106872\" data-element_type=\"widget\" data-e-type=\"widget\" data-widget_type=\"text-editor.default\">\n\t\t\t\t<div class=\"elementor-widget-container\">\n\t\t\t\t\t\t\t\t\t<p>1, rue Marcel Journet<br \/>06130 Grasse<br \/>04.93.36.20.47<\/p><p>Fougassettes, Konditorei und handwerkliche B\u00e4ckerei<\/p><p class=\"remise\">Und mit \u201elocations-06.fr\u201c eine \u00dcberraschung nach Ermessen unseres Partners.<\/p>\t\t\t\t\t\t\t\t<\/div>\n\t\t\t\t<\/div>\n\t\t\t\t<\/div>\n\t\t<div class=\"elementor-element elementor-element-a86e905 e-con-full e-flex e-con e-child\" data-id=\"a86e905\" data-element_type=\"container\" data-e-type=\"container\">\n\t\t\t\t<div class=\"elementor-element elementor-element-bc0ebd0 elementor-widget elementor-widget-heading\" data-id=\"bc0ebd0\" data-element_type=\"widget\" data-e-type=\"widget\" data-widget_type=\"heading.default\">\n\t\t\t\t<div class=\"elementor-widget-container\">\n\t\t\t\t\t<h2 class=\"elementor-heading-title elementor-size-default\">Ail\u00e9ments, Paragliding und Canyoning in Gr\u00e9oli\u00e8res<\/h2>\t\t\t\t<\/div>\n\t\t\t\t<\/div>\n\t\t\t\t<div class=\"elementor-element elementor-element-d938da8 elementor-position-top elementor-widget elementor-widget-image-box\" data-id=\"d938da8\" data-element_type=\"widget\" data-e-type=\"widget\" data-widget_type=\"image-box.default\">\n\t\t\t\t<div class=\"elementor-widget-container\">\n\t\t\t\t\t<div class=\"elementor-image-box-wrapper\"><figure class=\"elementor-image-box-img\"><img loading=\"lazy\" decoding=\"async\" width=\"749\" height=\"454\" src=\"https:\/\/locations-06.fr\/wp-content\/uploads\/ailements-parapente-canyoning-cote-d-azur-ecole-cours-partenaire.png\" class=\"attachment-full size-full wp-image-8379\" alt=\"\" srcset=\"https:\/\/locations-06.fr\/wp-content\/uploads\/ailements-parapente-canyoning-cote-d-azur-ecole-cours-partenaire.png 749w, https:\/\/locations-06.fr\/wp-content\/uploads\/ailements-parapente-canyoning-cote-d-azur-ecole-cours-partenaire-300x182.png 300w\" sizes=\"(max-width: 749px) 100vw, 749px\" \/><\/figure><\/div>\t\t\t\t<\/div>\n\t\t\t\t<\/div>\n\t\t\t\t<div class=\"elementor-element elementor-element-4fff2a0 elementor-widget elementor-widget-text-editor\" data-id=\"4fff2a0\" data-element_type=\"widget\" data-e-type=\"widget\" data-widget_type=\"text-editor.default\">\n\t\t\t\t<div class=\"elementor-widget-container\">\n\t\t\t\t\t\t\t\t\t<p>815, route du Prinas<br \/>06620 Gr\u00e9oli\u00e8res<br \/>04.93.32.10.99<\/p><p class=\"remise\">Und bei \u201elocations-06.fr\u201c ist das Erinnerungsvideo kostenlos<\/p>\t\t\t\t\t\t\t\t<\/div>\n\t\t\t\t<\/div>\n\t\t\t\t<\/div>\n\t\t<div class=\"elementor-element elementor-element-b7606cf e-con-full e-flex e-con e-child\" data-id=\"b7606cf\" data-element_type=\"container\" data-e-type=\"container\">\n\t\t\t\t<div class=\"elementor-element elementor-element-4cf81b6 elementor-widget elementor-widget-heading\" data-id=\"4cf81b6\" data-element_type=\"widget\" data-e-type=\"widget\" data-widget_type=\"heading.default\">\n\t\t\t\t<div class=\"elementor-widget-container\">\n\t\t\t\t\t<h2 class=\"elementor-heading-title elementor-size-default\">Airplay, Tandem-Fallschirmtaufen<\/h2>\t\t\t\t<\/div>\n\t\t\t\t<\/div>\n\t\t\t\t<div class=\"elementor-element elementor-element-a6f9444 elementor-position-top elementor-widget elementor-widget-image-box\" data-id=\"a6f9444\" data-element_type=\"widget\" data-e-type=\"widget\" data-widget_type=\"image-box.default\">\n\t\t\t\t<div class=\"elementor-widget-container\">\n\t\t\t\t\t<div class=\"elementor-image-box-wrapper\"><figure class=\"elementor-image-box-img\"><img loading=\"lazy\" decoding=\"async\" width=\"1024\" height=\"576\" src=\"https:\/\/locations-06.fr\/wp-content\/uploads\/airplay-parachutisme-cote-d-azur-031-1024x576-1.jpg\" class=\"attachment-full size-full wp-image-8319\" alt=\"\" srcset=\"https:\/\/locations-06.fr\/wp-content\/uploads\/airplay-parachutisme-cote-d-azur-031-1024x576-1.jpg 1024w, https:\/\/locations-06.fr\/wp-content\/uploads\/airplay-parachutisme-cote-d-azur-031-1024x576-1-300x169.jpg 300w, https:\/\/locations-06.fr\/wp-content\/uploads\/airplay-parachutisme-cote-d-azur-031-1024x576-1-768x432.jpg 768w\" sizes=\"(max-width: 1024px) 100vw, 1024px\" \/><\/figure><\/div>\t\t\t\t<\/div>\n\t\t\t\t<\/div>\n\t\t\t\t<div class=\"elementor-element elementor-element-bca4d1c elementor-widget elementor-widget-text-editor\" data-id=\"bca4d1c\" data-element_type=\"widget\" data-e-type=\"widget\" data-widget_type=\"text-editor.default\">\n\t\t\t\t<div class=\"elementor-widget-container\">\n\t\t\t\t\t\t\t\t\t<p>Les Pins<br \/>990, boulevard Guillaume Appolinaire<br \/>06600 Antibes<br \/>06.98.11.04.40<\/p><p class=\"remise\">Und bei \u201elocations-06.fr\u201c sind die Fotos beim Kauf des Erinnerungsvideos kostenlos.<\/p>\t\t\t\t\t\t\t\t<\/div>\n\t\t\t\t<\/div>\n\t\t\t\t<\/div>\n\t\t<div class=\"elementor-element elementor-element-c6f5efe e-con-full e-flex e-con e-child\" data-id=\"c6f5efe\" data-element_type=\"container\" data-e-type=\"container\">\n\t\t\t\t<div class=\"elementor-element elementor-element-d04628f elementor-widget elementor-widget-heading\" data-id=\"d04628f\" data-element_type=\"widget\" data-e-type=\"widget\" data-widget_type=\"heading.default\">\n\t\t\t\t<div class=\"elementor-widget-container\">\n\t\t\t\t\t<h2 class=\"elementor-heading-title elementor-size-default\">Le Jardin de la Bastide, in Grasse<\/h2>\t\t\t\t<\/div>\n\t\t\t\t<\/div>\n\t\t\t\t<div class=\"elementor-element elementor-element-9eebfb3 elementor-widget elementor-widget-text-editor\" data-id=\"9eebfb3\" data-element_type=\"widget\" data-e-type=\"widget\" data-widget_type=\"text-editor.default\">\n\t\t\t\t<div class=\"elementor-widget-container\">\n\t\t\t\t\t\t\t\t\t<p>75, Chemin de Saint Marc<br \/>06130 Le Plan de Grasse<br \/>04.93.70.71.24<br \/>Bl\u00fctenw\u00e4sser, \u00e4therische \u00d6le und Kosmetika<\/p><p class=\"remise\">Und mit location-06.fr, kostenloser Besuch nach Vereinbarung.<\/p>\t\t\t\t\t\t\t\t<\/div>\n\t\t\t\t<\/div>\n\t\t\t\t<\/div>\n\t\t<div class=\"elementor-element elementor-element-0b8478b e-con-full e-flex e-con e-child\" data-id=\"0b8478b\" data-element_type=\"container\" data-e-type=\"container\">\n\t\t\t\t<div class=\"elementor-element elementor-element-d7edfe7 elementor-widget elementor-widget-heading\" data-id=\"d7edfe7\" data-element_type=\"widget\" data-e-type=\"widget\" data-widget_type=\"heading.default\">\n\t\t\t\t<div class=\"elementor-widget-container\">\n\t\t\t\t\t<h2 class=\"elementor-heading-title elementor-size-default\">H\u00f6hle Baume Obscure St Vallier de Thiey<\/h2>\t\t\t\t<\/div>\n\t\t\t\t<\/div>\n\t\t\t\t<div class=\"elementor-element elementor-element-3190d06 elementor-position-top elementor-widget elementor-widget-image-box\" data-id=\"3190d06\" data-element_type=\"widget\" data-e-type=\"widget\" data-widget_type=\"image-box.default\">\n\t\t\t\t<div class=\"elementor-widget-container\">\n\t\t\t\t\t<div class=\"elementor-image-box-wrapper\"><figure class=\"elementor-image-box-img\"><img loading=\"lazy\" decoding=\"async\" width=\"147\" height=\"150\" src=\"https:\/\/locations-06.fr\/wp-content\/uploads\/grotte-baume-obscure-souterroscope-st-vallier-decouverte-idees-sorties-famille-partenaire-cote-d-azur.png\" class=\"attachment-full size-full wp-image-8377\" alt=\"\" \/><\/figure><\/div>\t\t\t\t<\/div>\n\t\t\t\t<\/div>\n\t\t\t\t<div class=\"elementor-element elementor-element-9abfc2d elementor-widget elementor-widget-text-editor\" data-id=\"9abfc2d\" data-element_type=\"widget\" data-e-type=\"widget\" data-widget_type=\"text-editor.default\">\n\t\t\t\t<div class=\"elementor-widget-container\">\n\t\t\t\t\t\t\t\t\t<p>2600, chemin de Saint Anne<br \/>06460 Saint Vallier de Thiey<br \/>04.93.42.61.63<\/p><p class=\"remise\">Und mit locations-06.fr profitieren Sie vom Gruppentarif<\/p>\t\t\t\t\t\t\t\t<\/div>\n\t\t\t\t<\/div>\n\t\t\t\t<\/div>\n\t\t<div class=\"elementor-element elementor-element-1a9463d e-con-full e-flex e-con e-child\" data-id=\"1a9463d\" data-element_type=\"container\" data-e-type=\"container\">\n\t\t\t\t<div class=\"elementor-element elementor-element-8fb896e elementor-widget elementor-widget-heading\" data-id=\"8fb896e\" data-element_type=\"widget\" data-e-type=\"widget\" data-widget_type=\"heading.default\">\n\t\t\t\t<div class=\"elementor-widget-container\">\n\t\t\t\t\t<h2 class=\"elementor-heading-title elementor-size-default\">Val\u00e9rie Touzalin, Imker in Bar sur Loup<\/h2>\t\t\t\t<\/div>\n\t\t\t\t<\/div>\n\t\t\t\t<div class=\"elementor-element elementor-element-724a021 elementor-widget elementor-widget-text-editor\" data-id=\"724a021\" data-element_type=\"widget\" data-e-type=\"widget\" data-widget_type=\"text-editor.default\">\n\t\t\t\t<div class=\"elementor-widget-container\">\n\t\t\t\t\t\t\t\t\tChemin du B\u00e9al\n06620 Le Bar sur Loup\n06.50.99.74.63\n<p class=\"remise\">Und bei \u201elocations-06.fr\u201c 1 \u20ac Rabatt pro Topf.<\/p>\t\t\t\t\t\t\t\t<\/div>\n\t\t\t\t<\/div>\n\t\t\t\t<\/div>\n\t\t<div class=\"elementor-element elementor-element-0e7a8be e-con-full e-flex e-con e-child\" data-id=\"0e7a8be\" data-element_type=\"container\" data-e-type=\"container\">\n\t\t\t\t<div class=\"elementor-element elementor-element-d4d4e44 elementor-widget elementor-widget-heading\" data-id=\"d4d4e44\" data-element_type=\"widget\" data-e-type=\"widget\" data-widget_type=\"heading.default\">\n\t\t\t\t<div class=\"elementor-widget-container\">\n\t\t\t\t\t<h2 class=\"elementor-heading-title elementor-size-default\">Restaurant \u00abLa Colette\u00bb in Escragnolles<\/h2>\t\t\t\t<\/div>\n\t\t\t\t<\/div>\n\t\t\t\t<div class=\"elementor-element elementor-element-6191c46 elementor-position-top elementor-widget elementor-widget-image-box\" data-id=\"6191c46\" data-element_type=\"widget\" data-e-type=\"widget\" data-widget_type=\"image-box.default\">\n\t\t\t\t<div class=\"elementor-widget-container\">\n\t\t\t\t\t<div class=\"elementor-image-box-wrapper\"><figure class=\"elementor-image-box-img\"><img loading=\"lazy\" decoding=\"async\" width=\"550\" height=\"309\" src=\"https:\/\/locations-06.fr\/wp-content\/uploads\/restaurant-la-colette-escragnolles-021.jpg\" class=\"attachment-full size-full wp-image-8325\" alt=\"\" srcset=\"https:\/\/locations-06.fr\/wp-content\/uploads\/restaurant-la-colette-escragnolles-021.jpg 550w, https:\/\/locations-06.fr\/wp-content\/uploads\/restaurant-la-colette-escragnolles-021-300x169.jpg 300w\" sizes=\"(max-width: 550px) 100vw, 550px\" \/><\/figure><\/div>\t\t\t\t<\/div>\n\t\t\t\t<\/div>\n\t\t\t\t<div class=\"elementor-element elementor-element-87365b2 elementor-widget elementor-widget-text-editor\" data-id=\"87365b2\" data-element_type=\"widget\" data-e-type=\"widget\" data-widget_type=\"text-editor.default\">\n\t\t\t\t<div class=\"elementor-widget-container\">\n\t\t\t\t\t\t\t\t\t<p>5783, route Napol\u00e9eon<br \/>06460 Escragnolles<br \/>04.93.09.27.74<\/p><p>Provenzalische K\u00fcche, Wild der Saison<\/p><p class=\"remise\">Und bei location-06.fr ist der Kaffee kostenlos.<\/p>\t\t\t\t\t\t\t\t<\/div>\n\t\t\t\t<\/div>\n\t\t\t\t<\/div>\n\t\t<div class=\"elementor-element elementor-element-1f52f7e e-con-full e-flex e-con e-child\" data-id=\"1f52f7e\" data-element_type=\"container\" data-e-type=\"container\">\n\t\t\t\t<div class=\"elementor-element elementor-element-9576a83 elementor-widget elementor-widget-heading\" data-id=\"9576a83\" data-element_type=\"widget\" data-e-type=\"widget\" data-widget_type=\"heading.default\">\n\t\t\t\t<div class=\"elementor-widget-container\">\n\t\t\t\t\t<h2 class=\"elementor-heading-title elementor-size-default\">Restaurant \u00abLa Vieille Auberge\u00bb, in Gr\u00e9oli\u00e8res<\/h2>\t\t\t\t<\/div>\n\t\t\t\t<\/div>\n\t\t\t\t<div class=\"elementor-element elementor-element-8c4dd0c elementor-widget elementor-widget-text-editor\" data-id=\"8c4dd0c\" data-element_type=\"widget\" data-e-type=\"widget\" data-widget_type=\"text-editor.default\">\n\t\t\t\t<div class=\"elementor-widget-container\">\n\t\t\t\t\t\t\t\t\t<p>7, place Pierre Merle<br \/>06620 Gr\u00e9oli\u00e8res<br \/>04.93.59.03.02<\/p><p>Provenzalische Cuisine<\/p><p class=\"remise\">Und bei location-06.fr ist der Kaffee kostenlos.<\/p>\t\t\t\t\t\t\t\t<\/div>\n\t\t\t\t<\/div>\n\t\t\t\t<\/div>\n\t\t<div class=\"elementor-element elementor-element-cd47a37 e-con-full e-flex e-con e-child\" data-id=\"cd47a37\" data-element_type=\"container\" data-e-type=\"container\">\n\t\t\t\t<div class=\"elementor-element elementor-element-0ea5f6d elementor-widget elementor-widget-heading\" data-id=\"0ea5f6d\" data-element_type=\"widget\" data-e-type=\"widget\" data-widget_type=\"heading.default\">\n\t\t\t\t<div class=\"elementor-widget-container\">\n\t\t\t\t\t<h2 class=\"elementor-heading-title elementor-size-default\">Energy location in Cagnes sur Mer<\/h2>\t\t\t\t<\/div>\n\t\t\t\t<\/div>\n\t\t\t\t<div class=\"elementor-element elementor-element-621069f elementor-position-top elementor-widget elementor-widget-image-box\" data-id=\"621069f\" data-element_type=\"widget\" data-e-type=\"widget\" data-widget_type=\"image-box.default\">\n\t\t\t\t<div class=\"elementor-widget-container\">\n\t\t\t\t\t<div class=\"elementor-image-box-wrapper\"><figure class=\"elementor-image-box-img\"><img loading=\"lazy\" decoding=\"async\" width=\"600\" height=\"150\" src=\"https:\/\/locations-06.fr\/wp-content\/uploads\/energy-location-loisir-partenaire1.jpg\" class=\"attachment-full size-full wp-image-8329\" alt=\"\" srcset=\"https:\/\/locations-06.fr\/wp-content\/uploads\/energy-location-loisir-partenaire1.jpg 600w, https:\/\/locations-06.fr\/wp-content\/uploads\/energy-location-loisir-partenaire1-300x75.jpg 300w\" sizes=\"(max-width: 600px) 100vw, 600px\" \/><\/figure><\/div>\t\t\t\t<\/div>\n\t\t\t\t<\/div>\n\t\t\t\t<div class=\"elementor-element elementor-element-712734a elementor-widget elementor-widget-text-editor\" data-id=\"712734a\" data-element_type=\"widget\" data-e-type=\"widget\" data-widget_type=\"text-editor.default\">\n\t\t\t\t<div class=\"elementor-widget-container\">\n\t\t\t\t\t\t\t\t\t<p>Promenade de la plage \u2013 Promenade de l\u2019hippodrome<br \/>06800 Cagnes sur Mer<br \/>06.62.98.38.84<\/p><p>Verleih von Fahrr\u00e4dern, Rosenkr\u00e4nzen usw.<\/p><p class=\"remise\">Und mit location-06.fr zahlen Sie 30 Minuten und genie\u00dfen Sie eine Stunde lang.<\/p>\t\t\t\t\t\t\t\t<\/div>\n\t\t\t\t<\/div>\n\t\t\t\t<\/div>\n\t\t<div class=\"elementor-element elementor-element-e2e223f e-con-full e-flex e-con e-child\" data-id=\"e2e223f\" data-element_type=\"container\" data-e-type=\"container\">\n\t\t\t\t<div class=\"elementor-element elementor-element-557d728 elementor-widget elementor-widget-heading\" data-id=\"557d728\" data-element_type=\"widget\" data-e-type=\"widget\" data-widget_type=\"heading.default\">\n\t\t\t\t<div class=\"elementor-widget-container\">\n\t\t\t\t\t<h2 class=\"elementor-heading-title elementor-size-default\">Canyoning06, in Tourrettes sur Loup<\/h2>\t\t\t\t<\/div>\n\t\t\t\t<\/div>\n\t\t\t\t<div class=\"elementor-element elementor-element-67668f6 elementor-position-top elementor-widget elementor-widget-image-box\" data-id=\"67668f6\" data-element_type=\"widget\" data-e-type=\"widget\" data-widget_type=\"image-box.default\">\n\t\t\t\t<div class=\"elementor-widget-container\">\n\t\t\t\t\t<div class=\"elementor-image-box-wrapper\"><figure class=\"elementor-image-box-img\"><img loading=\"lazy\" decoding=\"async\" width=\"350\" height=\"118\" src=\"https:\/\/locations-06.fr\/wp-content\/uploads\/canyoning-06-partenaire1.png\" class=\"attachment-full size-full wp-image-8331\" alt=\"\" srcset=\"https:\/\/locations-06.fr\/wp-content\/uploads\/canyoning-06-partenaire1.png 350w, https:\/\/locations-06.fr\/wp-content\/uploads\/canyoning-06-partenaire1-300x101.png 300w\" sizes=\"(max-width: 350px) 100vw, 350px\" \/><\/figure><\/div>\t\t\t\t<\/div>\n\t\t\t\t<\/div>\n\t\t\t\t<div class=\"elementor-element elementor-element-04841ff elementor-widget elementor-widget-text-editor\" data-id=\"04841ff\" data-element_type=\"widget\" data-e-type=\"widget\" data-widget_type=\"text-editor.default\">\n\t\t\t\t<div class=\"elementor-widget-container\">\n\t\t\t\t\t\t\t\t\t<p>2666 bis, route de la Colle<br \/>06140 Tourrettes sur Loup<br \/>06.86.66.35.49<\/p><p class=\"remise\">Und mit location-06.fr profitieren Sie vom Gruppentarif.<\/p>\t\t\t\t\t\t\t\t<\/div>\n\t\t\t\t<\/div>\n\t\t\t\t<\/div>\n\t\t<div class=\"elementor-element elementor-element-73faea0 e-con-full e-flex e-con e-child\" data-id=\"73faea0\" data-element_type=\"container\" data-e-type=\"container\">\n\t\t\t\t<div class=\"elementor-element elementor-element-747e589 elementor-widget elementor-widget-heading\" data-id=\"747e589\" data-element_type=\"widget\" data-e-type=\"widget\" data-widget_type=\"heading.default\">\n\t\t\t\t<div class=\"elementor-widget-container\">\n\t\t\t\t\t<h2 class=\"elementor-heading-title elementor-size-default\">Bacho brewery in Pont du Loup<\/h2>\t\t\t\t<\/div>\n\t\t\t\t<\/div>\n\t\t\t\t<div class=\"elementor-element elementor-element-a8d6006 elementor-widget elementor-widget-text-editor\" data-id=\"a8d6006\" data-element_type=\"widget\" data-e-type=\"widget\" data-widget_type=\"text-editor.default\">\n\t\t\t\t<div class=\"elementor-widget-container\">\n\t\t\t\t\t\t\t\t\t<p>545, route de la Colle<br \/>06140 Tourrettes sur Loup<br \/>06.62.78.11.72<\/p><p>Handwerksbrauerei<\/p><p class=\"remise\">Und mit locations-06.fr profitieren Sie von einer Verkostung und dem \u201eDirekterzeuger\u201c-Preis.<\/p>\t\t\t\t\t\t\t\t<\/div>\n\t\t\t\t<\/div>\n\t\t\t\t<\/div>\n\t\t<div class=\"elementor-element elementor-element-45b178a e-con-full e-flex e-con e-child\" data-id=\"45b178a\" data-element_type=\"container\" data-e-type=\"container\">\n\t\t\t\t<div class=\"elementor-element elementor-element-7756bf0 elementor-widget elementor-widget-heading\" data-id=\"7756bf0\" data-element_type=\"widget\" data-e-type=\"widget\" data-widget_type=\"heading.default\">\n\t\t\t\t<div class=\"elementor-widget-container\">\n\t\t\t\t\t<h2 class=\"elementor-heading-title elementor-size-default\">GIS location in Bar sur Loup<\/h2>\t\t\t\t<\/div>\n\t\t\t\t<\/div>\n\t\t\t\t<div class=\"elementor-element elementor-element-9cca6ed elementor-widget elementor-widget-text-editor\" data-id=\"9cca6ed\" data-element_type=\"widget\" data-e-type=\"widget\" data-widget_type=\"text-editor.default\">\n\t\t\t\t<div class=\"elementor-widget-container\">\n\t\t\t\t\t\t\t\t\t<p>06.23.25.28.24<\/p><p>Autovermietung<\/p><p class=\"remise\">Und mit location-06.fr k\u00f6nnen Sie Ihr Fahrzeug kostenlos am Flughafen oder in der Unterkunft abgeben.<\/p>\t\t\t\t\t\t\t\t<\/div>\n\t\t\t\t<\/div>\n\t\t\t\t<\/div>\n\t\t<div class=\"elementor-element elementor-element-acbf112 e-con-full e-flex e-con e-child\" data-id=\"acbf112\" data-element_type=\"container\" data-e-type=\"container\">\n\t\t\t\t<div class=\"elementor-element elementor-element-a86c3d8 elementor-widget elementor-widget-heading\" data-id=\"a86c3d8\" data-element_type=\"widget\" data-e-type=\"widget\" data-widget_type=\"heading.default\">\n\t\t\t\t<div class=\"elementor-widget-container\">\n\t\t\t\t\t<h2 class=\"elementor-heading-title elementor-size-default\">Espace Terroirs in Grasse<\/h2>\t\t\t\t<\/div>\n\t\t\t\t<\/div>\n\t\t\t\t<div class=\"elementor-element elementor-element-f7995fd elementor-widget elementor-widget-text-editor\" data-id=\"f7995fd\" data-element_type=\"widget\" data-e-type=\"widget\" data-widget_type=\"text-editor.default\">\n\t\t\t\t<div class=\"elementor-widget-container\">\n\t\t\t\t\t\t\t\t\t17, rue Jean Ossola\n06130 Grasse\n09.53.01.49.90\n\nRegionale und lokale Produkte\n<p class=\"remise\">Und mitlocations-06.fr profitieren Sie von einem kostenlosen Besuch und einem kostenlosen Aperitif (Kir mit Rose und Tapenade-Toast).<\/p>\t\t\t\t\t\t\t\t<\/div>\n\t\t\t\t<\/div>\n\t\t\t\t<\/div>\n\t\t<div class=\"elementor-element elementor-element-c40891d e-con-full e-flex e-con e-child\" data-id=\"c40891d\" data-element_type=\"container\" data-e-type=\"container\">\n\t\t\t\t<div class=\"elementor-element elementor-element-559c9f9 elementor-widget elementor-widget-heading\" data-id=\"559c9f9\" data-element_type=\"widget\" data-e-type=\"widget\" data-widget_type=\"heading.default\">\n\t\t\t\t<div class=\"elementor-widget-container\">\n\t\t\t\t\t<h2 class=\"elementor-heading-title elementor-size-default\"><a href=\"https:\/\/www.pizzadantan.fr\/\">Pizza d\u2019antan\nin Chateauneuf-Grasse<\/a><\/h2>\t\t\t\t<\/div>\n\t\t\t\t<\/div>\n\t\t\t\t<div class=\"elementor-element elementor-element-f4fe597 elementor-position-top elementor-widget elementor-widget-image-box\" data-id=\"f4fe597\" data-element_type=\"widget\" data-e-type=\"widget\" data-widget_type=\"image-box.default\">\n\t\t\t\t<div class=\"elementor-widget-container\">\n\t\t\t\t\t<div class=\"elementor-image-box-wrapper\"><figure class=\"elementor-image-box-img\"><img loading=\"lazy\" decoding=\"async\" width=\"316\" height=\"160\" src=\"https:\/\/locations-06.fr\/wp-content\/uploads\/pizza-d-antan-pizzeria-chateauneuf-grasse-partenaire-locations-06-vacances-cote-d-azur1.jpg\" class=\"attachment-full size-full wp-image-8339\" alt=\"\" srcset=\"https:\/\/locations-06.fr\/wp-content\/uploads\/pizza-d-antan-pizzeria-chateauneuf-grasse-partenaire-locations-06-vacances-cote-d-azur1.jpg 316w, https:\/\/locations-06.fr\/wp-content\/uploads\/pizza-d-antan-pizzeria-chateauneuf-grasse-partenaire-locations-06-vacances-cote-d-azur1-300x152.jpg 300w\" sizes=\"(max-width: 316px) 100vw, 316px\" \/><\/figure><\/div>\t\t\t\t<\/div>\n\t\t\t\t<\/div>\n\t\t\t\t<div class=\"elementor-element elementor-element-6e3992b elementor-widget elementor-widget-text-editor\" data-id=\"6e3992b\" data-element_type=\"widget\" data-e-type=\"widget\" data-widget_type=\"text-editor.default\">\n\t\t\t\t<div class=\"elementor-widget-container\">\n\t\t\t\t\t\t\t\t\t<p>970, route de Nice<br \/>06740 Ch\u00e2teauneuf de Grasse<br \/>04.92.60.48.40<\/p><p class=\"remise\">Und mit location-06.fr erhalten Sie f\u00fcr 2 gekaufte Pizzen 1 kostenlose Nutella-Pizza. F\u00fcr 4 gekaufte Pizzen wird 1 Flasche Ros\u00e9 angeboten (nat\u00fcrlich in Ma\u00dfen konsumieren). <\/p>\t\t\t\t\t\t\t\t<\/div>\n\t\t\t\t<\/div>\n\t\t\t\t<\/div>\n\t\t<div class=\"elementor-element elementor-element-c8b9d9e e-con-full e-flex e-con e-child\" data-id=\"c8b9d9e\" data-element_type=\"container\" data-e-type=\"container\">\n\t\t\t\t<div class=\"elementor-element elementor-element-a8ecfcb elementor-widget elementor-widget-heading\" data-id=\"a8ecfcb\" data-element_type=\"widget\" data-e-type=\"widget\" data-widget_type=\"heading.default\">\n\t\t\t\t<div class=\"elementor-widget-container\">\n\t\t\t\t\t<h2 class=\"elementor-heading-title elementor-size-default\">Grotte <br \/>de St Cezaire<\/h2>\t\t\t\t<\/div>\n\t\t\t\t<\/div>\n\t\t\t\t<div class=\"elementor-element elementor-element-c84abbd elementor-position-top elementor-widget elementor-widget-image-box\" data-id=\"c84abbd\" data-element_type=\"widget\" data-e-type=\"widget\" data-widget_type=\"image-box.default\">\n\t\t\t\t<div class=\"elementor-widget-container\">\n\t\t\t\t\t<div class=\"elementor-image-box-wrapper\"><figure class=\"elementor-image-box-img\"><img loading=\"lazy\" decoding=\"async\" width=\"915\" height=\"478\" src=\"https:\/\/locations-06.fr\/wp-content\/uploads\/grotte-st-cezaire-011.jpg\" class=\"attachment-full size-full wp-image-8341\" alt=\"\" srcset=\"https:\/\/locations-06.fr\/wp-content\/uploads\/grotte-st-cezaire-011.jpg 915w, https:\/\/locations-06.fr\/wp-content\/uploads\/grotte-st-cezaire-011-300x157.jpg 300w, https:\/\/locations-06.fr\/wp-content\/uploads\/grotte-st-cezaire-011-768x401.jpg 768w\" sizes=\"(max-width: 915px) 100vw, 915px\" \/><\/figure><\/div>\t\t\t\t<\/div>\n\t\t\t\t<\/div>\n\t\t\t\t<div class=\"elementor-element elementor-element-2e1e364 elementor-widget elementor-widget-text-editor\" data-id=\"2e1e364\" data-element_type=\"widget\" data-e-type=\"widget\" data-widget_type=\"text-editor.default\">\n\t\t\t\t<div class=\"elementor-widget-container\">\n\t\t\t\t\t\t\t\t\t<p>1481, route des grottes<br \/>06530 Saint C\u00e9zaire sur Siagne<br \/>04.93.60.22.35<\/p><p class=\"remise\">Und mit location-06.fr profitieren Sie vom Gruppentarif.<\/p>\t\t\t\t\t\t\t\t<\/div>\n\t\t\t\t<\/div>\n\t\t\t\t<\/div>\n\t\t<div class=\"elementor-element elementor-element-c2dd51c e-con-full e-flex e-con e-child\" data-id=\"c2dd51c\" data-element_type=\"container\" data-e-type=\"container\">\n\t\t\t\t<div class=\"elementor-element elementor-element-3da7fa9 elementor-widget elementor-widget-heading\" data-id=\"3da7fa9\" data-element_type=\"widget\" data-e-type=\"widget\" data-widget_type=\"heading.default\">\n\t\t\t\t<div class=\"elementor-widget-container\">\n\t\t\t\t\t<h2 class=\"elementor-heading-title elementor-size-default\">Skywalk\u2019Air, in Ch\u00e2teauneuf-Grasse<\/h2>\t\t\t\t<\/div>\n\t\t\t\t<\/div>\n\t\t\t\t<div class=\"elementor-element elementor-element-7128447 elementor-widget elementor-widget-text-editor\" data-id=\"7128447\" data-element_type=\"widget\" data-e-type=\"widget\" data-widget_type=\"text-editor.default\">\n\t\t\t\t<div class=\"elementor-widget-container\">\n\t\t\t\t\t\t\t\t\t7, rue du Baou\n06740 Ch\u00e2teauneuf\n06.13.50.44.64\n\nGleitschirm-Taufflug\n<p class=\"remise\">Und bei \u201elocations-06.fr\u201c ist das Video kostenlos.<\/p>\t\t\t\t\t\t\t\t<\/div>\n\t\t\t\t<\/div>\n\t\t\t\t<\/div>\n\t\t<div class=\"elementor-element elementor-element-c42df8f e-con-full e-flex e-con e-child\" data-id=\"c42df8f\" data-element_type=\"container\" data-e-type=\"container\">\n\t\t\t\t<div class=\"elementor-element elementor-element-e6b6f0d elementor-widget elementor-widget-heading\" data-id=\"e6b6f0d\" data-element_type=\"widget\" data-e-type=\"widget\" data-widget_type=\"heading.default\">\n\t\t\t\t<div class=\"elementor-widget-container\">\n\t\t\t\t\t<h2 class=\"elementor-heading-title elementor-size-default\">Bastide des ar\u00f4mes, in St C\u00e9zaire sur Siagne<\/h2>\t\t\t\t<\/div>\n\t\t\t\t<\/div>\n\t\t\t\t<div class=\"elementor-element elementor-element-9a392ff elementor-widget elementor-widget-text-editor\" data-id=\"9a392ff\" data-element_type=\"widget\" data-e-type=\"widget\" data-widget_type=\"text-editor.default\">\n\t\t\t\t<div class=\"elementor-widget-container\">\n\t\t\t\t\t\t\t\t\t<p>580, all\u00e9e des parfums<br \/>06530 Saint C\u00e9zaire sur Siagne<br \/>04.93.36.04.97<\/p>\t\t\t\t\t\t\t\t<\/div>\n\t\t\t\t<\/div>\n\t\t\t\t<div class=\"elementor-element elementor-element-2636e0f elementor-widget elementor-widget-text-editor\" data-id=\"2636e0f\" data-element_type=\"widget\" data-e-type=\"widget\" data-widget_type=\"text-editor.default\">\n\t\t\t\t<div class=\"elementor-widget-container\">\n\t\t\t\t\t\t\t\t\t<p class=\"remise\">Und mit \u201elocations-06.fr\u201c 1 kostenloses 50-ml-Parf\u00fcm + Neupreis.<\/p>\t\t\t\t\t\t\t\t<\/div>\n\t\t\t\t<\/div>\n\t\t\t\t<\/div>\n\t\t<div class=\"elementor-element elementor-element-fd95c9d e-con-full e-flex e-con e-child\" data-id=\"fd95c9d\" data-element_type=\"container\" data-e-type=\"container\">\n\t\t\t\t<div class=\"elementor-element elementor-element-809c11f elementor-widget elementor-widget-heading\" data-id=\"809c11f\" data-element_type=\"widget\" data-e-type=\"widget\" data-widget_type=\"heading.default\">\n\t\t\t\t<div class=\"elementor-widget-container\">\n\t\t\t\t\t<h2 class=\"elementor-heading-title elementor-size-default\">Terres d\u2019\u00e9motions, in St Laurent du Var<\/h2>\t\t\t\t<\/div>\n\t\t\t\t<\/div>\n\t\t\t\t<div class=\"elementor-element elementor-element-4038618 elementor-position-top elementor-widget elementor-widget-image-box\" data-id=\"4038618\" data-element_type=\"widget\" data-e-type=\"widget\" data-widget_type=\"image-box.default\">\n\t\t\t\t<div class=\"elementor-widget-container\">\n\t\t\t\t\t<div class=\"elementor-image-box-wrapper\"><figure class=\"elementor-image-box-img\"><img loading=\"lazy\" decoding=\"async\" width=\"831\" height=\"601\" src=\"https:\/\/locations-06.fr\/wp-content\/uploads\/terres-emotions-randonnees-mercantour-partenaire-1.png\" class=\"attachment-full size-full wp-image-8347\" alt=\"\" srcset=\"https:\/\/locations-06.fr\/wp-content\/uploads\/terres-emotions-randonnees-mercantour-partenaire-1.png 831w, https:\/\/locations-06.fr\/wp-content\/uploads\/terres-emotions-randonnees-mercantour-partenaire-1-300x217.png 300w, https:\/\/locations-06.fr\/wp-content\/uploads\/terres-emotions-randonnees-mercantour-partenaire-1-768x555.png 768w\" sizes=\"(max-width: 831px) 100vw, 831px\" \/><\/figure><\/div>\t\t\t\t<\/div>\n\t\t\t\t<\/div>\n\t\t\t\t<div class=\"elementor-element elementor-element-a8fa1da elementor-widget elementor-widget-text-editor\" data-id=\"a8fa1da\" data-element_type=\"widget\" data-e-type=\"widget\" data-widget_type=\"text-editor.default\">\n\t\t\t\t<div class=\"elementor-widget-container\">\n\t\t\t\t\t\t\t\t\t<p>Yohann Maubant<br \/>06.61.46.27.80<br \/>F\u00fchrer im Nationalpark Mercantour<\/p>\t\t\t\t\t\t\t\t<\/div>\n\t\t\t\t<\/div>\n\t\t\t\t<div class=\"elementor-element elementor-element-ea90940 elementor-widget elementor-widget-text-editor\" data-id=\"ea90940\" data-element_type=\"widget\" data-e-type=\"widget\" data-widget_type=\"text-editor.default\">\n\t\t\t\t<div class=\"elementor-widget-container\">\n\t\t\t\t\t\t\t\t\t<p class=\"remise\">Und mit location-06.fr 15\u20ac statt 20\u20ac\/Person.<\/p>\t\t\t\t\t\t\t\t<\/div>\n\t\t\t\t<\/div>\n\t\t\t\t<\/div>\n\t\t<div class=\"elementor-element elementor-element-f4bf287 e-con-full e-flex e-con e-child\" data-id=\"f4bf287\" data-element_type=\"container\" data-e-type=\"container\">\n\t\t\t\t<div class=\"elementor-element elementor-element-d020e13 elementor-widget elementor-widget-heading\" data-id=\"d020e13\" data-element_type=\"widget\" data-e-type=\"widget\" data-widget_type=\"heading.default\">\n\t\t\t\t<div class=\"elementor-widget-container\">\n\t\t\t\t\t<h2 class=\"elementor-heading-title elementor-size-default\">Brauerei Chapot-Maillard in Valderoure<\/h2>\t\t\t\t<\/div>\n\t\t\t\t<\/div>\n\t\t\t\t<div class=\"elementor-element elementor-element-d8c75a6 elementor-position-top elementor-widget elementor-widget-image-box\" data-id=\"d8c75a6\" data-element_type=\"widget\" data-e-type=\"widget\" data-widget_type=\"image-box.default\">\n\t\t\t\t<div class=\"elementor-widget-container\">\n\t\t\t\t\t<div class=\"elementor-image-box-wrapper\"><figure class=\"elementor-image-box-img\"><img loading=\"lazy\" decoding=\"async\" width=\"482\" height=\"265\" src=\"https:\/\/locations-06.fr\/wp-content\/uploads\/brasserie-chapot-maillard-storia-valderoure-bieres-bio-partenaire1.jpg\" class=\"attachment-full size-full wp-image-8351\" alt=\"\" srcset=\"https:\/\/locations-06.fr\/wp-content\/uploads\/brasserie-chapot-maillard-storia-valderoure-bieres-bio-partenaire1.jpg 482w, https:\/\/locations-06.fr\/wp-content\/uploads\/brasserie-chapot-maillard-storia-valderoure-bieres-bio-partenaire1-300x165.jpg 300w\" sizes=\"(max-width: 482px) 100vw, 482px\" \/><\/figure><\/div>\t\t\t\t<\/div>\n\t\t\t\t<\/div>\n\t\t\t\t<div class=\"elementor-element elementor-element-0fac97c elementor-widget elementor-widget-text-editor\" data-id=\"0fac97c\" data-element_type=\"widget\" data-e-type=\"widget\" data-widget_type=\"text-editor.default\">\n\t\t\t\t<div class=\"elementor-widget-container\">\n\t\t\t\t\t\t\t\t\t<p>189, rue des Saouves bas<br \/>06750 Valderoure<br \/>04.93.60.39.73<\/p><p>Bio-Biere<\/p>\t\t\t\t\t\t\t\t<\/div>\n\t\t\t\t<\/div>\n\t\t\t\t<div class=\"elementor-element elementor-element-ee3ed46 elementor-widget elementor-widget-text-editor\" data-id=\"ee3ed46\" data-element_type=\"widget\" data-e-type=\"widget\" data-widget_type=\"text-editor.default\">\n\t\t\t\t<div class=\"elementor-widget-container\">\n\t\t\t\t\t\t\t\t\t<p class=\"remise\">Und mitlocations-06.fr profitieren Sie vom direkten Erzeugerpreis.<\/p>\t\t\t\t\t\t\t\t<\/div>\n\t\t\t\t<\/div>\n\t\t\t\t<\/div>\n\t\t<div class=\"elementor-element elementor-element-5454fd6 e-con-full e-flex e-con e-child\" data-id=\"5454fd6\" data-element_type=\"container\" data-e-type=\"container\">\n\t\t\t\t<div class=\"elementor-element elementor-element-4c76e81 elementor-widget elementor-widget-heading\" data-id=\"4c76e81\" data-element_type=\"widget\" data-e-type=\"widget\" data-widget_type=\"heading.default\">\n\t\t\t\t<div class=\"elementor-widget-container\">\n\t\t\t\t\t<h2 class=\"elementor-heading-title elementor-size-default\">\u201eRebecca Amave \u2013 In meiner Blase\u201c in der Bar sur Loup<\/h2>\t\t\t\t<\/div>\n\t\t\t\t<\/div>\n\t\t\t\t<div class=\"elementor-element elementor-element-7e67c91 elementor-widget elementor-widget-text-editor\" data-id=\"7e67c91\" data-element_type=\"widget\" data-e-type=\"widget\" data-widget_type=\"text-editor.default\">\n\t\t\t\t<div class=\"elementor-widget-container\">\n\t\t\t\t\t\t\t\t\t<p>817, chemin du Pont Cass\u00e9<br \/>06620 Le Bar sur Loup<br \/>06.62.04.82.44<\/p><p>Massagen und Wohlbefinden <\/p>\t\t\t\t\t\t\t\t<\/div>\n\t\t\t\t<\/div>\n\t\t\t\t<div class=\"elementor-element elementor-element-1d526cc elementor-widget elementor-widget-text-editor\" data-id=\"1d526cc\" data-element_type=\"widget\" data-e-type=\"widget\" data-widget_type=\"text-editor.default\">\n\t\t\t\t<div class=\"elementor-widget-container\">\n\t\t\t\t\t\t\t\t\t<p class=\"remise\">Und mit location-06.fr 10 % Rabatt. <\/p>\t\t\t\t\t\t\t\t<\/div>\n\t\t\t\t<\/div>\n\t\t\t\t<\/div>\n\t\t<div class=\"elementor-element elementor-element-6440ce4 e-con-full e-flex e-con e-child\" data-id=\"6440ce4\" data-element_type=\"container\" data-e-type=\"container\">\n\t\t\t\t<div class=\"elementor-element elementor-element-972cee0 elementor-widget elementor-widget-heading\" data-id=\"972cee0\" data-element_type=\"widget\" data-e-type=\"widget\" data-widget_type=\"heading.default\">\n\t\t\t\t<div class=\"elementor-widget-container\">\n\t\t\t\t\t<h2 class=\"elementor-heading-title elementor-size-default\">Lolo Pareo, in Tourrettes sur Loup<\/h2>\t\t\t\t<\/div>\n\t\t\t\t<\/div>\n\t\t\t\t<div class=\"elementor-element elementor-element-69441ac elementor-position-top elementor-widget elementor-widget-image-box\" data-id=\"69441ac\" data-element_type=\"widget\" data-e-type=\"widget\" data-widget_type=\"image-box.default\">\n\t\t\t\t<div class=\"elementor-widget-container\">\n\t\t\t\t\t<div class=\"elementor-image-box-wrapper\"><figure class=\"elementor-image-box-img\"><img loading=\"lazy\" decoding=\"async\" width=\"300\" height=\"182\" src=\"https:\/\/locations-06.fr\/wp-content\/uploads\/lolo-pareo-tourrettes-loup-locations-cote-d-azur-partenaires.jpg\" class=\"attachment-full size-full wp-image-8355\" alt=\"\" \/><\/figure><\/div>\t\t\t\t<\/div>\n\t\t\t\t<\/div>\n\t\t\t\t<div class=\"elementor-element elementor-element-c718680 elementor-widget elementor-widget-text-editor\" data-id=\"c718680\" data-element_type=\"widget\" data-e-type=\"widget\" data-widget_type=\"text-editor.default\">\n\t\t\t\t<div class=\"elementor-widget-container\">\n\t\t\t\t\t\t\t\t\t<p>1, rue du portail neuf<br \/>06140 Tourrettes sur Loup<\/p><p>Handbemalte Pareos und Kleidung<\/p>\t\t\t\t\t\t\t\t<\/div>\n\t\t\t\t<\/div>\n\t\t\t\t<div class=\"elementor-element elementor-element-9631484 elementor-widget elementor-widget-text-editor\" data-id=\"9631484\" data-element_type=\"widget\" data-e-type=\"widget\" data-widget_type=\"text-editor.default\">\n\t\t\t\t<div class=\"elementor-widget-container\">\n\t\t\t\t\t\t\t\t\t<p class=\"remise\">Und bei Anmietung 06.fr erhalten Sie ein Lavendelkissen. <\/p>\t\t\t\t\t\t\t\t<\/div>\n\t\t\t\t<\/div>\n\t\t\t\t<\/div>\n\t\t<div class=\"elementor-element elementor-element-acc9f56 e-con-full e-flex e-con e-child\" data-id=\"acc9f56\" data-element_type=\"container\" data-e-type=\"container\">\n\t\t\t\t<div class=\"elementor-element elementor-element-50b2050 elementor-widget elementor-widget-heading\" data-id=\"50b2050\" data-element_type=\"widget\" data-e-type=\"widget\" data-widget_type=\"heading.default\">\n\t\t\t\t<div class=\"elementor-widget-container\">\n\t\t\t\t\t<h2 class=\"elementor-heading-title elementor-size-default\">Ascendance 06 in Gourdon<\/h2>\t\t\t\t<\/div>\n\t\t\t\t<\/div>\n\t\t\t\t<div class=\"elementor-element elementor-element-9644099 elementor-widget elementor-widget-text-editor\" data-id=\"9644099\" data-element_type=\"widget\" data-e-type=\"widget\" data-widget_type=\"text-editor.default\">\n\t\t\t\t<div class=\"elementor-widget-container\">\n\t\t\t\t\t\t\t\t\t<p>Route de Caussols<br \/>06620 Gourdon<br \/>06.61.42.08.64<\/p><p>Gleitschirmschule <\/p>\t\t\t\t\t\t\t\t<\/div>\n\t\t\t\t<\/div>\n\t\t\t\t<div class=\"elementor-element elementor-element-6ff59d2 elementor-widget elementor-widget-text-editor\" data-id=\"6ff59d2\" data-element_type=\"widget\" data-e-type=\"widget\" data-widget_type=\"text-editor.default\">\n\t\t\t\t<div class=\"elementor-widget-container\">\n\t\t\t\t\t\t\t\t\t<p class=\"remise\">Und mit \u201elocations-06\u201c ist das Video kostenlos <\/p>\t\t\t\t\t\t\t\t<\/div>\n\t\t\t\t<\/div>\n\t\t\t\t<\/div>\n\t\t<div class=\"elementor-element elementor-element-67a5754 e-con-full e-flex e-con e-child\" data-id=\"67a5754\" data-element_type=\"container\" data-e-type=\"container\">\n\t\t\t\t<div class=\"elementor-element elementor-element-ab6bde0 elementor-widget elementor-widget-heading\" data-id=\"ab6bde0\" data-element_type=\"widget\" data-e-type=\"widget\" data-widget_type=\"heading.default\">\n\t\t\t\t<div class=\"elementor-widget-container\">\n\t\t\t\t\t<h2 class=\"elementor-heading-title elementor-size-default\">Le Gourdonnais gourmand<\/h2>\t\t\t\t<\/div>\n\t\t\t\t<\/div>\n\t\t\t\t<div class=\"elementor-element elementor-element-cd39e1f elementor-widget elementor-widget-text-editor\" data-id=\"cd39e1f\" data-element_type=\"widget\" data-e-type=\"widget\" data-widget_type=\"text-editor.default\">\n\t\t\t\t<div class=\"elementor-widget-container\">\n\t\t\t\t\t\t\t\t\t<p>19, rue Principale<br \/>06620 Gourdon<br \/>06.12.73.77.50<\/p><p>Handwerklich hergestellter Lebkuchen<\/p>\t\t\t\t\t\t\t\t<\/div>\n\t\t\t\t<\/div>\n\t\t\t\t<div class=\"elementor-element elementor-element-d15cd31 elementor-widget elementor-widget-text-editor\" data-id=\"d15cd31\" data-element_type=\"widget\" data-e-type=\"widget\" data-widget_type=\"text-editor.default\">\n\t\t\t\t<div class=\"elementor-widget-container\">\n\t\t\t\t\t\t\t\t\t<p class=\"remise\">Und mitlocations-06.fr profitieren Sie von 10 % Rabatt auf Ihre Eink\u00e4ufe.<\/p>\t\t\t\t\t\t\t\t<\/div>\n\t\t\t\t<\/div>\n\t\t\t\t<\/div>\n\t\t<div class=\"elementor-element elementor-element-efcc476 e-con-full e-flex e-con e-child\" data-id=\"efcc476\" data-element_type=\"container\" data-e-type=\"container\">\n\t\t\t\t<div class=\"elementor-element elementor-element-8152826 elementor-widget elementor-widget-heading\" data-id=\"8152826\" data-element_type=\"widget\" data-e-type=\"widget\" data-widget_type=\"heading.default\">\n\t\t\t\t<div class=\"elementor-widget-container\">\n\t\t\t\t\t<h2 class=\"elementor-heading-title elementor-size-default\">Domaine de la rose tr\u00e9mi\u00e8re, in Lorgues<\/h2>\t\t\t\t<\/div>\n\t\t\t\t<\/div>\n\t\t\t\t<div class=\"elementor-element elementor-element-6855846 elementor-widget elementor-widget-text-editor\" data-id=\"6855846\" data-element_type=\"widget\" data-e-type=\"widget\" data-widget_type=\"text-editor.default\">\n\t\t\t\t<div class=\"elementor-widget-container\">\n\t\t\t\t\t\t\t\t\t<p>2230, route de Carc\u00e8s<br \/>83510 Lorgues<br \/>04.94.73.26.93<\/p><p>AOC C\u00f4tes de Provence <\/p>\t\t\t\t\t\t\t\t<\/div>\n\t\t\t\t<\/div>\n\t\t\t\t<div class=\"elementor-element elementor-element-f7adecd elementor-widget elementor-widget-text-editor\" data-id=\"f7adecd\" data-element_type=\"widget\" data-e-type=\"widget\" data-widget_type=\"text-editor.default\">\n\t\t\t\t<div class=\"elementor-widget-container\">\n\t\t\t\t\t\t\t\t\t<p class=\"remise\">Und mit \u201elocations-06.fr\u201c eine kostenlose Flasche Wein (in Ma\u00dfen genie\u00dfen).<\/p>\t\t\t\t\t\t\t\t<\/div>\n\t\t\t\t<\/div>\n\t\t\t\t<\/div>\n\t\t<div class=\"elementor-element elementor-element-3ec5f00 e-con-full e-flex e-con e-child\" data-id=\"3ec5f00\" data-element_type=\"container\" data-e-type=\"container\">\n\t\t\t\t<div class=\"elementor-element elementor-element-3951060 elementor-widget elementor-widget-heading\" data-id=\"3951060\" data-element_type=\"widget\" data-e-type=\"widget\" data-widget_type=\"heading.default\">\n\t\t\t\t<div class=\"elementor-widget-container\">\n\t\t\t\t\t<h2 class=\"elementor-heading-title elementor-size-default\">Trott'\u00e9vasion Rollerfahrten in Saint Vallier de Thiey<\/h2>\t\t\t\t<\/div>\n\t\t\t\t<\/div>\n\t\t\t\t<div class=\"elementor-element elementor-element-d340a24 elementor-position-top elementor-widget elementor-widget-image-box\" data-id=\"d340a24\" data-element_type=\"widget\" data-e-type=\"widget\" data-widget_type=\"image-box.default\">\n\t\t\t\t<div class=\"elementor-widget-container\">\n\t\t\t\t\t<div class=\"elementor-image-box-wrapper\"><figure class=\"elementor-image-box-img\"><img loading=\"lazy\" decoding=\"async\" width=\"509\" height=\"600\" src=\"https:\/\/locations-06.fr\/wp-content\/uploads\/trottevasion-balade-trotinette-activites-famille-cote-d-azur-partenaire.jpg\" class=\"attachment-full size-full wp-image-8203\" alt=\"\" srcset=\"https:\/\/locations-06.fr\/wp-content\/uploads\/trottevasion-balade-trotinette-activites-famille-cote-d-azur-partenaire.jpg 509w, https:\/\/locations-06.fr\/wp-content\/uploads\/trottevasion-balade-trotinette-activites-famille-cote-d-azur-partenaire-255x300.jpg 255w\" sizes=\"(max-width: 509px) 100vw, 509px\" \/><\/figure><\/div>\t\t\t\t<\/div>\n\t\t\t\t<\/div>\n\t\t\t\t<div class=\"elementor-element elementor-element-8f214ce elementor-widget elementor-widget-text-editor\" data-id=\"8f214ce\" data-element_type=\"widget\" data-e-type=\"widget\" data-widget_type=\"text-editor.default\">\n\t\t\t\t<div class=\"elementor-widget-container\">\n\t\t\t\t\t\t\t\t\t<p>Trott&#8217;\u00e9vasion<br \/>06460 Saint Vallier de Thiey<br \/>06.98.02.99.52<\/p>\t\t\t\t\t\t\t\t<\/div>\n\t\t\t\t<\/div>\n\t\t\t\t<div class=\"elementor-element elementor-element-9854850 elementor-widget elementor-widget-text-editor\" data-id=\"9854850\" data-element_type=\"widget\" data-e-type=\"widget\" data-widget_type=\"text-editor.default\">\n\t\t\t\t<div class=\"elementor-widget-container\">\n\t\t\t\t\t\t\t\t\t<p class=\"remise\">Und bei location-06.fr 15 % Rabatt bei Vorlage des Flyers<\/p>\t\t\t\t\t\t\t\t<\/div>\n\t\t\t\t<\/div>\n\t\t\t\t<\/div>\n\t\t<div class=\"elementor-element elementor-element-7946089 e-con-full e-flex e-con e-child\" data-id=\"7946089\" data-element_type=\"container\" data-e-type=\"container\">\n\t\t\t\t<div class=\"elementor-element elementor-element-cf494d7 elementor-widget elementor-widget-heading\" data-id=\"cf494d7\" data-element_type=\"widget\" data-e-type=\"widget\" data-widget_type=\"heading.default\">\n\t\t\t\t<div class=\"elementor-widget-container\">\n\t\t\t\t\t<h2 class=\"elementor-heading-title elementor-size-default\">Auberge des Gorges du Loup in Pont du Loup<\/h2>\t\t\t\t<\/div>\n\t\t\t\t<\/div>\n\t\t\t\t<div class=\"elementor-element elementor-element-781468e elementor-position-top elementor-widget elementor-widget-image-box\" data-id=\"781468e\" data-element_type=\"widget\" data-e-type=\"widget\" data-widget_type=\"image-box.default\">\n\t\t\t\t<div class=\"elementor-widget-container\">\n\t\t\t\t\t<div class=\"elementor-image-box-wrapper\"><figure class=\"elementor-image-box-img\"><img loading=\"lazy\" decoding=\"async\" width=\"400\" height=\"180\" src=\"https:\/\/locations-06.fr\/wp-content\/uploads\/auberge-gorges-loup-restaurant-hotel-cote-d-azur-partenaire.png\" class=\"attachment-full size-full wp-image-8365\" alt=\"\" srcset=\"https:\/\/locations-06.fr\/wp-content\/uploads\/auberge-gorges-loup-restaurant-hotel-cote-d-azur-partenaire.png 400w, https:\/\/locations-06.fr\/wp-content\/uploads\/auberge-gorges-loup-restaurant-hotel-cote-d-azur-partenaire-300x135.png 300w\" sizes=\"(max-width: 400px) 100vw, 400px\" \/><\/figure><\/div>\t\t\t\t<\/div>\n\t\t\t\t<\/div>\n\t\t\t\t<div class=\"elementor-element elementor-element-4cd45ce elementor-widget elementor-widget-text-editor\" data-id=\"4cd45ce\" data-element_type=\"widget\" data-e-type=\"widget\" data-widget_type=\"text-editor.default\">\n\t\t\t\t<div class=\"elementor-widget-container\">\n\t\t\t\t\t\t\t\t\t<p>4, route de Grasse<br \/>06140 Pont du Loup<br \/>04.93.59.38.01<\/p>\t\t\t\t\t\t\t\t<\/div>\n\t\t\t\t<\/div>\n\t\t\t\t<div class=\"elementor-element elementor-element-fc4a55b elementor-widget elementor-widget-text-editor\" data-id=\"fc4a55b\" data-element_type=\"widget\" data-e-type=\"widget\" data-widget_type=\"text-editor.default\">\n\t\t\t\t<div class=\"elementor-widget-container\">\n\t\t\t\t\t\t\t\t\t<p class=\"remise\">Und bei location-06.fr werden Kaffee oder Digestif nach Ermessen des Chefs Herrn Blavette angeboten.<\/p>\t\t\t\t\t\t\t\t<\/div>\n\t\t\t\t<\/div>\n\t\t\t\t<\/div>\n\t\t<div class=\"elementor-element elementor-element-47bee13 e-con-full e-flex e-con e-child\" data-id=\"47bee13\" data-element_type=\"container\" data-e-type=\"container\">\n\t\t\t\t<div class=\"elementor-element elementor-element-b17265e elementor-widget elementor-widget-heading\" data-id=\"b17265e\" data-element_type=\"widget\" data-e-type=\"widget\" data-widget_type=\"heading.default\">\n\t\t\t\t<div class=\"elementor-widget-container\">\n\t\t\t\t\t<h2 class=\"elementor-heading-title elementor-size-default\">Restaurant \"les ormeaux\"\nin Cipi\u00e8res<\/h2>\t\t\t\t<\/div>\n\t\t\t\t<\/div>\n\t\t\t\t<div class=\"elementor-element elementor-element-a0146b4 elementor-widget elementor-widget-text-editor\" data-id=\"a0146b4\" data-element_type=\"widget\" data-e-type=\"widget\" data-widget_type=\"text-editor.default\">\n\t\t\t\t<div class=\"elementor-widget-container\">\n\t\t\t\t\t\t\t\t\t<p>125, place de la Place<br \/>06620 Cipi\u00e8res<br \/>04.93.58.78.70<\/p>\t\t\t\t\t\t\t\t<\/div>\n\t\t\t\t<\/div>\n\t\t\t\t<div class=\"elementor-element elementor-element-94f2fd3 elementor-widget elementor-widget-text-editor\" data-id=\"94f2fd3\" data-element_type=\"widget\" data-e-type=\"widget\" data-widget_type=\"text-editor.default\">\n\t\t\t\t<div class=\"elementor-widget-container\">\n\t\t\t\t\t\t\t\t\t<p class=\"remise\">Und mit location-06.fr, auf Reservierung, kostenloser Haus-Aperitif.<\/p>\t\t\t\t\t\t\t\t<\/div>\n\t\t\t\t<\/div>\n\t\t\t\t<\/div>\n\t\t<div class=\"elementor-element elementor-element-1b1b4c8 e-con-full e-flex e-con e-child\" data-id=\"1b1b4c8\" data-element_type=\"container\" data-e-type=\"container\">\n\t\t\t\t<div class=\"elementor-element elementor-element-87a471a elementor-widget elementor-widget-heading\" data-id=\"87a471a\" data-element_type=\"widget\" data-e-type=\"widget\" data-widget_type=\"heading.default\">\n\t\t\t\t<div class=\"elementor-widget-container\">\n\t\t\t\t\t<h2 class=\"elementor-heading-title elementor-size-default\">Atout Cuir\nin Tourrettes sur Loup<\/h2>\t\t\t\t<\/div>\n\t\t\t\t<\/div>\n\t\t\t\t<div class=\"elementor-element elementor-element-f657e6a elementor-position-top elementor-widget elementor-widget-image-box\" data-id=\"f657e6a\" data-element_type=\"widget\" data-e-type=\"widget\" data-widget_type=\"image-box.default\">\n\t\t\t\t<div class=\"elementor-widget-container\">\n\t\t\t\t\t<div class=\"elementor-image-box-wrapper\"><figure class=\"elementor-image-box-img\"><img loading=\"lazy\" decoding=\"async\" width=\"560\" height=\"404\" src=\"https:\/\/locations-06.fr\/wp-content\/uploads\/atout-cuir-tourrettes-artisanat-cote-d-azur-partenaire.jpg\" class=\"attachment-full size-full wp-image-8369\" alt=\"\" srcset=\"https:\/\/locations-06.fr\/wp-content\/uploads\/atout-cuir-tourrettes-artisanat-cote-d-azur-partenaire.jpg 560w, https:\/\/locations-06.fr\/wp-content\/uploads\/atout-cuir-tourrettes-artisanat-cote-d-azur-partenaire-300x216.jpg 300w\" sizes=\"(max-width: 560px) 100vw, 560px\" \/><\/figure><\/div>\t\t\t\t<\/div>\n\t\t\t\t<\/div>\n\t\t\t\t<div class=\"elementor-element elementor-element-c529e33 elementor-widget elementor-widget-text-editor\" data-id=\"c529e33\" data-element_type=\"widget\" data-e-type=\"widget\" data-widget_type=\"text-editor.default\">\n\t\t\t\t<div class=\"elementor-widget-container\">\n\t\t\t\t\t\t\t\t\t<p>Route de Vence 14<br \/>06140 Tourrettes-sur-Loup<br \/>06.09.64.88.73<br \/>Handgefertigte Lederwaren<\/p>\t\t\t\t\t\t\t\t<\/div>\n\t\t\t\t<\/div>\n\t\t\t\t<div class=\"elementor-element elementor-element-8bc9bcc elementor-widget elementor-widget-text-editor\" data-id=\"8bc9bcc\" data-element_type=\"widget\" data-e-type=\"widget\" data-widget_type=\"text-editor.default\">\n\t\t\t\t<div class=\"elementor-widget-container\">\n\t\t\t\t\t\t\t\t\t<p class=\"remise\">Und mit location-06.fr wird eine personalisierte Registrierung angeboten.<\/p>\t\t\t\t\t\t\t\t<\/div>\n\t\t\t\t<\/div>\n\t\t\t\t<\/div>\n\t\t<div class=\"elementor-element elementor-element-fc4b13a e-con-full e-flex e-con e-child\" data-id=\"fc4b13a\" data-element_type=\"container\" data-e-type=\"container\">\n\t\t\t\t<div class=\"elementor-element elementor-element-6b3b882 elementor-widget elementor-widget-heading\" data-id=\"6b3b882\" data-element_type=\"widget\" data-e-type=\"widget\" data-widget_type=\"heading.default\">\n\t\t\t\t<div class=\"elementor-widget-container\">\n\t\t\t\t\t<h2 class=\"elementor-heading-title elementor-size-default\">Les rosiers de Mougins<\/h2>\t\t\t\t<\/div>\n\t\t\t\t<\/div>\n\t\t\t\t<div class=\"elementor-element elementor-element-e8e7902 elementor-widget elementor-widget-text-editor\" data-id=\"e8e7902\" data-element_type=\"widget\" data-e-type=\"widget\" data-widget_type=\"text-editor.default\">\n\t\t\t\t<div class=\"elementor-widget-container\">\n\t\t\t\t\t\t\t\t\t<p>392, impasse du Ch\u00e2teau de Currault<br \/>06250 Mougins<br \/>06.16.91.15.73<\/p>\t\t\t\t\t\t\t\t<\/div>\n\t\t\t\t<\/div>\n\t\t\t\t<div class=\"elementor-element elementor-element-a4ad2f9 elementor-widget elementor-widget-text-editor\" data-id=\"a4ad2f9\" data-element_type=\"widget\" data-e-type=\"widget\" data-widget_type=\"text-editor.default\">\n\t\t\t\t<div class=\"elementor-widget-container\">\n\t\t\t\t\t\t\t\t\t<p class=\"remise\">Und mit location-06.fr, direkter Erzeugerpreis<\/p>\t\t\t\t\t\t\t\t<\/div>\n\t\t\t\t<\/div>\n\t\t\t\t<\/div>\n\t\t<div class=\"elementor-element elementor-element-a44f9e1 e-con-full e-flex e-con e-child\" data-id=\"a44f9e1\" data-element_type=\"container\" data-e-type=\"container\">\n\t\t\t\t<div class=\"elementor-element elementor-element-a66d9de elementor-widget elementor-widget-heading\" data-id=\"a66d9de\" data-element_type=\"widget\" data-e-type=\"widget\" data-widget_type=\"heading.default\">\n\t\t\t\t<div class=\"elementor-widget-container\">\n\t\t\t\t\t<h2 class=\"elementor-heading-title elementor-size-default\">Domaine Augier in Nice<\/h2>\t\t\t\t<\/div>\n\t\t\t\t<\/div>\n\t\t\t\t<div class=\"elementor-element elementor-element-05ae922 elementor-widget elementor-widget-text-editor\" data-id=\"05ae922\" data-element_type=\"widget\" data-e-type=\"widget\" data-widget_type=\"text-editor.default\">\n\t\t\t\t<div class=\"elementor-widget-container\">\n\t\t\t\t\t\t\t\t\t<p>680, Saint Roman de Bellet<br \/>06200 Nice<br \/>06.25.77.33.58<\/p>\t\t\t\t\t\t\t\t<\/div>\n\t\t\t\t<\/div>\n\t\t\t\t<div class=\"elementor-element elementor-element-34ecf60 elementor-widget elementor-widget-text-editor\" data-id=\"34ecf60\" data-element_type=\"widget\" data-e-type=\"widget\" data-widget_type=\"text-editor.default\">\n\t\t\t\t<div class=\"elementor-widget-container\">\n\t\t\t\t\t\t\t\t\t<p class=\"remise\">Und mit \u201elocations-06.fr\u201c kostenlose Verkostung<\/p>\t\t\t\t\t\t\t\t<\/div>\n\t\t\t\t<\/div>\n\t\t\t\t<\/div>\n\t\t<div class=\"elementor-element elementor-element-570c7c1 e-con-full e-flex e-con e-child\" data-id=\"570c7c1\" data-element_type=\"container\" data-e-type=\"container\">\n\t\t\t\t<div class=\"elementor-element elementor-element-7442f58 elementor-widget elementor-widget-heading\" data-id=\"7442f58\" data-element_type=\"widget\" data-e-type=\"widget\" data-widget_type=\"heading.default\">\n\t\t\t\t<div class=\"elementor-widget-container\">\n\t\t\t\t\t<h2 class=\"elementor-heading-title elementor-size-default\">Verrerie du Val de P\u00f4me\nin Biot.<\/h2>\t\t\t\t<\/div>\n\t\t\t\t<\/div>\n\t\t\t\t<div class=\"elementor-element elementor-element-7ad1d00 elementor-position-top elementor-widget elementor-widget-image-box\" data-id=\"7ad1d00\" data-element_type=\"widget\" data-e-type=\"widget\" data-widget_type=\"image-box.default\">\n\t\t\t\t<div class=\"elementor-widget-container\">\n\t\t\t\t\t<div class=\"elementor-image-box-wrapper\"><figure class=\"elementor-image-box-img\"><img loading=\"lazy\" decoding=\"async\" width=\"800\" height=\"234\" src=\"https:\/\/locations-06.fr\/wp-content\/uploads\/verrerie-val-pome-biot-artisanat-partenaire.png\" class=\"attachment-full size-full wp-image-8375\" alt=\"\" srcset=\"https:\/\/locations-06.fr\/wp-content\/uploads\/verrerie-val-pome-biot-artisanat-partenaire.png 800w, https:\/\/locations-06.fr\/wp-content\/uploads\/verrerie-val-pome-biot-artisanat-partenaire-300x88.png 300w, https:\/\/locations-06.fr\/wp-content\/uploads\/verrerie-val-pome-biot-artisanat-partenaire-768x225.png 768w\" sizes=\"(max-width: 800px) 100vw, 800px\" \/><\/figure><\/div>\t\t\t\t<\/div>\n\t\t\t\t<\/div>\n\t\t\t\t<div class=\"elementor-element elementor-element-c0755a2 elementor-widget elementor-widget-text-editor\" data-id=\"c0755a2\" data-element_type=\"widget\" data-e-type=\"widget\" data-widget_type=\"text-editor.default\">\n\t\t\t\t<div class=\"elementor-widget-container\">\n\t\t\t\t\t\t\t\t\t<p>288, chemin du Val de P\u00f4me<br \/>06410 Biot<br \/>04.93.65.03.78<br \/>M. SABA<br \/>Ma\u00eetre verrier<\/p>\t\t\t\t\t\t\t\t<\/div>\n\t\t\t\t<\/div>\n\t\t\t\t<div class=\"elementor-element elementor-element-4ae85e0 elementor-widget elementor-widget-text-editor\" data-id=\"4ae85e0\" data-element_type=\"widget\" data-e-type=\"widget\" data-widget_type=\"text-editor.default\">\n\t\t\t\t<div class=\"elementor-widget-container\">\n\t\t\t\t\t\t\t\t\t<p class=\"remise\">Und mit location-06.fr erhalten Sie 10 % Rabatt auf Ihre Eink\u00e4ufe<\/p>\t\t\t\t\t\t\t\t<\/div>\n\t\t\t\t<\/div>\n\t\t\t\t<\/div>\n\t\t\t\t\t<\/div>\n\t\t\t\t<\/div>\n\t\t<div class=\"elementor-element elementor-element-68bb5d9f e-flex e-con-boxed e-con e-parent\" data-id=\"68bb5d9f\" data-element_type=\"container\" data-e-type=\"container\">\n\t\t\t\t\t<div class=\"e-con-inner\">\n\t\t<div class=\"elementor-element elementor-element-7fbc0418 e-con-full e-flex e-con e-child\" data-id=\"7fbc0418\" data-element_type=\"container\" data-e-type=\"container\">\n\t\t\t\t<div class=\"elementor-element elementor-element-7b87782b elementor-widget elementor-widget-text-editor\" data-id=\"7b87782b\" data-element_type=\"widget\" data-e-type=\"widget\" data-widget_type=\"text-editor.default\">\n\t\t\t\t<div class=\"elementor-widget-container\">\n\t\t\t\t\t\t\t\t\t<p>Teilen Sie diesen Artikel in sozialen Netzwerken<\/p>\t\t\t\t\t\t\t\t<\/div>\n\t\t\t\t<\/div>\n\t\t\t\t<\/div>\n\t\t<div class=\"elementor-element elementor-element-6042f733 e-con-full e-flex e-con e-child\" data-id=\"6042f733\" data-element_type=\"container\" data-e-type=\"container\">\n\t\t\t\t<div class=\"elementor-element elementor-element-4624ce15 elementor-widget elementor-widget-html\" data-id=\"4624ce15\" data-element_type=\"widget\" data-e-type=\"widget\" data-widget_type=\"html.default\">\n\t\t\t\t<div class=\"elementor-widget-container\">\n\t\t\t\t\t<button class=\"facebook-share-button\">\n    <img decoding=\"async\" src=\"https:\/\/upload.wikimedia.org\/wikipedia\/commons\/5\/51\/Facebook_f_logo_%282019%29.svg\" alt=\"Facebook Logo\" style=\"width:16px;height:16px;vertical-align:middle;margin-right: 8px\">\n Facebook\n<\/button>\n\n\n    .facebook-share-button <span>\n        background-color: #1877f2;\n        color: #fff;\n        border: none;\n        padding: 10px 20px;\n        font-size: 16px;\n        font-family: Arial, sans-serif;\n        border-radius: 5px;\n        cursor: pointer;\n        display: inline-flex;\n        align-items: center;\n    <\/span>\n    .facebook-share-button:hover <span>\n        background-color: #155bc3;\n    <\/span>\n    .facebook-share-button img <span>\n        width: 16px;\n        height: 16px;\n    <\/span>\n\n\n\n    function partagerSurFacebook() {\n        const url = encodeURIComponent(window.location.href);\n        const partageURL = `https:\/\/www.facebook.com\/sharer\/sharer.php?u=$<span>url<\/span>`;\n        window.open(partageURL, 'Partager sur Facebook', 'width=600,height=400');\n    }\n\n\t\t\t\t<\/div>\n\t\t\t\t<\/div>\n\t\t\t\t<\/div>\n\t\t<div class=\"elementor-element elementor-element-79858ac4 e-con-full e-flex e-con e-child\" data-id=\"79858ac4\" data-element_type=\"container\" data-e-type=\"container\">\n\t\t\t\t<div class=\"elementor-element elementor-element-42b25ad3 elementor-widget elementor-widget-html\" data-id=\"42b25ad3\" data-element_type=\"widget\" data-e-type=\"widget\" data-widget_type=\"html.default\">\n\t\t\t\t<div class=\"elementor-widget-container\">\n\t\t\t\t\t<button class=\"instagram-share-button\">\n    <img decoding=\"async\" src=\"https:\/\/upload.wikimedia.org\/wikipedia\/commons\/a\/a5\/Instagram_icon.png\" alt=\"Instagram Logo\" style=\"width:16px;height:16px;vertical-align:middle;margin-right: 8px\">\n Instagram\n<\/button>\n\n\n    .instagram-share-button <span>\n        background: radial-gradient(circle at 30% 107%, #fdf497 0%, #fdf497 5%, #fd5949 45%, #d6249f 60%, #285AEB 90%);\n        color: #fff;\n        border: none;\n        padding: 10px 20px;\n        font-size: 16px;\n        font-family: Arial, sans-serif;\n        border-radius: 5px;\n        cursor: pointer;\n        display: inline-flex;\n        align-items: center;\n    <\/span>\n    .instagram-share-button:hover <span>\n        opacity: 0.9;\n    <\/span>\n    .instagram-share-button img <span>\n        width: 16px;\n        height: 16px;\n    <\/span>\n\n\n\n    function ouvrirInstagram() {\n        const url = encodeURIComponent(window.location.href); \/\/ URL de la page actuelle\n        const instagramProfileURL = `https:\/\/www.instagram.com\/?url=$<span>url<\/span>`; \/\/ Redirige vers Instagram\n        window.open(instagramProfileURL, 'Partager sur Instagram', 'width=600,height=400');\n    }\n\n\t\t\t\t<\/div>\n\t\t\t\t<\/div>\n\t\t\t\t<\/div>\n\t\t<div class=\"elementor-element elementor-element-69eee4b2 e-con-full e-flex e-con e-child\" data-id=\"69eee4b2\" data-element_type=\"container\" data-e-type=\"container\">\n\t\t\t\t<div class=\"elementor-element elementor-element-2cfab740 elementor-widget elementor-widget-html\" data-id=\"2cfab740\" data-element_type=\"widget\" data-e-type=\"widget\" data-widget_type=\"html.default\">\n\t\t\t\t<div class=\"elementor-widget-container\">\n\t\t\t\t\t<button class=\"twitter-share-button\">\n    <span style=\"display: inline-flex;align-items: center\">\n        \n            \n        \n Twitter\n    <\/span>\n<\/button>\n\n\n    .twitter-share-button <span>\n        background-color: #1DA1F2;\n        color: #fff;\n        border: none;\n        padding: 10px 20px;\n        font-size: 16px;\n        font-family: Arial, sans-serif;\n        border-radius: 5px;\n        cursor: pointer;\n        display: inline-flex;\n        align-items: center;\n    <\/span>\n    .twitter-share-button:hover <span>\n        background-color: #0d8dd8;\n    <\/span>\n\n\n\n    function partagerSurTwitter() {\n        const url = encodeURIComponent(window.location.href); \/\/ URL de la page actuelle\n        const texte = encodeURIComponent(\"D\u00e9couvrez cette page incroyable !\"); \/\/ Texte personnalis\u00e9\n        const partageURL = `https:\/\/twitter.com\/intent\/tweet?url=$<span>url<\/span>&amp;text=$<span>texte<\/span>`;\n        \n        window.open(partageURL, 'Partager sur Twitter', 'width=600,height=400');\n    }\n\n\t\t\t\t<\/div>\n\t\t\t\t<\/div>\n\t\t\t\t<\/div>\n\t\t\t\t\t<\/div>\n\t\t\t\t<\/div>\n\t\t<div class=\"elementor-element elementor-element-173a4b94 e-flex e-con-boxed e-con e-parent\" data-id=\"173a4b94\" data-element_type=\"container\" data-e-type=\"container\">\n\t\t\t\t\t<div class=\"e-con-inner\">\n\t\t<div class=\"elementor-element elementor-element-18216c5c e-con-full e-flex e-con e-child\" data-id=\"18216c5c\" data-element_type=\"container\" data-e-type=\"container\">\n\t\t\t\t<div class=\"elementor-element elementor-element-5797c73e elementor-widget-divider--view-line elementor-widget elementor-widget-divider\" data-id=\"5797c73e\" data-element_type=\"widget\" data-e-type=\"widget\" data-widget_type=\"divider.default\">\n\t\t\t\t<div class=\"elementor-widget-container\">\n\t\t\t\t\t\t\t<div class=\"elementor-divider\">\n\t\t\t<span class=\"elementor-divider-separator\">\n\t\t\t\t\t\t<\/span>\n\t\t<\/div>\n\t\t\t\t\t\t<\/div>\n\t\t\t\t<\/div>\n\t\t\t\t<div class=\"elementor-element elementor-element-24fce66d elementor-widget elementor-widget-text-editor\" data-id=\"24fce66d\" data-element_type=\"widget\" data-e-type=\"widget\" data-widget_type=\"text-editor.default\">\n\t\t\t\t<div class=\"elementor-widget-container\">\n\t\t\t\t\t\t\t\t\t<h2>Entdecken Sie unsere Lodges und Villen f\u00fcr Ihren Urlaub an der C\u00f4te d\u2019Azur<\/h2>\t\t\t\t\t\t\t\t<\/div>\n\t\t\t\t<\/div>\n\t\t\t\t<\/div>\n\t\t\t\t\t<\/div>\n\t\t\t\t<\/div>\n\t\t<div class=\"elementor-element elementor-element-ae18497 e-flex e-con-boxed e-con e-parent\" data-id=\"ae18497\" data-element_type=\"container\" data-e-type=\"container\">\n\t\t\t\t\t<div class=\"e-con-inner\">\n\t\t<div class=\"elementor-element elementor-element-146a8d49 e-con-full e-flex e-con e-child\" data-id=\"146a8d49\" data-element_type=\"container\" data-e-type=\"container\">\n\t\t\t\t<div class=\"elementor-element elementor-element-575d61be elementor-position-top elementor-widget elementor-widget-image-box\" data-id=\"575d61be\" data-element_type=\"widget\" data-e-type=\"widget\" data-widget_type=\"image-box.default\">\n\t\t\t\t<div class=\"elementor-widget-container\">\n\t\t\t\t\t<div class=\"elementor-image-box-wrapper\"><figure class=\"elementor-image-box-img\"><a href=\"https:\/\/locations-06.fr\/de\/les-oliviers\/\" tabindex=\"-1\"><img decoding=\"async\" src=\"https:\/\/locations-06.fr\/wp-content\/uploads\/elementor\/thumbs\/DSC06337-gite-de-france-cote-d-azur-appartement-cannes-nice-piscine-accueil1-qwwbih06k9q3kns1kdh2zzo5a1jgfeu3kv28xww4pc.jpg\" title=\"gite de france cote d azur appartement cannes nice piscine accueil\" alt=\"gite de france cote d azur appartement cannes nice piscine accueil\" loading=\"lazy\" \/><\/a><\/figure><div class=\"elementor-image-box-content\"><h3 class=\"elementor-image-box-title\"><a href=\"https:\/\/locations-06.fr\/de\/les-oliviers\/\">Les Oliviers<\/a><\/h3><\/div><\/div>\t\t\t\t<\/div>\n\t\t\t\t<\/div>\n\t\t\t\t<\/div>\n\t\t<div class=\"elementor-element elementor-element-c1c6acf e-con-full e-flex e-con e-child\" data-id=\"c1c6acf\" data-element_type=\"container\" data-e-type=\"container\">\n\t\t\t\t<div class=\"elementor-element elementor-element-58f940fb elementor-position-top elementor-widget elementor-widget-image-box\" data-id=\"58f940fb\" data-element_type=\"widget\" data-e-type=\"widget\" data-widget_type=\"image-box.default\">\n\t\t\t\t<div class=\"elementor-widget-container\">\n\t\t\t\t\t<div class=\"elementor-image-box-wrapper\"><figure class=\"elementor-image-box-img\"><a href=\"https:\/\/locations-06.fr\/de\/la-pascaline\/\" tabindex=\"-1\"><img decoding=\"async\" src=\"https:\/\/locations-06.fr\/wp-content\/uploads\/elementor\/thumbs\/Drone-Appartement-A-1-location-gite-de-france-appartement-cote-azur-cannes-accueil-1-qwwbih06k9q3kns1kdh2zzo5a1jgfeu3kv28xww4pc.jpg\" title=\"location gite de france appartement cote azur cannes accueil\" alt=\"location gite de france appartement cote azur cannes accueil\" loading=\"lazy\" \/><\/a><\/figure><div class=\"elementor-image-box-content\"><h3 class=\"elementor-image-box-title\"><a href=\"https:\/\/locations-06.fr\/de\/la-pascaline\/\">La Pascaline<\/a><\/h3><\/div><\/div>\t\t\t\t<\/div>\n\t\t\t\t<\/div>\n\t\t\t\t<\/div>\n\t\t<div class=\"elementor-element elementor-element-58cda556 e-con-full e-flex e-con e-child\" data-id=\"58cda556\" data-element_type=\"container\" data-e-type=\"container\">\n\t\t\t\t<div class=\"elementor-element elementor-element-6b25926 elementor-position-top elementor-widget elementor-widget-image-box\" data-id=\"6b25926\" data-element_type=\"widget\" data-e-type=\"widget\" data-widget_type=\"image-box.default\">\n\t\t\t\t<div class=\"elementor-widget-container\">\n\t\t\t\t\t<div class=\"elementor-image-box-wrapper\"><figure class=\"elementor-image-box-img\"><a href=\"https:\/\/locations-06.fr\/de\/la-maison-de-noelie-erdgeschoss\/\" tabindex=\"-1\"><img decoding=\"async\" src=\"https:\/\/locations-06.fr\/wp-content\/uploads\/elementor\/thumbs\/081a0657-appartement-gite-de-france-cote-d-azur-cannes-nice-antibes-06-accueil-qwwbibd5f9idn008hb1bl13dpqb9587pk35c294hqo.jpg\" title=\"La Maison de No\u00e9lie\" alt=\"La Maison de No\u00e9lie\" loading=\"lazy\" \/><\/a><\/figure><div class=\"elementor-image-box-content\"><h3 class=\"elementor-image-box-title\"><a href=\"https:\/\/locations-06.fr\/de\/la-maison-de-noelie-erdgeschoss\/\">La Maison de No\u00e9lie<\/br>Erdgeschoss<\/a><\/h3><\/div><\/div>\t\t\t\t<\/div>\n\t\t\t\t<\/div>\n\t\t\t\t<\/div>\n\t\t<div class=\"elementor-element elementor-element-9342a0d e-con-full e-flex e-con e-child\" data-id=\"9342a0d\" data-element_type=\"container\" data-e-type=\"container\">\n\t\t\t\t<div class=\"elementor-element elementor-element-176bc3e9 elementor-position-top elementor-widget elementor-widget-image-box\" data-id=\"176bc3e9\" data-element_type=\"widget\" data-e-type=\"widget\" data-widget_type=\"image-box.default\">\n\t\t\t\t<div class=\"elementor-widget-container\">\n\t\t\t\t\t<div class=\"elementor-image-box-wrapper\"><figure class=\"elementor-image-box-img\"><a href=\"https:\/\/locations-06.fr\/de\/la-maison-de-noelie-1-stock\/\" tabindex=\"-1\"><img decoding=\"async\" src=\"https:\/\/locations-06.fr\/wp-content\/uploads\/elementor\/thumbs\/081a0657-appartement-gite-de-france-cote-d-azur-cannes-nice-antibes-06-accueil-qwwbibd5f9idn008hb1bl13dpqb9587pk35c294hqo.jpg\" title=\"La Maison de No\u00e9lie\" alt=\"La Maison de No\u00e9lie\" loading=\"lazy\" \/><\/a><\/figure><div class=\"elementor-image-box-content\"><h3 class=\"elementor-image-box-title\"><a href=\"https:\/\/locations-06.fr\/de\/la-maison-de-noelie-1-stock\/\">La Maison de No\u00e9lie <\/br>1<sup>.<\/sup> Stock<\/a><\/h3><\/div><\/div>\t\t\t\t<\/div>\n\t\t\t\t<\/div>\n\t\t\t\t<\/div>\n\t\t<div class=\"elementor-element elementor-element-1e015912 e-con-full e-flex e-con e-child\" data-id=\"1e015912\" data-element_type=\"container\" data-e-type=\"container\">\n\t\t\t\t<div class=\"elementor-element elementor-element-6db35fa5 elementor-position-top elementor-widget elementor-widget-image-box\" data-id=\"6db35fa5\" data-element_type=\"widget\" data-e-type=\"widget\" data-widget_type=\"image-box.default\">\n\t\t\t\t<div class=\"elementor-widget-container\">\n\t\t\t\t\t<div class=\"elementor-image-box-wrapper\"><figure class=\"elementor-image-box-img\"><a href=\"https:\/\/locations-06.fr\/de\/leugenie\/\" tabindex=\"-1\"><img decoding=\"async\" src=\"https:\/\/locations-06.fr\/wp-content\/uploads\/elementor\/thumbs\/20-drone-4-louer-gite-vacances-cote-d-azur-jardin-cannes-nice-cote-d-azur-06-appartement-meuble-sophia-antipolis-opio-direct-particulier-accueil-qwwbibd5f9idn008hb1bl13dpqb9587pk35c294hqo.jpg\" title=\"L\u2019Eug\u00e9nie\" alt=\"L&apos;Eug\u00e9nie\" loading=\"lazy\" \/><\/a><\/figure><div class=\"elementor-image-box-content\"><h3 class=\"elementor-image-box-title\"><a href=\"https:\/\/locations-06.fr\/de\/leugenie\/\">L'Eug\u00e9nie<\/a><\/h3><\/div><\/div>\t\t\t\t<\/div>\n\t\t\t\t<\/div>\n\t\t\t\t<\/div>\n\t\t<div class=\"elementor-element elementor-element-4a0979fb e-con-full e-flex e-con e-child\" data-id=\"4a0979fb\" data-element_type=\"container\" data-e-type=\"container\">\n\t\t\t\t<div class=\"elementor-element elementor-element-23b09fa7 elementor-position-top elementor-widget elementor-widget-image-box\" data-id=\"23b09fa7\" data-element_type=\"widget\" data-e-type=\"widget\" data-widget_type=\"image-box.default\">\n\t\t\t\t<div class=\"elementor-widget-container\">\n\t\t\t\t\t<div class=\"elementor-image-box-wrapper\"><figure class=\"elementor-image-box-img\"><a href=\"https:\/\/locations-06.fr\/de\/la-maison-du-paysan\/\" tabindex=\"-1\"><img decoding=\"async\" src=\"https:\/\/locations-06.fr\/wp-content\/uploads\/elementor\/thumbs\/location-maison-vancances-cote-dazur-direct-proprietaire-accueil-rfzu5lks777otcz1bituowp9rvyli1vxjvl7mm0qfk.jpg\" title=\"location-maison-vancances-cote-dazur-direct-proprietaire-accueil\" alt=\"location-maison-vancances-cote-dazur-direct-proprietaire-accueil\" loading=\"lazy\" \/><\/a><\/figure><div class=\"elementor-image-box-content\"><h3 class=\"elementor-image-box-title\"><a href=\"https:\/\/locations-06.fr\/de\/la-maison-du-paysan\/\">La Maison du Paysan<\/a><\/h3><\/div><\/div>\t\t\t\t<\/div>\n\t\t\t\t<\/div>\n\t\t\t\t<\/div>\n\t\t\t\t\t<\/div>\n\t\t\t\t<\/div>\n\t\t\t\t<\/div>\n\t\t","protected":false},"excerpt":{"rendered":"<p>Urlaubsvorteile in Cannes Nizza Vorteile, die unseren G\u00e4sten in unseren Ferienwohnungen an der C\u00f4te d&#8217;Azur vorbehalten sind Vorteile, die unseren G\u00e4sten vorbehalten sind Vorteile, die unseren G\u00e4sten unserer Apartments, Lodges und Ferienvillen an der C\u00f4te d&#8217;Azur vorbehalten sind. F\u00fcr Ihren Urlaub in unseren Ferienvermietungen an der C\u00f4te d&#8217;Azur haben wir einige Besuche und Restaurants ausgew\u00e4hlt, [&hellip;]<\/p>\n","protected":false},"author":2,"featured_media":9371,"parent":0,"menu_order":0,"comment_status":"closed","ping_status":"closed","template":"","meta":{"site-sidebar-layout":"no-sidebar","site-content-layout":"","ast-site-content-layout":"full-width-container","site-content-style":"default","site-sidebar-style":"default","ast-global-header-display":"","ast-banner-title-visibility":"","ast-main-header-display":"","ast-hfb-above-header-display":"","ast-hfb-below-header-display":"","ast-hfb-mobile-header-display":"","site-post-title":"disabled","ast-breadcrumbs-content":"","ast-featured-img":"disabled","footer-sml-layout":"","ast-disable-related-posts":"","theme-transparent-header-meta":"","adv-header-id-meta":"","stick-header-meta":"","header-above-stick-meta":"","header-main-stick-meta":"","header-below-stick-meta":"","astra-migrate-meta-layouts":"default","ast-page-background-enabled":"default","ast-page-background-meta":{"desktop":{"background-color":"var(--ast-global-color-4)","background-image":"","background-repeat":"repeat","background-position":"center center","background-size":"auto","background-attachment":"scroll","background-type":"","background-media":"","overlay-type":"","overlay-color":"","overlay-opacity":"","overlay-gradient":""},"tablet":{"background-color":"","background-image":"","background-repeat":"repeat","background-position":"center center","background-size":"auto","background-attachment":"scroll","background-type":"","background-media":"","overlay-type":"","overlay-color":"","overlay-opacity":"","overlay-gradient":""},"mobile":{"background-color":"","background-image":"","background-repeat":"repeat","background-position":"center center","background-size":"auto","background-attachment":"scroll","background-type":"","background-media":"","overlay-type":"","overlay-color":"","overlay-opacity":"","overlay-gradient":""}},"ast-content-background-meta":{"desktop":{"background-color":"var(--ast-global-color-5)","background-image":"","background-repeat":"repeat","background-position":"center center","background-size":"auto","background-attachment":"scroll","background-type":"","background-media":"","overlay-type":"","overlay-color":"","overlay-opacity":"","overlay-gradient":""},"tablet":{"background-color":"var(--ast-global-color-5)","background-image":"","background-repeat":"repeat","background-position":"center center","background-size":"auto","background-attachment":"scroll","background-type":"","background-media":"","overlay-type":"","overlay-color":"","overlay-opacity":"","overlay-gradient":""},"mobile":{"background-color":"var(--ast-global-color-5)","background-image":"","background-repeat":"repeat","background-position":"center center","background-size":"auto","background-attachment":"scroll","background-type":"","background-media":"","overlay-type":"","overlay-color":"","overlay-opacity":"","overlay-gradient":""}},"footnotes":""},"class_list":["post-13167","page","type-page","status-publish","has-post-thumbnail","hentry"],"yoast_head":"<!-- This site is optimized with the Yoast SEO plugin v28.4 - https:\/\/yoast.com\/product\/yoast-seo-wordpress\/ -->\n<title>Urlaubsvorteile Cannes Sch\u00f6ne Wohnungen G\u00eetes Villas<\/title>\n<meta name=\"description\" content=\"Cannes Sch\u00f6ne Urlaubsvorteile in unseren Ferienwohnungen an der C\u00f4te d&#039;Azur. Locations-06.fr G\u00eete, Apartment, Ferienvilla 06\" \/>\n<meta name=\"robots\" content=\"index, follow, max-snippet:-1, max-image-preview:large, max-video-preview:-1\" \/>\n<link rel=\"canonical\" href=\"https:\/\/locations-06.fr\/de\/vorteile-die-unseren-gasten-in-unseren-ferienwohnungen-an-der-cote-dazur-vorbehalten-sind\/\" \/>\n<meta property=\"og:locale\" content=\"de_DE\" \/>\n<meta property=\"og:type\" content=\"article\" \/>\n<meta property=\"og:title\" content=\"Urlaubsvorteile Cannes Sch\u00f6ne Wohnungen G\u00eetes Villas\" \/>\n<meta property=\"og:description\" content=\"Cannes Sch\u00f6ne Urlaubsvorteile in unseren Ferienwohnungen an der C\u00f4te d&#039;Azur. Locations-06.fr G\u00eete, Apartment, Ferienvilla 06\" \/>\n<meta property=\"og:url\" content=\"https:\/\/locations-06.fr\/de\/vorteile-die-unseren-gasten-in-unseren-ferienwohnungen-an-der-cote-dazur-vorbehalten-sind\/\" \/>\n<meta property=\"og:site_name\" content=\"Locations-06.fr\" \/>\n<meta property=\"article:publisher\" content=\"https:\/\/www.facebook.com\/pascalecodera0632755107\" \/>\n<meta property=\"article:modified_time\" content=\"2026-08-17T14:00:42+00:00\" \/>\n<meta property=\"og:image\" content=\"https:\/\/locations-06.fr\/wp-content\/uploads\/locations-06-vacances-cote-d-azur-gites-appartements-cannes-grasse-antibes1-1.png\" \/>\n\t<meta property=\"og:image:width\" content=\"375\" \/>\n\t<meta property=\"og:image:height\" content=\"220\" \/>\n\t<meta property=\"og:image:type\" content=\"image\/png\" \/>\n<meta name=\"twitter:card\" content=\"summary_large_image\" \/>\n<meta name=\"twitter:site\" content=\"@locations06\" \/>\n<meta name=\"twitter:label1\" content=\"Gesch\u00e4tzte Lesezeit\" \/>\n\t<meta name=\"twitter:data1\" content=\"17\u00a0Minuten\" \/>\n<script type=\"application\/ld+json\" class=\"yoast-schema-graph\">{\"@context\":\"https:\\\/\\\/schema.org\",\"@graph\":[{\"@type\":\"WebPage\",\"@id\":\"https:\\\/\\\/locations-06.fr\\\/de\\\/vorteile-die-unseren-gasten-in-unseren-ferienwohnungen-an-der-cote-dazur-vorbehalten-sind\\\/\",\"url\":\"https:\\\/\\\/locations-06.fr\\\/de\\\/vorteile-die-unseren-gasten-in-unseren-ferienwohnungen-an-der-cote-dazur-vorbehalten-sind\\\/\",\"name\":\"Urlaubsvorteile Cannes Sch\u00f6ne Wohnungen G\u00eetes Villas\",\"isPartOf\":{\"@id\":\"https:\\\/\\\/locations-06.fr\\\/de\\\/#website\"},\"primaryImageOfPage\":{\"@id\":\"https:\\\/\\\/locations-06.fr\\\/de\\\/vorteile-die-unseren-gasten-in-unseren-ferienwohnungen-an-der-cote-dazur-vorbehalten-sind\\\/#primaryimage\"},\"image\":{\"@id\":\"https:\\\/\\\/locations-06.fr\\\/de\\\/vorteile-die-unseren-gasten-in-unseren-ferienwohnungen-an-der-cote-dazur-vorbehalten-sind\\\/#primaryimage\"},\"thumbnailUrl\":\"https:\\\/\\\/locations-06.fr\\\/wp-content\\\/uploads\\\/locations-06-vacances-cote-d-azur-gites-appartements-cannes-grasse-antibes1-1.png\",\"datePublished\":\"2024-01-17T12:49:29+00:00\",\"dateModified\":\"2026-08-17T14:00:42+00:00\",\"description\":\"Cannes Sch\u00f6ne Urlaubsvorteile in unseren Ferienwohnungen an der C\u00f4te d'Azur. Locations-06.fr G\u00eete, Apartment, Ferienvilla 06\",\"breadcrumb\":{\"@id\":\"https:\\\/\\\/locations-06.fr\\\/de\\\/vorteile-die-unseren-gasten-in-unseren-ferienwohnungen-an-der-cote-dazur-vorbehalten-sind\\\/#breadcrumb\"},\"inLanguage\":\"de\",\"potentialAction\":[{\"@type\":\"ReadAction\",\"target\":[\"https:\\\/\\\/locations-06.fr\\\/de\\\/vorteile-die-unseren-gasten-in-unseren-ferienwohnungen-an-der-cote-dazur-vorbehalten-sind\\\/\"]}]},{\"@type\":\"ImageObject\",\"inLanguage\":\"de\",\"@id\":\"https:\\\/\\\/locations-06.fr\\\/de\\\/vorteile-die-unseren-gasten-in-unseren-ferienwohnungen-an-der-cote-dazur-vorbehalten-sind\\\/#primaryimage\",\"url\":\"https:\\\/\\\/locations-06.fr\\\/wp-content\\\/uploads\\\/locations-06-vacances-cote-d-azur-gites-appartements-cannes-grasse-antibes1-1.png\",\"contentUrl\":\"https:\\\/\\\/locations-06.fr\\\/wp-content\\\/uploads\\\/locations-06-vacances-cote-d-azur-gites-appartements-cannes-grasse-antibes1-1.png\",\"width\":375,\"height\":220},{\"@type\":\"BreadcrumbList\",\"@id\":\"https:\\\/\\\/locations-06.fr\\\/de\\\/vorteile-die-unseren-gasten-in-unseren-ferienwohnungen-an-der-cote-dazur-vorbehalten-sind\\\/#breadcrumb\",\"itemListElement\":[{\"@type\":\"ListItem\",\"position\":1,\"name\":\"Accueil\",\"item\":\"https:\\\/\\\/locations-06.fr\\\/de\\\/ferienwohnungen-ferienhauser-und-apartments-an-der-franzosischen-riviera-in-der-nahe-von-nizza-antibes-cannes-und-grasse\\\/\"},{\"@type\":\"ListItem\",\"position\":2,\"name\":\"Vorteile, die unseren G\u00e4sten in unseren Ferienwohnungen an der C\u00f4te d&rsquo;Azur vorbehalten sind\"}]},{\"@type\":\"WebSite\",\"@id\":\"https:\\\/\\\/locations-06.fr\\\/de\\\/#website\",\"url\":\"https:\\\/\\\/locations-06.fr\\\/de\\\/\",\"name\":\"Locations-06.fr\",\"description\":\"Locations Gites en France sur la C\u00f4te d&#039;Azur - Appartements et Villas - gite, location de vacances et pas cher\",\"publisher\":{\"@id\":\"https:\\\/\\\/locations-06.fr\\\/de\\\/#organization\"},\"alternateName\":\"Locations-06.fr\",\"potentialAction\":[{\"@type\":\"SearchAction\",\"target\":{\"@type\":\"EntryPoint\",\"urlTemplate\":\"https:\\\/\\\/locations-06.fr\\\/de\\\/?s={search_term_string}\"},\"query-input\":{\"@type\":\"PropertyValueSpecification\",\"valueRequired\":true,\"valueName\":\"search_term_string\"}}],\"inLanguage\":\"de\"},{\"@type\":\"Organization\",\"@id\":\"https:\\\/\\\/locations-06.fr\\\/de\\\/#organization\",\"name\":\"Locations-06.fr\",\"alternateName\":\"Locations-06.fr\",\"url\":\"https:\\\/\\\/locations-06.fr\\\/de\\\/\",\"logo\":{\"@type\":\"ImageObject\",\"inLanguage\":\"de\",\"@id\":\"https:\\\/\\\/locations-06.fr\\\/de\\\/#\\\/schema\\\/logo\\\/image\\\/\",\"url\":\"https:\\\/\\\/locations-06.fr\\\/wp-content\\\/uploads\\\/cropped-logo-locations-06-2026.png\",\"contentUrl\":\"https:\\\/\\\/locations-06.fr\\\/wp-content\\\/uploads\\\/cropped-logo-locations-06-2026.png\",\"width\":1253,\"height\":889,\"caption\":\"Locations-06.fr\"},\"image\":{\"@id\":\"https:\\\/\\\/locations-06.fr\\\/de\\\/#\\\/schema\\\/logo\\\/image\\\/\"},\"sameAs\":[\"https:\\\/\\\/www.facebook.com\\\/pascalecodera0632755107\",\"https:\\\/\\\/x.com\\\/locations06\",\"https:\\\/\\\/www.instagram.com\\\/locations_06\\\/?hl=fr\"]}]}<\/script>\n<!-- \/ Yoast SEO plugin. -->","yoast_head_json":{"title":"Urlaubsvorteile Cannes Sch\u00f6ne Wohnungen G\u00eetes Villas","description":"Cannes Sch\u00f6ne Urlaubsvorteile in unseren Ferienwohnungen an der C\u00f4te d'Azur. Locations-06.fr G\u00eete, Apartment, Ferienvilla 06","robots":{"index":"index","follow":"follow","max-snippet":"max-snippet:-1","max-image-preview":"max-image-preview:large","max-video-preview":"max-video-preview:-1"},"canonical":"https:\/\/locations-06.fr\/de\/vorteile-die-unseren-gasten-in-unseren-ferienwohnungen-an-der-cote-dazur-vorbehalten-sind\/","og_locale":"de_DE","og_type":"article","og_title":"Urlaubsvorteile Cannes Sch\u00f6ne Wohnungen G\u00eetes Villas","og_description":"Cannes Sch\u00f6ne Urlaubsvorteile in unseren Ferienwohnungen an der C\u00f4te d'Azur. Locations-06.fr G\u00eete, Apartment, Ferienvilla 06","og_url":"https:\/\/locations-06.fr\/de\/vorteile-die-unseren-gasten-in-unseren-ferienwohnungen-an-der-cote-dazur-vorbehalten-sind\/","og_site_name":"Locations-06.fr","article_publisher":"https:\/\/www.facebook.com\/pascalecodera0632755107","article_modified_time":"2026-08-17T14:00:42+00:00","og_image":[{"width":375,"height":220,"url":"https:\/\/locations-06.fr\/wp-content\/uploads\/locations-06-vacances-cote-d-azur-gites-appartements-cannes-grasse-antibes1-1.png","type":"image\/png"}],"twitter_card":"summary_large_image","twitter_site":"@locations06","twitter_misc":{"Gesch\u00e4tzte Lesezeit":"17\u00a0Minuten"},"schema":{"@context":"https:\/\/schema.org","@graph":[{"@type":"WebPage","@id":"https:\/\/locations-06.fr\/de\/vorteile-die-unseren-gasten-in-unseren-ferienwohnungen-an-der-cote-dazur-vorbehalten-sind\/","url":"https:\/\/locations-06.fr\/de\/vorteile-die-unseren-gasten-in-unseren-ferienwohnungen-an-der-cote-dazur-vorbehalten-sind\/","name":"Urlaubsvorteile Cannes Sch\u00f6ne Wohnungen G\u00eetes Villas","isPartOf":{"@id":"https:\/\/locations-06.fr\/de\/#website"},"primaryImageOfPage":{"@id":"https:\/\/locations-06.fr\/de\/vorteile-die-unseren-gasten-in-unseren-ferienwohnungen-an-der-cote-dazur-vorbehalten-sind\/#primaryimage"},"image":{"@id":"https:\/\/locations-06.fr\/de\/vorteile-die-unseren-gasten-in-unseren-ferienwohnungen-an-der-cote-dazur-vorbehalten-sind\/#primaryimage"},"thumbnailUrl":"https:\/\/locations-06.fr\/wp-content\/uploads\/locations-06-vacances-cote-d-azur-gites-appartements-cannes-grasse-antibes1-1.png","datePublished":"2024-01-17T12:49:29+00:00","dateModified":"2026-08-17T14:00:42+00:00","description":"Cannes Sch\u00f6ne Urlaubsvorteile in unseren Ferienwohnungen an der C\u00f4te d'Azur. Locations-06.fr G\u00eete, Apartment, Ferienvilla 06","breadcrumb":{"@id":"https:\/\/locations-06.fr\/de\/vorteile-die-unseren-gasten-in-unseren-ferienwohnungen-an-der-cote-dazur-vorbehalten-sind\/#breadcrumb"},"inLanguage":"de","potentialAction":[{"@type":"ReadAction","target":["https:\/\/locations-06.fr\/de\/vorteile-die-unseren-gasten-in-unseren-ferienwohnungen-an-der-cote-dazur-vorbehalten-sind\/"]}]},{"@type":"ImageObject","inLanguage":"de","@id":"https:\/\/locations-06.fr\/de\/vorteile-die-unseren-gasten-in-unseren-ferienwohnungen-an-der-cote-dazur-vorbehalten-sind\/#primaryimage","url":"https:\/\/locations-06.fr\/wp-content\/uploads\/locations-06-vacances-cote-d-azur-gites-appartements-cannes-grasse-antibes1-1.png","contentUrl":"https:\/\/locations-06.fr\/wp-content\/uploads\/locations-06-vacances-cote-d-azur-gites-appartements-cannes-grasse-antibes1-1.png","width":375,"height":220},{"@type":"BreadcrumbList","@id":"https:\/\/locations-06.fr\/de\/vorteile-die-unseren-gasten-in-unseren-ferienwohnungen-an-der-cote-dazur-vorbehalten-sind\/#breadcrumb","itemListElement":[{"@type":"ListItem","position":1,"name":"Accueil","item":"https:\/\/locations-06.fr\/de\/ferienwohnungen-ferienhauser-und-apartments-an-der-franzosischen-riviera-in-der-nahe-von-nizza-antibes-cannes-und-grasse\/"},{"@type":"ListItem","position":2,"name":"Vorteile, die unseren G\u00e4sten in unseren Ferienwohnungen an der C\u00f4te d&rsquo;Azur vorbehalten sind"}]},{"@type":"WebSite","@id":"https:\/\/locations-06.fr\/de\/#website","url":"https:\/\/locations-06.fr\/de\/","name":"Locations-06.fr","description":"Locations Gites en France sur la C\u00f4te d&#039;Azur - Appartements et Villas - gite, location de vacances et pas cher","publisher":{"@id":"https:\/\/locations-06.fr\/de\/#organization"},"alternateName":"Locations-06.fr","potentialAction":[{"@type":"SearchAction","target":{"@type":"EntryPoint","urlTemplate":"https:\/\/locations-06.fr\/de\/?s={search_term_string}"},"query-input":{"@type":"PropertyValueSpecification","valueRequired":true,"valueName":"search_term_string"}}],"inLanguage":"de"},{"@type":"Organization","@id":"https:\/\/locations-06.fr\/de\/#organization","name":"Locations-06.fr","alternateName":"Locations-06.fr","url":"https:\/\/locations-06.fr\/de\/","logo":{"@type":"ImageObject","inLanguage":"de","@id":"https:\/\/locations-06.fr\/de\/#\/schema\/logo\/image\/","url":"https:\/\/locations-06.fr\/wp-content\/uploads\/cropped-logo-locations-06-2026.png","contentUrl":"https:\/\/locations-06.fr\/wp-content\/uploads\/cropped-logo-locations-06-2026.png","width":1253,"height":889,"caption":"Locations-06.fr"},"image":{"@id":"https:\/\/locations-06.fr\/de\/#\/schema\/logo\/image\/"},"sameAs":["https:\/\/www.facebook.com\/pascalecodera0632755107","https:\/\/x.com\/locations06","https:\/\/www.instagram.com\/locations_06\/?hl=fr"]}]}},"_links":{"self":[{"href":"https:\/\/locations-06.fr\/de\/wp-json\/wp\/v2\/pages\/13167","targetHints":{"allow":["GET"]}}],"collection":[{"href":"https:\/\/locations-06.fr\/de\/wp-json\/wp\/v2\/pages"}],"about":[{"href":"https:\/\/locations-06.fr\/de\/wp-json\/wp\/v2\/types\/page"}],"author":[{"embeddable":true,"href":"https:\/\/locations-06.fr\/de\/wp-json\/wp\/v2\/users\/2"}],"replies":[{"embeddable":true,"href":"https:\/\/locations-06.fr\/de\/wp-json\/wp\/v2\/comments?post=13167"}],"version-history":[{"count":7,"href":"https:\/\/locations-06.fr\/de\/wp-json\/wp\/v2\/pages\/13167\/revisions"}],"predecessor-version":[{"id":35939,"href":"https:\/\/locations-06.fr\/de\/wp-json\/wp\/v2\/pages\/13167\/revisions\/35939"}],"wp:featuredmedia":[{"embeddable":true,"href":"https:\/\/locations-06.fr\/de\/wp-json\/wp\/v2\/media\/9371"}],"wp:attachment":[{"href":"https:\/\/locations-06.fr\/de\/wp-json\/wp\/v2\/media?parent=13167"}],"curies":[{"name":"wp","href":"https:\/\/api.w.org\/{rel}","templated":true}]}}