{"id":12608,"date":"2016-05-10T03:48:21","date_gmt":"2016-05-10T01:48:21","guid":{"rendered":"https:\/\/locations-06.fr\/ferienwohnungen-ferienhauser-und-apartments-an-der-franzosischen-riviera-in-der-nahe-von-nizza-antibes-cannes-und-grasse\/"},"modified":"2026-04-25T19:16:13","modified_gmt":"2026-04-25T17:16:13","slug":"ferienwohnungen-ferienhauser-und-apartments-an-der-franzosischen-riviera-in-der-nahe-von-nizza-antibes-cannes-und-grasse","status":"publish","type":"page","link":"https:\/\/locations-06.fr\/de\/","title":{"rendered":"Ferienwohnungen, Ferienh\u00e4user und Apartments an der franz\u00f6sischen Riviera in der N\u00e4he von Nizza, Antibes, Cannes und Grasse"},"content":{"rendered":"\t\t<div data-elementor-type=\"wp-page\" data-elementor-id=\"12608\" class=\"elementor elementor-12608 elementor-2\">\n\t\t\t\t<div class=\"elementor-element elementor-element-74ee620 e-con-full e-flex e-con e-parent\" data-id=\"74ee620\" data-element_type=\"container\" data-e-type=\"container\" data-settings=\"{&quot;background_background&quot;:&quot;classic&quot;}\">\n\t\t\t\t<div class=\"elementor-element elementor-element-5748b10 elementor-widget elementor-widget-text-editor\" data-id=\"5748b10\" data-element_type=\"widget\" data-e-type=\"widget\" data-widget_type=\"text-editor.default\">\n\t\t\t\t<div class=\"elementor-widget-container\">\n\t\t\t\t\t\t\t\t\t<h1 style=\"color: white;\">Unsere Ferienunterk\u00fcnfte direkt vom Eigent\u00fcmer: Villen, Apartments, Ferienh\u00e4user, m\u00f6blierte 4-Sterne-Unterk\u00fcnfte. Franz\u00f6sische Riviera, in der N\u00e4he von Grasse, Cannes und Nizza. Haustiere willkommen.<\/h1>\t\t\t\t\t\t\t\t<\/div>\n\t\t\t\t<\/div>\n\t\t\t\t<div class=\"elementor-element elementor-element-9b1c43e elementor-widget elementor-widget-text-editor\" data-id=\"9b1c43e\" data-element_type=\"widget\" data-e-type=\"widget\" data-widget_type=\"text-editor.default\">\n\t\t\t\t<div class=\"elementor-widget-container\">\n\t\t\t\t\t\t\t\t\t<h3 class=\"text-clignote\" style=\"text-align: center; color: white; font-size: 25px;\">Direktmieten von Privatpersonen. Provisionsfrei! Keine Geb\u00fchren!  <\/h3>\t\t\t\t\t\t\t\t<\/div>\n\t\t\t\t<\/div>\n\t\t\t\t<div class=\"elementor-element elementor-element-03c26fd elementor-widget elementor-widget-html\" data-id=\"03c26fd\" data-element_type=\"widget\" data-e-type=\"widget\" data-widget_type=\"html.default\">\n\t\t\t\t<div class=\"elementor-widget-container\">\n\t\t\t\t\t<div style=\"text-align:center;\" id=\"booking-tool-container-allApartments\">\n<script type=\"text\/javascript\" src=\"https:\/\/login.smoobu.com\/js\/Settings\/BookingToolIframe.js\"><\/script>\n<script>BookingToolIframe.initialize({\"url\": \"https:\/\/login.smoobu.com\/fr\/booking-tool\/iframe\/76849\", \"baseUrl\": \"https:\/\/login.smoobu.com\", \"target\": \"#booking-tool-container-allApartments\"})<\/script>\n<\/div>\t\t\t\t<\/div>\n\t\t\t\t<\/div>\n\t\t\t\t<div class=\"elementor-element elementor-element-6939c6c elementor-widget__width-initial elementor-widget elementor-widget-html\" data-id=\"6939c6c\" data-element_type=\"widget\" data-e-type=\"widget\" data-widget_type=\"html.default\">\n\t\t\t\t<div class=\"elementor-widget-container\">\n\t\t\t\t\t<div id=\"5c23595b-94b2-47a4-9975-d60ac365bc7e\"><\/div><script src=\"https:\/\/widgets.rr.skeepers.io\/generated\/0f0ac81b-848a-0594-79f1-0f52a1fa41a8\/5c23595b-94b2-47a4-9975-d60ac365bc7e.js\"><\/script>\t\t\t\t<\/div>\n\t\t\t\t<\/div>\n\t\t\t\t<\/div>\n\t\t<div class=\"elementor-element elementor-element-a08f7ea e-flex e-con-boxed e-con e-parent\" data-id=\"a08f7ea\" data-element_type=\"container\" data-e-type=\"container\">\n\t\t\t\t\t<div class=\"e-con-inner\">\n\t\t\t\t<div class=\"elementor-element elementor-element-85043a4 elementor-widget elementor-widget-heading\" data-id=\"85043a4\" data-element_type=\"widget\" data-e-type=\"widget\" data-widget_type=\"heading.default\">\n\t\t\t\t<div class=\"elementor-widget-container\">\n\t\t\t\t\t<h2 class=\"elementor-heading-title elementor-size-default\">Authentische Aufenthalte in den Alpes-Maritimes,<br>zwischen Meer, Natur und charmanten D\u00f6rfern<\/h2>\t\t\t\t<\/div>\n\t\t\t\t<\/div>\n\t\t\t\t<div class=\"elementor-element elementor-element-8e0a221 elementor-widget elementor-widget-text-editor\" data-id=\"8e0a221\" data-element_type=\"widget\" data-e-type=\"widget\" data-widget_type=\"text-editor.default\">\n\t\t\t\t<div class=\"elementor-widget-container\">\n\t\t\t\t\t\t\t\t\t<h3>Zwischen Meer und Bergen \u2013 g\u00f6nnen Sie sich mit Locations-06 einen einzigartigen Urlaub.<br>Entdecken Sie unsere 4-Sterne-Ferienunterk\u00fcnfte direkt von den Eigent\u00fcmern: komfortable Ferienh\u00e4user, Apartments und Villen, sorgf\u00e4ltig ausgew\u00e4hlt f\u00fcr unvergessliche Aufenthalte. Atmen Sie durch, entspannen Sie sich, genie\u00dfen Sie \u2026 hier wird jeder Moment zu einer Erinnerung.<\/h3><h3>Erleben Sie einen au\u00dfergew\u00f6hnlichen Urlaub direkt vom Eigent\u00fcmer: Ferienh\u00e4user, Apartments und 4-Sterne-Villen. W\u00e4hlen Sie Ihre ideale Unterkunft aus unserem Angebot an Ferienunterk\u00fcnften direkt vom Eigent\u00fcmer: Charmante Ferienh\u00e4user, Apartments in Meeresn\u00e4he oder Villen mit Naturblick.<\/h3><h3><strong>Buchen Sie direkt, ohne Zwischenh\u00e4ndler, f\u00fcr mehr Einfachheit, Transparenz und N\u00e4he..<\/strong><\/h3>\t\t\t\t\t\t\t\t<\/div>\n\t\t\t\t<\/div>\n\t\t\t\t\t<\/div>\n\t\t\t\t<\/div>\n\t\t<div class=\"elementor-element elementor-element-608d469 e-flex e-con-boxed e-con e-parent\" data-id=\"608d469\" data-element_type=\"container\" data-e-type=\"container\">\n\t\t\t\t\t<div class=\"e-con-inner\">\n\t\t<div class=\"elementor-element elementor-element-ac9604a e-con-full e-flex e-con e-child\" data-id=\"ac9604a\" data-element_type=\"container\" data-e-type=\"container\">\n\t\t\t\t<div class=\"elementor-element elementor-element-58747c3 elementor-position-top elementor-widget elementor-widget-image-box\" data-id=\"58747c3\" data-element_type=\"widget\" data-e-type=\"widget\" data-widget_type=\"image-box.default\">\n\t\t\t\t<div class=\"elementor-widget-container\">\n\t\t\t\t\t<div class=\"elementor-image-box-wrapper\"><figure class=\"elementor-image-box-img\"><a href=\"https:\/\/locations-06.fr\/de\/la-maison-de-noelie-1-stock\/\" tabindex=\"-1\"><img decoding=\"async\" src=\"https:\/\/locations-06.fr\/wp-content\/uploads\/elementor\/thumbs\/081a0657-appartement-gite-de-france-cote-d-azur-cannes-nice-antibes-06-accueil-qwwbibdc8uphx9ya9hzxrpa6wodnln1uck1r9dczg0.jpg\" title=\"La Maison de No\u00e9lie\" alt=\"La Maison de No\u00e9lie\" loading=\"lazy\" \/><\/a><\/figure><div class=\"elementor-image-box-content\"><h2 class=\"elementor-image-box-title\"><a href=\"https:\/\/locations-06.fr\/de\/la-maison-de-noelie-1-stock\/\">La Maison de No\u00e9lie<\/br>1. \u00e9tage<\/a><\/h2><p class=\"elementor-image-box-description\">2 Schlafzimmer - 6 pers.\n- 38 m\u00b2 <h3 class=\"accueil-h3\">Mietobjekt f\u00fcr Ihren Urlaub in den Alpes-Maritimes,\n\u201e4-Sterne-m\u00f6blierte Touristenunterkunft\u201c und \u201eCl\u00e9vacances 3 Schl\u00fcssel\u201c-G\u00eete in der N\u00e4he von Cannes, Antibes und Nizza<\/h3><\/p><\/div><\/div>\t\t\t\t<\/div>\n\t\t\t\t<\/div>\n\t\t\t\t<div class=\"elementor-element elementor-element-442749a elementor-align-center elementor-widget elementor-widget-button\" data-id=\"442749a\" data-element_type=\"widget\" data-e-type=\"widget\" data-widget_type=\"button.default\">\n\t\t\t\t<div class=\"elementor-widget-container\">\n\t\t\t\t\t\t\t\t\t<div class=\"elementor-button-wrapper\">\n\t\t\t\t\t<a class=\"elementor-button elementor-button-link elementor-size-sm\" href=\"https:\/\/locations-06.fr\/de\/la-maison-de-noelie-1-stock\/\">\n\t\t\t\t\t\t<span class=\"elementor-button-content-wrapper\">\n\t\t\t\t\t\t\t\t\t<span class=\"elementor-button-text\">Entdecken<\/span>\n\t\t\t\t\t<\/span>\n\t\t\t\t\t<\/a>\n\t\t\t\t<\/div>\n\t\t\t\t\t\t\t\t<\/div>\n\t\t\t\t<\/div>\n\t\t\t\t<\/div>\n\t\t<div class=\"elementor-element elementor-element-2449999 e-con-full e-flex e-con e-child\" data-id=\"2449999\" data-element_type=\"container\" data-e-type=\"container\">\n\t\t\t\t<div class=\"elementor-element elementor-element-986380d elementor-position-top elementor-widget elementor-widget-image-box\" data-id=\"986380d\" data-element_type=\"widget\" data-e-type=\"widget\" data-widget_type=\"image-box.default\">\n\t\t\t\t<div class=\"elementor-widget-container\">\n\t\t\t\t\t<div class=\"elementor-image-box-wrapper\"><figure class=\"elementor-image-box-img\"><a href=\"https:\/\/locations-06.fr\/de\/la-maison-de-noelie-erdgeschoss\/\" tabindex=\"-1\"><img decoding=\"async\" src=\"https:\/\/locations-06.fr\/wp-content\/uploads\/elementor\/thumbs\/081a0657-appartement-gite-de-france-cote-d-azur-cannes-nice-antibes-06-accueil-qwwbibdc8uphx9ya9hzxrpa6wodnln1uck1r9dczg0.jpg\" title=\"La Maison de No\u00e9lie\" alt=\"La Maison de No\u00e9lie\" loading=\"lazy\" \/><\/a><\/figure><div class=\"elementor-image-box-content\"><h2 class=\"elementor-image-box-title\"><a href=\"https:\/\/locations-06.fr\/de\/la-maison-de-noelie-erdgeschoss\/\">Maison de No\u00e9lie<\/br>Erdgescho\u03b2<\/a><\/h2><p class=\"elementor-image-box-description\">2 Schlafzimmer - 6 pers.\n- 43 m\u00b2 <h3 class=\"accueil-h3\">\u201e4-Sterne-m\u00f6blierte Touristenunterkunft\u201c und \u201e3-Schl\u00fcssel-Cl\u00e9vacances\u201c-Villa f\u00fcr Ihren Urlaub an der C\u00f4te d\u2019Azur<\/br>\nIn der N\u00e4he von Cannes, Grasse und Nizza<\/h3><\/p><\/div><\/div>\t\t\t\t<\/div>\n\t\t\t\t<\/div>\n\t\t\t\t<div class=\"elementor-element elementor-element-accc2cd elementor-align-center elementor-widget elementor-widget-button\" data-id=\"accc2cd\" data-element_type=\"widget\" data-e-type=\"widget\" data-widget_type=\"button.default\">\n\t\t\t\t<div class=\"elementor-widget-container\">\n\t\t\t\t\t\t\t\t\t<div class=\"elementor-button-wrapper\">\n\t\t\t\t\t<a class=\"elementor-button elementor-button-link elementor-size-sm\" href=\"https:\/\/locations-06.fr\/de\/la-maison-de-noelie-erdgeschoss\/\">\n\t\t\t\t\t\t<span class=\"elementor-button-content-wrapper\">\n\t\t\t\t\t\t\t\t\t<span class=\"elementor-button-text\">Entdecken<\/span>\n\t\t\t\t\t<\/span>\n\t\t\t\t\t<\/a>\n\t\t\t\t<\/div>\n\t\t\t\t\t\t\t\t<\/div>\n\t\t\t\t<\/div>\n\t\t\t\t<\/div>\n\t\t<div class=\"elementor-element elementor-element-50d53cd e-con-full e-flex e-con e-child\" data-id=\"50d53cd\" data-element_type=\"container\" data-e-type=\"container\">\n\t\t\t\t<div class=\"elementor-element elementor-element-522d84f elementor-position-top elementor-widget elementor-widget-image-box\" data-id=\"522d84f\" data-element_type=\"widget\" data-e-type=\"widget\" data-widget_type=\"image-box.default\">\n\t\t\t\t<div class=\"elementor-widget-container\">\n\t\t\t\t\t<div class=\"elementor-image-box-wrapper\"><figure class=\"elementor-image-box-img\"><a href=\"https:\/\/locations-06.fr\/de\/la-pascaline\/\" tabindex=\"-1\"><img decoding=\"async\" src=\"https:\/\/locations-06.fr\/wp-content\/uploads\/elementor\/thumbs\/Drone-Appartement-A-1-location-gite-de-france-appartement-cote-azur-cannes-accueil-qwwbih0ddux7uxq3ckfp6nuygzluvto8dbyo514meo.jpg\" title=\"La Pascaline\" alt=\"La Pascaline\" loading=\"lazy\" \/><\/a><\/figure><div class=\"elementor-image-box-content\"><h2 class=\"elementor-image-box-title\"><a href=\"https:\/\/locations-06.fr\/de\/la-pascaline\/\">La Pascaline<\/br>&nbsp;<\/a><\/h2><p class=\"elementor-image-box-description\">1 Schlafzimmer- 4 pers.\n- 60 m\u00b2 <h3 class=\"accueil-h3\">\u201e4-Sterne-m\u00f6blierte Touristenunterkunft\u201c und \u201eCl\u00e9vacances 3 Schl\u00fcssel\u201c in einer Villa an der C\u00f4te d\u2019Azur\nFerienunterk\u00fcnfte in der N\u00e4he von Cannes, Grasse und Nizza<\/h3><\/p><\/div><\/div>\t\t\t\t<\/div>\n\t\t\t\t<\/div>\n\t\t\t\t<div class=\"elementor-element elementor-element-1b139af elementor-align-center elementor-widget elementor-widget-button\" data-id=\"1b139af\" data-element_type=\"widget\" data-e-type=\"widget\" data-widget_type=\"button.default\">\n\t\t\t\t<div class=\"elementor-widget-container\">\n\t\t\t\t\t\t\t\t\t<div class=\"elementor-button-wrapper\">\n\t\t\t\t\t<a class=\"elementor-button elementor-button-link elementor-size-sm\" href=\"https:\/\/locations-06.fr\/de\/la-pascaline\/\">\n\t\t\t\t\t\t<span class=\"elementor-button-content-wrapper\">\n\t\t\t\t\t\t\t\t\t<span class=\"elementor-button-text\">Entdecken<\/span>\n\t\t\t\t\t<\/span>\n\t\t\t\t\t<\/a>\n\t\t\t\t<\/div>\n\t\t\t\t\t\t\t\t<\/div>\n\t\t\t\t<\/div>\n\t\t\t\t<\/div>\n\t\t<div class=\"elementor-element elementor-element-010a2a8 e-con-full e-flex e-con e-child\" data-id=\"010a2a8\" data-element_type=\"container\" data-e-type=\"container\">\n\t\t\t\t<div class=\"elementor-element elementor-element-7c23843 elementor-position-top elementor-widget elementor-widget-image-box\" data-id=\"7c23843\" data-element_type=\"widget\" data-e-type=\"widget\" data-widget_type=\"image-box.default\">\n\t\t\t\t<div class=\"elementor-widget-container\">\n\t\t\t\t\t<div class=\"elementor-image-box-wrapper\"><figure class=\"elementor-image-box-img\"><a href=\"https:\/\/locations-06.fr\/de\/leugenie\/\" tabindex=\"-1\"><img decoding=\"async\" src=\"https:\/\/locations-06.fr\/wp-content\/uploads\/elementor\/thumbs\/20-drone-4-louer-gite-vacances-cote-d-azur-jardin-cannes-nice-cote-d-azur-06-appartement-meuble-sophia-antipolis-opio-direct-particulier-accueil-qwwbibdc8uphx9ya9hzxrpa6wodnln1uck1r9dczg0.jpg\" title=\"L&#8217;Eug\u00e9nie\" alt=\"L&#039;Eug\u00e9nie\" loading=\"lazy\" \/><\/a><\/figure><div class=\"elementor-image-box-content\"><h2 class=\"elementor-image-box-title\"><a href=\"https:\/\/locations-06.fr\/de\/leugenie\/\">L'Eug\u00e9nie<\/br>&nbsp;<\/a><\/h2><p class=\"elementor-image-box-description\">2 Schlafzimmer - 8 pers.\n84 m\u00b2 <h3 class=\"accueil-h3\">\u201e4-Sterne-m\u00f6blierte Touristenunterkunft\u201c und \u201eCl\u00e9vacances 3 Schl\u00fcssel\u201c <\/br>in einer Villa an der C\u00f4te d\u2019Azur\nFerienunterk\u00fcnfte in der N\u00e4he von Cannes, Grasse und Nizza<\/h3><\/p><\/div><\/div>\t\t\t\t<\/div>\n\t\t\t\t<\/div>\n\t\t\t\t<div class=\"elementor-element elementor-element-a7422ba elementor-align-center elementor-widget elementor-widget-button\" data-id=\"a7422ba\" data-element_type=\"widget\" data-e-type=\"widget\" data-widget_type=\"button.default\">\n\t\t\t\t<div class=\"elementor-widget-container\">\n\t\t\t\t\t\t\t\t\t<div class=\"elementor-button-wrapper\">\n\t\t\t\t\t<a class=\"elementor-button elementor-button-link elementor-size-sm\" href=\"https:\/\/locations-06.fr\/de\/leugenie\/\">\n\t\t\t\t\t\t<span class=\"elementor-button-content-wrapper\">\n\t\t\t\t\t\t\t\t\t<span class=\"elementor-button-text\">Entdecken<\/span>\n\t\t\t\t\t<\/span>\n\t\t\t\t\t<\/a>\n\t\t\t\t<\/div>\n\t\t\t\t\t\t\t\t<\/div>\n\t\t\t\t<\/div>\n\t\t\t\t<\/div>\n\t\t\t\t\t<\/div>\n\t\t\t\t<\/div>\n\t\t<div class=\"elementor-element elementor-element-665be4a e-flex e-con-boxed e-con e-parent\" data-id=\"665be4a\" data-element_type=\"container\" data-e-type=\"container\">\n\t\t\t\t\t<div class=\"e-con-inner\">\n\t\t<div class=\"elementor-element elementor-element-413ada3 e-con-full e-flex e-con e-child\" data-id=\"413ada3\" data-element_type=\"container\" data-e-type=\"container\">\n\t\t\t\t<div class=\"elementor-element elementor-element-c59f560 elementor-position-top elementor-widget elementor-widget-image-box\" data-id=\"c59f560\" data-element_type=\"widget\" data-e-type=\"widget\" data-widget_type=\"image-box.default\">\n\t\t\t\t<div class=\"elementor-widget-container\">\n\t\t\t\t\t<div class=\"elementor-image-box-wrapper\"><figure class=\"elementor-image-box-img\"><a href=\"https:\/\/locations-06.fr\/de\/le-bonheur-orange\/\" tabindex=\"-1\"><img decoding=\"async\" src=\"https:\/\/locations-06.fr\/wp-content\/uploads\/elementor\/thumbs\/20230807_140650-location-louer-appartement-villa-jardin-sophia-antipolis-cannes-grasse-antibes-valbonne-bo-qwwbif4p06un7pstnjmg1oc1a7v4gfgrp2np6h7er4.jpg\" title=\"20230807_140650-location-louer-appartement-villa-jardin-sophia-antipolis-cannes-grasse-antibes-valbonne-bo\" alt=\"20230807_140650-location-louer-appartement-villa-jardin-sophia-antipolis-cannes-grasse-antibes-valbonne-bo\" loading=\"lazy\" \/><\/a><\/figure><div class=\"elementor-image-box-content\"><h2 class=\"elementor-image-box-title\"><a href=\"https:\/\/locations-06.fr\/de\/le-bonheur-orange\/\">Le Bonheur orang\u00e9<\/a><\/h2><p class=\"elementor-image-box-description\">3 Schlafzimmer - 8 pers. - 90 m\u00b2 <h3 class=\"accueil-h3\">Wohnung in einer Villa mit privatem Garten<\/br>3 Schlafzimmer im Pays de Grasse an der<\/br>C\u00f4te d'Azur<\/br>\nRuhige und gesch\u00fctzte Umgebung<\/h3><\/p><\/div><\/div>\t\t\t\t<\/div>\n\t\t\t\t<\/div>\n\t\t\t\t<div class=\"elementor-element elementor-element-6d16ff3 elementor-align-center elementor-widget elementor-widget-button\" data-id=\"6d16ff3\" data-element_type=\"widget\" data-e-type=\"widget\" data-widget_type=\"button.default\">\n\t\t\t\t<div class=\"elementor-widget-container\">\n\t\t\t\t\t\t\t\t\t<div class=\"elementor-button-wrapper\">\n\t\t\t\t\t<a class=\"elementor-button elementor-button-link elementor-size-sm\" href=\"https:\/\/locations-06.fr\/de\/le-bonheur-orange\/\">\n\t\t\t\t\t\t<span class=\"elementor-button-content-wrapper\">\n\t\t\t\t\t\t\t\t\t<span class=\"elementor-button-text\">Entdecken<\/span>\n\t\t\t\t\t<\/span>\n\t\t\t\t\t<\/a>\n\t\t\t\t<\/div>\n\t\t\t\t\t\t\t\t<\/div>\n\t\t\t\t<\/div>\n\t\t\t\t<\/div>\n\t\t<div class=\"elementor-element elementor-element-999fc68 e-con-full e-flex e-con e-child\" data-id=\"999fc68\" data-element_type=\"container\" data-e-type=\"container\">\n\t\t\t\t<div class=\"elementor-element elementor-element-cba41ca elementor-position-top elementor-widget elementor-widget-image-box\" data-id=\"cba41ca\" data-element_type=\"widget\" data-e-type=\"widget\" data-widget_type=\"image-box.default\">\n\t\t\t\t<div class=\"elementor-widget-container\">\n\t\t\t\t\t<div class=\"elementor-image-box-wrapper\"><figure class=\"elementor-image-box-img\"><a href=\"https:\/\/locations-06.fr\/de\/la-maison-du-paysan\/\" tabindex=\"-1\"><img decoding=\"async\" src=\"https:\/\/locations-06.fr\/wp-content\/uploads\/elementor\/thumbs\/location-maison-vancances-cote-dazur-direct-proprietaire-accueil-rfzu5lkz0set3mx33psgvkw2yu0zygq2cchmtq984w.jpg\" title=\"location-maison-vancances-cote-dazur-direct-proprietaire-accueil\" alt=\"location-maison-vancances-cote-dazur-direct-proprietaire-accueil\" loading=\"lazy\" \/><\/a><\/figure><div class=\"elementor-image-box-content\"><h2 class=\"elementor-image-box-title\"><a href=\"https:\/\/locations-06.fr\/de\/la-maison-du-paysan\/\">La Maison du Paysan<\/a><\/h2><p class=\"elementor-image-box-description\">3 Schlafzimmer - 8 pers.\n- 70 m\u00b2 <h3 class=\"accueil-h3\">Freistehende Villa<\/br>, m\u00f6blierte 4-Sterne-Touristenunterkunft<\/br>, 3 Schlafzimmer im Pays de Grasse\nan der franz\u00f6sischen Riviera<\/br>\nRuhige und gesch\u00fctzte Umgebung<\/h3><\/p><\/div><\/div>\t\t\t\t<\/div>\n\t\t\t\t<\/div>\n\t\t\t\t<div class=\"elementor-element elementor-element-2dedb6b elementor-align-center elementor-widget elementor-widget-button\" data-id=\"2dedb6b\" data-element_type=\"widget\" data-e-type=\"widget\" data-widget_type=\"button.default\">\n\t\t\t\t<div class=\"elementor-widget-container\">\n\t\t\t\t\t\t\t\t\t<div class=\"elementor-button-wrapper\">\n\t\t\t\t\t<a class=\"elementor-button elementor-button-link elementor-size-sm\" href=\"https:\/\/locations-06.fr\/de\/la-maison-du-paysan\/\">\n\t\t\t\t\t\t<span class=\"elementor-button-content-wrapper\">\n\t\t\t\t\t\t\t\t\t<span class=\"elementor-button-text\">Entdecken<\/span>\n\t\t\t\t\t<\/span>\n\t\t\t\t\t<\/a>\n\t\t\t\t<\/div>\n\t\t\t\t\t\t\t\t<\/div>\n\t\t\t\t<\/div>\n\t\t\t\t<\/div>\n\t\t<div class=\"elementor-element elementor-element-0e6905c e-con-full e-flex e-con e-child\" data-id=\"0e6905c\" data-element_type=\"container\" data-e-type=\"container\">\n\t\t\t\t<div class=\"elementor-element elementor-element-8dc13ba elementor-position-top elementor-widget elementor-widget-image-box\" data-id=\"8dc13ba\" data-element_type=\"widget\" data-e-type=\"widget\" data-widget_type=\"image-box.default\">\n\t\t\t\t<div class=\"elementor-widget-container\">\n\t\t\t\t\t<div class=\"elementor-image-box-wrapper\"><figure class=\"elementor-image-box-img\"><a href=\"https:\/\/locations-06.fr\/de\/les-oliviers\/\" tabindex=\"-1\"><img decoding=\"async\" src=\"https:\/\/locations-06.fr\/wp-content\/uploads\/elementor\/thumbs\/DSC00643-gite-de-france-cote-d-azur-appartement-cannes-nice-piscine-accueil1-qwwbig2j70vxjbrgi212m63hvlqho4ki17b6nr60kw.jpg\" title=\"Les Oliviers\" alt=\"Les Oliviers\" loading=\"lazy\" \/><\/a><\/figure><div class=\"elementor-image-box-content\"><h2 class=\"elementor-image-box-title\"><a href=\"https:\/\/locations-06.fr\/de\/les-oliviers\/\">Les Oliviers<\/a><\/h2><p class=\"elementor-image-box-description\">1 Schlafzimmer - 5 pers.\n- 35 m\u00b2 <h3 class=\"accueil-h3\"> Vermietung an der C\u00f4te d'Azur<\/br>2-Sterne-m\u00f6blierte Touristenunterkunft<\/br>\nFerienwohnung mit Swimmingpool<\/br>\nin der N\u00e4he von Cannes, Nizza und Antibes<\/h3><\/p><\/div><\/div>\t\t\t\t<\/div>\n\t\t\t\t<\/div>\n\t\t\t\t<div class=\"elementor-element elementor-element-cfe03ca elementor-align-center elementor-widget elementor-widget-button\" data-id=\"cfe03ca\" data-element_type=\"widget\" data-e-type=\"widget\" data-widget_type=\"button.default\">\n\t\t\t\t<div class=\"elementor-widget-container\">\n\t\t\t\t\t\t\t\t\t<div class=\"elementor-button-wrapper\">\n\t\t\t\t\t<a class=\"elementor-button elementor-button-link elementor-size-sm\" href=\"https:\/\/locations-06.fr\/de\/les-oliviers\/\">\n\t\t\t\t\t\t<span class=\"elementor-button-content-wrapper\">\n\t\t\t\t\t\t\t\t\t<span class=\"elementor-button-text\">Entdecken<\/span>\n\t\t\t\t\t<\/span>\n\t\t\t\t\t<\/a>\n\t\t\t\t<\/div>\n\t\t\t\t\t\t\t\t<\/div>\n\t\t\t\t<\/div>\n\t\t\t\t<\/div>\n\t\t<div class=\"elementor-element elementor-element-586291d e-con-full e-flex e-con e-child\" data-id=\"586291d\" data-element_type=\"container\" data-e-type=\"container\">\n\t\t\t\t<div class=\"elementor-element elementor-element-0c2e230 elementor-position-top elementor-widget elementor-widget-image-box\" data-id=\"0c2e230\" data-element_type=\"widget\" data-e-type=\"widget\" data-widget_type=\"image-box.default\">\n\t\t\t\t<div class=\"elementor-widget-container\">\n\t\t\t\t\t<div class=\"elementor-image-box-wrapper\"><figure class=\"elementor-image-box-img\"><a href=\"#\" tabindex=\"-1\"><img decoding=\"async\" src=\"https:\/\/locations-06.fr\/wp-content\/uploads\/elementor\/thumbs\/louer-locations-appartement-cannes-a-vendre-06-alpes-maritimes-accueil-chenes-20251111-135324-rejvmhgft08n0yqn8ihomvd8j5yaby3ueoanl4ms1c.jpg\" title=\"xr:d:DAFaAR_X14M:11,j:46654068446,t:23020818\" alt=\"xr:d:DAFaAR_X14M:11,j:46654068446,t:23020818\" loading=\"lazy\" \/><\/a><\/figure><div class=\"elementor-image-box-content\"><h2 class=\"elementor-image-box-title\"><a href=\"#\">Cannes Holidays Rental<\/a><\/h2><p class=\"elementor-image-box-description\">2 Schlafzimmer - 4 pers.\n- 57 m\u00b2 <h3 class=\"accueil-h3\"> Komfortable, klimatisierte Wohnung <\/br> Vermietung an der C\u00f4te d'Azur in Cannes<\/h3><\/p><\/div><\/div>\t\t\t\t<\/div>\n\t\t\t\t<\/div>\n\t\t\t\t<\/div>\n\t\t\t\t\t<\/div>\n\t\t\t\t<\/div>\n\t\t<div class=\"elementor-element elementor-element-745b557 e-flex e-con-boxed e-con e-parent\" data-id=\"745b557\" data-element_type=\"container\" data-e-type=\"container\">\n\t\t\t\t\t<div class=\"e-con-inner\">\n\t\t\t\t<div class=\"elementor-element elementor-element-817f878 elementor-widget elementor-widget-text-editor\" data-id=\"817f878\" data-element_type=\"widget\" data-e-type=\"widget\" data-widget_type=\"text-editor.default\">\n\t\t\t\t<div class=\"elementor-widget-container\">\n\t\t\t\t\t\t\t\t\t<p><img decoding=\"async\" class=\"entered lazyloaded\" title=\"\" src=\"https:\/\/cl.avis-verifies.com\/fr\/cache\/0\/f\/0\/0f0ac81b-848a-0594-79f1-0f52a1fa41a8\/widget3\/widget20-22431.png\" alt=\"Bewertungen von unseren Locations-06.fr-Kunden\" data-lazy-src=\"https:\/\/cl.avis-verifies.com\/fr\/cache\/0\/f\/0\/0f0ac81b-848a-0594-79f1-0f52a1fa41a8\/widget3\/widget20-22431.png\" data-ll-status=\"loaded\"><\/p>\t\t\t\t\t\t\t\t<\/div>\n\t\t\t\t<\/div>\n\t\t\t\t\t<\/div>\n\t\t\t\t<\/div>\n\t\t<div class=\"elementor-element elementor-element-df633aa e-flex e-con-boxed e-con e-parent\" data-id=\"df633aa\" data-element_type=\"container\" data-e-type=\"container\">\n\t\t\t\t\t<div class=\"e-con-inner\">\n\t\t<div class=\"elementor-element elementor-element-9580e51 e-con-full e-flex e-con e-child\" data-id=\"9580e51\" data-element_type=\"container\" data-e-type=\"container\">\n\t\t\t\t<div class=\"elementor-element elementor-element-39c3813 elementor-widget-divider--view-line elementor-widget elementor-widget-divider\" data-id=\"39c3813\" data-element_type=\"widget\" data-e-type=\"widget\" data-widget_type=\"divider.default\">\n\t\t\t\t<div class=\"elementor-widget-container\">\n\t\t\t\t\t\t\t<div class=\"elementor-divider\">\n\t\t\t<span class=\"elementor-divider-separator\">\n\t\t\t\t\t\t<\/span>\n\t\t<\/div>\n\t\t\t\t\t\t<\/div>\n\t\t\t\t<\/div>\n\t\t\t\t<div class=\"elementor-element elementor-element-def508d elementor-widget elementor-widget-text-editor\" data-id=\"def508d\" data-element_type=\"widget\" data-e-type=\"widget\" data-widget_type=\"text-editor.default\">\n\t\t\t\t<div class=\"elementor-widget-container\">\n\t\t\t\t\t\t\t\t\t<h2 style=\"font-size: 35px; font-family: 'Courgette',handwriting;\">Kontakt \/ Reservierung<\/h2><p>M\u00f6chten Sie ein Ferienhaus buchen oder weitere Informationen erhalten?  <\/p><p>F\u00fcr Informationsanfragen stehen wir Ihnen gerne zur Verf\u00fcgung.<\/p><p>F\u00fcllen Sie einfach das untenstehende Formular aus.<\/p>\t\t\t\t\t\t\t\t<\/div>\n\t\t\t\t<\/div>\n\t\t\t\t<div class=\"elementor-element elementor-element-b34a4b8 elementor-widget elementor-widget-text-editor\" data-id=\"b34a4b8\" data-element_type=\"widget\" data-e-type=\"widget\" data-widget_type=\"text-editor.default\">\n\t\t\t\t<div class=\"elementor-widget-container\">\n\t\t\t\t\t\t\t\t\t\n<div class=\"wpcf7 no-js\" id=\"wpcf7-f29808-o1\" lang=\"de-DE\" dir=\"ltr\" data-wpcf7-id=\"29808\">\n<div class=\"screen-reader-response\"><p role=\"status\" aria-live=\"polite\" aria-atomic=\"true\"><\/p> <ul><\/ul><\/div>\n<form action=\"\/de\/wp-json\/wp\/v2\/pages\/12608#wpcf7-f29808-o1\" method=\"post\" class=\"wpcf7-form init\" aria-label=\"Kontaktformular\" novalidate=\"novalidate\" data-status=\"init\">\n<fieldset class=\"hidden-fields-container\"><input type=\"hidden\" name=\"_wpcf7\" value=\"29808\" \/><input type=\"hidden\" name=\"_wpcf7_version\" value=\"6.1.5\" \/><input type=\"hidden\" name=\"_wpcf7_locale\" value=\"de_DE\" \/><input type=\"hidden\" name=\"_wpcf7_unit_tag\" value=\"wpcf7-f29808-o1\" \/><input type=\"hidden\" name=\"_wpcf7_container_post\" value=\"0\" \/><input type=\"hidden\" name=\"_wpcf7_posted_data_hash\" value=\"\" \/>\n<\/fieldset>\n<p><label> Ihr Name *<br \/>\n<span class=\"wpcf7-form-control-wrap\" data-name=\"your-name\"><input size=\"40\" maxlength=\"400\" class=\"wpcf7-form-control wpcf7-text wpcf7-validates-as-required\" aria-required=\"true\" aria-invalid=\"false\" value=\"\" type=\"text\" name=\"your-name\" \/><\/span> <\/label>\n<\/p>\n<p><label> Ihre E-Mail-Adresse *<br \/>\n<span class=\"wpcf7-form-control-wrap\" data-name=\"your-email\"><input size=\"40\" maxlength=\"400\" class=\"wpcf7-form-control wpcf7-email wpcf7-validates-as-required wpcf7-text wpcf7-validates-as-email\" aria-required=\"true\" aria-invalid=\"false\" value=\"\" type=\"email\" name=\"your-email\" \/><\/span> <\/label>\n<\/p>\n<p><label> Ihre Telefonnummer *<br \/>\n<span class=\"wpcf7-form-control-wrap\" data-name=\"your-phone\"><input size=\"40\" maxlength=\"400\" class=\"wpcf7-form-control wpcf7-tel wpcf7-validates-as-required wpcf7-text wpcf7-validates-as-tel\" aria-required=\"true\" aria-invalid=\"false\" value=\"\" type=\"tel\" name=\"your-phone\" \/><\/span> <\/label>\n<\/p>\n<p><label> Ihre Nachricht *<br \/>\n<span class=\"wpcf7-form-control-wrap\" data-name=\"your-message\"><textarea cols=\"40\" rows=\"10\" maxlength=\"2000\" class=\"wpcf7-form-control wpcf7-textarea wpcf7-validates-as-required\" aria-required=\"true\" aria-invalid=\"false\" name=\"your-message\"><\/textarea><\/span> <\/label>\n<\/p>\n<p><div id=\"cf7sr-69f1fccee22b6\" class=\"cf7sr-g-recaptcha\" data-theme=\"light\" data-type=\"image\" data-size=\"normal\" data-sitekey=\"6Lca-BATAAAAAITb8aB_ZCFAF7YMWfdfTMzEQwFF\"><\/div><span class=\"wpcf7-form-control-wrap cf7sr-recaptcha\" data-name=\"cf7sr-recaptcha\"><input type=\"hidden\" name=\"cf7sr-recaptcha\" value=\"\" class=\"wpcf7-form-control\"><\/span>\n<\/p>\n<p><input class=\"wpcf7-form-control wpcf7-submit has-spinner\" type=\"submit\" value=\"Senden Sie\" \/>\n<\/p><div class=\"wpcf7-response-output\" aria-hidden=\"true\"><\/div>\n<\/form>\n<\/div>\n\t\t\t\t\t\t\t\t<\/div>\n\t\t\t\t<\/div>\n\t\t\t\t<\/div>\n\t\t<div class=\"elementor-element elementor-element-fc25b39 e-con-full e-flex e-con e-child\" data-id=\"fc25b39\" data-element_type=\"container\" data-e-type=\"container\">\n\t\t\t\t<div class=\"elementor-element elementor-element-c39bc9f elementor-widget elementor-widget-text-editor\" data-id=\"c39bc9f\" data-element_type=\"widget\" data-e-type=\"widget\" data-widget_type=\"text-editor.default\">\n\t\t\t\t<div class=\"elementor-widget-container\">\n\t\t\t\t\t\t\t\t\t<div class=\"wpb_column vc_column_container vc_col-sm-6\"><div class=\"vc_column-inner\"><div class=\"wpb_wrapper\"><div class=\"wpb_text_column wpb_content_element \"><div class=\"wpb_wrapper\"><div><p><strong>Kontaktiere uns :<\/strong><\/p><p class=\"section-hero-header-title\"><strong>Telefon<\/strong>: <a href=\"tel:0493429358\">+33 (0)4 93 42 93 58<\/a><br><strong>GSM<\/strong> : <a href=\"tel:0632755107\">+33 (0)6 32 75 51 07<\/a><br><strong>E-mail<\/strong> : <a href=\"mailto:pascale.codera@wanadoo.fr\">pascale.codera@wanadoo.fr<\/a><\/p><\/div><\/div><\/div><\/div><\/div><\/div>\t\t\t\t\t\t\t\t<\/div>\n\t\t\t\t<\/div>\n\t\t\t\t<div class=\"elementor-element elementor-element-5f7b963 elementor-widget elementor-widget-text-editor\" data-id=\"5f7b963\" data-element_type=\"widget\" data-e-type=\"widget\" data-widget_type=\"text-editor.default\">\n\t\t\t\t<div class=\"elementor-widget-container\">\n\t\t\t\t\t\t\t\t\t<iframe style=\"border: none; overflow: hidden;\" src=\"https:\/\/www.facebook.com\/plugins\/page.php?href=https%3A%2F%2Fwww.facebook.com%2Fpascalecodera0632755107%2F&amp;tabs=timeline&amp;width=340&amp;height=500&amp;small_header=false&amp;adapt_container_width=true&amp;hide_cover=false&amp;show_facepile=true&amp;appId\" width=\"340\" height=\"500\" frameborder=\"0\" scrolling=\"no\" allowfullscreen=\"allowfullscreen\"><\/iframe>\n\n<iframe style=\"border: none; overflow: hidden;\" src=\"https:\/\/www.facebook.com\/plugins\/share_button.php?href=https%3A%2F%2Fwww.facebook.com%2Fpascalecodera0632755107&amp;layout=button_count&amp;size=large&amp;width=120&amp;height=28&amp;appId\" width=\"120\" height=\"28\" frameborder=\"0\" scrolling=\"no\" allowfullscreen=\"allowfullscreen\"><\/iframe>\n\n<iframe id=\"twitter-widget-0\" class=\"twitter-follow-button twitter-follow-button-rendered\" style=\"position: static; visibility: visible; width: 154px; height: 20px;\" title=\"Twitter Follow Button\" src=\"https:\/\/platform.twitter.com\/widgets\/follow_button.21f942bb866c2823339b839747a0c50c.fr.html#dnt=false&amp;id=twitter-widget-0&amp;lang=fr&amp;screen_name=locations06&amp;show_count=false&amp;show_screen_name=true&amp;size=m&amp;time=1638799871713\" frameborder=\"0\" scrolling=\"no\" allowfullscreen=\"allowfullscreen\" data-screen-name=\"locations06\"><\/iframe>\t\t\t\t\t\t\t\t<\/div>\n\t\t\t\t<\/div>\n\t\t\t\t<\/div>\n\t\t\t\t\t<\/div>\n\t\t\t\t<\/div>\n\t\t<div class=\"elementor-element elementor-element-60cddf6 e-flex e-con-boxed e-con e-parent\" data-id=\"60cddf6\" data-element_type=\"container\" data-e-type=\"container\">\n\t\t\t\t\t<div class=\"e-con-inner\">\n\t\t\t\t<div class=\"elementor-element elementor-element-fc9db6d elementor-widget-divider--view-line elementor-widget elementor-widget-divider\" data-id=\"fc9db6d\" data-element_type=\"widget\" data-e-type=\"widget\" data-widget_type=\"divider.default\">\n\t\t\t\t<div class=\"elementor-widget-container\">\n\t\t\t\t\t\t\t<div class=\"elementor-divider\">\n\t\t\t<span class=\"elementor-divider-separator\">\n\t\t\t\t\t\t<\/span>\n\t\t<\/div>\n\t\t\t\t\t\t<\/div>\n\t\t\t\t<\/div>\n\t\t\t\t\t<\/div>\n\t\t\t\t<\/div>\n\t\t<div class=\"elementor-element elementor-element-391bfe8 e-flex e-con-boxed e-con e-parent\" data-id=\"391bfe8\" data-element_type=\"container\" data-e-type=\"container\">\n\t\t\t\t\t<div class=\"e-con-inner\">\n\t\t\t\t<div class=\"elementor-element elementor-element-20abbb8 elementor-widget elementor-widget-heading\" data-id=\"20abbb8\" data-element_type=\"widget\" data-e-type=\"widget\" data-widget_type=\"heading.default\">\n\t\t\t\t<div class=\"elementor-widget-container\">\n\t\t\t\t\t<h2 class=\"elementor-heading-title elementor-size-default\">Ihr Urlaub an der C\u00f4te d\u2019Azur<\/h2>\t\t\t\t<\/div>\n\t\t\t\t<\/div>\n\t\t\t\t\t<\/div>\n\t\t\t\t<\/div>\n\t\t<div class=\"elementor-element elementor-element-4eae651 e-flex e-con-boxed e-con e-parent\" data-id=\"4eae651\" data-element_type=\"container\" data-e-type=\"container\">\n\t\t\t\t\t<div class=\"e-con-inner\">\n\t\t\t\t<div class=\"elementor-element elementor-element-a1beb22 elementor-widget elementor-widget-text-editor\" data-id=\"a1beb22\" data-element_type=\"widget\" data-e-type=\"widget\" data-widget_type=\"text-editor.default\">\n\t\t\t\t<div class=\"elementor-widget-container\">\n\t\t\t\t\t\t\t\t\t<p>Unsere Besucher entdecken, Stress abbauen, Spa\u00df haben\u2026 <\/p>\t\t\t\t\t\t\t\t<\/div>\n\t\t\t\t<\/div>\n\t\t\t\t\t<\/div>\n\t\t\t\t<\/div>\n\t\t<div class=\"elementor-element elementor-element-cd7a78e e-flex e-con-boxed e-con e-parent\" data-id=\"cd7a78e\" data-element_type=\"container\" data-e-type=\"container\">\n\t\t\t\t\t<div class=\"e-con-inner\">\n\t\t<div class=\"elementor-element elementor-element-633ca96 e-con-full e-flex e-con e-child\" data-id=\"633ca96\" data-element_type=\"container\" data-e-type=\"container\">\n\t\t\t\t<div class=\"elementor-element elementor-element-3d8826b elementor-position-top elementor-widget elementor-widget-image-box\" data-id=\"3d8826b\" data-element_type=\"widget\" data-e-type=\"widget\" data-widget_type=\"image-box.default\">\n\t\t\t\t<div class=\"elementor-widget-container\">\n\t\t\t\t\t<div class=\"elementor-image-box-wrapper\"><figure class=\"elementor-image-box-img\"><img decoding=\"async\" src=\"https:\/\/locations-06.fr\/wp-content\/uploads\/12.-Ext-3-vacances-gites-de-france-appartements-louer-cote-azur-06-paca-alpes-maritimes-calme-famille-eugenie.jpg\" title=\"G\u00eetes, appartements et villas\" alt=\"G\u00eetes, appartements et villas\" loading=\"lazy\" \/><\/figure><div class=\"elementor-image-box-content\"><h2 class=\"elementor-image-box-title\">Ferienh\u00e4user, Apartments und Villen<\/h2><p class=\"elementor-image-box-description\"><p style=\"text-align: center;color:#3f3f3f\"><strong>7 Ferienunterk\u00fcnfte an der C\u00f4te d'Azur<\/strong>: <strong>Ferienh\u00e4user<\/strong>, <strong>Apartments <\/strong>oder <strong>freistehende <\/strong><strong>Villen <\/strong>Ihrer Wahl f\u00fcr Ihren <strong>Urlaub <\/strong>in der Region Provence-Alpes-C\u00f4te d'Azur.<br>Unsere komfortablen Unterk\u00fcnfte liegen zwischen Meer und Bergen, in der N\u00e4he von <strong>Cannes<\/strong>, <strong>Grasse<\/strong>, <strong>Nizza <\/strong>und <strong>St. Paul de Vence<\/strong>.<\/p><\/p><\/div><\/div>\t\t\t\t<\/div>\n\t\t\t\t<\/div>\n\t\t\t\t<\/div>\n\t\t<div class=\"elementor-element elementor-element-e795cc0 e-con-full e-flex e-con e-child\" data-id=\"e795cc0\" data-element_type=\"container\" data-e-type=\"container\">\n\t\t\t\t<div class=\"elementor-element elementor-element-56dd0c1 elementor-position-top elementor-widget elementor-widget-image-box\" data-id=\"56dd0c1\" data-element_type=\"widget\" data-e-type=\"widget\" data-widget_type=\"image-box.default\">\n\t\t\t\t<div class=\"elementor-widget-container\">\n\t\t\t\t\t<div class=\"elementor-image-box-wrapper\"><figure class=\"elementor-image-box-img\"><img decoding=\"async\" src=\"https:\/\/locations-06.fr\/wp-content\/uploads\/tomates1.jpg\" title=\"Agritourisme en Provence\" alt=\"Agritourisme en Provence\" loading=\"lazy\" \/><\/figure><div class=\"elementor-image-box-content\"><h2 class=\"elementor-image-box-title\">Agrotourismus in der Provence<\/h2><p class=\"elementor-image-box-description\"><p>Erleben Sie authentischen Agrotourismus in der Provence-Alpes-C\u00f4te d'Azur.<\/br> Wir pflegen unsere landwirtschaftlichen Traditionen (Orangen- und Olivenb\u00e4ume etc.) und entwickeln biologische und handwerkliche Anbaumethoden weiter: Marmeladen, Sirupe, aromatisierte Honige sowie die Destillation von Centifolia-Rosenwasser und Orangenbl\u00fctenwasser.<\/br> <strong>Profitieren Sie von einem Rabatt auf Ihre Eink\u00e4ufe bei uns!<\/strong><\/p><\/p><\/div><\/div>\t\t\t\t<\/div>\n\t\t\t\t<\/div>\n\t\t\t\t<\/div>\n\t\t<div class=\"elementor-element elementor-element-1c35467 e-con-full e-flex e-con e-child\" data-id=\"1c35467\" data-element_type=\"container\" data-e-type=\"container\">\n\t\t\t\t<div class=\"elementor-element elementor-element-9a15382 elementor-position-top elementor-widget elementor-widget-image-box\" data-id=\"9a15382\" data-element_type=\"widget\" data-e-type=\"widget\" data-widget_type=\"image-box.default\">\n\t\t\t\t<div class=\"elementor-widget-container\">\n\t\t\t\t\t<div class=\"elementor-image-box-wrapper\"><figure class=\"elementor-image-box-img\"><img decoding=\"async\" src=\"https:\/\/locations-06.fr\/wp-content\/uploads\/elementor\/thumbs\/20180504_114731-appartements-sejourner-locations-vacances-cote-d-azur-06-cannes-grasse-calme-famille-dogfriendly-nh-20251111-140520-rejw56gvqdtjm5g21cbu96g9lcw5j3xttrjts6ceyc.jpg\" title=\"20180504_114731-appartements-sejourner-locations-vacances-cote-d-azur-06-cannes-grasse-calme-famille-dogfriendly-nh\" alt=\"20180504_114731-appartements-sejourner-locations-vacances-cote-d-azur-06-cannes-grasse-calme-famille-dogfriendly-nh\" loading=\"lazy\" \/><\/figure><div class=\"elementor-image-box-content\"><h2 class=\"elementor-image-box-title\">Eine kleine Oase der Ruhe<\/h2><p class=\"elementor-image-box-description\"><p style=\"text-align: center;color:#3f3f3f\"><strong>Erleben Sie einen authentischen Urlaub!<br><\/strong>Wir hei\u00dfen Sie pers\u00f6nlich willkommen und Ihnen steht ein voll ausgestattetes, ger\u00e4umiges und <strong>unabh\u00e4ngiges Ferienhaus zur Verf\u00fcgung.<\/strong> Plus qu\u2019une chambre d\u2019h\u00f4tes, b\u00e9n\u00e9ficiez d\u2019un <strong>excellent rapport qualit\u00e9 prix<\/strong> pour vos <strong>vacances en g\u00eete dans le 06&nbsp;<\/strong> <\/p><\/p><\/div><\/div>\t\t\t\t<\/div>\n\t\t\t\t<\/div>\n\t\t\t\t<\/div>\n\t\t\t\t\t<\/div>\n\t\t\t\t<\/div>\n\t\t<div class=\"elementor-element elementor-element-58ba702 e-flex e-con-boxed e-con e-parent\" data-id=\"58ba702\" data-element_type=\"container\" data-e-type=\"container\">\n\t\t\t\t\t<div class=\"e-con-inner\">\n\t\t<div class=\"elementor-element elementor-element-0367490 e-con-full e-flex e-con e-child\" data-id=\"0367490\" data-element_type=\"container\" data-e-type=\"container\">\n\t\t\t\t<div class=\"elementor-element elementor-element-0efc571 elementor-widget elementor-widget-video\" data-id=\"0efc571\" data-element_type=\"widget\" data-e-type=\"widget\" data-settings=\"{&quot;youtube_url&quot;:&quot;https:\\\/\\\/youtu.be\\\/0H8B0ui083s&quot;,&quot;video_type&quot;:&quot;youtube&quot;,&quot;controls&quot;:&quot;yes&quot;}\" data-widget_type=\"video.default\">\n\t\t\t\t<div class=\"elementor-widget-container\">\n\t\t\t\t\t\t\t<div class=\"elementor-wrapper elementor-open-inline\">\n\t\t\t<div class=\"elementor-video\"><\/div>\t\t<\/div>\n\t\t\t\t\t\t<\/div>\n\t\t\t\t<\/div>\n\t\t\t\t<\/div>\n\t\t<div class=\"elementor-element elementor-element-114c268 e-con-full e-flex e-con e-child\" data-id=\"114c268\" data-element_type=\"container\" data-e-type=\"container\">\n\t\t\t\t<div class=\"elementor-element elementor-element-d95fefa elementor-widget elementor-widget-image\" data-id=\"d95fefa\" data-element_type=\"widget\" data-e-type=\"widget\" data-widget_type=\"image.default\">\n\t\t\t\t<div class=\"elementor-widget-container\">\n\t\t\t\t\t\t\t\t\t\t\t\t\t\t\t<img decoding=\"async\" src=\"https:\/\/locations-06.fr\/wp-content\/uploads\/elementor\/thumbs\/jingle-meilleur-prix1-qwwbipgpytcposqe69l1q6s7gmxwi7yjsg5s8ak0wg.png\" title=\"Meilleurs tarifs garantis locations-06\" alt=\"Meilleurs tarifs garantis locations-06\" loading=\"lazy\" \/>\t\t\t\t\t\t\t\t\t\t\t\t\t\t\t<\/div>\n\t\t\t\t<\/div>\n\t\t\t\t<\/div>\n\t\t<div class=\"elementor-element elementor-element-cc16b17 e-con-full e-flex e-con e-child\" data-id=\"cc16b17\" data-element_type=\"container\" data-e-type=\"container\">\n\t\t\t\t<div class=\"elementor-element elementor-element-a8de70c elementor-widget elementor-widget-video\" data-id=\"a8de70c\" data-element_type=\"widget\" data-e-type=\"widget\" data-settings=\"{&quot;youtube_url&quot;:&quot;https:\\\/\\\/youtu.be\\\/X9TcVr1G98w&quot;,&quot;video_type&quot;:&quot;youtube&quot;,&quot;controls&quot;:&quot;yes&quot;}\" data-widget_type=\"video.default\">\n\t\t\t\t<div class=\"elementor-widget-container\">\n\t\t\t\t\t\t\t<div class=\"elementor-wrapper elementor-open-inline\">\n\t\t\t<div class=\"elementor-video\"><\/div>\t\t<\/div>\n\t\t\t\t\t\t<\/div>\n\t\t\t\t<\/div>\n\t\t\t\t<\/div>\n\t\t\t\t\t<\/div>\n\t\t\t\t<\/div>\n\t\t<div class=\"elementor-element elementor-element-e17cc03 e-flex e-con-boxed e-con e-parent\" data-id=\"e17cc03\" data-element_type=\"container\" data-e-type=\"container\">\n\t\t\t\t\t<div class=\"e-con-inner\">\n\t\t<div class=\"elementor-element elementor-element-6caecb7 e-con-full e-flex e-con e-child\" data-id=\"6caecb7\" data-element_type=\"container\" data-e-type=\"container\">\n\t\t\t\t<div class=\"elementor-element elementor-element-69dc291 elementor-widget elementor-widget-text-editor\" data-id=\"69dc291\" data-element_type=\"widget\" data-e-type=\"widget\" data-widget_type=\"text-editor.default\">\n\t\t\t\t<div class=\"elementor-widget-container\">\n\t\t\t\t\t\t\t\t\t<p><img decoding=\"async\" class=\"entered lazyloaded\" title=\"\" src=\"https:\/\/cl.avis-verifies.com\/fr\/cache\/0\/f\/0\/0f0ac81b-848a-0594-79f1-0f52a1fa41a8\/widget3\/widget20-22431.png\" alt=\"Bewertungen von unseren Locations-06.fr-Kunden\" data-lazy-src=\"https:\/\/cl.avis-verifies.com\/fr\/cache\/0\/f\/0\/0f0ac81b-848a-0594-79f1-0f52a1fa41a8\/widget3\/widget20-22431.png\" data-ll-status=\"loaded\"><\/p>\t\t\t\t\t\t\t\t<\/div>\n\t\t\t\t<\/div>\n\t\t\t\t<\/div>\n\t\t<div class=\"elementor-element elementor-element-c65dec9 e-con-full e-flex e-con e-child\" data-id=\"c65dec9\" data-element_type=\"container\" data-e-type=\"container\">\n\t\t\t\t<div class=\"elementor-element elementor-element-4348243 elementor-widget elementor-widget-text-editor\" data-id=\"4348243\" data-element_type=\"widget\" data-e-type=\"widget\" data-widget_type=\"text-editor.default\">\n\t\t\t\t<div class=\"elementor-widget-container\">\n\t\t\t\t\t\t\t\t\t<p><img decoding=\"async\" class=\"entered lazyloaded\" title=\"\" src=\"https:\/\/www.charme-traditions.com\/images\/membre-charme-traditions_w.png\" alt=\"Charmes et traditions\" data-lazy-src=\"https:\/\/www.charme-traditions.com\/images\/membre-charme-traditions_w.png\" data-ll-status=\"loaded\"><\/p>\t\t\t\t\t\t\t\t<\/div>\n\t\t\t\t<\/div>\n\t\t\t\t<\/div>\n\t\t<div class=\"elementor-element elementor-element-bb794ed e-con-full e-flex e-con e-child\" data-id=\"bb794ed\" data-element_type=\"container\" data-e-type=\"container\">\n\t\t\t\t<div class=\"elementor-element elementor-element-4e2eb06 elementor-widget elementor-widget-image\" data-id=\"4e2eb06\" data-element_type=\"widget\" data-e-type=\"widget\" data-widget_type=\"image.default\">\n\t\t\t\t<div class=\"elementor-widget-container\">\n\t\t\t\t\t\t\t\t\t\t\t\t\t\t\t<img fetchpriority=\"high\" decoding=\"async\" width=\"1024\" height=\"466\" src=\"https:\/\/locations-06.fr\/wp-content\/uploads\/logo-cote-dazur-france-1024x466.png\" class=\"attachment-large size-large wp-image-18366\" alt=\"\" srcset=\"https:\/\/locations-06.fr\/wp-content\/uploads\/logo-cote-dazur-france-1024x466.png 1024w, https:\/\/locations-06.fr\/wp-content\/uploads\/logo-cote-dazur-france-300x136.png 300w, https:\/\/locations-06.fr\/wp-content\/uploads\/logo-cote-dazur-france-768x349.png 768w, https:\/\/locations-06.fr\/wp-content\/uploads\/logo-cote-dazur-france.png 1280w\" sizes=\"(max-width: 1024px) 100vw, 1024px\" \/>\t\t\t\t\t\t\t\t\t\t\t\t\t\t\t<\/div>\n\t\t\t\t<\/div>\n\t\t\t\t<\/div>\n\t\t\t\t\t<\/div>\n\t\t\t\t<\/div>\n\t\t\t\t<\/div>\n\t\t","protected":false},"excerpt":{"rendered":"<p>Unsere Ferienunterk\u00fcnfte direkt vom Eigent\u00fcmer: Villen, Apartments, Ferienh\u00e4user, m\u00f6blierte 4-Sterne-Unterk\u00fcnfte. Franz\u00f6sische Riviera, in der N\u00e4he von Grasse, Cannes und Nizza. Haustiere willkommen. Direktmieten von Privatpersonen. Provisionsfrei! Keine Geb\u00fchren! Authentische Aufenthalte in den Alpes-Maritimes,zwischen Meer, Natur und charmanten D\u00f6rfern Zwischen Meer und Bergen \u2013 g\u00f6nnen Sie sich mit Locations-06 einen einzigartigen Urlaub.Entdecken Sie unsere 4-Sterne-Ferienunterk\u00fcnfte direkt [&hellip;]<\/p>\n","protected":false},"author":2,"featured_media":7305,"parent":0,"menu_order":0,"comment_status":"closed","ping_status":"closed","template":"","meta":{"site-sidebar-layout":"no-sidebar","site-content-layout":"","ast-site-content-layout":"full-width-container","site-content-style":"default","site-sidebar-style":"default","ast-global-header-display":"","ast-banner-title-visibility":"","ast-main-header-display":"","ast-hfb-above-header-display":"","ast-hfb-below-header-display":"","ast-hfb-mobile-header-display":"","site-post-title":"disabled","ast-breadcrumbs-content":"","ast-featured-img":"disabled","footer-sml-layout":"","ast-disable-related-posts":"","theme-transparent-header-meta":"","adv-header-id-meta":"","stick-header-meta":"","header-above-stick-meta":"","header-main-stick-meta":"","header-below-stick-meta":"","astra-migrate-meta-layouts":"default","ast-page-background-enabled":"default","ast-page-background-meta":{"desktop":{"background-color":"var(--ast-global-color-4)","background-image":"","background-repeat":"repeat","background-position":"center center","background-size":"auto","background-attachment":"scroll","background-type":"","background-media":"","overlay-type":"","overlay-color":"","overlay-opacity":"","overlay-gradient":""},"tablet":{"background-color":"","background-image":"","background-repeat":"repeat","background-position":"center center","background-size":"auto","background-attachment":"scroll","background-type":"","background-media":"","overlay-type":"","overlay-color":"","overlay-opacity":"","overlay-gradient":""},"mobile":{"background-color":"","background-image":"","background-repeat":"repeat","background-position":"center center","background-size":"auto","background-attachment":"scroll","background-type":"","background-media":"","overlay-type":"","overlay-color":"","overlay-opacity":"","overlay-gradient":""}},"ast-content-background-meta":{"desktop":{"background-color":"var(--ast-global-color-5)","background-image":"","background-repeat":"repeat","background-position":"center center","background-size":"auto","background-attachment":"scroll","background-type":"","background-media":"","overlay-type":"","overlay-color":"","overlay-opacity":"","overlay-gradient":""},"tablet":{"background-color":"var(--ast-global-color-5)","background-image":"","background-repeat":"repeat","background-position":"center center","background-size":"auto","background-attachment":"scroll","background-type":"","background-media":"","overlay-type":"","overlay-color":"","overlay-opacity":"","overlay-gradient":""},"mobile":{"background-color":"var(--ast-global-color-5)","background-image":"","background-repeat":"repeat","background-position":"center center","background-size":"auto","background-attachment":"scroll","background-type":"","background-media":"","overlay-type":"","overlay-color":"","overlay-opacity":"","overlay-gradient":""}},"footnotes":""},"class_list":["post-12608","page","type-page","status-publish","has-post-thumbnail","hentry"],"yoast_head":"<!-- This site is optimized with the Yoast SEO plugin v27.5 - https:\/\/yoast.com\/product\/yoast-seo-wordpress\/ -->\n<title>Ferienwohnungen an der C\u00f4te d\u2019Azur, Ferienh\u00e4user in der Provence, Nizza, Cannes<\/title>\n<meta name=\"description\" content=\"C\u00f4te d&#039;Azur Ferienwohnungen und Ferienh\u00e4user an der ruhigen C\u00f4te d&#039;Azur, zwischen Meer und Bergen. Pers\u00f6nlicher und famili\u00e4rer Empfang, Bio-Garten.\" \/>\n<meta name=\"robots\" content=\"index, follow, max-snippet:-1, max-image-preview:large, max-video-preview:-1\" \/>\n<link rel=\"canonical\" href=\"https:\/\/locations-06.fr\/de\/\" \/>\n<meta property=\"og:locale\" content=\"de_DE\" \/>\n<meta property=\"og:type\" content=\"article\" \/>\n<meta property=\"og:title\" content=\"Ferienwohnungen an der C\u00f4te d\u2019Azur, Ferienh\u00e4user in der Provence, Nizza, Cannes\" \/>\n<meta property=\"og:description\" content=\"C\u00f4te d&#039;Azur Ferienwohnungen und Ferienh\u00e4user an der ruhigen C\u00f4te d&#039;Azur, zwischen Meer und Bergen. Pers\u00f6nlicher und famili\u00e4rer Empfang, Bio-Garten.\" \/>\n<meta property=\"og:url\" content=\"https:\/\/locations-06.fr\/de\/\" \/>\n<meta property=\"og:site_name\" content=\"Locations-06.fr\" \/>\n<meta property=\"article:publisher\" content=\"https:\/\/www.facebook.com\/pascalecodera0632755107\" \/>\n<meta property=\"article:modified_time\" content=\"2026-04-25T17:16:13+00:00\" \/>\n<meta property=\"og:image\" content=\"https:\/\/locations-06.fr\/wp-content\/uploads\/locations-06-vacances-cote-d-azur-gites-appartements-cannes-grasse-antibes1.png\" \/>\n\t<meta property=\"og:image:width\" content=\"375\" \/>\n\t<meta property=\"og:image:height\" content=\"220\" \/>\n\t<meta property=\"og:image:type\" content=\"image\/png\" \/>\n<meta name=\"twitter:card\" content=\"summary_large_image\" \/>\n<meta name=\"twitter:site\" content=\"@locations06\" \/>\n<meta name=\"twitter:label1\" content=\"Gesch\u00e4tzte Lesezeit\" \/>\n\t<meta name=\"twitter:data1\" content=\"8\u00a0Minuten\" \/>\n<script type=\"application\/ld+json\" class=\"yoast-schema-graph\">{\"@context\":\"https:\\\/\\\/schema.org\",\"@graph\":[{\"@type\":\"WebPage\",\"@id\":\"https:\\\/\\\/locations-06.fr\\\/de\\\/\",\"url\":\"https:\\\/\\\/locations-06.fr\\\/de\\\/\",\"name\":\"Ferienwohnungen an der C\u00f4te d\u2019Azur, Ferienh\u00e4user in der Provence, Nizza, Cannes\",\"isPartOf\":{\"@id\":\"https:\\\/\\\/locations-06.fr\\\/de\\\/#website\"},\"primaryImageOfPage\":{\"@id\":\"https:\\\/\\\/locations-06.fr\\\/de\\\/#primaryimage\"},\"image\":{\"@id\":\"https:\\\/\\\/locations-06.fr\\\/de\\\/#primaryimage\"},\"thumbnailUrl\":\"https:\\\/\\\/locations-06.fr\\\/wp-content\\\/uploads\\\/locations-06-vacances-cote-d-azur-gites-appartements-cannes-grasse-antibes1.png\",\"datePublished\":\"2016-05-10T01:48:21+00:00\",\"dateModified\":\"2026-04-25T17:16:13+00:00\",\"description\":\"C\u00f4te d'Azur Ferienwohnungen und Ferienh\u00e4user an der ruhigen C\u00f4te d'Azur, zwischen Meer und Bergen. Pers\u00f6nlicher und famili\u00e4rer Empfang, Bio-Garten.\",\"breadcrumb\":{\"@id\":\"https:\\\/\\\/locations-06.fr\\\/de\\\/#breadcrumb\"},\"inLanguage\":\"de\",\"potentialAction\":[{\"@type\":\"ReadAction\",\"target\":[\"https:\\\/\\\/locations-06.fr\\\/de\\\/\"]}]},{\"@type\":\"ImageObject\",\"inLanguage\":\"de\",\"@id\":\"https:\\\/\\\/locations-06.fr\\\/de\\\/#primaryimage\",\"url\":\"https:\\\/\\\/locations-06.fr\\\/wp-content\\\/uploads\\\/locations-06-vacances-cote-d-azur-gites-appartements-cannes-grasse-antibes1.png\",\"contentUrl\":\"https:\\\/\\\/locations-06.fr\\\/wp-content\\\/uploads\\\/locations-06-vacances-cote-d-azur-gites-appartements-cannes-grasse-antibes1.png\",\"width\":375,\"height\":220},{\"@type\":\"BreadcrumbList\",\"@id\":\"https:\\\/\\\/locations-06.fr\\\/de\\\/#breadcrumb\",\"itemListElement\":[{\"@type\":\"ListItem\",\"position\":1,\"name\":\"Accueil\",\"item\":\"https:\\\/\\\/locations-06.fr\\\/de\\\/\"},{\"@type\":\"ListItem\",\"position\":2,\"name\":\"Ferienwohnungen, Ferienh\u00e4user und Apartments an der franz\u00f6sischen Riviera in der N\u00e4he von Nizza, Antibes, Cannes und Grasse\"}]},{\"@type\":\"WebSite\",\"@id\":\"https:\\\/\\\/locations-06.fr\\\/de\\\/#website\",\"url\":\"https:\\\/\\\/locations-06.fr\\\/de\\\/\",\"name\":\"Locations-06.fr\",\"description\":\"Locations Gites en France sur la C\u00f4te d&#039;Azur - Appartements et Villas - gite, location de vacances et pas cher\",\"publisher\":{\"@id\":\"https:\\\/\\\/locations-06.fr\\\/de\\\/#organization\"},\"alternateName\":\"Locations-06.fr\",\"potentialAction\":[{\"@type\":\"SearchAction\",\"target\":{\"@type\":\"EntryPoint\",\"urlTemplate\":\"https:\\\/\\\/locations-06.fr\\\/de\\\/?s={search_term_string}\"},\"query-input\":{\"@type\":\"PropertyValueSpecification\",\"valueRequired\":true,\"valueName\":\"search_term_string\"}}],\"inLanguage\":\"de\"},{\"@type\":\"Organization\",\"@id\":\"https:\\\/\\\/locations-06.fr\\\/de\\\/#organization\",\"name\":\"Locations-06.fr\",\"alternateName\":\"Locations-06.fr\",\"url\":\"https:\\\/\\\/locations-06.fr\\\/de\\\/\",\"logo\":{\"@type\":\"ImageObject\",\"inLanguage\":\"de\",\"@id\":\"https:\\\/\\\/locations-06.fr\\\/de\\\/#\\\/schema\\\/logo\\\/image\\\/\",\"url\":\"https:\\\/\\\/locations-06.fr\\\/wp-content\\\/uploads\\\/location-06-logo.png\",\"contentUrl\":\"https:\\\/\\\/locations-06.fr\\\/wp-content\\\/uploads\\\/location-06-logo.png\",\"width\":180,\"height\":105,\"caption\":\"Locations-06.fr\"},\"image\":{\"@id\":\"https:\\\/\\\/locations-06.fr\\\/de\\\/#\\\/schema\\\/logo\\\/image\\\/\"},\"sameAs\":[\"https:\\\/\\\/www.facebook.com\\\/pascalecodera0632755107\",\"https:\\\/\\\/x.com\\\/locations06\",\"https:\\\/\\\/www.instagram.com\\\/locations_06\\\/?hl=fr\"]}]}<\/script>\n<!-- \/ Yoast SEO plugin. -->","yoast_head_json":{"title":"Ferienwohnungen an der C\u00f4te d\u2019Azur, Ferienh\u00e4user in der Provence, Nizza, Cannes","description":"C\u00f4te d'Azur Ferienwohnungen und Ferienh\u00e4user an der ruhigen C\u00f4te d'Azur, zwischen Meer und Bergen. Pers\u00f6nlicher und famili\u00e4rer Empfang, Bio-Garten.","robots":{"index":"index","follow":"follow","max-snippet":"max-snippet:-1","max-image-preview":"max-image-preview:large","max-video-preview":"max-video-preview:-1"},"canonical":"https:\/\/locations-06.fr\/de\/","og_locale":"de_DE","og_type":"article","og_title":"Ferienwohnungen an der C\u00f4te d\u2019Azur, Ferienh\u00e4user in der Provence, Nizza, Cannes","og_description":"C\u00f4te d'Azur Ferienwohnungen und Ferienh\u00e4user an der ruhigen C\u00f4te d'Azur, zwischen Meer und Bergen. Pers\u00f6nlicher und famili\u00e4rer Empfang, Bio-Garten.","og_url":"https:\/\/locations-06.fr\/de\/","og_site_name":"Locations-06.fr","article_publisher":"https:\/\/www.facebook.com\/pascalecodera0632755107","article_modified_time":"2026-04-25T17:16:13+00:00","og_image":[{"width":375,"height":220,"url":"https:\/\/locations-06.fr\/wp-content\/uploads\/locations-06-vacances-cote-d-azur-gites-appartements-cannes-grasse-antibes1.png","type":"image\/png"}],"twitter_card":"summary_large_image","twitter_site":"@locations06","twitter_misc":{"Gesch\u00e4tzte Lesezeit":"8\u00a0Minuten"},"schema":{"@context":"https:\/\/schema.org","@graph":[{"@type":"WebPage","@id":"https:\/\/locations-06.fr\/de\/","url":"https:\/\/locations-06.fr\/de\/","name":"Ferienwohnungen an der C\u00f4te d\u2019Azur, Ferienh\u00e4user in der Provence, Nizza, Cannes","isPartOf":{"@id":"https:\/\/locations-06.fr\/de\/#website"},"primaryImageOfPage":{"@id":"https:\/\/locations-06.fr\/de\/#primaryimage"},"image":{"@id":"https:\/\/locations-06.fr\/de\/#primaryimage"},"thumbnailUrl":"https:\/\/locations-06.fr\/wp-content\/uploads\/locations-06-vacances-cote-d-azur-gites-appartements-cannes-grasse-antibes1.png","datePublished":"2016-05-10T01:48:21+00:00","dateModified":"2026-04-25T17:16:13+00:00","description":"C\u00f4te d'Azur Ferienwohnungen und Ferienh\u00e4user an der ruhigen C\u00f4te d'Azur, zwischen Meer und Bergen. Pers\u00f6nlicher und famili\u00e4rer Empfang, Bio-Garten.","breadcrumb":{"@id":"https:\/\/locations-06.fr\/de\/#breadcrumb"},"inLanguage":"de","potentialAction":[{"@type":"ReadAction","target":["https:\/\/locations-06.fr\/de\/"]}]},{"@type":"ImageObject","inLanguage":"de","@id":"https:\/\/locations-06.fr\/de\/#primaryimage","url":"https:\/\/locations-06.fr\/wp-content\/uploads\/locations-06-vacances-cote-d-azur-gites-appartements-cannes-grasse-antibes1.png","contentUrl":"https:\/\/locations-06.fr\/wp-content\/uploads\/locations-06-vacances-cote-d-azur-gites-appartements-cannes-grasse-antibes1.png","width":375,"height":220},{"@type":"BreadcrumbList","@id":"https:\/\/locations-06.fr\/de\/#breadcrumb","itemListElement":[{"@type":"ListItem","position":1,"name":"Accueil","item":"https:\/\/locations-06.fr\/de\/"},{"@type":"ListItem","position":2,"name":"Ferienwohnungen, Ferienh\u00e4user und Apartments an der franz\u00f6sischen Riviera in der N\u00e4he von Nizza, Antibes, Cannes und Grasse"}]},{"@type":"WebSite","@id":"https:\/\/locations-06.fr\/de\/#website","url":"https:\/\/locations-06.fr\/de\/","name":"Locations-06.fr","description":"Locations Gites en France sur la C\u00f4te d&#039;Azur - Appartements et Villas - gite, location de vacances et pas cher","publisher":{"@id":"https:\/\/locations-06.fr\/de\/#organization"},"alternateName":"Locations-06.fr","potentialAction":[{"@type":"SearchAction","target":{"@type":"EntryPoint","urlTemplate":"https:\/\/locations-06.fr\/de\/?s={search_term_string}"},"query-input":{"@type":"PropertyValueSpecification","valueRequired":true,"valueName":"search_term_string"}}],"inLanguage":"de"},{"@type":"Organization","@id":"https:\/\/locations-06.fr\/de\/#organization","name":"Locations-06.fr","alternateName":"Locations-06.fr","url":"https:\/\/locations-06.fr\/de\/","logo":{"@type":"ImageObject","inLanguage":"de","@id":"https:\/\/locations-06.fr\/de\/#\/schema\/logo\/image\/","url":"https:\/\/locations-06.fr\/wp-content\/uploads\/location-06-logo.png","contentUrl":"https:\/\/locations-06.fr\/wp-content\/uploads\/location-06-logo.png","width":180,"height":105,"caption":"Locations-06.fr"},"image":{"@id":"https:\/\/locations-06.fr\/de\/#\/schema\/logo\/image\/"},"sameAs":["https:\/\/www.facebook.com\/pascalecodera0632755107","https:\/\/x.com\/locations06","https:\/\/www.instagram.com\/locations_06\/?hl=fr"]}]}},"_links":{"self":[{"href":"https:\/\/locations-06.fr\/de\/wp-json\/wp\/v2\/pages\/12608","targetHints":{"allow":["GET"]}}],"collection":[{"href":"https:\/\/locations-06.fr\/de\/wp-json\/wp\/v2\/pages"}],"about":[{"href":"https:\/\/locations-06.fr\/de\/wp-json\/wp\/v2\/types\/page"}],"author":[{"embeddable":true,"href":"https:\/\/locations-06.fr\/de\/wp-json\/wp\/v2\/users\/2"}],"replies":[{"embeddable":true,"href":"https:\/\/locations-06.fr\/de\/wp-json\/wp\/v2\/comments?post=12608"}],"version-history":[{"count":31,"href":"https:\/\/locations-06.fr\/de\/wp-json\/wp\/v2\/pages\/12608\/revisions"}],"predecessor-version":[{"id":31492,"href":"https:\/\/locations-06.fr\/de\/wp-json\/wp\/v2\/pages\/12608\/revisions\/31492"}],"wp:featuredmedia":[{"embeddable":true,"href":"https:\/\/locations-06.fr\/de\/wp-json\/wp\/v2\/media\/7305"}],"wp:attachment":[{"href":"https:\/\/locations-06.fr\/de\/wp-json\/wp\/v2\/media?parent=12608"}],"curies":[{"name":"wp","href":"https:\/\/api.w.org\/{rel}","templated":true}]}}